{"id":5870,"date":"2025-05-20T14:37:29","date_gmt":"2025-05-20T12:37:29","guid":{"rendered":"https:\/\/www.voix-romane.com\/das-gesamte-programm-2025\/"},"modified":"2025-05-27T12:27:30","modified_gmt":"2025-05-27T10:27:30","slug":"das-gesamte-programm-2025","status":"publish","type":"page","link":"https:\/\/www.voix-romane.com\/de\/das-gesamte-programm-2025\/","title":{"rendered":"Ausgabe 2025"},"content":{"rendered":"<p>[et_pb_section fb_built=&#8221;1&#8243; _builder_version=&#8221;4.27.4&#8243; _module_preset=&#8221;default&#8221; global_colors_info=&#8221;{}&#8221;][et_pb_row _builder_version=&#8221;4.21.0&#8243; _module_preset=&#8221;default&#8221; background_enable_image=&#8221;off&#8221; background_size=&#8221;custom&#8221; background_image_width=&#8221;25%&#8221; background_position=&#8221;top_right&#8221; background_horizontal_offset=&#8221;-3%&#8221; background_vertical_offset=&#8221;-11%&#8221; locked=&#8221;off&#8221; global_colors_info=&#8221;{}&#8221;][et_pb_column type=&#8221;4_4&#8243; _builder_version=&#8221;4.21.0&#8243; _module_preset=&#8221;default&#8221; global_colors_info=&#8221;{}&#8221;][et_pb_text _builder_version=&#8221;4.27.4&#8243; header_font=&#8221;Barlow Condensed||||||||&#8221; header_text_color=&#8221;#144b97&#8243; header_font_size=&#8221;80px&#8221; header_line_height=&#8221;1.2em&#8221; header_2_font=&#8221;DM Sans|700||on|||||&#8221; header_2_font_size=&#8221;14px&#8221; header_2_letter_spacing=&#8221;6px&#8221; header_2_line_height=&#8221;1.4em&#8221; background_enable_image=&#8221;off&#8221; background_size=&#8221;custom&#8221; background_image_width=&#8221;30%&#8221; background_position=&#8221;center_right&#8221; max_width=&#8221;800px&#8221; max_width_phone=&#8221;300px&#8221; max_width_last_edited=&#8221;off|desktop&#8221; custom_margin=&#8221;||0px||false|false&#8221; custom_padding=&#8221;||0px|||&#8221; header_font_size_tablet=&#8221;60px&#8221; header_font_size_phone=&#8221;40px&#8221; header_font_size_last_edited=&#8221;on|phone&#8221; header_2_font_size_tablet=&#8221;14px&#8221; header_2_font_size_phone=&#8221;10px&#8221; header_2_font_size_last_edited=&#8221;on|phone&#8221; header_2_letter_spacing_tablet=&#8221;6px&#8221; header_2_letter_spacing_phone=&#8221;4px&#8221; header_2_letter_spacing_last_edited=&#8221;on|phone&#8221; locked=&#8221;off&#8221; inline_fonts=&#8221;ABeeZee&#8221; global_colors_info=&#8221;{}&#8221;]<\/p>\n<h1><span style=\"font-family: inherit; font-weight: normal;\">Das gesamte Programm 2025<br \/><\/span><\/h1>\n<p>[\/et_pb_text][\/et_pb_column][\/et_pb_row][et_pb_row column_structure=&#8221;1_3,1_3,1_3&#8243; use_custom_gutter=&#8221;on&#8221; gutter_width=&#8221;2&#8243; _builder_version=&#8221;4.27.4&#8243; _module_preset=&#8221;default&#8221; custom_padding=&#8221;0px||15px||false|false&#8221; global_colors_info=&#8221;{}&#8221;][et_pb_column type=&#8221;1_3&#8243; _builder_version=&#8221;4.27.4&#8243; _module_preset=&#8221;default&#8221; global_colors_info=&#8221;{}&#8221;][et_pb_text _builder_version=&#8221;4.27.4&#8243; _module_preset=&#8221;default&#8221; header_font=&#8221;Barlow||||||||&#8221; header_text_align=&#8221;left&#8221; header_font_size=&#8221;20px&#8221; background_color=&#8221;RGBA(255,255,255,0)&#8221; custom_padding=&#8221;10px||5px||false|false&#8221; header_font_size_tablet=&#8221;18px&#8221; header_font_size_phone=&#8221;18px&#8221; header_font_size_last_edited=&#8221;on|tablet&#8221; border_color_all=&#8221;#000000&#8243; border_width_bottom=&#8221;1px&#8221; global_colors_info=&#8221;{}&#8221;]<\/p>\n<h1>Mittwoch 2. Juli<\/h1>\n<p>[\/et_pb_text][et_pb_text content_tablet=&#8221;<\/p>\n<p>F\u00fchrung<br \/>Biblioth\u00e8que humaniste<br \/>S\u00e9lestat<\/p>\n<p>&#8221; content_phone=&#8221;<\/p>\n<p>F\u00fchrung<br \/>Biblioth\u00e8que humaniste<br \/>S\u00e9lestat<\/p>\n<p>&#8221; content_last_edited=&#8221;off|desktop&#8221; admin_label=&#8221;Micro-\u00e9v\u00e8nement&#8221; _builder_version=&#8221;4.27.4&#8243; _module_preset=&#8221;default&#8221; text_font=&#8221;Poppins|600|||||||&#8221; text_text_color=&#8221;#FFFFFF&#8221; text_font_size=&#8221;16px&#8221; header_text_align=&#8221;left&#8221; header_4_font=&#8221;Barlow|600|||||||&#8221; header_4_text_color=&#8221;#FFFFFF&#8221; header_4_font_size=&#8221;16px&#8221; use_background_color_gradient=&#8221;on&#8221; background_color_gradient_stops=&#8221;rgba(197,184,170,0.6) 0%|rgba(197,184,170,0.6) 100%&#8221; background_color_gradient_overlays_image=&#8221;on&#8221; background_color_gradient_start=&#8221;rgba(0,0,0,0.4)&#8221; background_color_gradient_end=&#8221;rgba(0,0,0,0.4)&#8221; background_image=&#8221;https:\/\/www.voix-romane.com\/Site\/wp-content\/uploads\/2025\/05\/fishbowl-quel-avenir-desirable-et-realiste-pour-un-festival-de-musique.jpg&#8221; transform_scale_linked__hover=&#8221;off&#8221; custom_margin=&#8221;||10px||false|false&#8221; custom_padding=&#8221;30px|10px|20px|10px|false|true&#8221; link_option_url=&#8221;https:\/\/www.billetweb.fr\/ceremonie-douverture-du-festival&#8221; link_option_url_new_window=&#8221;on&#8221; text_font_size_tablet=&#8221;16px&#8221; text_font_size_phone=&#8221;14px&#8221; text_font_size_last_edited=&#8221;on|phone&#8221; header_4_font_size_last_edited=&#8221;off|tablet&#8221; text_text_shadow_style=&#8221;preset3&#8243; border_radii=&#8221;on|10px|10px|10px|10px&#8221; box_shadow_style=&#8221;preset3&#8243; global_colors_info=&#8221;{}&#8221; background__hover_enabled=&#8221;off|hover&#8221; background_color_gradient_start__hover=&#8221;rgba(0,0,0,0.25)&#8221; use_background_color_gradient__hover=&#8221;on&#8221; transform_styles__hover_enabled=&#8221;off|desktop&#8221; transform_scale__hover_enabled=&#8221;off|desktop&#8221; transform_translate__hover_enabled=&#8221;off|desktop&#8221; transform_rotate__hover_enabled=&#8221;off|desktop&#8221; transform_skew__hover_enabled=&#8221;off|desktop&#8221; transform_origin__hover_enabled=&#8221;off|desktop&#8221; content__hover_enabled=&#8221;off|hover&#8221; content__hover=&#8221;Gehen Sie auf Entdeckungsreise zu mittelalterlichen Manuskripten \u2192&#8221; custom_margin__hover_enabled=&#8221;off|desktop&#8221; custom_margin__hover=&#8221;0px||0px||false|false&#8221; transform_origin__hover=&#8221;50%|64%&#8221; transform_scale__hover=&#8221;115%|115%&#8221; background_color_gradient_stops__hover=&#8221;rgba(0,0,0,0.25) 0%|rgba(0,0,0,0.4) 100%&#8221;]<\/p>\n<h4>20 Uhr<br \/>Er\u00f6ffnungszeremonie<br \/>M\u00fcnsterhof <span>|<\/span> Strasbourg<\/h4>\n<p>[\/et_pb_text][et_pb_text _builder_version=&#8221;4.27.4&#8243; _module_preset=&#8221;default&#8221; text_font=&#8221;Barlow|500|||||||&#8221; text_text_color=&#8221;#000000&#8243; text_font_size=&#8221;16px&#8221; text_line_height=&#8221;1.3em&#8221; header_2_font=&#8221;Alata||||||||&#8221; header_2_font_size=&#8221;30px&#8221; header_2_letter_spacing=&#8221;2px&#8221; header_2_line_height=&#8221;1.2em&#8221; header_3_font=&#8221;Calps Light|600|||||||&#8221; header_3_text_color=&#8221;#d06728&#8243; header_3_font_size=&#8221;40px&#8221; header_3_line_height=&#8221;1.2em&#8221; header_4_text_color=&#8221;#144b97&#8243; header_4_font_size=&#8221;20px&#8221; background_enable_color=&#8221;off&#8221; background_enable_image=&#8221;off&#8221; background_size=&#8221;custom&#8221; background_image_width=&#8221;24%&#8221; background_position=&#8221;top_right&#8221; custom_padding=&#8221;0px|5px|0px|5px|false|false&#8221; text_font_size_tablet=&#8221;14px&#8221; text_font_size_phone=&#8221;14px&#8221; text_font_size_last_edited=&#8221;on|desktop&#8221; header_2_font_size_tablet=&#8221;40px&#8221; header_2_font_size_phone=&#8221;30px&#8221; header_2_font_size_last_edited=&#8221;on|phone&#8221; header_3_font_size_tablet=&#8221;35px&#8221; header_3_font_size_phone=&#8221;30px&#8221; header_3_font_size_last_edited=&#8221;on|desktop&#8221; header_4_font_size_tablet=&#8221;18px&#8221; header_4_font_size_phone=&#8221;18px&#8221; header_4_font_size_last_edited=&#8221;on|phone&#8221; inline_fonts=&#8221;Acme&#8221; global_colors_info=&#8221;{}&#8221;]<\/p>\n<p>Das Festivalteam stellt uns die 33. Ausgabe von Voix et Route Romane vor. Ein geselliger und festlicher Moment!<\/p>\n<p>mit<br \/>Fran\u00e7ois Geissler, Pr\u00e4sident des Festivals<br \/>Beno\u00eet Haller, Leiter des Festivals<br \/>V\u00e9ronique Thi\u00e9ry-Grenier, bildende K\u00fcnstlerin<br \/>Christian Peuckert, Lichtdesigner<br \/>H\u00e9l\u00e8ne Kah, Grafikerin<\/p>\n<p>[\/et_pb_text][et_pb_button button_url=&#8221;https:\/\/www.billetweb.fr\/ceremonie-douverture-du-festival&#8221; url_new_window=&#8221;on&#8221; button_text=&#8221;Reservierung&#8221; button_alignment=&#8221;left&#8221; _builder_version=&#8221;4.27.4&#8243; _module_preset=&#8221;default&#8221; custom_button=&#8221;on&#8221; button_text_size=&#8221;16px&#8221; button_text_color=&#8221;#a3998c&#8221; button_border_width=&#8221;0px&#8221; button_border_radius=&#8221;-2px&#8221; button_letter_spacing=&#8221;0px&#8221; button_font=&#8221;Barlow||||||||&#8221; button_icon=&#8221;&#xf3ff;||fa||900&#8243; button_icon_placement=&#8221;left&#8221; button_on_hover=&#8221;off&#8221; custom_margin=&#8221;-5px||0px||false|false&#8221; custom_margin_tablet=&#8221;-20px||||false|false&#8221; custom_margin_phone=&#8221;-20px||||false|false&#8221; custom_margin_last_edited=&#8221;on|phone&#8221; custom_padding=&#8221;0px||0px||false|false&#8221; button_text_size_tablet=&#8221;16px&#8221; button_text_size_phone=&#8221;14px&#8221; button_text_size_last_edited=&#8221;on|phone&#8221; global_colors_info=&#8221;{}&#8221;][\/et_pb_button][\/et_pb_column][et_pb_column type=&#8221;1_3&#8243; _builder_version=&#8221;4.27.4&#8243; _module_preset=&#8221;default&#8221; global_colors_info=&#8221;{}&#8221;][et_pb_text _builder_version=&#8221;4.27.4&#8243; _module_preset=&#8221;default&#8221; header_font=&#8221;Barlow||||||||&#8221; header_text_align=&#8221;left&#8221; header_font_size=&#8221;20px&#8221; background_color=&#8221;RGBA(255,255,255,0)&#8221; custom_padding=&#8221;10px||5px||false|false&#8221; header_font_size_tablet=&#8221;18px&#8221; header_font_size_phone=&#8221;18px&#8221; header_font_size_last_edited=&#8221;on|tablet&#8221; border_color_all=&#8221;#000000&#8243; border_width_bottom=&#8221;1px&#8221; global_colors_info=&#8221;{}&#8221;]<\/p>\n<h1>Dienstag 26. August<\/h1>\n<p>[\/et_pb_text][et_pb_text content_tablet=&#8221;<\/p>\n<p>F\u00fchrung<br \/>Biblioth\u00e8que humaniste<br \/>S\u00e9lestat<\/p>\n<p>&#8221; content_phone=&#8221;<\/p>\n<p>F\u00fchrung<br \/>Biblioth\u00e8que humaniste<br \/>S\u00e9lestat<\/p>\n<p>&#8221; content_last_edited=&#8221;off|desktop&#8221; admin_label=&#8221;Micro-\u00e9v\u00e8nement&#8221; _builder_version=&#8221;4.27.4&#8243; _module_preset=&#8221;default&#8221; text_font=&#8221;Poppins|600|||||||&#8221; text_text_color=&#8221;#FFFFFF&#8221; text_font_size=&#8221;16px&#8221; header_text_align=&#8221;left&#8221; header_4_font=&#8221;Barlow|600|||||||&#8221; header_4_text_color=&#8221;#FFFFFF&#8221; header_4_font_size=&#8221;16px&#8221; use_background_color_gradient=&#8221;on&#8221; background_color_gradient_stops=&#8221;rgba(197,184,170,0.6) 0%|rgba(197,184,170,0.6) 100%&#8221; background_color_gradient_overlays_image=&#8221;on&#8221; background_color_gradient_start=&#8221;rgba(0,0,0,0.4)&#8221; background_color_gradient_end=&#8221;rgba(0,0,0,0.4)&#8221; background_image=&#8221;https:\/\/www.voix-romane.com\/Site\/wp-content\/uploads\/2025\/05\/conference-les-epidemies-de-danse-a-la-renaissance-copie.png&#8221; transform_scale_linked__hover=&#8221;off&#8221; custom_margin=&#8221;||10px||false|false&#8221; custom_padding=&#8221;30px|10px|20px|10px|false|true&#8221; link_option_url=&#8221;https:\/\/www.billetweb.fr\/conference-les-epidemies-de-danse-a-la-renaissance1&#8243; link_option_url_new_window=&#8221;on&#8221; text_font_size_tablet=&#8221;16px&#8221; text_font_size_phone=&#8221;14px&#8221; text_font_size_last_edited=&#8221;on|phone&#8221; header_4_font_size_last_edited=&#8221;off|tablet&#8221; text_text_shadow_style=&#8221;preset3&#8243; border_radii=&#8221;on|10px|10px|10px|10px&#8221; box_shadow_style=&#8221;preset3&#8243; global_colors_info=&#8221;{}&#8221; background__hover_enabled=&#8221;off|hover&#8221; background_color_gradient_start__hover=&#8221;rgba(0,0,0,0.25)&#8221; use_background_color_gradient__hover=&#8221;on&#8221; transform_styles__hover_enabled=&#8221;off|desktop&#8221; transform_scale__hover_enabled=&#8221;off|desktop&#8221; transform_translate__hover_enabled=&#8221;off|desktop&#8221; transform_rotate__hover_enabled=&#8221;off|desktop&#8221; transform_skew__hover_enabled=&#8221;off|desktop&#8221; transform_origin__hover_enabled=&#8221;off|desktop&#8221; content__hover_enabled=&#8221;off|hover&#8221; content__hover=&#8221;Gehen Sie auf Entdeckungsreise zu mittelalterlichen Manuskripten \u2192&#8221; custom_margin__hover_enabled=&#8221;off|desktop&#8221; custom_margin__hover=&#8221;0px||0px||false|false&#8221; transform_origin__hover=&#8221;50%|64%&#8221; transform_scale__hover=&#8221;115%|115%&#8221; background_color_gradient_stops__hover=&#8221;rgba(0,0,0,0.25) 0%|rgba(0,0,0,0.4) 100%&#8221;]<\/p>\n<h4>20 Uhr<br \/>Vortrag<br \/>Stiftskirche <span>|<\/span> Lahr<\/h4>\n<p>[\/et_pb_text][et_pb_text _builder_version=&#8221;4.27.4&#8243; _module_preset=&#8221;default&#8221; text_font=&#8221;Barlow|500|||||||&#8221; text_text_color=&#8221;#000000&#8243; text_font_size=&#8221;16px&#8221; text_line_height=&#8221;1.3em&#8221; header_2_font=&#8221;Alata||||||||&#8221; header_2_font_size=&#8221;30px&#8221; header_2_letter_spacing=&#8221;2px&#8221; header_2_line_height=&#8221;1.2em&#8221; header_3_font=&#8221;Calps Light|600|||||||&#8221; header_3_text_color=&#8221;#d06728&#8243; header_3_font_size=&#8221;40px&#8221; header_3_line_height=&#8221;1.2em&#8221; header_4_text_color=&#8221;#144b97&#8243; header_4_font_size=&#8221;20px&#8221; background_enable_color=&#8221;off&#8221; background_enable_image=&#8221;off&#8221; background_size=&#8221;custom&#8221; background_image_width=&#8221;24%&#8221; background_position=&#8221;top_right&#8221; custom_margin=&#8221;5px||||false|false&#8221; custom_padding=&#8221;0px|5px|0px|5px|false|false&#8221; text_font_size_tablet=&#8221;14px&#8221; text_font_size_phone=&#8221;14px&#8221; text_font_size_last_edited=&#8221;on|desktop&#8221; header_2_font_size_tablet=&#8221;40px&#8221; header_2_font_size_phone=&#8221;30px&#8221; header_2_font_size_last_edited=&#8221;on|phone&#8221; header_3_font_size_tablet=&#8221;35px&#8221; header_3_font_size_phone=&#8221;30px&#8221; header_3_font_size_last_edited=&#8221;on|desktop&#8221; header_4_font_size_tablet=&#8221;18px&#8221; header_4_font_size_phone=&#8221;18px&#8221; header_4_font_size_last_edited=&#8221;on|phone&#8221; inline_fonts=&#8221;Acme&#8221; global_colors_info=&#8221;{}&#8221;]<\/p>\n<p><span>Die \u201eEpidemie\u201c des Veitstanzes, die Strasbourg im Sommer 1518 heimsuchte, war ein viel diskutiertes Thema und hat Werke von sehr unterschiedlicher Qualit\u00e4t hervorgebracht. \u00c9lisabeth Cl\u00e9mentz untersucht das Ereignis anhand von zeitgen\u00f6ssischen Archivquellen und sp\u00e4teren Chroniken. <\/span><\/p>\n<p>\u201eTanz-Epidemien in der Renaissance\u201c<br \/>avec \u00c9lisabeth Cl\u00e9mentz, historienne<\/p>\n<p><strong>Vortrag in deutscher Sprache<\/strong><\/p>\n<p>[\/et_pb_text][et_pb_button button_url=&#8221;https:\/\/www.billetweb.fr\/conference-les-epidemies-de-danse-a-la-renaissance1&#8243; url_new_window=&#8221;on&#8221; button_text=&#8221;Reservierung&#8221; button_alignment=&#8221;left&#8221; _builder_version=&#8221;4.27.4&#8243; _module_preset=&#8221;default&#8221; custom_button=&#8221;on&#8221; button_text_size=&#8221;16px&#8221; button_text_color=&#8221;#a3998c&#8221; button_border_width=&#8221;0px&#8221; button_border_radius=&#8221;-2px&#8221; button_letter_spacing=&#8221;0px&#8221; button_font=&#8221;Barlow||||||||&#8221; button_icon=&#8221;&#xf3ff;||fa||900&#8243; button_icon_placement=&#8221;left&#8221; button_on_hover=&#8221;off&#8221; custom_margin=&#8221;-5px||0px||false|false&#8221; custom_margin_tablet=&#8221;-20px||||false|false&#8221; custom_margin_phone=&#8221;-20px||||false|false&#8221; custom_margin_last_edited=&#8221;on|phone&#8221; custom_padding=&#8221;0px||0px||false|false&#8221; button_text_size_tablet=&#8221;16px&#8221; button_text_size_phone=&#8221;14px&#8221; button_text_size_last_edited=&#8221;on|phone&#8221; global_colors_info=&#8221;{}&#8221;][\/et_pb_button][\/et_pb_column][et_pb_column type=&#8221;1_3&#8243; _builder_version=&#8221;4.27.4&#8243; _module_preset=&#8221;default&#8221; global_colors_info=&#8221;{}&#8221;][et_pb_text _builder_version=&#8221;4.27.4&#8243; _module_preset=&#8221;default&#8221; header_font=&#8221;Barlow||||||||&#8221; header_text_align=&#8221;left&#8221; header_font_size=&#8221;20px&#8221; background_color=&#8221;RGBA(255,255,255,0)&#8221; custom_padding=&#8221;10px||5px||false|false&#8221; header_font_size_tablet=&#8221;18px&#8221; header_font_size_phone=&#8221;18px&#8221; header_font_size_last_edited=&#8221;on|tablet&#8221; border_color_all=&#8221;#000000&#8243; border_width_bottom=&#8221;1px&#8221; global_colors_info=&#8221;{}&#8221;]<\/p>\n<h1>Mittwoch 27. August<\/h1>\n<p>[\/et_pb_text][et_pb_text content_tablet=&#8221;<\/p>\n<p>F\u00fchrung<br \/>Biblioth\u00e8que humaniste<br \/>S\u00e9lestat<\/p>\n<p>&#8221; content_phone=&#8221;<\/p>\n<p>F\u00fchrung<br \/>Biblioth\u00e8que humaniste<br \/>S\u00e9lestat<\/p>\n<p>&#8221; content_last_edited=&#8221;off|desktop&#8221; admin_label=&#8221;Micro-\u00e9v\u00e8nement&#8221; _builder_version=&#8221;4.27.4&#8243; _module_preset=&#8221;default&#8221; text_font=&#8221;Poppins|600|||||||&#8221; text_text_color=&#8221;#FFFFFF&#8221; text_font_size=&#8221;16px&#8221; header_text_align=&#8221;left&#8221; header_4_font=&#8221;Barlow|600|||||||&#8221; header_4_text_color=&#8221;#FFFFFF&#8221; header_4_font_size=&#8221;16px&#8221; use_background_color_gradient=&#8221;on&#8221; background_color_gradient_stops=&#8221;rgba(214,184,197,0.6) 0%|rgba(197,184,170,0.6) 100%&#8221; background_color_gradient_overlays_image=&#8221;on&#8221; background_color_gradient_start=&#8221;rgba(0,0,0,0.4)&#8221; background_color_gradient_end=&#8221;rgba(0,0,0,0.4)&#8221; background_image=&#8221;https:\/\/www.voix-romane.com\/Site\/wp-content\/uploads\/2025\/05\/conference-les-epidemies-de-danse-a-la-renaissance-copie.png&#8221; transform_scale_linked__hover=&#8221;off&#8221; custom_margin=&#8221;||10px||false|false&#8221; custom_padding=&#8221;30px|10px|20px|10px|false|true&#8221; link_option_url=&#8221;https:\/\/www.billetweb.fr\/conference-les-epidemies-de-danse-a-la-renaissance&#8221; link_option_url_new_window=&#8221;on&#8221; text_font_size_tablet=&#8221;16px&#8221; text_font_size_phone=&#8221;14px&#8221; text_font_size_last_edited=&#8221;on|phone&#8221; header_4_font_size_last_edited=&#8221;off|tablet&#8221; text_text_shadow_style=&#8221;preset3&#8243; border_radii=&#8221;on|10px|10px|10px|10px&#8221; box_shadow_style=&#8221;preset3&#8243; global_colors_info=&#8221;{}&#8221; background__hover_enabled=&#8221;off|hover&#8221; background_color_gradient_start__hover=&#8221;rgba(0,0,0,0.25)&#8221; use_background_color_gradient__hover=&#8221;on&#8221; transform_styles__hover_enabled=&#8221;off|desktop&#8221; transform_scale__hover_enabled=&#8221;off|desktop&#8221; transform_translate__hover_enabled=&#8221;off|desktop&#8221; transform_rotate__hover_enabled=&#8221;off|desktop&#8221; transform_skew__hover_enabled=&#8221;off|desktop&#8221; transform_origin__hover_enabled=&#8221;off|desktop&#8221; content__hover_enabled=&#8221;off|hover&#8221; content__hover=&#8221;Gehen Sie auf Entdeckungsreise zu mittelalterlichen Manuskripten \u2192&#8221; custom_margin__hover_enabled=&#8221;off|desktop&#8221; custom_margin__hover=&#8221;0px||0px||false|false&#8221; transform_origin__hover=&#8221;50%|64%&#8221; transform_scale__hover=&#8221;115%|115%&#8221; background_color_gradient_stops__hover=&#8221;rgba(0,0,0,0.25) 0%|rgba(0,0,0,0.4) 100%&#8221;]<\/p>\n<h4>20 Uhr<br \/>Vortrag<br \/>M\u00fcnsterhof <span>|<\/span> Strasbourg<\/h4>\n<p>[\/et_pb_text][et_pb_text _builder_version=&#8221;4.27.4&#8243; _module_preset=&#8221;default&#8221; text_font=&#8221;Barlow|500|||||||&#8221; text_text_color=&#8221;#000000&#8243; text_font_size=&#8221;16px&#8221; text_line_height=&#8221;1.3em&#8221; header_2_font=&#8221;Alata||||||||&#8221; header_2_font_size=&#8221;30px&#8221; header_2_letter_spacing=&#8221;2px&#8221; header_2_line_height=&#8221;1.2em&#8221; header_3_font=&#8221;Calps Light|600|||||||&#8221; header_3_text_color=&#8221;#d06728&#8243; header_3_font_size=&#8221;40px&#8221; header_3_line_height=&#8221;1.2em&#8221; header_4_text_color=&#8221;#144b97&#8243; header_4_font_size=&#8221;20px&#8221; background_enable_color=&#8221;off&#8221; background_enable_image=&#8221;off&#8221; background_size=&#8221;custom&#8221; background_image_width=&#8221;24%&#8221; background_position=&#8221;top_right&#8221; custom_margin=&#8221;5px||||false|false&#8221; custom_padding=&#8221;0px|5px|0px|5px|false|false&#8221; text_font_size_tablet=&#8221;14px&#8221; text_font_size_phone=&#8221;14px&#8221; text_font_size_last_edited=&#8221;on|desktop&#8221; header_2_font_size_tablet=&#8221;40px&#8221; header_2_font_size_phone=&#8221;30px&#8221; header_2_font_size_last_edited=&#8221;on|phone&#8221; header_3_font_size_tablet=&#8221;35px&#8221; header_3_font_size_phone=&#8221;30px&#8221; header_3_font_size_last_edited=&#8221;on|desktop&#8221; header_4_font_size_tablet=&#8221;18px&#8221; header_4_font_size_phone=&#8221;18px&#8221; header_4_font_size_last_edited=&#8221;on|phone&#8221; inline_fonts=&#8221;Acme&#8221; global_colors_info=&#8221;{}&#8221;]<\/p>\n<p><span>Die \u201eEpidemie\u201c des Veitstanzes, die Strasbourg im Sommer 1518 heimsuchte, war ein viel diskutiertes Thema und hat Werke von sehr unterschiedlicher Qualit\u00e4t hervorgebracht. \u00c9lisabeth Cl\u00e9mentz untersucht das Ereignis anhand von zeitgen\u00f6ssischen Archivquellen und sp\u00e4teren Chroniken. <\/span><\/p>\n<p>Tanz-Epidemien in der Renaissance<br \/>Mit \u00c9lisabeth Cl\u00e9mentz, Historikerin<\/p>\n<p><strong>Konferenz in franz\u00f6sischer Sprache<\/strong><\/p>\n<p>[\/et_pb_text][et_pb_button button_url=&#8221;https:\/\/www.billetweb.fr\/conference-les-epidemies-de-danse-a-la-renaissance&#8221; url_new_window=&#8221;on&#8221; button_text=&#8221;Reservierung&#8221; button_alignment=&#8221;left&#8221; _builder_version=&#8221;4.27.4&#8243; _module_preset=&#8221;default&#8221; custom_button=&#8221;on&#8221; button_text_size=&#8221;16px&#8221; button_text_color=&#8221;#a3998c&#8221; button_border_width=&#8221;0px&#8221; button_border_radius=&#8221;-2px&#8221; button_letter_spacing=&#8221;0px&#8221; button_font=&#8221;Barlow||||||||&#8221; button_icon=&#8221;&#xf3ff;||fa||900&#8243; button_icon_placement=&#8221;left&#8221; button_on_hover=&#8221;off&#8221; custom_margin=&#8221;-5px||0px||false|false&#8221; custom_margin_tablet=&#8221;-20px||||false|false&#8221; custom_margin_phone=&#8221;-20px||||false|false&#8221; custom_margin_last_edited=&#8221;on|phone&#8221; custom_padding=&#8221;0px||0px||false|false&#8221; button_text_size_tablet=&#8221;16px&#8221; button_text_size_phone=&#8221;14px&#8221; button_text_size_last_edited=&#8221;on|phone&#8221; global_colors_info=&#8221;{}&#8221;][\/et_pb_button][\/et_pb_column][\/et_pb_row][et_pb_row column_structure=&#8221;1_3,1_3,1_3&#8243; use_custom_gutter=&#8221;on&#8221; gutter_width=&#8221;2&#8243; module_id=&#8221;eschau&#8221; _builder_version=&#8221;4.27.4&#8243; _module_preset=&#8221;default&#8221; custom_padding=&#8221;0px||15px||false|false&#8221; global_colors_info=&#8221;{}&#8221;][et_pb_column type=&#8221;1_3&#8243; _builder_version=&#8221;4.27.4&#8243; _module_preset=&#8221;default&#8221; global_colors_info=&#8221;{}&#8221;][et_pb_text _builder_version=&#8221;4.27.4&#8243; _module_preset=&#8221;default&#8221; header_font=&#8221;Barlow||||||||&#8221; header_text_align=&#8221;left&#8221; header_font_size=&#8221;20px&#8221; background_color=&#8221;RGBA(255,255,255,0)&#8221; custom_padding=&#8221;10px||5px||false|false&#8221; header_font_size_tablet=&#8221;18px&#8221; header_font_size_phone=&#8221;18px&#8221; header_font_size_last_edited=&#8221;on|tablet&#8221; border_color_all=&#8221;#000000&#8243; border_width_bottom=&#8221;1px&#8221; global_colors_info=&#8221;{}&#8221;]<\/p>\n<h1>Donnerstag 28. August<\/h1>\n<p>[\/et_pb_text][et_pb_text content_tablet=&#8221;<\/p>\n<p>F\u00fchrung<br \/>Biblioth\u00e8que humaniste<br \/>S\u00e9lestat<\/p>\n<p>&#8221; content_phone=&#8221;<\/p>\n<p>F\u00fchrung<br \/>Biblioth\u00e8que humaniste<br \/>S\u00e9lestat<\/p>\n<p>&#8221; content_last_edited=&#8221;off|desktop&#8221; admin_label=&#8221;Micro-\u00e9v\u00e8nement&#8221; _builder_version=&#8221;4.27.4&#8243; _module_preset=&#8221;default&#8221; text_font=&#8221;Poppins|600|||||||&#8221; text_text_color=&#8221;#FFFFFF&#8221; text_font_size=&#8221;16px&#8221; header_text_align=&#8221;left&#8221; header_4_font=&#8221;Barlow|600|||||||&#8221; header_4_text_color=&#8221;#FFFFFF&#8221; header_4_font_size=&#8221;16px&#8221; use_background_color_gradient=&#8221;on&#8221; background_color_gradient_stops=&#8221;rgba(171,121,112,0.6) 0%|rgba(171,121,112,0.6) 100%&#8221; background_color_gradient_overlays_image=&#8221;on&#8221; background_color_gradient_start=&#8221;rgba(0,0,0,0.4)&#8221; background_color_gradient_end=&#8221;rgba(0,0,0,0.4)&#8221; background_image=&#8221;https:\/\/www.voix-romane.com\/Site\/wp-content\/uploads\/2025\/05\/Zweigulden-2.jpg&#8221; transform_scale_linked__hover=&#8221;off&#8221; custom_margin=&#8221;||10px||false|false&#8221; custom_padding=&#8221;30px|10px|20px|10px|false|true&#8221; link_option_url=&#8221;https:\/\/www.billetweb.fr\/la-peste-dansante-ensemble-zweigulden&#8221; link_option_url_new_window=&#8221;on&#8221; text_font_size_tablet=&#8221;16px&#8221; text_font_size_phone=&#8221;14px&#8221; text_font_size_last_edited=&#8221;on|phone&#8221; header_4_font_size_last_edited=&#8221;off|tablet&#8221; text_text_shadow_style=&#8221;preset3&#8243; border_radii=&#8221;on|10px|10px|10px|10px&#8221; box_shadow_style=&#8221;preset3&#8243; global_colors_info=&#8221;{}&#8221; background__hover_enabled=&#8221;off|hover&#8221; background_color_gradient_start__hover=&#8221;rgba(0,0,0,0.25)&#8221; use_background_color_gradient__hover=&#8221;on&#8221; transform_styles__hover_enabled=&#8221;off|desktop&#8221; transform_scale__hover_enabled=&#8221;off|desktop&#8221; transform_translate__hover_enabled=&#8221;off|desktop&#8221; transform_rotate__hover_enabled=&#8221;off|desktop&#8221; transform_skew__hover_enabled=&#8221;off|desktop&#8221; transform_origin__hover_enabled=&#8221;off|desktop&#8221; content__hover_enabled=&#8221;off|hover&#8221; content__hover=&#8221;Gehen Sie auf Entdeckungsreise zu mittelalterlichen Manuskripten \u2192&#8221; custom_margin__hover_enabled=&#8221;off|desktop&#8221; custom_margin__hover=&#8221;0px||0px||false|false&#8221; transform_origin__hover=&#8221;50%|64%&#8221; transform_scale__hover=&#8221;115%|115%&#8221; background_color_gradient_stops__hover=&#8221;rgba(0,0,0,0.25) 0%|rgba(0,0,0,0.4) 100%&#8221;]<\/p>\n<h4>20h<br \/>Konzert<br \/>\u00c9glise Saint-Trophime <span>|<\/span> Eschau<\/h4>\n<p>[\/et_pb_text][et_pb_text _builder_version=&#8221;4.27.4&#8243; _module_preset=&#8221;default&#8221; text_font=&#8221;Barlow|500|||||||&#8221; text_text_color=&#8221;#000000&#8243; text_font_size=&#8221;16px&#8221; text_line_height=&#8221;1.3em&#8221; header_2_font=&#8221;Alata||||||||&#8221; header_2_font_size=&#8221;30px&#8221; header_2_letter_spacing=&#8221;2px&#8221; header_2_line_height=&#8221;1.2em&#8221; header_3_font=&#8221;Calps Light|600|||||||&#8221; header_3_text_color=&#8221;#d06728&#8243; header_3_font_size=&#8221;40px&#8221; header_3_line_height=&#8221;1.2em&#8221; header_4_text_color=&#8221;#144b97&#8243; header_4_font_size=&#8221;20px&#8221; background_enable_color=&#8221;off&#8221; background_enable_image=&#8221;off&#8221; background_size=&#8221;custom&#8221; background_image_width=&#8221;24%&#8221; background_position=&#8221;top_right&#8221; custom_padding=&#8221;0px|5px|0px|5px|false|false&#8221; text_font_size_tablet=&#8221;14px&#8221; text_font_size_phone=&#8221;14px&#8221; text_font_size_last_edited=&#8221;on|desktop&#8221; header_2_font_size_tablet=&#8221;40px&#8221; header_2_font_size_phone=&#8221;30px&#8221; header_2_font_size_last_edited=&#8221;on|phone&#8221; header_3_font_size_tablet=&#8221;35px&#8221; header_3_font_size_phone=&#8221;30px&#8221; header_3_font_size_last_edited=&#8221;on|desktop&#8221; header_4_font_size_tablet=&#8221;18px&#8221; header_4_font_size_phone=&#8221;18px&#8221; header_4_font_size_last_edited=&#8221;on|phone&#8221; inline_fonts=&#8221;Acme&#8221; global_colors_info=&#8221;{}&#8221;]<\/p>\n<p><span>Das Basler Ensemble Zweigulden erinnert mit Musik und T\u00e4nzen aus der Renaissance an eine ber\u00fchmte historische Episode &#8211; ein ungew\u00f6hnlicher Ausflug f\u00fcr \u201eVoix et Route Romane\u201c, aber sehr lokal und berauschend!<\/span><\/p>\n<p><span>&#8220;Die Tanzpest&#8221;<br \/>Ensemble Zweigulden<\/span><\/p>\n<p>[\/et_pb_text][et_pb_button button_url=&#8221;https:\/\/www.billetweb.fr\/la-peste-dansante-ensemble-zweigulden&#8221; url_new_window=&#8221;on&#8221; button_text=&#8221;Ticketverkauf&#8221; button_alignment=&#8221;left&#8221; _builder_version=&#8221;4.27.4&#8243; _module_preset=&#8221;default&#8221; custom_button=&#8221;on&#8221; button_text_size=&#8221;16px&#8221; button_text_color=&#8221;#ab7970&#8243; button_border_width=&#8221;0px&#8221; button_border_radius=&#8221;-2px&#8221; button_letter_spacing=&#8221;0px&#8221; button_font=&#8221;Barlow||||||||&#8221; button_icon=&#8221;&#xf3ff;||fa||900&#8243; button_icon_placement=&#8221;left&#8221; button_on_hover=&#8221;off&#8221; custom_margin=&#8221;-5px||0px||false|false&#8221; custom_margin_tablet=&#8221;-20px||||false|false&#8221; custom_margin_phone=&#8221;-20px||||false|false&#8221; custom_margin_last_edited=&#8221;on|phone&#8221; custom_padding=&#8221;0px||0px||false|false&#8221; button_text_size_tablet=&#8221;16px&#8221; button_text_size_phone=&#8221;14px&#8221; button_text_size_last_edited=&#8221;on|phone&#8221; global_colors_info=&#8221;{}&#8221;][\/et_pb_button][\/et_pb_column][et_pb_column type=&#8221;1_3&#8243; _builder_version=&#8221;4.27.4&#8243; _module_preset=&#8221;default&#8221; global_colors_info=&#8221;{}&#8221;][\/et_pb_column][et_pb_column type=&#8221;1_3&#8243; _builder_version=&#8221;4.27.4&#8243; _module_preset=&#8221;default&#8221; global_colors_info=&#8221;{}&#8221;][\/et_pb_column][\/et_pb_row][et_pb_row use_custom_gutter=&#8221;on&#8221; gutter_width=&#8221;2&#8243; module_id=&#8221;lahr&#8221; _builder_version=&#8221;4.27.4&#8243; _module_preset=&#8221;default&#8221; custom_padding=&#8221;0px||15px||false|false&#8221; global_colors_info=&#8221;{}&#8221;][et_pb_column type=&#8221;4_4&#8243; _builder_version=&#8221;4.27.4&#8243; _module_preset=&#8221;default&#8221; global_colors_info=&#8221;{}&#8221;][et_pb_text _builder_version=&#8221;4.27.4&#8243; _module_preset=&#8221;default&#8221; header_font=&#8221;Barlow||||||||&#8221; header_text_align=&#8221;left&#8221; header_font_size=&#8221;20px&#8221; background_color=&#8221;RGBA(255,255,255,0)&#8221; custom_padding=&#8221;10px||5px||false|false&#8221; header_font_size_tablet=&#8221;18px&#8221; header_font_size_phone=&#8221;18px&#8221; header_font_size_last_edited=&#8221;on|tablet&#8221; border_color_all=&#8221;#000000&#8243; border_width_bottom=&#8221;1px&#8221; global_colors_info=&#8221;{}&#8221;]<\/p>\n<h1>Freitag 29. August<\/h1>\n<p>[\/et_pb_text][\/et_pb_column][\/et_pb_row][et_pb_row column_structure=&#8221;1_3,1_3,1_3&#8243; use_custom_gutter=&#8221;on&#8221; gutter_width=&#8221;2&#8243; _builder_version=&#8221;4.27.4&#8243; _module_preset=&#8221;default&#8221; custom_padding=&#8221;0px||15px||false|false&#8221; global_colors_info=&#8221;{}&#8221;][et_pb_column type=&#8221;1_3&#8243; _builder_version=&#8221;4.27.4&#8243; _module_preset=&#8221;default&#8221; global_colors_info=&#8221;{}&#8221;][et_pb_text content_tablet=&#8221;<\/p>\n<p>F\u00fchrung<br \/>Biblioth\u00e8que humaniste<br \/>S\u00e9lestat<\/p>\n<p>&#8221; content_phone=&#8221;<\/p>\n<p>F\u00fchrung<br \/>Biblioth\u00e8que humaniste<br \/>S\u00e9lestat<\/p>\n<p>&#8221; content_last_edited=&#8221;off|desktop&#8221; admin_label=&#8221;Micro-\u00e9v\u00e8nement&#8221; _builder_version=&#8221;4.27.4&#8243; _module_preset=&#8221;default&#8221; text_font=&#8221;Poppins|600|||||||&#8221; text_text_color=&#8221;#FFFFFF&#8221; text_font_size=&#8221;16px&#8221; header_text_align=&#8221;left&#8221; header_4_font=&#8221;Barlow|600|||||||&#8221; header_4_text_color=&#8221;#FFFFFF&#8221; header_4_font_size=&#8221;16px&#8221; use_background_color_gradient=&#8221;on&#8221; background_color_gradient_stops=&#8221;rgba(92,173,224,0.6) 0%|rgba(92,173,224,0.6) 100%&#8221; background_color_gradient_overlays_image=&#8221;on&#8221; background_color_gradient_start=&#8221;rgba(0,0,0,0.4)&#8221; background_color_gradient_end=&#8221;rgba(0,0,0,0.4)&#8221; background_image=&#8221;https:\/\/www.voix-romane.com\/Site\/wp-content\/uploads\/2025\/05\/visite-guidee-de-leglise-romane-du-burgheim.jpg&#8221; transform_scale_linked__hover=&#8221;off&#8221; custom_margin=&#8221;||10px||false|false&#8221; custom_padding=&#8221;30px|10px|20px|10px|false|true&#8221; link_option_url=&#8221;https:\/\/www.billetweb.fr\/visite-guidee-de-leglise-romane-de-burgheim&#8221; link_option_url_new_window=&#8221;on&#8221; text_font_size_tablet=&#8221;16px&#8221; text_font_size_phone=&#8221;14px&#8221; text_font_size_last_edited=&#8221;on|phone&#8221; header_4_font_size_last_edited=&#8221;off|tablet&#8221; text_text_shadow_style=&#8221;preset3&#8243; border_radii=&#8221;on|10px|10px|10px|10px&#8221; box_shadow_style=&#8221;preset3&#8243; global_colors_info=&#8221;{}&#8221; background__hover_enabled=&#8221;off|hover&#8221; background_color_gradient_start__hover=&#8221;rgba(0,0,0,0.25)&#8221; use_background_color_gradient__hover=&#8221;on&#8221; transform_styles__hover_enabled=&#8221;off|desktop&#8221; transform_scale__hover_enabled=&#8221;off|desktop&#8221; transform_translate__hover_enabled=&#8221;off|desktop&#8221; transform_rotate__hover_enabled=&#8221;off|desktop&#8221; transform_skew__hover_enabled=&#8221;off|desktop&#8221; transform_origin__hover_enabled=&#8221;off|desktop&#8221; content__hover_enabled=&#8221;off|hover&#8221; content__hover=&#8221;Gehen Sie auf Entdeckungsreise zu mittelalterlichen Manuskripten \u2192&#8221; custom_margin__hover_enabled=&#8221;off|desktop&#8221; custom_margin__hover=&#8221;0px||0px||false|false&#8221; transform_origin__hover=&#8221;50%|64%&#8221; transform_scale__hover=&#8221;115%|115%&#8221; background_color_gradient_stops__hover=&#8221;rgba(0,0,0,0.25) 0%|rgba(0,0,0,0.4) 100%&#8221;]<\/p>\n<h4>18 Uhr<br \/>F\u00fchrung<br \/>Romanische Kirche zu Burgheim <span>|<\/span> Lahr<\/h4>\n<p>[\/et_pb_text][et_pb_text _builder_version=&#8221;4.27.4&#8243; _module_preset=&#8221;default&#8221; text_font=&#8221;Barlow|500|||||||&#8221; text_text_color=&#8221;#000000&#8243; text_font_size=&#8221;16px&#8221; text_line_height=&#8221;1.3em&#8221; header_2_font=&#8221;Alata||||||||&#8221; header_2_font_size=&#8221;30px&#8221; header_2_letter_spacing=&#8221;2px&#8221; header_2_line_height=&#8221;1.2em&#8221; header_3_font=&#8221;Calps Light|600|||||||&#8221; header_3_text_color=&#8221;#d06728&#8243; header_3_font_size=&#8221;40px&#8221; header_3_line_height=&#8221;1.2em&#8221; header_4_text_color=&#8221;#144b97&#8243; header_4_font_size=&#8221;20px&#8221; background_enable_color=&#8221;off&#8221; background_enable_image=&#8221;off&#8221; background_size=&#8221;custom&#8221; background_image_width=&#8221;24%&#8221; background_position=&#8221;top_right&#8221; custom_padding=&#8221;0px|5px|0px|5px|false|false&#8221; text_font_size_tablet=&#8221;14px&#8221; text_font_size_phone=&#8221;14px&#8221; text_font_size_last_edited=&#8221;on|desktop&#8221; header_2_font_size_tablet=&#8221;40px&#8221; header_2_font_size_phone=&#8221;30px&#8221; header_2_font_size_last_edited=&#8221;on|phone&#8221; header_3_font_size_tablet=&#8221;35px&#8221; header_3_font_size_phone=&#8221;30px&#8221; header_3_font_size_last_edited=&#8221;on|desktop&#8221; header_4_font_size_tablet=&#8221;18px&#8221; header_4_font_size_phone=&#8221;18px&#8221; header_4_font_size_last_edited=&#8221;on|phone&#8221; inline_fonts=&#8221;Acme&#8221; global_colors_info=&#8221;{}&#8221;]<\/p>\n<p><span>Die evangelische Kirche in Burgheim, einem Stadtteil von Lahr im Schwarzwald, ist eine der \u00e4ltesten Kirchen auf der rechten Seite des Rheins. Entdecken Sie die!<\/span><\/p>\n<p>[\/et_pb_text][et_pb_button button_url=&#8221;https:\/\/www.billetweb.fr\/visite-guidee-de-leglise-romane-de-burgheim&#8221; url_new_window=&#8221;on&#8221; button_text=&#8221;Ticketverkauf&#8221; button_alignment=&#8221;left&#8221; _builder_version=&#8221;4.27.4&#8243; _module_preset=&#8221;default&#8221; custom_button=&#8221;on&#8221; button_text_size=&#8221;16px&#8221; button_text_color=&#8221;#5cade0&#8243; button_border_width=&#8221;0px&#8221; button_border_radius=&#8221;-2px&#8221; button_letter_spacing=&#8221;0px&#8221; button_font=&#8221;Barlow||||||||&#8221; button_icon=&#8221;&#xf3ff;||fa||900&#8243; button_icon_placement=&#8221;left&#8221; button_on_hover=&#8221;off&#8221; custom_margin=&#8221;-5px||0px||false|false&#8221; custom_margin_tablet=&#8221;-20px||||false|false&#8221; custom_margin_phone=&#8221;-20px||||false|false&#8221; custom_margin_last_edited=&#8221;on|phone&#8221; custom_padding=&#8221;0px||0px||false|false&#8221; button_text_size_tablet=&#8221;16px&#8221; button_text_size_phone=&#8221;14px&#8221; button_text_size_last_edited=&#8221;on|phone&#8221; global_colors_info=&#8221;{}&#8221;][\/et_pb_button][\/et_pb_column][et_pb_column type=&#8221;1_3&#8243; _builder_version=&#8221;4.27.4&#8243; _module_preset=&#8221;default&#8221; global_colors_info=&#8221;{}&#8221;][et_pb_text content_tablet=&#8221;<\/p>\n<p>F\u00fchrung<br \/>Biblioth\u00e8que humaniste<br \/>S\u00e9lestat<\/p>\n<p>&#8221; content_phone=&#8221;<\/p>\n<p>F\u00fchrung<br \/>Biblioth\u00e8que humaniste<br \/>S\u00e9lestat<\/p>\n<p>&#8221; content_last_edited=&#8221;off|desktop&#8221; admin_label=&#8221;Micro-\u00e9v\u00e8nement&#8221; _builder_version=&#8221;4.27.4&#8243; _module_preset=&#8221;default&#8221; text_font=&#8221;Poppins|600|||||||&#8221; text_text_color=&#8221;#FFFFFF&#8221; text_font_size=&#8221;16px&#8221; header_text_align=&#8221;left&#8221; header_4_font=&#8221;Barlow|600|||||||&#8221; header_4_text_color=&#8221;#FFFFFF&#8221; header_4_font_size=&#8221;16px&#8221; use_background_color_gradient=&#8221;on&#8221; background_color_gradient_stops=&#8221;rgba(171,121,112,0.6) 0%|rgba(171,121,112,0.6) 100%&#8221; background_color_gradient_overlays_image=&#8221;on&#8221; background_color_gradient_start=&#8221;rgba(0,0,0,0.4)&#8221; background_color_gradient_end=&#8221;rgba(0,0,0,0.4)&#8221; background_image=&#8221;https:\/\/www.voix-romane.com\/Site\/wp-content\/uploads\/2025\/05\/Zweigulden-2.jpg&#8221; transform_scale_linked__hover=&#8221;off&#8221; custom_margin=&#8221;||10px||false|false&#8221; custom_padding=&#8221;30px|10px|20px|10px|false|true&#8221; link_option_url=&#8221;https:\/\/www.billetweb.fr\/la-peste-dansante-ensemble-zweigulden1&#8243; link_option_url_new_window=&#8221;on&#8221; text_font_size_tablet=&#8221;16px&#8221; text_font_size_phone=&#8221;14px&#8221; text_font_size_last_edited=&#8221;on|phone&#8221; header_4_font_size_last_edited=&#8221;off|tablet&#8221; text_text_shadow_style=&#8221;preset3&#8243; border_radii=&#8221;on|10px|10px|10px|10px&#8221; box_shadow_style=&#8221;preset3&#8243; global_colors_info=&#8221;{}&#8221; background__hover_enabled=&#8221;off|hover&#8221; background_color_gradient_start__hover=&#8221;rgba(0,0,0,0.25)&#8221; use_background_color_gradient__hover=&#8221;on&#8221; transform_styles__hover_enabled=&#8221;off|desktop&#8221; transform_scale__hover_enabled=&#8221;off|desktop&#8221; transform_translate__hover_enabled=&#8221;off|desktop&#8221; transform_rotate__hover_enabled=&#8221;off|desktop&#8221; transform_skew__hover_enabled=&#8221;off|desktop&#8221; transform_origin__hover_enabled=&#8221;off|desktop&#8221; content__hover_enabled=&#8221;off|hover&#8221; content__hover=&#8221;Gehen Sie auf Entdeckungsreise zu mittelalterlichen Manuskripten \u2192&#8221; custom_margin__hover_enabled=&#8221;off|desktop&#8221; custom_margin__hover=&#8221;0px||0px||false|false&#8221; transform_origin__hover=&#8221;50%|64%&#8221; transform_scale__hover=&#8221;115%|115%&#8221; background_color_gradient_stops__hover=&#8221;rgba(0,0,0,0.25) 0%|rgba(0,0,0,0.4) 100%&#8221;]<\/p>\n<h4>20 Uhr<br \/>Konzert<br \/>Stiftskirche <span>|<\/span> Lahr<\/h4>\n<p>[\/et_pb_text][et_pb_text _builder_version=&#8221;4.27.4&#8243; _module_preset=&#8221;default&#8221; text_font=&#8221;Barlow|500|||||||&#8221; text_text_color=&#8221;#000000&#8243; text_font_size=&#8221;16px&#8221; text_line_height=&#8221;1.3em&#8221; header_2_font=&#8221;Alata||||||||&#8221; header_2_font_size=&#8221;30px&#8221; header_2_letter_spacing=&#8221;2px&#8221; header_2_line_height=&#8221;1.2em&#8221; header_3_font=&#8221;Calps Light|600|||||||&#8221; header_3_text_color=&#8221;#d06728&#8243; header_3_font_size=&#8221;40px&#8221; header_3_line_height=&#8221;1.2em&#8221; header_4_text_color=&#8221;#144b97&#8243; header_4_font_size=&#8221;20px&#8221; background_enable_color=&#8221;off&#8221; background_enable_image=&#8221;off&#8221; background_size=&#8221;custom&#8221; background_image_width=&#8221;24%&#8221; background_position=&#8221;top_right&#8221; custom_padding=&#8221;0px|5px|0px|5px|false|false&#8221; text_font_size_tablet=&#8221;14px&#8221; text_font_size_phone=&#8221;14px&#8221; text_font_size_last_edited=&#8221;on|desktop&#8221; header_2_font_size_tablet=&#8221;40px&#8221; header_2_font_size_phone=&#8221;30px&#8221; header_2_font_size_last_edited=&#8221;on|phone&#8221; header_3_font_size_tablet=&#8221;35px&#8221; header_3_font_size_phone=&#8221;30px&#8221; header_3_font_size_last_edited=&#8221;on|desktop&#8221; header_4_font_size_tablet=&#8221;18px&#8221; header_4_font_size_phone=&#8221;18px&#8221; header_4_font_size_last_edited=&#8221;on|phone&#8221; inline_fonts=&#8221;Acme&#8221; global_colors_info=&#8221;{}&#8221;]<\/p>\n<p><span>Das Basler Ensemble Zweigulden erinnert mit Musik und T\u00e4nzen aus der Renaissance an eine ber\u00fchmte historische Episode &#8211; ein ungew\u00f6hnlicher Ausflug f\u00fcr \u201eVoix et Route Romane\u201c, aber sehr lokal und berauschend!<\/span><\/p>\n<p><span>&#8220;Die Tanzpest&#8221;<br \/>Ensemble Zweigulden<\/span><\/p>\n<p>[\/et_pb_text][et_pb_button button_url=&#8221;https:\/\/www.billetweb.fr\/la-peste-dansante-ensemble-zweigulden1&#8243; url_new_window=&#8221;on&#8221; button_text=&#8221;Ticketverkauf&#8221; button_alignment=&#8221;left&#8221; _builder_version=&#8221;4.27.4&#8243; _module_preset=&#8221;default&#8221; custom_button=&#8221;on&#8221; button_text_size=&#8221;16px&#8221; button_text_color=&#8221;#ab7970&#8243; button_border_width=&#8221;0px&#8221; button_border_radius=&#8221;-2px&#8221; button_letter_spacing=&#8221;0px&#8221; button_font=&#8221;Barlow||||||||&#8221; button_icon=&#8221;&#xf3ff;||fa||900&#8243; button_icon_placement=&#8221;left&#8221; button_on_hover=&#8221;off&#8221; custom_margin=&#8221;-5px||0px||false|false&#8221; custom_margin_tablet=&#8221;-20px||||false|false&#8221; custom_margin_phone=&#8221;-20px||||false|false&#8221; custom_margin_last_edited=&#8221;on|phone&#8221; custom_padding=&#8221;0px||0px||false|false&#8221; button_text_size_tablet=&#8221;16px&#8221; button_text_size_phone=&#8221;14px&#8221; button_text_size_last_edited=&#8221;on|phone&#8221; global_colors_info=&#8221;{}&#8221;][\/et_pb_button][\/et_pb_column][et_pb_column type=&#8221;1_3&#8243; _builder_version=&#8221;4.27.4&#8243; _module_preset=&#8221;default&#8221; global_colors_info=&#8221;{}&#8221;][\/et_pb_column][\/et_pb_row][et_pb_row use_custom_gutter=&#8221;on&#8221; gutter_width=&#8221;2&#8243; module_id=&#8221;marmoutier&#8221; _builder_version=&#8221;4.27.4&#8243; _module_preset=&#8221;default&#8221; custom_padding=&#8221;0px||15px||false|false&#8221; global_colors_info=&#8221;{}&#8221;][et_pb_column type=&#8221;4_4&#8243; _builder_version=&#8221;4.27.4&#8243; _module_preset=&#8221;default&#8221; global_colors_info=&#8221;{}&#8221;][et_pb_text _builder_version=&#8221;4.27.4&#8243; _module_preset=&#8221;default&#8221; header_font=&#8221;Barlow||||||||&#8221; header_text_align=&#8221;left&#8221; header_font_size=&#8221;20px&#8221; background_color=&#8221;RGBA(255,255,255,0)&#8221; custom_padding=&#8221;10px||5px||false|false&#8221; header_font_size_tablet=&#8221;18px&#8221; header_font_size_phone=&#8221;18px&#8221; header_font_size_last_edited=&#8221;on|tablet&#8221; border_color_all=&#8221;#000000&#8243; border_width_bottom=&#8221;1px&#8221; global_colors_info=&#8221;{}&#8221;]<\/p>\n<h1>Samstag 30. August<\/h1>\n<p>[\/et_pb_text][\/et_pb_column][\/et_pb_row][et_pb_row column_structure=&#8221;1_3,1_3,1_3&#8243; use_custom_gutter=&#8221;on&#8221; gutter_width=&#8221;2&#8243; _builder_version=&#8221;4.27.4&#8243; _module_preset=&#8221;default&#8221; custom_padding=&#8221;0px||15px||false|false&#8221; global_colors_info=&#8221;{}&#8221;][et_pb_column type=&#8221;1_3&#8243; _builder_version=&#8221;4.27.4&#8243; _module_preset=&#8221;default&#8221; global_colors_info=&#8221;{}&#8221;][et_pb_text content_tablet=&#8221;<\/p>\n<p>F\u00fchrung<br \/>Biblioth\u00e8que humaniste<br \/>S\u00e9lestat<\/p>\n<p>&#8221; content_phone=&#8221;<\/p>\n<p>F\u00fchrung<br \/>Biblioth\u00e8que humaniste<br \/>S\u00e9lestat<\/p>\n<p>&#8221; content_last_edited=&#8221;off|desktop&#8221; admin_label=&#8221;Micro-\u00e9v\u00e8nement&#8221; _builder_version=&#8221;4.27.4&#8243; _module_preset=&#8221;default&#8221; text_font=&#8221;Poppins|600|||||||&#8221; text_text_color=&#8221;#FFFFFF&#8221; text_font_size=&#8221;16px&#8221; header_text_align=&#8221;left&#8221; header_4_font=&#8221;Barlow|600|||||||&#8221; header_4_text_color=&#8221;#FFFFFF&#8221; header_4_font_size=&#8221;16px&#8221; background_enable_color=&#8221;off&#8221; use_background_color_gradient=&#8221;on&#8221; background_color_gradient_stops=&#8221;rgba(20,75,151,0.6) 0%|rgba(20,75,151,0.6) 100%&#8221; background_color_gradient_overlays_image=&#8221;on&#8221; background_color_gradient_start=&#8221;rgba(0,0,0,0.4)&#8221; background_color_gradient_end=&#8221;rgba(0,0,0,0.4)&#8221; background_image=&#8221;https:\/\/www.voix-romane.com\/Site\/wp-content\/uploads\/2025\/05\/Kalamus-1.jpeg&#8221; transform_scale_linked__hover=&#8221;off&#8221; custom_margin=&#8221;||10px||false|false&#8221; custom_padding=&#8221;30px|10px|20px|10px|false|true&#8221; link_option_url=&#8221;https:\/\/www.billetweb.fr\/concert-de-poche-kalamus-les-estampies-du-chansonnier-du-roy&#8221; link_option_url_new_window=&#8221;on&#8221; text_font_size_tablet=&#8221;16px&#8221; text_font_size_phone=&#8221;14px&#8221; text_font_size_last_edited=&#8221;on|phone&#8221; header_4_font_size_last_edited=&#8221;off|tablet&#8221; text_text_shadow_style=&#8221;preset3&#8243; border_radii=&#8221;on|10px|10px|10px|10px&#8221; box_shadow_style=&#8221;preset3&#8243; global_colors_info=&#8221;{}&#8221; background__hover_enabled=&#8221;off|hover&#8221; background_color_gradient_start__hover=&#8221;rgba(0,0,0,0.25)&#8221; use_background_color_gradient__hover=&#8221;on&#8221; transform_styles__hover_enabled=&#8221;off|desktop&#8221; transform_scale__hover_enabled=&#8221;off|desktop&#8221; transform_translate__hover_enabled=&#8221;off|desktop&#8221; transform_rotate__hover_enabled=&#8221;off|desktop&#8221; transform_skew__hover_enabled=&#8221;off|desktop&#8221; transform_origin__hover_enabled=&#8221;off|desktop&#8221; content__hover_enabled=&#8221;off|hover&#8221; content__hover=&#8221;Gehen Sie auf Entdeckungsreise zu mittelalterlichen Manuskripten \u2192&#8221; custom_margin__hover_enabled=&#8221;off|desktop&#8221; custom_margin__hover=&#8221;0px||0px||false|false&#8221; transform_origin__hover=&#8221;50%|64%&#8221; transform_scale__hover=&#8221;115%|115%&#8221; background_color_gradient_stops__hover=&#8221;rgba(0,0,0,0.25) 0%|rgba(0,0,0,0.4) 100%&#8221;]<\/p>\n<h4>15 Uhr<br \/>Taschenkonzert <br \/>\u00c9glise Saint-Matthieu <span>|<\/span> Haegen<\/h4>\n<p>[\/et_pb_text][et_pb_text _builder_version=&#8221;4.27.4&#8243; _module_preset=&#8221;default&#8221; text_font=&#8221;Barlow|500|||||||&#8221; text_text_color=&#8221;#000000&#8243; text_font_size=&#8221;16px&#8221; text_line_height=&#8221;1.3em&#8221; header_2_font=&#8221;Alata||||||||&#8221; header_2_font_size=&#8221;30px&#8221; header_2_letter_spacing=&#8221;2px&#8221; header_2_line_height=&#8221;1.2em&#8221; header_3_font=&#8221;Calps Light|600|||||||&#8221; header_3_text_color=&#8221;#d06728&#8243; header_3_font_size=&#8221;40px&#8221; header_3_line_height=&#8221;1.2em&#8221; header_4_text_color=&#8221;#144b97&#8243; header_4_font_size=&#8221;20px&#8221; background_enable_color=&#8221;off&#8221; background_enable_image=&#8221;off&#8221; background_size=&#8221;custom&#8221; background_image_width=&#8221;24%&#8221; background_position=&#8221;top_right&#8221; custom_padding=&#8221;0px|5px|0px|5px|false|false&#8221; text_font_size_tablet=&#8221;14px&#8221; text_font_size_phone=&#8221;14px&#8221; text_font_size_last_edited=&#8221;on|desktop&#8221; header_2_font_size_tablet=&#8221;40px&#8221; header_2_font_size_phone=&#8221;30px&#8221; header_2_font_size_last_edited=&#8221;on|phone&#8221; header_3_font_size_tablet=&#8221;35px&#8221; header_3_font_size_phone=&#8221;30px&#8221; header_3_font_size_last_edited=&#8221;on|desktop&#8221; header_4_font_size_tablet=&#8221;18px&#8221; header_4_font_size_phone=&#8221;18px&#8221; header_4_font_size_last_edited=&#8221;on|phone&#8221; inline_fonts=&#8221;Acme&#8221; global_colors_info=&#8221;{}&#8221;]<\/p>\n<div id=\"description_block\" class=\"page_block event module not_sortable\">\n<div class=\"ckeditor_block\">\n<div id=\"description\" class=\"ckeditor_content ckeditor_editable\">\n<p><span>Unter der Leitung von Christophe Tellart erforscht das Kalamus Ensemble die Estampies Royales des Pariser Manuskripts, die als eine der \u00e4ltesten Instrumentalmusiken des Mittelalters gelten. Die Instrumente erwecken eine wertvolle Sammlung von Liedern zum Leben, die Mitte des 13. Jahrhunderts entstanden.<\/span><\/p>\n<p>&#8220;Les Estampies du chansonnier du Roy&#8221;<br \/>Kalamus Ensemble<\/p>\n<\/div>\n<\/div>\n<\/div>\n<p>[\/et_pb_text][et_pb_button button_url=&#8221;https:\/\/www.billetweb.fr\/concert-de-poche-kalamus-les-estampies-du-chansonnier-du-roy&#8221; url_new_window=&#8221;on&#8221; button_text=&#8221;Ticketverkauf&#8221; button_alignment=&#8221;left&#8221; _builder_version=&#8221;4.27.4&#8243; _module_preset=&#8221;default&#8221; custom_button=&#8221;on&#8221; button_text_size=&#8221;16px&#8221; button_text_color=&#8221;#144b97&#8243; button_border_width=&#8221;0px&#8221; button_border_radius=&#8221;-2px&#8221; button_letter_spacing=&#8221;0px&#8221; button_font=&#8221;Barlow||||||||&#8221; button_icon=&#8221;&#xf3ff;||fa||900&#8243; button_icon_placement=&#8221;left&#8221; button_on_hover=&#8221;off&#8221; custom_margin=&#8221;-5px||0px||false|false&#8221; custom_margin_tablet=&#8221;-20px||||false|false&#8221; custom_margin_phone=&#8221;-20px||||false|false&#8221; custom_margin_last_edited=&#8221;on|phone&#8221; custom_padding=&#8221;0px||0px||false|false&#8221; button_text_size_tablet=&#8221;16px&#8221; button_text_size_phone=&#8221;14px&#8221; button_text_size_last_edited=&#8221;on|phone&#8221; global_colors_info=&#8221;{}&#8221;][\/et_pb_button][\/et_pb_column][et_pb_column type=&#8221;1_3&#8243; _builder_version=&#8221;4.27.4&#8243; _module_preset=&#8221;default&#8221; global_colors_info=&#8221;{}&#8221;][et_pb_text content_tablet=&#8221;<\/p>\n<p>F\u00fchrung<br \/>Biblioth\u00e8que humaniste<br \/>S\u00e9lestat<\/p>\n<p>&#8221; content_phone=&#8221;<\/p>\n<p>F\u00fchrung<br \/>Biblioth\u00e8que humaniste<br \/>S\u00e9lestat<\/p>\n<p>&#8221; content_last_edited=&#8221;off|desktop&#8221; admin_label=&#8221;Micro-\u00e9v\u00e8nement&#8221; _builder_version=&#8221;4.27.4&#8243; _module_preset=&#8221;default&#8221; text_font=&#8221;Poppins|600|||||||&#8221; text_text_color=&#8221;#FFFFFF&#8221; text_font_size=&#8221;16px&#8221; header_text_align=&#8221;left&#8221; header_4_font=&#8221;Barlow|600|||||||&#8221; header_4_text_color=&#8221;#FFFFFF&#8221; header_4_font_size=&#8221;16px&#8221; use_background_color_gradient=&#8221;on&#8221; background_color_gradient_stops=&#8221;rgba(124,64,90,0.7) 0%|rgba(124,64,90,0.7) 100%&#8221; background_color_gradient_overlays_image=&#8221;on&#8221; background_color_gradient_start=&#8221;rgba(0,0,0,0.4)&#8221; background_color_gradient_end=&#8221;rgba(0,0,0,0.4)&#8221; background_image=&#8221;https:\/\/www.voix-romane.com\/Site\/wp-content\/uploads\/2025\/05\/lecon-de-musique-medievale-avec-paul-van-nevel-1.jpg&#8221; transform_scale_linked__hover=&#8221;off&#8221; custom_margin=&#8221;||10px||false|false&#8221; custom_padding=&#8221;30px|10px|20px|10px|false|true&#8221; link_option_url=&#8221;https:\/\/www.billetweb.fr\/lecon-de-musique-medievale-avec-paul-van-nevel&#8221; link_option_url_new_window=&#8221;on&#8221; text_font_size_tablet=&#8221;16px&#8221; text_font_size_phone=&#8221;14px&#8221; text_font_size_last_edited=&#8221;on|phone&#8221; header_4_font_size_last_edited=&#8221;off|tablet&#8221; text_text_shadow_style=&#8221;preset3&#8243; border_radii=&#8221;on|10px|10px|10px|10px&#8221; box_shadow_style=&#8221;preset3&#8243; global_colors_info=&#8221;{}&#8221; background__hover_enabled=&#8221;off|hover&#8221; background_color_gradient_start__hover=&#8221;rgba(0,0,0,0.25)&#8221; use_background_color_gradient__hover=&#8221;on&#8221; transform_styles__hover_enabled=&#8221;off|desktop&#8221; transform_scale__hover_enabled=&#8221;off|desktop&#8221; transform_translate__hover_enabled=&#8221;off|desktop&#8221; transform_rotate__hover_enabled=&#8221;off|desktop&#8221; transform_skew__hover_enabled=&#8221;off|desktop&#8221; transform_origin__hover_enabled=&#8221;off|desktop&#8221; content__hover_enabled=&#8221;off|hover&#8221; content__hover=&#8221;Gehen Sie auf Entdeckungsreise zu mittelalterlichen Manuskripten \u2192&#8221; custom_margin__hover_enabled=&#8221;off|desktop&#8221; custom_margin__hover=&#8221;0px||0px||false|false&#8221; transform_origin__hover=&#8221;50%|64%&#8221; transform_scale__hover=&#8221;115%|115%&#8221; background_color_gradient_stops__hover=&#8221;rgba(0,0,0,0.25) 0%|rgba(0,0,0,0.4) 100%&#8221;]<\/p>\n<h4>16.30 Uhr<br \/>Musikstunde<br \/>Abbaye Saint-\u00c9tienne <span>|<\/span> Marmoutier<\/h4>\n<p>[\/et_pb_text][et_pb_text _builder_version=&#8221;4.27.4&#8243; _module_preset=&#8221;default&#8221; text_font=&#8221;Barlow|500|||||||&#8221; text_text_color=&#8221;#000000&#8243; text_font_size=&#8221;16px&#8221; text_line_height=&#8221;1.3em&#8221; header_2_font=&#8221;Alata||||||||&#8221; header_2_font_size=&#8221;30px&#8221; header_2_letter_spacing=&#8221;2px&#8221; header_2_line_height=&#8221;1.2em&#8221; header_3_font=&#8221;Calps Light|600|||||||&#8221; header_3_text_color=&#8221;#d06728&#8243; header_3_font_size=&#8221;40px&#8221; header_3_line_height=&#8221;1.2em&#8221; header_4_text_color=&#8221;#144b97&#8243; header_4_font_size=&#8221;20px&#8221; background_enable_color=&#8221;off&#8221; background_enable_image=&#8221;off&#8221; background_size=&#8221;custom&#8221; background_image_width=&#8221;24%&#8221; background_position=&#8221;top_right&#8221; custom_padding=&#8221;0px|5px|0px|5px|false|false&#8221; text_font_size_tablet=&#8221;14px&#8221; text_font_size_phone=&#8221;14px&#8221; text_font_size_last_edited=&#8221;on|desktop&#8221; header_2_font_size_tablet=&#8221;40px&#8221; header_2_font_size_phone=&#8221;30px&#8221; header_2_font_size_last_edited=&#8221;on|phone&#8221; header_3_font_size_tablet=&#8221;35px&#8221; header_3_font_size_phone=&#8221;30px&#8221; header_3_font_size_last_edited=&#8221;on|desktop&#8221; header_4_font_size_tablet=&#8221;18px&#8221; header_4_font_size_phone=&#8221;18px&#8221; header_4_font_size_last_edited=&#8221;on|phone&#8221; inline_fonts=&#8221;Acme&#8221; global_colors_info=&#8221;{}&#8221;]<\/p>\n<p><span>Ein besonderes Treffen mit Paul Van Nevel, dem Gr\u00fcndungsdirektor des Huelgas-Ensembles: Erfahren Sie mehr \u00fcber den historischen Kontext des Programms, die alten Instrumente und die Hintergr\u00fcnde der musikalischen Arbeit. Zeit zum Austausch <\/span><span> um besser in die Welt des Konzerts einzutauchen.<\/span><\/p>\n<p>[\/et_pb_text][et_pb_button button_url=&#8221;https:\/\/www.billetweb.fr\/lecon-de-musique-medievale-avec-paul-van-nevel&#8221; url_new_window=&#8221;on&#8221; button_text=&#8221;Reservierung&#8221; button_alignment=&#8221;left&#8221; _builder_version=&#8221;4.27.4&#8243; _module_preset=&#8221;default&#8221; custom_button=&#8221;on&#8221; button_text_size=&#8221;16px&#8221; button_text_color=&#8221;#7c405a&#8221; button_border_width=&#8221;0px&#8221; button_border_radius=&#8221;-2px&#8221; button_letter_spacing=&#8221;0px&#8221; button_font=&#8221;Barlow||||||||&#8221; button_icon=&#8221;&#xf3ff;||fa||900&#8243; button_icon_placement=&#8221;left&#8221; button_on_hover=&#8221;off&#8221; custom_margin=&#8221;-5px||0px||false|false&#8221; custom_margin_tablet=&#8221;-20px||||false|false&#8221; custom_margin_phone=&#8221;-20px||||false|false&#8221; custom_margin_last_edited=&#8221;on|phone&#8221; custom_padding=&#8221;0px||0px||false|false&#8221; button_text_size_tablet=&#8221;16px&#8221; button_text_size_phone=&#8221;14px&#8221; button_text_size_last_edited=&#8221;on|phone&#8221; global_colors_info=&#8221;{}&#8221;][\/et_pb_button][\/et_pb_column][et_pb_column type=&#8221;1_3&#8243; _builder_version=&#8221;4.27.4&#8243; _module_preset=&#8221;default&#8221; global_colors_info=&#8221;{}&#8221;][et_pb_text content_tablet=&#8221;<\/p>\n<p>F\u00fchrung<br \/>Biblioth\u00e8que humaniste<br \/>S\u00e9lestat<\/p>\n<p>&#8221; content_phone=&#8221;<\/p>\n<p>F\u00fchrung<br \/>Biblioth\u00e8que humaniste<br \/>S\u00e9lestat<\/p>\n<p>&#8221; content_last_edited=&#8221;off|desktop&#8221; admin_label=&#8221;Micro-\u00e9v\u00e8nement&#8221; _builder_version=&#8221;4.27.4&#8243; _module_preset=&#8221;default&#8221; text_font=&#8221;Poppins|600|||||||&#8221; text_text_color=&#8221;#FFFFFF&#8221; text_font_size=&#8221;16px&#8221; header_text_align=&#8221;left&#8221; header_4_font=&#8221;Barlow|600|||||||&#8221; header_4_text_color=&#8221;#FFFFFF&#8221; header_4_font_size=&#8221;16px&#8221; use_background_color_gradient=&#8221;on&#8221; background_color_gradient_stops=&#8221;rgba(171,121,112,0.6) 0%|rgba(171,121,112,0.6) 100%&#8221; background_color_gradient_overlays_image=&#8221;on&#8221; background_color_gradient_start=&#8221;rgba(0,0,0,0.4)&#8221; background_color_gradient_end=&#8221;rgba(0,0,0,0.4)&#8221; background_image=&#8221;https:\/\/www.voix-romane.com\/Site\/wp-content\/uploads\/2025\/05\/Huelgas-Ensemble-Luk-Van-Eeckhout-1.jpg&#8221; transform_scale_linked__hover=&#8221;off&#8221; custom_margin=&#8221;||10px||false|false&#8221; custom_padding=&#8221;30px|10px|20px|10px|false|true&#8221; link_option_url=&#8221;https:\/\/www.billetweb.fr\/paris-1200-huelgas-ensemble&#8221; link_option_url_new_window=&#8221;on&#8221; text_font_size_tablet=&#8221;16px&#8221; text_font_size_phone=&#8221;14px&#8221; text_font_size_last_edited=&#8221;on|phone&#8221; header_4_font_size_last_edited=&#8221;off|tablet&#8221; text_text_shadow_style=&#8221;preset3&#8243; border_radii=&#8221;on|10px|10px|10px|10px&#8221; box_shadow_style=&#8221;preset3&#8243; global_colors_info=&#8221;{}&#8221; background__hover_enabled=&#8221;off|hover&#8221; background_color_gradient_start__hover=&#8221;rgba(0,0,0,0.25)&#8221; use_background_color_gradient__hover=&#8221;on&#8221; transform_styles__hover_enabled=&#8221;off|desktop&#8221; transform_scale__hover_enabled=&#8221;off|desktop&#8221; transform_translate__hover_enabled=&#8221;off|desktop&#8221; transform_rotate__hover_enabled=&#8221;off|desktop&#8221; transform_skew__hover_enabled=&#8221;off|desktop&#8221; transform_origin__hover_enabled=&#8221;off|desktop&#8221; content__hover_enabled=&#8221;off|hover&#8221; content__hover=&#8221;Gehen Sie auf Entdeckungsreise zu mittelalterlichen Manuskripten \u2192&#8221; custom_margin__hover_enabled=&#8221;off|desktop&#8221; custom_margin__hover=&#8221;0px||0px||false|false&#8221; transform_origin__hover=&#8221;50%|64%&#8221; transform_scale__hover=&#8221;115%|115%&#8221; background_color_gradient_stops__hover=&#8221;rgba(0,0,0,0.25) 0%|rgba(0,0,0,0.4) 100%&#8221;]<\/p>\n<h4>18 Uhr<br \/>Konzert<br \/>Abbaye Saint-\u00c9tienne <span>|<\/span> Marmoutier<\/h4>\n<p>[\/et_pb_text][et_pb_text _builder_version=&#8221;4.27.4&#8243; _module_preset=&#8221;default&#8221; text_font=&#8221;Barlow|500|||||||&#8221; text_text_color=&#8221;#000000&#8243; text_font_size=&#8221;16px&#8221; text_line_height=&#8221;1.3em&#8221; header_2_font=&#8221;Alata||||||||&#8221; header_2_font_size=&#8221;30px&#8221; header_2_letter_spacing=&#8221;2px&#8221; header_2_line_height=&#8221;1.2em&#8221; header_3_font=&#8221;Calps Light|600|||||||&#8221; header_3_text_color=&#8221;#d06728&#8243; header_3_font_size=&#8221;40px&#8221; header_3_line_height=&#8221;1.2em&#8221; header_4_text_color=&#8221;#144b97&#8243; header_4_font_size=&#8221;20px&#8221; background_enable_color=&#8221;off&#8221; background_enable_image=&#8221;off&#8221; background_size=&#8221;custom&#8221; background_image_width=&#8221;24%&#8221; background_position=&#8221;top_right&#8221; custom_padding=&#8221;0px|5px|0px|5px|false|false&#8221; text_font_size_tablet=&#8221;14px&#8221; text_font_size_phone=&#8221;14px&#8221; text_font_size_last_edited=&#8221;on|desktop&#8221; header_2_font_size_tablet=&#8221;40px&#8221; header_2_font_size_phone=&#8221;30px&#8221; header_2_font_size_last_edited=&#8221;on|phone&#8221; header_3_font_size_tablet=&#8221;35px&#8221; header_3_font_size_phone=&#8221;30px&#8221; header_3_font_size_last_edited=&#8221;on|desktop&#8221; header_4_font_size_tablet=&#8221;18px&#8221; header_4_font_size_phone=&#8221;18px&#8221; header_4_font_size_last_edited=&#8221;on|phone&#8221; inline_fonts=&#8221;Acme&#8221; global_colors_info=&#8221;{}&#8221;]<\/p>\n<p data-start=\"0\" data-end=\"193\">Reisen Sie in das Paris des Jahres 1200 mit einem bezaubernden Konzert, das polyphone Meisterwerke und Sch\u00e4tze der Schule von Notre-Dame miteinander verbindet, zwischen Leonin, Perotin und Ges\u00e4ngen zum Ruhm von Philipp August.<\/p>\n<p data-start=\"0\" data-end=\"193\">&#8220;Paris 1200&#8221;<br \/>Huelgas Ensemble<\/p>\n<p>[\/et_pb_text][et_pb_button button_url=&#8221;https:\/\/www.billetweb.fr\/paris-1200-huelgas-ensemble&#8221; url_new_window=&#8221;on&#8221; button_text=&#8221;Ticketverkauf&#8221; button_alignment=&#8221;left&#8221; _builder_version=&#8221;4.27.4&#8243; _module_preset=&#8221;default&#8221; custom_button=&#8221;on&#8221; button_text_size=&#8221;16px&#8221; button_text_color=&#8221;#ab7970&#8243; button_border_width=&#8221;0px&#8221; button_border_radius=&#8221;-2px&#8221; button_letter_spacing=&#8221;0px&#8221; button_font=&#8221;Barlow||||||||&#8221; button_icon=&#8221;&#xf3ff;||fa||900&#8243; button_icon_placement=&#8221;left&#8221; button_on_hover=&#8221;off&#8221; custom_margin=&#8221;-5px||0px||false|false&#8221; custom_margin_tablet=&#8221;-20px||||false|false&#8221; custom_margin_phone=&#8221;-20px||||false|false&#8221; custom_margin_last_edited=&#8221;on|phone&#8221; custom_padding=&#8221;0px||0px||false|false&#8221; button_text_size_tablet=&#8221;16px&#8221; button_text_size_phone=&#8221;14px&#8221; button_text_size_last_edited=&#8221;on|phone&#8221; global_colors_info=&#8221;{}&#8221;][\/et_pb_button][\/et_pb_column][\/et_pb_row][et_pb_row use_custom_gutter=&#8221;on&#8221; gutter_width=&#8221;2&#8243; module_id=&#8221;feldbach&#8221; _builder_version=&#8221;4.27.4&#8243; _module_preset=&#8221;default&#8221; custom_padding=&#8221;0px||15px||false|false&#8221; global_colors_info=&#8221;{}&#8221;][et_pb_column type=&#8221;4_4&#8243; _builder_version=&#8221;4.27.4&#8243; _module_preset=&#8221;default&#8221; global_colors_info=&#8221;{}&#8221;][et_pb_text _builder_version=&#8221;4.27.4&#8243; _module_preset=&#8221;default&#8221; header_font=&#8221;Barlow||||||||&#8221; header_text_align=&#8221;left&#8221; header_font_size=&#8221;20px&#8221; background_color=&#8221;RGBA(255,255,255,0)&#8221; custom_padding=&#8221;10px||5px||false|false&#8221; header_font_size_tablet=&#8221;18px&#8221; header_font_size_phone=&#8221;18px&#8221; header_font_size_last_edited=&#8221;on|tablet&#8221; border_color_all=&#8221;#000000&#8243; border_width_bottom=&#8221;1px&#8221; global_colors_info=&#8221;{}&#8221;]<\/p>\n<h1>Sonntag 31. August<\/h1>\n<p>[\/et_pb_text][\/et_pb_column][\/et_pb_row][et_pb_row column_structure=&#8221;1_3,1_3,1_3&#8243; use_custom_gutter=&#8221;on&#8221; gutter_width=&#8221;2&#8243; _builder_version=&#8221;4.27.4&#8243; _module_preset=&#8221;default&#8221; custom_padding=&#8221;0px||15px||false|false&#8221; global_colors_info=&#8221;{}&#8221;][et_pb_column type=&#8221;1_3&#8243; _builder_version=&#8221;4.27.4&#8243; _module_preset=&#8221;default&#8221; global_colors_info=&#8221;{}&#8221;][et_pb_text content_tablet=&#8221;<\/p>\n<p>F\u00fchrung<br \/>Biblioth\u00e8que humaniste<br \/>S\u00e9lestat<\/p>\n<p>&#8221; content_phone=&#8221;<\/p>\n<p>F\u00fchrung<br \/>Biblioth\u00e8que humaniste<br \/>S\u00e9lestat<\/p>\n<p>&#8221; content_last_edited=&#8221;off|desktop&#8221; admin_label=&#8221;Micro-\u00e9v\u00e8nement&#8221; _builder_version=&#8221;4.27.4&#8243; _module_preset=&#8221;default&#8221; text_font=&#8221;Poppins|600|||||||&#8221; text_text_color=&#8221;#FFFFFF&#8221; text_font_size=&#8221;16px&#8221; header_text_align=&#8221;left&#8221; header_4_font=&#8221;Barlow|600|||||||&#8221; header_4_text_color=&#8221;#FFFFFF&#8221; header_4_font_size=&#8221;16px&#8221; use_background_color_gradient=&#8221;on&#8221; background_color_gradient_stops=&#8221;rgba(142,143,142,0.6) 0%|rgba(142,143,142,0.6) 100%&#8221; background_color_gradient_overlays_image=&#8221;on&#8221; background_color_gradient_start=&#8221;rgba(0,0,0,0.4)&#8221; background_color_gradient_end=&#8221;rgba(0,0,0,0.4)&#8221; background_image=&#8221;https:\/\/www.voix-romane.com\/Site\/wp-content\/uploads\/2025\/05\/Atelier-maniement-de-lepee.jpg&#8221; transform_scale_linked__hover=&#8221;off&#8221; custom_margin=&#8221;||10px||false|false&#8221; custom_padding=&#8221;30px|10px|20px|10px|false|true&#8221; link_option_url=&#8221;https:\/\/www.billetweb.fr\/atelier-initiation-au-maniement-de-lepee-ferrette-la-medievale&#8221; link_option_url_new_window=&#8221;on&#8221; text_font_size_tablet=&#8221;16px&#8221; text_font_size_phone=&#8221;14px&#8221; text_font_size_last_edited=&#8221;on|phone&#8221; header_4_font_size_last_edited=&#8221;off|tablet&#8221; text_text_shadow_style=&#8221;preset3&#8243; border_radii=&#8221;on|10px|10px|10px|10px&#8221; box_shadow_style=&#8221;preset3&#8243; global_colors_info=&#8221;{}&#8221; background__hover_enabled=&#8221;off|hover&#8221; background_color_gradient_start__hover=&#8221;rgba(0,0,0,0.25)&#8221; use_background_color_gradient__hover=&#8221;on&#8221; transform_styles__hover_enabled=&#8221;off|desktop&#8221; transform_scale__hover_enabled=&#8221;off|desktop&#8221; transform_translate__hover_enabled=&#8221;off|desktop&#8221; transform_rotate__hover_enabled=&#8221;off|desktop&#8221; transform_skew__hover_enabled=&#8221;off|desktop&#8221; transform_origin__hover_enabled=&#8221;off|desktop&#8221; content__hover_enabled=&#8221;off|hover&#8221; content__hover=&#8221;Gehen Sie auf Entdeckungsreise zu mittelalterlichen Manuskripten \u2192&#8221; custom_margin__hover_enabled=&#8221;off|desktop&#8221; custom_margin__hover=&#8221;0px||0px||false|false&#8221; transform_origin__hover=&#8221;50%|64%&#8221; transform_scale__hover=&#8221;115%|115%&#8221; background_color_gradient_stops__hover=&#8221;rgba(0,0,0,0.25) 0%|rgba(0,0,0,0.4) 100%&#8221;]<\/p>\n<h4>14.30 Uhr<br \/>Atelier<br \/>\u00c9glise Saint-Jacques <span>|<\/span> Feldbach<\/h4>\n<p>[\/et_pb_text][et_pb_text _builder_version=&#8221;4.27.4&#8243; _module_preset=&#8221;default&#8221; text_font=&#8221;Barlow|500|||||||&#8221; text_text_color=&#8221;#000000&#8243; text_font_size=&#8221;16px&#8221; text_line_height=&#8221;1.3em&#8221; header_2_font=&#8221;Alata||||||||&#8221; header_2_font_size=&#8221;30px&#8221; header_2_letter_spacing=&#8221;2px&#8221; header_2_line_height=&#8221;1.2em&#8221; header_3_font=&#8221;Calps Light|600|||||||&#8221; header_3_text_color=&#8221;#d06728&#8243; header_3_font_size=&#8221;40px&#8221; header_3_line_height=&#8221;1.2em&#8221; header_4_text_color=&#8221;#144b97&#8243; header_4_font_size=&#8221;20px&#8221; background_enable_color=&#8221;off&#8221; background_enable_image=&#8221;off&#8221; background_size=&#8221;custom&#8221; background_image_width=&#8221;24%&#8221; background_position=&#8221;top_right&#8221; custom_padding=&#8221;0px|5px|0px|5px|false|false&#8221; text_font_size_tablet=&#8221;14px&#8221; text_font_size_phone=&#8221;14px&#8221; text_font_size_last_edited=&#8221;on|desktop&#8221; header_2_font_size_tablet=&#8221;40px&#8221; header_2_font_size_phone=&#8221;30px&#8221; header_2_font_size_last_edited=&#8221;on|phone&#8221; header_3_font_size_tablet=&#8221;35px&#8221; header_3_font_size_phone=&#8221;30px&#8221; header_3_font_size_last_edited=&#8221;on|desktop&#8221; header_4_font_size_tablet=&#8221;18px&#8221; header_4_font_size_phone=&#8221;18px&#8221; header_4_font_size_last_edited=&#8221;on|phone&#8221; inline_fonts=&#8221;Acme&#8221; global_colors_info=&#8221;{}&#8221;]<\/p>\n<p>F\u00fchren Sie sich mit dem Verein Ferrette la M\u00e9di\u00e9vale in die Kunst des Schwertkampfes ein!<\/p>\n<p>[\/et_pb_text][et_pb_button button_url=&#8221;https:\/\/www.billetweb.fr\/atelier-initiation-au-maniement-de-lepee-ferrette-la-medievale&#8221; url_new_window=&#8221;on&#8221; button_text=&#8221;Ticketverkauf&#8221; button_alignment=&#8221;left&#8221; _builder_version=&#8221;4.27.4&#8243; _module_preset=&#8221;default&#8221; custom_button=&#8221;on&#8221; button_text_size=&#8221;16px&#8221; button_text_color=&#8221;#000000&#8243; button_border_width=&#8221;0px&#8221; button_border_radius=&#8221;-2px&#8221; button_letter_spacing=&#8221;0px&#8221; button_font=&#8221;Barlow||||||||&#8221; button_icon=&#8221;&#xf3ff;||fa||900&#8243; button_icon_placement=&#8221;left&#8221; button_on_hover=&#8221;off&#8221; custom_margin=&#8221;-5px||0px||false|false&#8221; custom_margin_tablet=&#8221;-20px||||false|false&#8221; custom_margin_phone=&#8221;-20px||||false|false&#8221; custom_margin_last_edited=&#8221;on|phone&#8221; custom_padding=&#8221;0px||0px||false|false&#8221; button_text_size_tablet=&#8221;16px&#8221; button_text_size_phone=&#8221;14px&#8221; button_text_size_last_edited=&#8221;on|phone&#8221; global_colors_info=&#8221;{}&#8221;][\/et_pb_button][\/et_pb_column][et_pb_column type=&#8221;1_3&#8243; _builder_version=&#8221;4.27.4&#8243; _module_preset=&#8221;default&#8221; global_colors_info=&#8221;{}&#8221;][et_pb_text content_tablet=&#8221;<\/p>\n<p>F\u00fchrung<br \/>Biblioth\u00e8que humaniste<br \/>S\u00e9lestat<\/p>\n<p>&#8221; content_phone=&#8221;<\/p>\n<p>F\u00fchrung<br \/>Biblioth\u00e8que humaniste<br \/>S\u00e9lestat<\/p>\n<p>&#8221; content_last_edited=&#8221;off|desktop&#8221; admin_label=&#8221;Micro-\u00e9v\u00e8nement&#8221; _builder_version=&#8221;4.27.4&#8243; _module_preset=&#8221;default&#8221; text_font=&#8221;Poppins|600|||||||&#8221; text_text_color=&#8221;#FFFFFF&#8221; text_font_size=&#8221;16px&#8221; header_text_align=&#8221;left&#8221; header_4_font=&#8221;Barlow|600|||||||&#8221; header_4_text_color=&#8221;#FFFFFF&#8221; header_4_font_size=&#8221;16px&#8221; use_background_color_gradient=&#8221;on&#8221; background_color_gradient_stops=&#8221;rgba(124,64,90,0.7) 0%|rgba(124,64,90,0.7) 100%&#8221; background_color_gradient_overlays_image=&#8221;on&#8221; background_color_gradient_start=&#8221;rgba(0,0,0,0.4)&#8221; background_color_gradient_end=&#8221;rgba(0,0,0,0.4)&#8221; background_image=&#8221;https:\/\/www.voix-romane.com\/Site\/wp-content\/uploads\/2025\/05\/lecon-de-musique-medievale-avec-lensemble-egeria-1.jpg&#8221; transform_scale_linked__hover=&#8221;off&#8221; custom_margin=&#8221;||10px||false|false&#8221; custom_padding=&#8221;30px|10px|20px|10px|false|true&#8221; link_option_url=&#8221;https:\/\/www.billetweb.fr\/lecon-de-musique-medievale-avec-lensemble-egeria&#8221; link_option_url_new_window=&#8221;on&#8221; text_font_size_tablet=&#8221;16px&#8221; text_font_size_phone=&#8221;14px&#8221; text_font_size_last_edited=&#8221;on|phone&#8221; header_4_font_size_last_edited=&#8221;off|tablet&#8221; text_text_shadow_style=&#8221;preset3&#8243; border_radii=&#8221;on|10px|10px|10px|10px&#8221; box_shadow_style=&#8221;preset3&#8243; global_colors_info=&#8221;{}&#8221; background__hover_enabled=&#8221;off|hover&#8221; background_color_gradient_start__hover=&#8221;rgba(0,0,0,0.25)&#8221; use_background_color_gradient__hover=&#8221;on&#8221; transform_styles__hover_enabled=&#8221;off|desktop&#8221; transform_scale__hover_enabled=&#8221;off|desktop&#8221; transform_translate__hover_enabled=&#8221;off|desktop&#8221; transform_rotate__hover_enabled=&#8221;off|desktop&#8221; transform_skew__hover_enabled=&#8221;off|desktop&#8221; transform_origin__hover_enabled=&#8221;off|desktop&#8221; content__hover_enabled=&#8221;off|hover&#8221; content__hover=&#8221;Gehen Sie auf Entdeckungsreise zu mittelalterlichen Manuskripten \u2192&#8221; custom_margin__hover_enabled=&#8221;off|desktop&#8221; custom_margin__hover=&#8221;0px||0px||false|false&#8221; transform_origin__hover=&#8221;50%|64%&#8221; transform_scale__hover=&#8221;115%|115%&#8221; background_color_gradient_stops__hover=&#8221;rgba(0,0,0,0.25) 0%|rgba(0,0,0,0.4) 100%&#8221;]<\/p>\n<h4>15.30 Uhr<br \/>Musikstunde<br \/>\u00c9glise Saint-Jacques <span>|<\/span> Feldbach<\/h4>\n<p>[\/et_pb_text][et_pb_text _builder_version=&#8221;4.27.4&#8243; _module_preset=&#8221;default&#8221; text_font=&#8221;Barlow|500|||||||&#8221; text_text_color=&#8221;#000000&#8243; text_font_size=&#8221;16px&#8221; text_line_height=&#8221;1.3em&#8221; header_2_font=&#8221;Alata||||||||&#8221; header_2_font_size=&#8221;30px&#8221; header_2_letter_spacing=&#8221;2px&#8221; header_2_line_height=&#8221;1.2em&#8221; header_3_font=&#8221;Calps Light|600|||||||&#8221; header_3_text_color=&#8221;#d06728&#8243; header_3_font_size=&#8221;40px&#8221; header_3_line_height=&#8221;1.2em&#8221; header_4_text_color=&#8221;#144b97&#8243; header_4_font_size=&#8221;20px&#8221; background_enable_color=&#8221;off&#8221; background_enable_image=&#8221;off&#8221; background_size=&#8221;custom&#8221; background_image_width=&#8221;24%&#8221; background_position=&#8221;top_right&#8221; custom_padding=&#8221;0px|5px|0px|5px|false|false&#8221; text_font_size_tablet=&#8221;14px&#8221; text_font_size_phone=&#8221;14px&#8221; text_font_size_last_edited=&#8221;on|desktop&#8221; header_2_font_size_tablet=&#8221;40px&#8221; header_2_font_size_phone=&#8221;30px&#8221; header_2_font_size_last_edited=&#8221;on|phone&#8221; header_3_font_size_tablet=&#8221;35px&#8221; header_3_font_size_phone=&#8221;30px&#8221; header_3_font_size_last_edited=&#8221;on|desktop&#8221; header_4_font_size_tablet=&#8221;18px&#8221; header_4_font_size_phone=&#8221;18px&#8221; header_4_font_size_last_edited=&#8221;on|phone&#8221; inline_fonts=&#8221;Acme&#8221; global_colors_info=&#8221;{}&#8221;]<\/p>\n<p><span>Ein besonderes Treffen mit den S\u00e4ngerinnen von Egeria, die alles auspacken und uns eine Musikstunde ohne Chichi bieten: Erfahren Sie mehr \u00fcber den historischen Hintergrund des Programms, die alten Instrumente und die Hintergr\u00fcnde der musikalischen Arbeit. Eine Zeit des Austauschs mit Demonstrationen und Ausschnitten, um einen besseren Einblick in die Welt des Konzerts zu erhalten.<\/span><\/p>\n<p>[\/et_pb_text][et_pb_button button_url=&#8221;https:\/\/www.billetweb.fr\/lecon-de-musique-medievale-avec-lensemble-egeria&#8221; url_new_window=&#8221;on&#8221; button_text=&#8221;Reservierung&#8221; button_alignment=&#8221;left&#8221; _builder_version=&#8221;4.27.4&#8243; _module_preset=&#8221;default&#8221; custom_button=&#8221;on&#8221; button_text_size=&#8221;16px&#8221; button_text_color=&#8221;#7c405a&#8221; button_border_width=&#8221;0px&#8221; button_border_radius=&#8221;-2px&#8221; button_letter_spacing=&#8221;0px&#8221; button_font=&#8221;Barlow||||||||&#8221; button_icon=&#8221;&#xf3ff;||fa||900&#8243; button_icon_placement=&#8221;left&#8221; button_on_hover=&#8221;off&#8221; custom_margin=&#8221;-5px||0px||false|false&#8221; custom_margin_tablet=&#8221;-20px||||false|false&#8221; custom_margin_phone=&#8221;-20px||||false|false&#8221; custom_margin_last_edited=&#8221;on|phone&#8221; custom_padding=&#8221;0px||0px||false|false&#8221; button_text_size_tablet=&#8221;16px&#8221; button_text_size_phone=&#8221;14px&#8221; button_text_size_last_edited=&#8221;on|phone&#8221; global_colors_info=&#8221;{}&#8221;][\/et_pb_button][\/et_pb_column][et_pb_column type=&#8221;1_3&#8243; _builder_version=&#8221;4.27.4&#8243; _module_preset=&#8221;default&#8221; global_colors_info=&#8221;{}&#8221;][et_pb_text content_tablet=&#8221;<\/p>\n<p>F\u00fchrung<br \/>Biblioth\u00e8que humaniste<br \/>S\u00e9lestat<\/p>\n<p>&#8221; content_phone=&#8221;<\/p>\n<p>F\u00fchrung<br \/>Biblioth\u00e8que humaniste<br \/>S\u00e9lestat<\/p>\n<p>&#8221; content_last_edited=&#8221;off|desktop&#8221; admin_label=&#8221;Micro-\u00e9v\u00e8nement&#8221; _builder_version=&#8221;4.27.4&#8243; _module_preset=&#8221;default&#8221; text_font=&#8221;Poppins|600|||||||&#8221; text_text_color=&#8221;#FFFFFF&#8221; text_font_size=&#8221;16px&#8221; header_text_align=&#8221;left&#8221; header_4_font=&#8221;Barlow|600|||||||&#8221; header_4_text_color=&#8221;#FFFFFF&#8221; header_4_font_size=&#8221;16px&#8221; use_background_color_gradient=&#8221;on&#8221; background_color_gradient_stops=&#8221;rgba(171,121,112,0.6) 0%|rgba(171,121,112,0.6) 100%&#8221; background_color_gradient_overlays_image=&#8221;on&#8221; background_color_gradient_start=&#8221;rgba(0,0,0,0.4)&#8221; background_color_gradient_end=&#8221;rgba(0,0,0,0.4)&#8221; background_image=&#8221;https:\/\/www.voix-romane.com\/Site\/wp-content\/uploads\/2025\/05\/Egeria-Photo-Fernando-Frade-2.jpg&#8221; transform_scale_linked__hover=&#8221;off&#8221; custom_margin=&#8221;||10px||false|false&#8221; custom_padding=&#8221;30px|10px|20px|10px|false|true&#8221; link_option_url=&#8221;https:\/\/www.billetweb.fr\/en-terras-despanya-egeria&#8221; link_option_url_new_window=&#8221;on&#8221; text_font_size_tablet=&#8221;16px&#8221; text_font_size_phone=&#8221;14px&#8221; text_font_size_last_edited=&#8221;on|phone&#8221; header_4_font_size_last_edited=&#8221;off|tablet&#8221; text_text_shadow_style=&#8221;preset3&#8243; border_radii=&#8221;on|10px|10px|10px|10px&#8221; box_shadow_style=&#8221;preset3&#8243; global_colors_info=&#8221;{}&#8221; background__hover_enabled=&#8221;off|hover&#8221; background_color_gradient_start__hover=&#8221;rgba(0,0,0,0.25)&#8221; use_background_color_gradient__hover=&#8221;on&#8221; transform_styles__hover_enabled=&#8221;off|desktop&#8221; transform_scale__hover_enabled=&#8221;off|desktop&#8221; transform_translate__hover_enabled=&#8221;off|desktop&#8221; transform_rotate__hover_enabled=&#8221;off|desktop&#8221; transform_skew__hover_enabled=&#8221;off|desktop&#8221; transform_origin__hover_enabled=&#8221;off|desktop&#8221; content__hover_enabled=&#8221;off|hover&#8221; content__hover=&#8221;Gehen Sie auf Entdeckungsreise zu mittelalterlichen Manuskripten \u2192&#8221; custom_margin__hover_enabled=&#8221;off|desktop&#8221; custom_margin__hover=&#8221;0px||0px||false|false&#8221; transform_origin__hover=&#8221;50%|64%&#8221; transform_scale__hover=&#8221;115%|115%&#8221; background_color_gradient_stops__hover=&#8221;rgba(0,0,0,0.25) 0%|rgba(0,0,0,0.4) 100%&#8221;]<\/p>\n<h4>17 Uhr<br \/>Konzert<br \/>\u00c9glise Saint-Jacques <span>|<\/span> Feldbach<\/h4>\n<p>[\/et_pb_text][et_pb_text _builder_version=&#8221;4.27.4&#8243; _module_preset=&#8221;default&#8221; text_font=&#8221;Barlow|500|||||||&#8221; text_text_color=&#8221;#000000&#8243; text_font_size=&#8221;16px&#8221; text_line_height=&#8221;1.3em&#8221; header_2_font=&#8221;Alata||||||||&#8221; header_2_font_size=&#8221;30px&#8221; header_2_letter_spacing=&#8221;2px&#8221; header_2_line_height=&#8221;1.2em&#8221; header_3_font=&#8221;Calps Light|600|||||||&#8221; header_3_text_color=&#8221;#d06728&#8243; header_3_font_size=&#8221;40px&#8221; header_3_line_height=&#8221;1.2em&#8221; header_4_text_color=&#8221;#144b97&#8243; header_4_font_size=&#8221;20px&#8221; background_enable_color=&#8221;off&#8221; background_enable_image=&#8221;off&#8221; background_size=&#8221;custom&#8221; background_image_width=&#8221;24%&#8221; background_position=&#8221;top_right&#8221; custom_padding=&#8221;0px|5px|0px|5px|false|false&#8221; text_font_size_tablet=&#8221;14px&#8221; text_font_size_phone=&#8221;14px&#8221; text_font_size_last_edited=&#8221;on|desktop&#8221; header_2_font_size_tablet=&#8221;40px&#8221; header_2_font_size_phone=&#8221;30px&#8221; header_2_font_size_last_edited=&#8221;on|phone&#8221; header_3_font_size_tablet=&#8221;35px&#8221; header_3_font_size_phone=&#8221;30px&#8221; header_3_font_size_last_edited=&#8221;on|desktop&#8221; header_4_font_size_tablet=&#8221;18px&#8221; header_4_font_size_phone=&#8221;18px&#8221; header_4_font_size_last_edited=&#8221;on|phone&#8221; inline_fonts=&#8221;Acme&#8221; global_colors_info=&#8221;{}&#8221;]<\/p>\n<p><span>Anhand der raffiniertesten iberischen Polyphonie aus den Kodexen von Las Huelgas, Madrid und Calixtinus befasst sich das von Egeria vorgeschlagene Programm mit der Fr\u00f6mmigkeit, einer zentralen Praxis f\u00fcr das hispanische Wesen im Mittelalter.<\/span><\/p>\n<p><span>&#8220;En terras despanya&#8221;<br \/>Ensemble Egeria<\/span><\/p>\n<p>[\/et_pb_text][et_pb_button button_url=&#8221;https:\/\/www.billetweb.fr\/en-terras-despanya-egeria&#8221; url_new_window=&#8221;on&#8221; button_text=&#8221;Ticketverkauf&#8221; button_alignment=&#8221;left&#8221; _builder_version=&#8221;4.27.4&#8243; _module_preset=&#8221;default&#8221; custom_button=&#8221;on&#8221; button_text_size=&#8221;16px&#8221; button_text_color=&#8221;#ab7970&#8243; button_border_width=&#8221;0px&#8221; button_border_radius=&#8221;-2px&#8221; button_letter_spacing=&#8221;0px&#8221; button_font=&#8221;Barlow||||||||&#8221; button_icon=&#8221;&#xf3ff;||fa||900&#8243; button_icon_placement=&#8221;left&#8221; button_on_hover=&#8221;off&#8221; custom_margin=&#8221;-5px||0px||false|false&#8221; custom_margin_tablet=&#8221;-20px||||false|false&#8221; custom_margin_phone=&#8221;-20px||||false|false&#8221; custom_margin_last_edited=&#8221;on|phone&#8221; custom_padding=&#8221;0px||0px||false|false&#8221; button_text_size_tablet=&#8221;16px&#8221; button_text_size_phone=&#8221;14px&#8221; button_text_size_last_edited=&#8221;on|phone&#8221; global_colors_info=&#8221;{}&#8221;][\/et_pb_button][\/et_pb_column][\/et_pb_row][et_pb_row use_custom_gutter=&#8221;on&#8221; gutter_width=&#8221;2&#8243; module_id=&#8221;rosheim&#8221; _builder_version=&#8221;4.27.4&#8243; _module_preset=&#8221;default&#8221; custom_padding=&#8221;0px||15px||false|false&#8221; global_colors_info=&#8221;{}&#8221;][et_pb_column type=&#8221;4_4&#8243; _builder_version=&#8221;4.27.4&#8243; _module_preset=&#8221;default&#8221; global_colors_info=&#8221;{}&#8221;][et_pb_text _builder_version=&#8221;4.27.4&#8243; _module_preset=&#8221;default&#8221; header_font=&#8221;Barlow||||||||&#8221; header_text_align=&#8221;left&#8221; header_font_size=&#8221;20px&#8221; background_color=&#8221;RGBA(255,255,255,0)&#8221; custom_padding=&#8221;10px||5px||false|false&#8221; header_font_size_tablet=&#8221;18px&#8221; header_font_size_phone=&#8221;18px&#8221; header_font_size_last_edited=&#8221;on|tablet&#8221; border_color_all=&#8221;#000000&#8243; border_width_bottom=&#8221;1px&#8221; global_colors_info=&#8221;{}&#8221;]<\/p>\n<h1>Freitag 5. September<\/h1>\n<p>[\/et_pb_text][\/et_pb_column][\/et_pb_row][et_pb_row column_structure=&#8221;1_3,1_3,1_3&#8243; use_custom_gutter=&#8221;on&#8221; gutter_width=&#8221;2&#8243; _builder_version=&#8221;4.27.4&#8243; _module_preset=&#8221;default&#8221; custom_padding=&#8221;0px||15px||false|false&#8221; global_colors_info=&#8221;{}&#8221;][et_pb_column type=&#8221;1_3&#8243; _builder_version=&#8221;4.27.4&#8243; _module_preset=&#8221;default&#8221; global_colors_info=&#8221;{}&#8221;][et_pb_text content_tablet=&#8221;<\/p>\n<p>F\u00fchrung<br \/>Biblioth\u00e8que humaniste<br \/>S\u00e9lestat<\/p>\n<p>&#8221; content_phone=&#8221;<\/p>\n<p>F\u00fchrung<br \/>Biblioth\u00e8que humaniste<br \/>S\u00e9lestat<\/p>\n<p>&#8221; content_last_edited=&#8221;off|desktop&#8221; admin_label=&#8221;Micro-\u00e9v\u00e8nement&#8221; _builder_version=&#8221;4.27.4&#8243; _module_preset=&#8221;default&#8221; text_font=&#8221;Poppins|600|||||||&#8221; text_text_color=&#8221;#FFFFFF&#8221; text_font_size=&#8221;16px&#8221; header_text_align=&#8221;left&#8221; header_4_font=&#8221;Barlow|600|||||||&#8221; header_4_text_color=&#8221;#FFFFFF&#8221; header_4_font_size=&#8221;16px&#8221; use_background_color_gradient=&#8221;on&#8221; background_color_gradient_stops=&#8221;rgba(92,173,224,0.6) 0%|rgba(92,173,224,0.6) 100%&#8221; background_color_gradient_overlays_image=&#8221;on&#8221; background_color_gradient_start=&#8221;rgba(0,0,0,0.4)&#8221; background_color_gradient_end=&#8221;rgba(0,0,0,0.4)&#8221; background_image=&#8221;https:\/\/www.voix-romane.com\/Site\/wp-content\/uploads\/2025\/05\/le-dompeter-agr.jpg&#8221; transform_scale_linked__hover=&#8221;off&#8221; custom_margin=&#8221;||10px||false|false&#8221; custom_padding=&#8221;30px|10px|20px|10px|false|true&#8221; link_option_url=&#8221;https:\/\/www.billetweb.fr\/visite-guidee-de-leglise-du-dompter-avolsheim&#8221; link_option_url_new_window=&#8221;on&#8221; text_font_size_tablet=&#8221;16px&#8221; text_font_size_phone=&#8221;14px&#8221; text_font_size_last_edited=&#8221;on|phone&#8221; header_4_font_size_last_edited=&#8221;off|tablet&#8221; text_text_shadow_style=&#8221;preset3&#8243; border_radii=&#8221;on|10px|10px|10px|10px&#8221; box_shadow_style=&#8221;preset3&#8243; global_colors_info=&#8221;{}&#8221; background__hover_enabled=&#8221;off|hover&#8221; background_color_gradient_start__hover=&#8221;rgba(0,0,0,0.25)&#8221; use_background_color_gradient__hover=&#8221;on&#8221; transform_styles__hover_enabled=&#8221;off|desktop&#8221; transform_scale__hover_enabled=&#8221;off|desktop&#8221; transform_translate__hover_enabled=&#8221;off|desktop&#8221; transform_rotate__hover_enabled=&#8221;off|desktop&#8221; transform_skew__hover_enabled=&#8221;off|desktop&#8221; transform_origin__hover_enabled=&#8221;off|desktop&#8221; content__hover_enabled=&#8221;off|hover&#8221; content__hover=&#8221;Gehen Sie auf Entdeckungsreise zu mittelalterlichen Manuskripten \u2192&#8221; custom_margin__hover_enabled=&#8221;off|desktop&#8221; custom_margin__hover=&#8221;0px||0px||false|false&#8221; transform_origin__hover=&#8221;50%|64%&#8221; transform_scale__hover=&#8221;115%|115%&#8221; background_color_gradient_stops__hover=&#8221;rgba(0,0,0,0.25) 0%|rgba(0,0,0,0.4) 100%&#8221;]<\/p>\n<h4>16.30 Uhr<br \/>F\u00fchrung<br \/>\u00c9glise du Dompeter <span>|<\/span> Avolsheim<\/h4>\n<p>[\/et_pb_text][et_pb_text _builder_version=&#8221;4.27.4&#8243; _module_preset=&#8221;default&#8221; text_font=&#8221;Barlow|500|||||||&#8221; text_text_color=&#8221;#000000&#8243; text_font_size=&#8221;16px&#8221; text_line_height=&#8221;1.3em&#8221; header_2_font=&#8221;Alata||||||||&#8221; header_2_font_size=&#8221;30px&#8221; header_2_letter_spacing=&#8221;2px&#8221; header_2_line_height=&#8221;1.2em&#8221; header_3_font=&#8221;Calps Light|600|||||||&#8221; header_3_text_color=&#8221;#d06728&#8243; header_3_font_size=&#8221;40px&#8221; header_3_line_height=&#8221;1.2em&#8221; header_4_text_color=&#8221;#144b97&#8243; header_4_font_size=&#8221;20px&#8221; background_enable_color=&#8221;off&#8221; background_enable_image=&#8221;off&#8221; background_size=&#8221;custom&#8221; background_image_width=&#8221;24%&#8221; background_position=&#8221;top_right&#8221; custom_padding=&#8221;0px|5px|0px|5px|false|false&#8221; text_font_size_tablet=&#8221;14px&#8221; text_font_size_phone=&#8221;14px&#8221; text_font_size_last_edited=&#8221;on|desktop&#8221; header_2_font_size_tablet=&#8221;40px&#8221; header_2_font_size_phone=&#8221;30px&#8221; header_2_font_size_last_edited=&#8221;on|phone&#8221; header_3_font_size_tablet=&#8221;35px&#8221; header_3_font_size_phone=&#8221;30px&#8221; header_3_font_size_last_edited=&#8221;on|desktop&#8221; header_4_font_size_tablet=&#8221;18px&#8221; header_4_font_size_phone=&#8221;18px&#8221; header_4_font_size_last_edited=&#8221;on|phone&#8221; inline_fonts=&#8221;Acme&#8221; global_colors_info=&#8221;{}&#8221;]<\/p>\n<p><span>Entdecken Sie die \u00e4lteste romanische Kirche im Elsass, deren Grundmauern aus dem 7. Jahrhundert stammen. Sie wurde von Leo IX. geweiht, dem einzigen els\u00e4ssischen Papst! <\/span><\/p>\n<p>[\/et_pb_text][et_pb_button button_url=&#8221;https:\/\/www.billetweb.fr\/visite-guidee-de-leglise-du-dompter-avolsheim&#8221; url_new_window=&#8221;on&#8221; button_text=&#8221;Ticketverkauf&#8221; button_alignment=&#8221;left&#8221; _builder_version=&#8221;4.27.4&#8243; _module_preset=&#8221;default&#8221; custom_button=&#8221;on&#8221; button_text_size=&#8221;16px&#8221; button_text_color=&#8221;#5cade0&#8243; button_border_width=&#8221;0px&#8221; button_border_radius=&#8221;-2px&#8221; button_letter_spacing=&#8221;0px&#8221; button_font=&#8221;Barlow||||||||&#8221; button_icon=&#8221;&#xf3ff;||fa||900&#8243; button_icon_placement=&#8221;left&#8221; button_on_hover=&#8221;off&#8221; custom_margin=&#8221;-5px||0px||false|false&#8221; custom_margin_tablet=&#8221;-20px||||false|false&#8221; custom_margin_phone=&#8221;-20px||||false|false&#8221; custom_margin_last_edited=&#8221;on|phone&#8221; custom_padding=&#8221;0px||0px||false|false&#8221; button_text_size_tablet=&#8221;16px&#8221; button_text_size_phone=&#8221;14px&#8221; button_text_size_last_edited=&#8221;on|phone&#8221; global_colors_info=&#8221;{}&#8221;][\/et_pb_button][\/et_pb_column][et_pb_column type=&#8221;1_3&#8243; _builder_version=&#8221;4.27.4&#8243; _module_preset=&#8221;default&#8221; global_colors_info=&#8221;{}&#8221;][et_pb_text content_tablet=&#8221;<\/p>\n<p>F\u00fchrung<br \/>Biblioth\u00e8que humaniste<br \/>S\u00e9lestat<\/p>\n<p>&#8221; content_phone=&#8221;<\/p>\n<p>F\u00fchrung<br \/>Biblioth\u00e8que humaniste<br \/>S\u00e9lestat<\/p>\n<p>&#8221; content_last_edited=&#8221;off|desktop&#8221; admin_label=&#8221;Micro-\u00e9v\u00e8nement&#8221; _builder_version=&#8221;4.27.4&#8243; _module_preset=&#8221;default&#8221; text_font=&#8221;Poppins|600|||||||&#8221; text_text_color=&#8221;#FFFFFF&#8221; text_font_size=&#8221;16px&#8221; header_text_align=&#8221;left&#8221; header_4_font=&#8221;Barlow|600|||||||&#8221; header_4_text_color=&#8221;#FFFFFF&#8221; header_4_font_size=&#8221;16px&#8221; use_background_color_gradient=&#8221;on&#8221; background_color_gradient_stops=&#8221;rgba(124,64,90,0.78) 0%|rgba(124,64,90,0.7) 100%&#8221; background_color_gradient_overlays_image=&#8221;on&#8221; background_color_gradient_start=&#8221;rgba(0,0,0,0.4)&#8221; background_color_gradient_end=&#8221;rgba(0,0,0,0.4)&#8221; background_image=&#8221;https:\/\/www.voix-romane.com\/Site\/wp-content\/uploads\/2025\/05\/lecon-de-musique-medievale-avec-lensemble-apotropaik-1.jpg&#8221; transform_scale_linked__hover=&#8221;off&#8221; custom_margin=&#8221;||10px||false|false&#8221; custom_padding=&#8221;30px|10px|20px|10px|false|true&#8221; link_option_url=&#8221;https:\/\/www.billetweb.fr\/lecon-de-musique-medievale-avec-lensemble-apotropaik&#8221; link_option_url_new_window=&#8221;on&#8221; text_font_size_tablet=&#8221;16px&#8221; text_font_size_phone=&#8221;14px&#8221; text_font_size_last_edited=&#8221;on|phone&#8221; header_4_font_size_last_edited=&#8221;off|tablet&#8221; text_text_shadow_style=&#8221;preset3&#8243; border_radii=&#8221;on|10px|10px|10px|10px&#8221; box_shadow_style=&#8221;preset3&#8243; global_colors_info=&#8221;{}&#8221; background__hover_enabled=&#8221;off|hover&#8221; background_color_gradient_start__hover=&#8221;rgba(0,0,0,0.25)&#8221; use_background_color_gradient__hover=&#8221;on&#8221; transform_styles__hover_enabled=&#8221;off|desktop&#8221; transform_scale__hover_enabled=&#8221;off|desktop&#8221; transform_translate__hover_enabled=&#8221;off|desktop&#8221; transform_rotate__hover_enabled=&#8221;off|desktop&#8221; transform_skew__hover_enabled=&#8221;off|desktop&#8221; transform_origin__hover_enabled=&#8221;off|desktop&#8221; content__hover_enabled=&#8221;off|hover&#8221; content__hover=&#8221;Gehen Sie auf Entdeckungsreise zu mittelalterlichen Manuskripten \u2192&#8221; custom_margin__hover_enabled=&#8221;off|desktop&#8221; custom_margin__hover=&#8221;0px||0px||false|false&#8221; transform_origin__hover=&#8221;50%|64%&#8221; transform_scale__hover=&#8221;115%|115%&#8221; background_color_gradient_stops__hover=&#8221;rgba(0,0,0,0.25) 0%|rgba(0,0,0,0.4) 100%&#8221;]<\/p>\n<h4>18 Uhr<br \/>Musikstunde<br \/>\u00c9glise Saints-Pierre-et-Paul <span>|<\/span> Rosheim<\/h4>\n<p>[\/et_pb_text][et_pb_text _builder_version=&#8221;4.27.4&#8243; _module_preset=&#8221;default&#8221; text_font=&#8221;Barlow|500|||||||&#8221; text_text_color=&#8221;#000000&#8243; text_font_size=&#8221;16px&#8221; text_line_height=&#8221;1.3em&#8221; header_2_font=&#8221;Alata||||||||&#8221; header_2_font_size=&#8221;30px&#8221; header_2_letter_spacing=&#8221;2px&#8221; header_2_line_height=&#8221;1.2em&#8221; header_3_font=&#8221;Calps Light|600|||||||&#8221; header_3_text_color=&#8221;#d06728&#8243; header_3_font_size=&#8221;40px&#8221; header_3_line_height=&#8221;1.2em&#8221; header_4_text_color=&#8221;#144b97&#8243; header_4_font_size=&#8221;20px&#8221; background_enable_color=&#8221;off&#8221; background_enable_image=&#8221;off&#8221; background_size=&#8221;custom&#8221; background_image_width=&#8221;24%&#8221; background_position=&#8221;top_right&#8221; custom_padding=&#8221;0px|5px|0px|5px|false|false&#8221; text_font_size_tablet=&#8221;14px&#8221; text_font_size_phone=&#8221;14px&#8221; text_font_size_last_edited=&#8221;on|desktop&#8221; header_2_font_size_tablet=&#8221;40px&#8221; header_2_font_size_phone=&#8221;30px&#8221; header_2_font_size_last_edited=&#8221;on|phone&#8221; header_3_font_size_tablet=&#8221;35px&#8221; header_3_font_size_phone=&#8221;30px&#8221; header_3_font_size_last_edited=&#8221;on|desktop&#8221; header_4_font_size_tablet=&#8221;18px&#8221; header_4_font_size_phone=&#8221;18px&#8221; header_4_font_size_last_edited=&#8221;on|phone&#8221; inline_fonts=&#8221;Acme&#8221; global_colors_info=&#8221;{}&#8221;]<\/p>\n<p><span>Ein privilegiertes Treffen mit dem Ensemble Apotropa\u00efK, das alles auspackt und uns eine Musikstunde ohne Chichi bietet: Entdecken Sie den historischen Kontext des Programms, die alten Instrumente und die Hintergr\u00fcnde der musikalischen Arbeit. Eine Zeit des Austauschs mit Demonstrationen und Ausschnitten, um einen besseren Einblick in die Welt des Konzerts zu erhalten.<\/span><\/p>\n<p>[\/et_pb_text][et_pb_button button_url=&#8221;https:\/\/www.billetweb.fr\/lecon-de-musique-medievale-avec-lensemble-apotropaik&#8221; url_new_window=&#8221;on&#8221; button_text=&#8221;Reservierung&#8221; button_alignment=&#8221;left&#8221; _builder_version=&#8221;4.27.4&#8243; _module_preset=&#8221;default&#8221; custom_button=&#8221;on&#8221; button_text_size=&#8221;16px&#8221; button_text_color=&#8221;#7c405a&#8221; button_border_width=&#8221;0px&#8221; button_border_radius=&#8221;-2px&#8221; button_letter_spacing=&#8221;0px&#8221; button_font=&#8221;Barlow||||||||&#8221; button_icon=&#8221;&#xf3ff;||fa||900&#8243; button_icon_placement=&#8221;left&#8221; button_on_hover=&#8221;off&#8221; custom_margin=&#8221;-5px||0px||false|false&#8221; custom_margin_tablet=&#8221;-20px||||false|false&#8221; custom_margin_phone=&#8221;-20px||||false|false&#8221; custom_margin_last_edited=&#8221;on|phone&#8221; custom_padding=&#8221;0px||0px||false|false&#8221; button_text_size_tablet=&#8221;16px&#8221; button_text_size_phone=&#8221;14px&#8221; button_text_size_last_edited=&#8221;on|phone&#8221; global_colors_info=&#8221;{}&#8221;][\/et_pb_button][\/et_pb_column][et_pb_column type=&#8221;1_3&#8243; _builder_version=&#8221;4.27.4&#8243; _module_preset=&#8221;default&#8221; global_colors_info=&#8221;{}&#8221;][et_pb_text content_tablet=&#8221;<\/p>\n<p>F\u00fchrung<br \/>Biblioth\u00e8que humaniste<br \/>S\u00e9lestat<\/p>\n<p>&#8221; content_phone=&#8221;<\/p>\n<p>F\u00fchrung<br \/>Biblioth\u00e8que humaniste<br \/>S\u00e9lestat<\/p>\n<p>&#8221; content_last_edited=&#8221;off|desktop&#8221; admin_label=&#8221;Micro-\u00e9v\u00e8nement&#8221; _builder_version=&#8221;4.27.4&#8243; _module_preset=&#8221;default&#8221; text_font=&#8221;Poppins|600|||||||&#8221; text_text_color=&#8221;#FFFFFF&#8221; text_font_size=&#8221;16px&#8221; header_text_align=&#8221;left&#8221; header_4_font=&#8221;Barlow|600|||||||&#8221; header_4_text_color=&#8221;#FFFFFF&#8221; header_4_font_size=&#8221;16px&#8221; use_background_color_gradient=&#8221;on&#8221; background_color_gradient_stops=&#8221;rgba(0,0,0,0.5) 0%|rgba(0,0,0,0.5) 100%&#8221; background_color_gradient_overlays_image=&#8221;on&#8221; background_color_gradient_start=&#8221;rgba(0,0,0,0.4)&#8221; background_color_gradient_end=&#8221;rgba(0,0,0,0.4)&#8221; background_image=&#8221;https:\/\/www.voix-romane.com\/Site\/wp-content\/uploads\/2025\/05\/assiette-decouverte-du-foodtruck-vegalette.png&#8221; transform_scale_linked__hover=&#8221;off&#8221; custom_margin=&#8221;||10px||false|false&#8221; custom_padding=&#8221;30px|10px|20px|10px|false|true&#8221; link_option_url=&#8221;https:\/\/www.billetweb.fr\/assiette-decouverte-du-foodtruck-vegalette&#8221; link_option_url_new_window=&#8221;on&#8221; text_font_size_tablet=&#8221;16px&#8221; text_font_size_phone=&#8221;14px&#8221; text_font_size_last_edited=&#8221;on|phone&#8221; header_4_font_size_last_edited=&#8221;off|tablet&#8221; text_text_shadow_style=&#8221;preset3&#8243; border_radii=&#8221;on|10px|10px|10px|10px&#8221; box_shadow_style=&#8221;preset3&#8243; global_colors_info=&#8221;{}&#8221; background__hover_enabled=&#8221;off|hover&#8221; background_color_gradient_start__hover=&#8221;rgba(0,0,0,0.25)&#8221; use_background_color_gradient__hover=&#8221;on&#8221; transform_styles__hover_enabled=&#8221;off|desktop&#8221; transform_scale__hover_enabled=&#8221;off|desktop&#8221; transform_translate__hover_enabled=&#8221;off|desktop&#8221; transform_rotate__hover_enabled=&#8221;off|desktop&#8221; transform_skew__hover_enabled=&#8221;off|desktop&#8221; transform_origin__hover_enabled=&#8221;off|desktop&#8221; content__hover_enabled=&#8221;off|hover&#8221; content__hover=&#8221;Gehen Sie auf Entdeckungsreise zu mittelalterlichen Manuskripten \u2192&#8221; custom_margin__hover_enabled=&#8221;off|desktop&#8221; custom_margin__hover=&#8221;0px||0px||false|false&#8221; transform_origin__hover=&#8221;50%|64%&#8221; transform_scale__hover=&#8221;115%|115%&#8221; background_color_gradient_stops__hover=&#8221;rgba(0,0,0,0.25) 0%|rgba(0,0,0,0.4) 100%&#8221;]<\/p>\n<h4>19 Uhr<br \/>Entdeckerteller<br \/>\u00c9glise Saints-Pierre-et-Paul <span>|<\/span> Rosheim<\/h4>\n<p>[\/et_pb_text][et_pb_text _builder_version=&#8221;4.27.4&#8243; _module_preset=&#8221;default&#8221; text_font=&#8221;Barlow|500|||||||&#8221; text_text_color=&#8221;#000000&#8243; text_font_size=&#8221;16px&#8221; text_line_height=&#8221;1.3em&#8221; header_2_font=&#8221;Alata||||||||&#8221; header_2_font_size=&#8221;30px&#8221; header_2_letter_spacing=&#8221;2px&#8221; header_2_line_height=&#8221;1.2em&#8221; header_3_font=&#8221;Calps Light|600|||||||&#8221; header_3_text_color=&#8221;#d06728&#8243; header_3_font_size=&#8221;40px&#8221; header_3_line_height=&#8221;1.2em&#8221; header_4_text_color=&#8221;#144b97&#8243; header_4_font_size=&#8221;20px&#8221; background_enable_color=&#8221;off&#8221; background_enable_image=&#8221;off&#8221; background_size=&#8221;custom&#8221; background_image_width=&#8221;24%&#8221; background_position=&#8221;top_right&#8221; custom_padding=&#8221;0px|5px|0px|5px|false|false&#8221; text_font_size_tablet=&#8221;14px&#8221; text_font_size_phone=&#8221;14px&#8221; text_font_size_last_edited=&#8221;on|desktop&#8221; header_2_font_size_tablet=&#8221;40px&#8221; header_2_font_size_phone=&#8221;30px&#8221; header_2_font_size_last_edited=&#8221;on|phone&#8221; header_3_font_size_tablet=&#8221;35px&#8221; header_3_font_size_phone=&#8221;30px&#8221; header_3_font_size_last_edited=&#8221;on|desktop&#8221; header_4_font_size_tablet=&#8221;18px&#8221; header_4_font_size_phone=&#8221;18px&#8221; header_4_font_size_last_edited=&#8221;on|phone&#8221; inline_fonts=&#8221;Acme&#8221; global_colors_info=&#8221;{}&#8221;]<\/p>\n<p data-start=\"0\" data-end=\"215\">Zwei pflanzliche Feinschmeckerteller zur Auswahl: Hafer-Rote-Bete-Kuchen oder Pilzkl\u00f6\u00dfchen, dazu Rohkost, Buchweizen, gebratenes Gem\u00fcse und Kr\u00e4utervinaigrette &#8211; Desserts und Getr\u00e4nke vor Ort!<\/p>\n<p>[\/et_pb_text][et_pb_button button_url=&#8221;https:\/\/www.billetweb.fr\/assiette-decouverte-du-foodtruck-vegalette&#8221; url_new_window=&#8221;on&#8221; button_text=&#8221;Ticketverkauf&#8221; button_alignment=&#8221;left&#8221; _builder_version=&#8221;4.27.4&#8243; _module_preset=&#8221;default&#8221; custom_button=&#8221;on&#8221; button_text_size=&#8221;16px&#8221; button_text_color=&#8221;#000000&#8243; button_border_width=&#8221;0px&#8221; button_border_radius=&#8221;-2px&#8221; button_letter_spacing=&#8221;0px&#8221; button_font=&#8221;Barlow||||||||&#8221; button_icon=&#8221;&#xf3ff;||fa||900&#8243; button_icon_placement=&#8221;left&#8221; button_on_hover=&#8221;off&#8221; custom_margin=&#8221;-5px||0px||false|false&#8221; custom_margin_tablet=&#8221;-20px||||false|false&#8221; custom_margin_phone=&#8221;-20px||||false|false&#8221; custom_margin_last_edited=&#8221;on|phone&#8221; custom_padding=&#8221;0px||0px||false|false&#8221; button_text_size_tablet=&#8221;16px&#8221; button_text_size_phone=&#8221;14px&#8221; button_text_size_last_edited=&#8221;on|phone&#8221; global_colors_info=&#8221;{}&#8221;][\/et_pb_button][\/et_pb_column][\/et_pb_row][et_pb_row column_structure=&#8221;1_3,1_3,1_3&#8243; use_custom_gutter=&#8221;on&#8221; gutter_width=&#8221;2&#8243; _builder_version=&#8221;4.27.4&#8243; _module_preset=&#8221;default&#8221; custom_padding=&#8221;0px||15px||false|false&#8221; global_colors_info=&#8221;{}&#8221;][et_pb_column type=&#8221;1_3&#8243; _builder_version=&#8221;4.27.4&#8243; _module_preset=&#8221;default&#8221; global_colors_info=&#8221;{}&#8221;][et_pb_text content_tablet=&#8221;<\/p>\n<p>F\u00fchrung<br \/>Biblioth\u00e8que humaniste<br \/>S\u00e9lestat<\/p>\n<p>&#8221; content_phone=&#8221;<\/p>\n<p>F\u00fchrung<br \/>Biblioth\u00e8que humaniste<br \/>S\u00e9lestat<\/p>\n<p>&#8221; content_last_edited=&#8221;off|desktop&#8221; admin_label=&#8221;Micro-\u00e9v\u00e8nement&#8221; _builder_version=&#8221;4.27.4&#8243; _module_preset=&#8221;default&#8221; text_font=&#8221;Poppins|600|||||||&#8221; text_text_color=&#8221;#FFFFFF&#8221; text_font_size=&#8221;16px&#8221; header_text_align=&#8221;left&#8221; header_4_font=&#8221;Barlow|600|||||||&#8221; header_4_text_color=&#8221;#FFFFFF&#8221; header_4_font_size=&#8221;16px&#8221; use_background_color_gradient=&#8221;on&#8221; background_color_gradient_stops=&#8221;rgba(171,121,112,0.68) 0%|rgba(171,121,112,0.6) 100%&#8221; background_color_gradient_overlays_image=&#8221;on&#8221; background_color_gradient_start=&#8221;rgba(0,0,0,0.4)&#8221; background_color_gradient_end=&#8221;rgba(0,0,0,0.4)&#8221; background_image=&#8221;https:\/\/www.voix-romane.com\/Site\/wp-content\/uploads\/2025\/05\/ApotropaiK-1-scaled.jpeg&#8221; transform_scale_linked__hover=&#8221;off&#8221; custom_margin=&#8221;||10px||false|false&#8221; custom_padding=&#8221;30px|10px|20px|10px|false|true&#8221; link_option_url=&#8221;https:\/\/www.billetweb.fr\/du-trobar-au-tarab-apotropaik&#8221; link_option_url_new_window=&#8221;on&#8221; text_font_size_tablet=&#8221;16px&#8221; text_font_size_phone=&#8221;14px&#8221; text_font_size_last_edited=&#8221;on|phone&#8221; header_4_font_size_last_edited=&#8221;off|tablet&#8221; text_text_shadow_style=&#8221;preset3&#8243; border_radii=&#8221;on|10px|10px|10px|10px&#8221; box_shadow_style=&#8221;preset3&#8243; global_colors_info=&#8221;{}&#8221; background__hover_enabled=&#8221;off|hover&#8221; background_color_gradient_start__hover=&#8221;rgba(0,0,0,0.25)&#8221; use_background_color_gradient__hover=&#8221;on&#8221; transform_styles__hover_enabled=&#8221;off|desktop&#8221; transform_scale__hover_enabled=&#8221;off|desktop&#8221; transform_translate__hover_enabled=&#8221;off|desktop&#8221; transform_rotate__hover_enabled=&#8221;off|desktop&#8221; transform_skew__hover_enabled=&#8221;off|desktop&#8221; transform_origin__hover_enabled=&#8221;off|desktop&#8221; content__hover_enabled=&#8221;off|hover&#8221; content__hover=&#8221;Gehen Sie auf Entdeckungsreise zu mittelalterlichen Manuskripten \u2192&#8221; custom_margin__hover_enabled=&#8221;off|desktop&#8221; custom_margin__hover=&#8221;0px||0px||false|false&#8221; transform_origin__hover=&#8221;50%|64%&#8221; transform_scale__hover=&#8221;115%|115%&#8221; background_color_gradient_stops__hover=&#8221;rgba(0,0,0,0.25) 0%|rgba(0,0,0,0.4) 100%&#8221;]<\/p>\n<h4>20 Uhr<br \/>Konzert<br \/>\u00c9glise Saints-Pierre-et-Paul <span>|<\/span> Rosheim<\/h4>\n<p>[\/et_pb_text][et_pb_text _builder_version=&#8221;4.27.4&#8243; _module_preset=&#8221;default&#8221; text_font=&#8221;Barlow|500|||||||&#8221; text_text_color=&#8221;#000000&#8243; text_font_size=&#8221;16px&#8221; text_line_height=&#8221;1.3em&#8221; header_2_font=&#8221;Alata||||||||&#8221; header_2_font_size=&#8221;30px&#8221; header_2_letter_spacing=&#8221;2px&#8221; header_2_line_height=&#8221;1.2em&#8221; header_3_font=&#8221;Calps Light|600|||||||&#8221; header_3_text_color=&#8221;#d06728&#8243; header_3_font_size=&#8221;40px&#8221; header_3_line_height=&#8221;1.2em&#8221; header_4_text_color=&#8221;#144b97&#8243; header_4_font_size=&#8221;20px&#8221; background_enable_color=&#8221;off&#8221; background_enable_image=&#8221;off&#8221; background_size=&#8221;custom&#8221; background_image_width=&#8221;24%&#8221; background_position=&#8221;top_right&#8221; custom_padding=&#8221;0px|5px|0px|5px|false|false&#8221; text_font_size_tablet=&#8221;14px&#8221; text_font_size_phone=&#8221;14px&#8221; text_font_size_last_edited=&#8221;on|desktop&#8221; header_2_font_size_tablet=&#8221;40px&#8221; header_2_font_size_phone=&#8221;30px&#8221; header_2_font_size_last_edited=&#8221;on|phone&#8221; header_3_font_size_tablet=&#8221;35px&#8221; header_3_font_size_phone=&#8221;30px&#8221; header_3_font_size_last_edited=&#8221;on|desktop&#8221; header_4_font_size_tablet=&#8221;18px&#8221; header_4_font_size_phone=&#8221;18px&#8221; header_4_font_size_last_edited=&#8221;on|phone&#8221; inline_fonts=&#8221;Acme&#8221; global_colors_info=&#8221;{}&#8221;]<\/p>\n<p>Reise ins Herz des 13. Jahrhunderts, wo die Kunst des Troubadours auf die arabisch-andalusische Musik trifft.<\/p>\n<p>&#8220;Du trobar au tarab&#8221;<br \/>Apotropa\u00efK Ensemble<\/p>\n<p>[\/et_pb_text][et_pb_button button_url=&#8221;https:\/\/www.billetweb.fr\/du-trobar-au-tarab-apotropaik&#8221; url_new_window=&#8221;on&#8221; button_text=&#8221;Ticketverkauf&#8221; button_alignment=&#8221;left&#8221; _builder_version=&#8221;4.27.4&#8243; _module_preset=&#8221;default&#8221; custom_button=&#8221;on&#8221; button_text_size=&#8221;16px&#8221; button_text_color=&#8221;#ab7970&#8243; button_border_width=&#8221;0px&#8221; button_border_radius=&#8221;-2px&#8221; button_letter_spacing=&#8221;0px&#8221; button_font=&#8221;Barlow||||||||&#8221; button_icon=&#8221;&#xf3ff;||fa||900&#8243; button_icon_placement=&#8221;left&#8221; button_on_hover=&#8221;off&#8221; custom_margin=&#8221;-5px||0px||false|false&#8221; custom_margin_tablet=&#8221;-20px||||false|false&#8221; custom_margin_phone=&#8221;-20px||||false|false&#8221; custom_margin_last_edited=&#8221;on|phone&#8221; custom_padding=&#8221;0px||0px||false|false&#8221; button_text_size_tablet=&#8221;16px&#8221; button_text_size_phone=&#8221;14px&#8221; button_text_size_last_edited=&#8221;on|phone&#8221; global_colors_info=&#8221;{}&#8221;][\/et_pb_button][\/et_pb_column][et_pb_column type=&#8221;1_3&#8243; _builder_version=&#8221;4.27.4&#8243; _module_preset=&#8221;default&#8221; global_colors_info=&#8221;{}&#8221;][\/et_pb_column][et_pb_column type=&#8221;1_3&#8243; _builder_version=&#8221;4.27.4&#8243; _module_preset=&#8221;default&#8221; global_colors_info=&#8221;{}&#8221;][\/et_pb_column][\/et_pb_row][et_pb_row use_custom_gutter=&#8221;on&#8221; gutter_width=&#8221;2&#8243; module_id=&#8221;selestat&#8221; _builder_version=&#8221;4.27.4&#8243; _module_preset=&#8221;default&#8221; custom_padding=&#8221;0px||15px||false|false&#8221; global_colors_info=&#8221;{}&#8221;][et_pb_column type=&#8221;4_4&#8243; _builder_version=&#8221;4.27.4&#8243; _module_preset=&#8221;default&#8221; global_colors_info=&#8221;{}&#8221;][et_pb_text _builder_version=&#8221;4.27.4&#8243; _module_preset=&#8221;default&#8221; header_font=&#8221;Barlow||||||||&#8221; header_text_align=&#8221;left&#8221; header_font_size=&#8221;20px&#8221; background_color=&#8221;RGBA(255,255,255,0)&#8221; custom_padding=&#8221;10px||5px||false|false&#8221; header_font_size_tablet=&#8221;18px&#8221; header_font_size_phone=&#8221;18px&#8221; header_font_size_last_edited=&#8221;on|tablet&#8221; border_color_all=&#8221;#000000&#8243; border_width_bottom=&#8221;1px&#8221; global_colors_info=&#8221;{}&#8221;]<\/p>\n<h1>Samstag 6. September<\/h1>\n<p>[\/et_pb_text][\/et_pb_column][\/et_pb_row][et_pb_row column_structure=&#8221;1_3,1_3,1_3&#8243; use_custom_gutter=&#8221;on&#8221; gutter_width=&#8221;2&#8243; _builder_version=&#8221;4.27.4&#8243; _module_preset=&#8221;default&#8221; custom_padding=&#8221;0px||15px||false|false&#8221; global_colors_info=&#8221;{}&#8221;][et_pb_column type=&#8221;1_3&#8243; _builder_version=&#8221;4.27.4&#8243; _module_preset=&#8221;default&#8221; global_colors_info=&#8221;{}&#8221;][et_pb_text content_tablet=&#8221;<\/p>\n<p>F\u00fchrung<br \/>Biblioth\u00e8que humaniste<br \/>S\u00e9lestat<\/p>\n<p>&#8221; content_phone=&#8221;<\/p>\n<p>F\u00fchrung<br \/>Biblioth\u00e8que humaniste<br \/>S\u00e9lestat<\/p>\n<p>&#8221; content_last_edited=&#8221;off|desktop&#8221; admin_label=&#8221;Micro-\u00e9v\u00e8nement&#8221; _builder_version=&#8221;4.27.4&#8243; _module_preset=&#8221;default&#8221; text_font=&#8221;Poppins|600|||||||&#8221; text_text_color=&#8221;#FFFFFF&#8221; text_font_size=&#8221;16px&#8221; header_text_align=&#8221;left&#8221; header_4_font=&#8221;Barlow|600|||||||&#8221; header_4_text_color=&#8221;#FFFFFF&#8221; header_4_font_size=&#8221;16px&#8221; use_background_color_gradient=&#8221;on&#8221; background_color_gradient_stops=&#8221;rgba(0,0,0,0.5) 0%|rgba(0,0,0,0.5) 100%&#8221; background_color_gradient_overlays_image=&#8221;on&#8221; background_color_gradient_start=&#8221;rgba(0,0,0,0.4)&#8221; background_color_gradient_end=&#8221;rgba(0,0,0,0.4)&#8221; background_image=&#8221;https:\/\/www.voix-romane.com\/Site\/wp-content\/uploads\/2025\/05\/Atelier-enluminures-1024&#215;768.jpeg&#8221; transform_scale_linked__hover=&#8221;off&#8221; custom_margin=&#8221;||10px||false|false&#8221; custom_padding=&#8221;30px|10px|20px|10px|false|true&#8221; link_option_url=&#8221;https:\/\/www.billetweb.fr\/atelier-artistique-enluminure-avec-thierry-mesnig&#8221; link_option_url_new_window=&#8221;on&#8221; text_font_size_tablet=&#8221;16px&#8221; text_font_size_phone=&#8221;14px&#8221; text_font_size_last_edited=&#8221;on|phone&#8221; header_4_font_size_last_edited=&#8221;off|tablet&#8221; text_text_shadow_style=&#8221;preset3&#8243; border_radii=&#8221;on|10px|10px|10px|10px&#8221; box_shadow_style=&#8221;preset3&#8243; global_colors_info=&#8221;{}&#8221; background__hover_enabled=&#8221;off|hover&#8221; background_color_gradient_start__hover=&#8221;rgba(0,0,0,0.25)&#8221; use_background_color_gradient__hover=&#8221;on&#8221; transform_styles__hover_enabled=&#8221;off|desktop&#8221; transform_scale__hover_enabled=&#8221;off|desktop&#8221; transform_translate__hover_enabled=&#8221;off|desktop&#8221; transform_rotate__hover_enabled=&#8221;off|desktop&#8221; transform_skew__hover_enabled=&#8221;off|desktop&#8221; transform_origin__hover_enabled=&#8221;off|desktop&#8221; content__hover_enabled=&#8221;off|hover&#8221; content__hover=&#8221;Gehen Sie auf Entdeckungsreise zu mittelalterlichen Manuskripten \u2192&#8221; custom_margin__hover_enabled=&#8221;off|desktop&#8221; custom_margin__hover=&#8221;0px||0px||false|false&#8221; transform_origin__hover=&#8221;50%|64%&#8221; transform_scale__hover=&#8221;115%|115%&#8221; background_color_gradient_stops__hover=&#8221;rgba(0,0,0,0.25) 0%|rgba(0,0,0,0.4) 100%&#8221;]<\/p>\n<h4>14 Uhr<br \/>Workshop Buchmalerei<br \/>Maison du Pain <span>|<\/span> S\u00e9lestat<\/h4>\n<p>[\/et_pb_text][et_pb_text _builder_version=&#8221;4.27.4&#8243; _module_preset=&#8221;default&#8221; text_font=&#8221;Barlow|500|||||||&#8221; text_text_color=&#8221;#000000&#8243; text_font_size=&#8221;16px&#8221; text_line_height=&#8221;1.3em&#8221; header_2_font=&#8221;Alata||||||||&#8221; header_2_font_size=&#8221;30px&#8221; header_2_letter_spacing=&#8221;2px&#8221; header_2_line_height=&#8221;1.2em&#8221; header_3_font=&#8221;Calps Light|600|||||||&#8221; header_3_text_color=&#8221;#d06728&#8243; header_3_font_size=&#8221;40px&#8221; header_3_line_height=&#8221;1.2em&#8221; header_4_text_color=&#8221;#144b97&#8243; header_4_font_size=&#8221;20px&#8221; background_enable_color=&#8221;off&#8221; background_enable_image=&#8221;off&#8221; background_size=&#8221;custom&#8221; background_image_width=&#8221;24%&#8221; background_position=&#8221;top_right&#8221; custom_padding=&#8221;0px|5px|0px|5px|false|false&#8221; text_font_size_tablet=&#8221;14px&#8221; text_font_size_phone=&#8221;14px&#8221; text_font_size_last_edited=&#8221;on|desktop&#8221; header_2_font_size_tablet=&#8221;40px&#8221; header_2_font_size_phone=&#8221;30px&#8221; header_2_font_size_last_edited=&#8221;on|phone&#8221; header_3_font_size_tablet=&#8221;35px&#8221; header_3_font_size_phone=&#8221;30px&#8221; header_3_font_size_last_edited=&#8221;on|desktop&#8221; header_4_font_size_tablet=&#8221;18px&#8221; header_4_font_size_phone=&#8221;18px&#8221; header_4_font_size_last_edited=&#8221;on|phone&#8221; inline_fonts=&#8221;Acme&#8221; global_colors_info=&#8221;{}&#8221;]<\/p>\n<p><span>Nach Eschau im Jahr 2023 bietet Thierry Mesnig einen neuen Workshop zur Entdeckung der Buchmalerei an.<\/span><\/p>\n<p>[\/et_pb_text][et_pb_button button_url=&#8221;https:\/\/www.billetweb.fr\/atelier-artistique-enluminure-avec-thierry-mesnig&#8221; url_new_window=&#8221;on&#8221; button_text=&#8221;Ticketverkauf&#8221; button_alignment=&#8221;left&#8221; _builder_version=&#8221;4.27.4&#8243; _module_preset=&#8221;default&#8221; custom_button=&#8221;on&#8221; button_text_size=&#8221;16px&#8221; button_text_color=&#8221;#000000&#8243; button_border_width=&#8221;0px&#8221; button_border_radius=&#8221;-2px&#8221; button_letter_spacing=&#8221;0px&#8221; button_font=&#8221;Barlow||||||||&#8221; button_icon=&#8221;&#xf3ff;||fa||900&#8243; button_icon_placement=&#8221;left&#8221; button_on_hover=&#8221;off&#8221; custom_margin=&#8221;-5px||0px||false|false&#8221; custom_margin_tablet=&#8221;-20px||||false|false&#8221; custom_margin_phone=&#8221;-20px||||false|false&#8221; custom_margin_last_edited=&#8221;on|phone&#8221; custom_padding=&#8221;0px||0px||false|false&#8221; button_text_size_tablet=&#8221;16px&#8221; button_text_size_phone=&#8221;14px&#8221; button_text_size_last_edited=&#8221;on|phone&#8221; global_colors_info=&#8221;{}&#8221;][\/et_pb_button][\/et_pb_column][et_pb_column type=&#8221;1_3&#8243; _builder_version=&#8221;4.27.4&#8243; _module_preset=&#8221;default&#8221; global_colors_info=&#8221;{}&#8221;][et_pb_text content_tablet=&#8221;<\/p>\n<p>F\u00fchrung<br \/>Biblioth\u00e8que humaniste<br \/>S\u00e9lestat<\/p>\n<p>&#8221; content_phone=&#8221;<\/p>\n<p>F\u00fchrung<br \/>Biblioth\u00e8que humaniste<br \/>S\u00e9lestat<\/p>\n<p>&#8221; content_last_edited=&#8221;off|desktop&#8221; admin_label=&#8221;Micro-\u00e9v\u00e8nement&#8221; _builder_version=&#8221;4.27.4&#8243; _module_preset=&#8221;default&#8221; text_font=&#8221;Poppins|600|||||||&#8221; text_text_color=&#8221;#FFFFFF&#8221; text_font_size=&#8221;16px&#8221; header_text_align=&#8221;left&#8221; header_4_font=&#8221;Barlow|600|||||||&#8221; header_4_text_color=&#8221;#FFFFFF&#8221; header_4_font_size=&#8221;16px&#8221; use_background_color_gradient=&#8221;on&#8221; background_color_gradient_stops=&#8221;rgba(92,173,224,0.6) 0%|rgba(92,173,224,0.6) 100%&#8221; background_color_gradient_overlays_image=&#8221;on&#8221; background_color_gradient_start=&#8221;rgba(0,0,0,0.4)&#8221; background_color_gradient_end=&#8221;rgba(0,0,0,0.4)&#8221; background_image=&#8221;https:\/\/www.voix-romane.com\/Site\/wp-content\/uploads\/2025\/05\/visite-guidee-du-patrimoine-roman-selestat-1024&#215;683.jpg&#8221; transform_scale_linked__hover=&#8221;off&#8221; custom_margin=&#8221;||10px||false|false&#8221; custom_padding=&#8221;30px|10px|20px|10px|false|true&#8221; link_option_url=&#8221;https:\/\/www.billetweb.fr\/visite-guidee-du-patrimoine-roman-selestat&#8221; link_option_url_new_window=&#8221;on&#8221; text_font_size_tablet=&#8221;16px&#8221; text_font_size_phone=&#8221;14px&#8221; text_font_size_last_edited=&#8221;on|phone&#8221; header_4_font_size_last_edited=&#8221;off|tablet&#8221; text_text_shadow_style=&#8221;preset3&#8243; border_radii=&#8221;on|10px|10px|10px|10px&#8221; box_shadow_style=&#8221;preset3&#8243; global_colors_info=&#8221;{}&#8221; background__hover_enabled=&#8221;off|hover&#8221; background_color_gradient_start__hover=&#8221;rgba(0,0,0,0.25)&#8221; use_background_color_gradient__hover=&#8221;on&#8221; transform_styles__hover_enabled=&#8221;off|desktop&#8221; transform_scale__hover_enabled=&#8221;off|desktop&#8221; transform_translate__hover_enabled=&#8221;off|desktop&#8221; transform_rotate__hover_enabled=&#8221;off|desktop&#8221; transform_skew__hover_enabled=&#8221;off|desktop&#8221; transform_origin__hover_enabled=&#8221;off|desktop&#8221; content__hover_enabled=&#8221;off|hover&#8221; content__hover=&#8221;Gehen Sie auf Entdeckungsreise zu mittelalterlichen Manuskripten \u2192&#8221; custom_margin__hover_enabled=&#8221;off|desktop&#8221; custom_margin__hover=&#8221;0px||0px||false|false&#8221; transform_origin__hover=&#8221;50%|64%&#8221; transform_scale__hover=&#8221;115%|115%&#8221; background_color_gradient_stops__hover=&#8221;rgba(0,0,0,0.25) 0%|rgba(0,0,0,0.4) 100%&#8221;]<\/p>\n<h4>16.30 Uhr<br \/>F\u00fchrung<br \/>S\u00e9lestat<\/h4>\n<p>[\/et_pb_text][et_pb_text _builder_version=&#8221;4.27.4&#8243; _module_preset=&#8221;default&#8221; text_font=&#8221;Barlow|500|||||||&#8221; text_text_color=&#8221;#000000&#8243; text_font_size=&#8221;16px&#8221; text_line_height=&#8221;1.3em&#8221; header_2_font=&#8221;Alata||||||||&#8221; header_2_font_size=&#8221;30px&#8221; header_2_letter_spacing=&#8221;2px&#8221; header_2_line_height=&#8221;1.2em&#8221; header_3_font=&#8221;Calps Light|600|||||||&#8221; header_3_text_color=&#8221;#d06728&#8243; header_3_font_size=&#8221;40px&#8221; header_3_line_height=&#8221;1.2em&#8221; header_4_text_color=&#8221;#144b97&#8243; header_4_font_size=&#8221;20px&#8221; background_enable_color=&#8221;off&#8221; background_enable_image=&#8221;off&#8221; background_size=&#8221;custom&#8221; background_image_width=&#8221;24%&#8221; background_position=&#8221;top_right&#8221; custom_padding=&#8221;0px|5px|0px|5px|false|false&#8221; text_font_size_tablet=&#8221;14px&#8221; text_font_size_phone=&#8221;14px&#8221; text_font_size_last_edited=&#8221;on|desktop&#8221; header_2_font_size_tablet=&#8221;40px&#8221; header_2_font_size_phone=&#8221;30px&#8221; header_2_font_size_last_edited=&#8221;on|phone&#8221; header_3_font_size_tablet=&#8221;35px&#8221; header_3_font_size_phone=&#8221;30px&#8221; header_3_font_size_last_edited=&#8221;on|desktop&#8221; header_4_font_size_tablet=&#8221;18px&#8221; header_4_font_size_phone=&#8221;18px&#8221; header_4_font_size_last_edited=&#8221;on|phone&#8221; inline_fonts=&#8221;Acme&#8221; global_colors_info=&#8221;{}&#8221;]<\/p>\n<p><span>S\u00e9lestat, das im 13. Jahrhundert zun\u00e4chst befestigt und dann zur Kaiserstadt erhoben wurde, erlebte eine ereignisreiche Vergangenheit.<\/span><\/p>\n<p>Mit Sandrine Rueff, Leiterin des Projektes &#8220;S\u00e9lestat, Ville d&#8217;Art et d&#8217;Histoire&#8221;<\/p>\n<p>[\/et_pb_text][et_pb_button button_url=&#8221;https:\/\/www.billetweb.fr\/visite-guidee-du-patrimoine-roman-selestat&#8221; url_new_window=&#8221;on&#8221; button_text=&#8221;Ticketverkauf&#8221; button_alignment=&#8221;left&#8221; _builder_version=&#8221;4.27.4&#8243; _module_preset=&#8221;default&#8221; custom_button=&#8221;on&#8221; button_text_size=&#8221;16px&#8221; button_text_color=&#8221;#5cade0&#8243; button_border_width=&#8221;0px&#8221; button_border_radius=&#8221;-2px&#8221; button_letter_spacing=&#8221;0px&#8221; button_font=&#8221;Barlow||||||||&#8221; button_icon=&#8221;&#xf3ff;||fa||900&#8243; button_icon_placement=&#8221;left&#8221; button_on_hover=&#8221;off&#8221; custom_margin=&#8221;-5px||0px||false|false&#8221; custom_margin_tablet=&#8221;-20px||||false|false&#8221; custom_margin_phone=&#8221;-20px||||false|false&#8221; custom_margin_last_edited=&#8221;on|phone&#8221; custom_padding=&#8221;0px||0px||false|false&#8221; button_text_size_tablet=&#8221;16px&#8221; button_text_size_phone=&#8221;14px&#8221; button_text_size_last_edited=&#8221;on|phone&#8221; global_colors_info=&#8221;{}&#8221;][\/et_pb_button][\/et_pb_column][et_pb_column type=&#8221;1_3&#8243; _builder_version=&#8221;4.27.4&#8243; _module_preset=&#8221;default&#8221; global_colors_info=&#8221;{}&#8221;][et_pb_text content_tablet=&#8221;<\/p>\n<p>F\u00fchrung<br \/>Biblioth\u00e8que humaniste<br \/>S\u00e9lestat<\/p>\n<p>&#8221; content_phone=&#8221;<\/p>\n<p>F\u00fchrung<br \/>Biblioth\u00e8que humaniste<br \/>S\u00e9lestat<\/p>\n<p>&#8221; content_last_edited=&#8221;off|desktop&#8221; admin_label=&#8221;Micro-\u00e9v\u00e8nement&#8221; _builder_version=&#8221;4.27.4&#8243; _module_preset=&#8221;default&#8221; text_font=&#8221;Poppins|600|||||||&#8221; text_text_color=&#8221;#FFFFFF&#8221; text_font_size=&#8221;16px&#8221; header_text_align=&#8221;left&#8221; header_4_font=&#8221;Barlow|600|||||||&#8221; header_4_text_color=&#8221;#FFFFFF&#8221; header_4_font_size=&#8221;16px&#8221; use_background_color_gradient=&#8221;on&#8221; background_color_gradient_stops=&#8221;rgba(124,64,90,0.78) 0%|rgba(124,64,90,0.7) 100%&#8221; background_color_gradient_overlays_image=&#8221;on&#8221; background_color_gradient_start=&#8221;rgba(0,0,0,0.4)&#8221; background_color_gradient_end=&#8221;rgba(0,0,0,0.4)&#8221; background_image=&#8221;https:\/\/www.voix-romane.com\/Site\/wp-content\/uploads\/2025\/05\/lecon-de-musique-medievale-avec-lensemble-celadon-1.jpg&#8221; transform_scale_linked__hover=&#8221;off&#8221; custom_margin=&#8221;||10px||false|false&#8221; custom_padding=&#8221;30px|10px|20px|10px|false|true&#8221; link_option_url=&#8221;https:\/\/www.billetweb.fr\/lecon-de-musique-medievale-avec-lensemble-celadon&#8221; link_option_url_new_window=&#8221;on&#8221; text_font_size_tablet=&#8221;16px&#8221; text_font_size_phone=&#8221;14px&#8221; text_font_size_last_edited=&#8221;on|phone&#8221; header_4_font_size_last_edited=&#8221;off|tablet&#8221; text_text_shadow_style=&#8221;preset3&#8243; border_radii=&#8221;on|10px|10px|10px|10px&#8221; box_shadow_style=&#8221;preset3&#8243; global_colors_info=&#8221;{}&#8221; background__hover_enabled=&#8221;off|hover&#8221; background_color_gradient_start__hover=&#8221;rgba(0,0,0,0.25)&#8221; use_background_color_gradient__hover=&#8221;on&#8221; transform_styles__hover_enabled=&#8221;off|desktop&#8221; transform_scale__hover_enabled=&#8221;off|desktop&#8221; transform_translate__hover_enabled=&#8221;off|desktop&#8221; transform_rotate__hover_enabled=&#8221;off|desktop&#8221; transform_skew__hover_enabled=&#8221;off|desktop&#8221; transform_origin__hover_enabled=&#8221;off|desktop&#8221; content__hover_enabled=&#8221;off|hover&#8221; content__hover=&#8221;Gehen Sie auf Entdeckungsreise zu mittelalterlichen Manuskripten \u2192&#8221; custom_margin__hover_enabled=&#8221;off|desktop&#8221; custom_margin__hover=&#8221;0px||0px||false|false&#8221; transform_origin__hover=&#8221;50%|64%&#8221; transform_scale__hover=&#8221;115%|115%&#8221; background_color_gradient_stops__hover=&#8221;rgba(0,0,0,0.25) 0%|rgba(0,0,0,0.4) 100%&#8221;]<\/p>\n<h4>18 Uhr<br \/>Musikstunde<br \/>\u00c9glise Sainte-Foy <span>|<\/span> S\u00e9lestat<\/h4>\n<p>[\/et_pb_text][et_pb_text _builder_version=&#8221;4.27.4&#8243; _module_preset=&#8221;default&#8221; text_font=&#8221;Barlow|500|||||||&#8221; text_text_color=&#8221;#000000&#8243; text_font_size=&#8221;16px&#8221; text_line_height=&#8221;1.3em&#8221; header_2_font=&#8221;Alata||||||||&#8221; header_2_font_size=&#8221;30px&#8221; header_2_letter_spacing=&#8221;2px&#8221; header_2_line_height=&#8221;1.2em&#8221; header_3_font=&#8221;Calps Light|600|||||||&#8221; header_3_text_color=&#8221;#d06728&#8243; header_3_font_size=&#8221;40px&#8221; header_3_line_height=&#8221;1.2em&#8221; header_4_text_color=&#8221;#144b97&#8243; header_4_font_size=&#8221;20px&#8221; background_enable_color=&#8221;off&#8221; background_enable_image=&#8221;off&#8221; background_size=&#8221;custom&#8221; background_image_width=&#8221;24%&#8221; background_position=&#8221;top_right&#8221; custom_padding=&#8221;0px|5px|0px|5px|false|false&#8221; text_font_size_tablet=&#8221;14px&#8221; text_font_size_phone=&#8221;14px&#8221; text_font_size_last_edited=&#8221;on|desktop&#8221; header_2_font_size_tablet=&#8221;40px&#8221; header_2_font_size_phone=&#8221;30px&#8221; header_2_font_size_last_edited=&#8221;on|phone&#8221; header_3_font_size_tablet=&#8221;35px&#8221; header_3_font_size_phone=&#8221;30px&#8221; header_3_font_size_last_edited=&#8221;on|desktop&#8221; header_4_font_size_tablet=&#8221;18px&#8221; header_4_font_size_phone=&#8221;18px&#8221; header_4_font_size_last_edited=&#8221;on|phone&#8221; inline_fonts=&#8221;Acme&#8221; global_colors_info=&#8221;{}&#8221;]<\/p>\n<div id=\"description_block\" class=\"page_block event module not_sortable\">\n<div class=\"ckeditor_block\">\n<div id=\"description\" class=\"ckeditor_content ckeditor_editable\">\n<p>Ein privilegiertes Treffen mit dem Ensemble C\u00e9ladon und Paulin B\u00fcndgen, die alles auspacken und uns eine Musikstunde ohne Chichi bieten: Entdecken Sie den historischen Kontext des Programms, die alten Instrumente und die Hintergr\u00fcnde der musikalischen Arbeit. <\/p>\n<\/div>\n<\/div>\n<\/div>\n<p>[\/et_pb_text][et_pb_button button_url=&#8221;https:\/\/www.billetweb.fr\/lecon-de-musique-medievale-avec-lensemble-celadon&#8221; url_new_window=&#8221;on&#8221; button_text=&#8221;Reservierung&#8221; button_alignment=&#8221;left&#8221; _builder_version=&#8221;4.27.4&#8243; _module_preset=&#8221;default&#8221; custom_button=&#8221;on&#8221; button_text_size=&#8221;16px&#8221; button_text_color=&#8221;#7c405a&#8221; button_border_width=&#8221;0px&#8221; button_border_radius=&#8221;-2px&#8221; button_letter_spacing=&#8221;0px&#8221; button_font=&#8221;Barlow||||||||&#8221; button_icon=&#8221;&#xf3ff;||fa||900&#8243; button_icon_placement=&#8221;left&#8221; button_on_hover=&#8221;off&#8221; custom_margin=&#8221;-5px||0px||false|false&#8221; custom_margin_tablet=&#8221;-20px||||false|false&#8221; custom_margin_phone=&#8221;-20px||||false|false&#8221; custom_margin_last_edited=&#8221;on|phone&#8221; custom_padding=&#8221;0px||0px||false|false&#8221; button_text_size_tablet=&#8221;16px&#8221; button_text_size_phone=&#8221;14px&#8221; button_text_size_last_edited=&#8221;on|phone&#8221; global_colors_info=&#8221;{}&#8221;][\/et_pb_button][\/et_pb_column][\/et_pb_row][et_pb_row column_structure=&#8221;1_3,1_3,1_3&#8243; use_custom_gutter=&#8221;on&#8221; gutter_width=&#8221;2&#8243; _builder_version=&#8221;4.27.4&#8243; _module_preset=&#8221;default&#8221; custom_padding=&#8221;0px||15px||false|false&#8221; global_colors_info=&#8221;{}&#8221;][et_pb_column type=&#8221;1_3&#8243; _builder_version=&#8221;4.27.4&#8243; _module_preset=&#8221;default&#8221; global_colors_info=&#8221;{}&#8221;][et_pb_text content_tablet=&#8221;<\/p>\n<p>F\u00fchrung<br \/>Biblioth\u00e8que humaniste<br \/>S\u00e9lestat<\/p>\n<p>&#8221; content_phone=&#8221;<\/p>\n<p>F\u00fchrung<br \/>Biblioth\u00e8que humaniste<br \/>S\u00e9lestat<\/p>\n<p>&#8221; content_last_edited=&#8221;off|desktop&#8221; admin_label=&#8221;Micro-\u00e9v\u00e8nement&#8221; _builder_version=&#8221;4.27.4&#8243; _module_preset=&#8221;default&#8221; text_font=&#8221;Poppins|600|||||||&#8221; text_text_color=&#8221;#FFFFFF&#8221; text_font_size=&#8221;16px&#8221; header_text_align=&#8221;left&#8221; header_4_font=&#8221;Barlow|600|||||||&#8221; header_4_text_color=&#8221;#FFFFFF&#8221; header_4_font_size=&#8221;16px&#8221; use_background_color_gradient=&#8221;on&#8221; background_color_gradient_stops=&#8221;rgba(171,121,112,0.68) 0%|rgba(171,121,112,0.6) 100%&#8221; background_color_gradient_overlays_image=&#8221;on&#8221; background_color_gradient_start=&#8221;rgba(0,0,0,0.4)&#8221; background_color_gradient_end=&#8221;rgba(0,0,0,0.4)&#8221; background_image=&#8221;https:\/\/www.voix-romane.com\/Site\/wp-content\/uploads\/2025\/05\/Celadon-Photo-Marie-Fady-2-scaled.jpg&#8221; transform_scale_linked__hover=&#8221;off&#8221; custom_margin=&#8221;||10px||false|false&#8221; custom_padding=&#8221;30px|10px|20px|10px|false|true&#8221; link_option_url=&#8221;https:\/\/www.billetweb.fr\/chimere-celadon-et-odyssee-ensemble-et-cie&#8221; link_option_url_new_window=&#8221;on&#8221; text_font_size_tablet=&#8221;16px&#8221; text_font_size_phone=&#8221;14px&#8221; text_font_size_last_edited=&#8221;on|phone&#8221; header_4_font_size_last_edited=&#8221;off|tablet&#8221; text_text_shadow_style=&#8221;preset3&#8243; border_radii=&#8221;on|10px|10px|10px|10px&#8221; box_shadow_style=&#8221;preset3&#8243; global_colors_info=&#8221;{}&#8221; background__hover_enabled=&#8221;off|hover&#8221; background_color_gradient_start__hover=&#8221;rgba(0,0,0,0.25)&#8221; use_background_color_gradient__hover=&#8221;on&#8221; transform_styles__hover_enabled=&#8221;off|desktop&#8221; transform_scale__hover_enabled=&#8221;off|desktop&#8221; transform_translate__hover_enabled=&#8221;off|desktop&#8221; transform_rotate__hover_enabled=&#8221;off|desktop&#8221; transform_skew__hover_enabled=&#8221;off|desktop&#8221; transform_origin__hover_enabled=&#8221;off|desktop&#8221; content__hover_enabled=&#8221;off|hover&#8221; content__hover=&#8221;Gehen Sie auf Entdeckungsreise zu mittelalterlichen Manuskripten \u2192&#8221; custom_margin__hover_enabled=&#8221;off|desktop&#8221; custom_margin__hover=&#8221;0px||0px||false|false&#8221; transform_origin__hover=&#8221;50%|64%&#8221; transform_scale__hover=&#8221;115%|115%&#8221; background_color_gradient_stops__hover=&#8221;rgba(0,0,0,0.25) 0%|rgba(0,0,0,0.4) 100%&#8221;]<\/p>\n<h4>20 Uhr<br \/>Konzert<br \/>\u00c9glise Sainte-Foy <span>|<\/span> S\u00e9lestat<\/h4>\n<p>[\/et_pb_text][et_pb_text _builder_version=&#8221;4.27.4&#8243; _module_preset=&#8221;default&#8221; text_font=&#8221;Barlow|500|||||||&#8221; text_text_color=&#8221;#000000&#8243; text_font_size=&#8221;16px&#8221; text_line_height=&#8221;1.3em&#8221; header_2_font=&#8221;Alata||||||||&#8221; header_2_font_size=&#8221;30px&#8221; header_2_letter_spacing=&#8221;2px&#8221; header_2_line_height=&#8221;1.2em&#8221; header_3_font=&#8221;Calps Light|600|||||||&#8221; header_3_text_color=&#8221;#d06728&#8243; header_3_font_size=&#8221;40px&#8221; header_3_line_height=&#8221;1.2em&#8221; header_4_text_color=&#8221;#144b97&#8243; header_4_font_size=&#8221;20px&#8221; background_enable_color=&#8221;off&#8221; background_enable_image=&#8221;off&#8221; background_size=&#8221;custom&#8221; background_image_width=&#8221;24%&#8221; background_position=&#8221;top_right&#8221; custom_padding=&#8221;0px|5px|0px|5px|false|false&#8221; text_font_size_tablet=&#8221;14px&#8221; text_font_size_phone=&#8221;14px&#8221; text_font_size_last_edited=&#8221;on|desktop&#8221; header_2_font_size_tablet=&#8221;40px&#8221; header_2_font_size_phone=&#8221;30px&#8221; header_2_font_size_last_edited=&#8221;on|phone&#8221; header_3_font_size_tablet=&#8221;35px&#8221; header_3_font_size_phone=&#8221;30px&#8221; header_3_font_size_last_edited=&#8221;on|desktop&#8221; header_4_font_size_tablet=&#8221;18px&#8221; header_4_font_size_phone=&#8221;18px&#8221; header_4_font_size_last_edited=&#8221;on|phone&#8221; inline_fonts=&#8221;Acme&#8221; global_colors_info=&#8221;{}&#8221;]<\/p>\n<p><span>Eine Chim\u00e4re, laut W\u00f6rterbuch, ist ein sch\u00f6nes, unwirkliches Tier, das aus disparaten Teilen zusammengesetzt ist &#8211; wie dieses verr\u00fcckte Projekt zwischen mittelalterlicher Musik und zeitgen\u00f6ssischen Kl\u00e4ngen. Entgegen allen Erwartungen: Es funktioniert und ist magisch. <\/span><\/p>\n<p><span>&#8220;Chim\u00e8re&#8221;<br \/>Ensemble C\u00e9ladon &#8211; Odys\u00e9e ensemble et cie<\/span><\/p>\n<p>[\/et_pb_text][et_pb_button button_url=&#8221;https:\/\/www.billetweb.fr\/chimere-celadon-et-odyssee-ensemble-et-cie&#8221; url_new_window=&#8221;on&#8221; button_text=&#8221;Ticketverkauf&#8221; button_alignment=&#8221;left&#8221; _builder_version=&#8221;4.27.4&#8243; _module_preset=&#8221;default&#8221; custom_button=&#8221;on&#8221; button_text_size=&#8221;16px&#8221; button_text_color=&#8221;#ab7970&#8243; button_border_width=&#8221;0px&#8221; button_border_radius=&#8221;-2px&#8221; button_letter_spacing=&#8221;0px&#8221; button_font=&#8221;Barlow||||||||&#8221; button_icon=&#8221;&#xf3ff;||fa||900&#8243; button_icon_placement=&#8221;left&#8221; button_on_hover=&#8221;off&#8221; custom_margin=&#8221;-5px||0px||false|false&#8221; custom_margin_tablet=&#8221;-20px||||false|false&#8221; custom_margin_phone=&#8221;-20px||||false|false&#8221; custom_margin_last_edited=&#8221;on|phone&#8221; custom_padding=&#8221;0px||0px||false|false&#8221; button_text_size_tablet=&#8221;16px&#8221; button_text_size_phone=&#8221;14px&#8221; button_text_size_last_edited=&#8221;on|phone&#8221; global_colors_info=&#8221;{}&#8221;][\/et_pb_button][\/et_pb_column][et_pb_column type=&#8221;1_3&#8243; _builder_version=&#8221;4.27.4&#8243; _module_preset=&#8221;default&#8221; global_colors_info=&#8221;{}&#8221;][\/et_pb_column][et_pb_column type=&#8221;1_3&#8243; _builder_version=&#8221;4.27.4&#8243; _module_preset=&#8221;default&#8221; global_colors_info=&#8221;{}&#8221;][\/et_pb_column][\/et_pb_row][et_pb_row use_custom_gutter=&#8221;on&#8221; gutter_width=&#8221;2&#8243; module_id=&#8221;guebwiller&#8221; _builder_version=&#8221;4.27.4&#8243; _module_preset=&#8221;default&#8221; custom_padding=&#8221;0px||15px||false|false&#8221; global_colors_info=&#8221;{}&#8221;][et_pb_column type=&#8221;4_4&#8243; _builder_version=&#8221;4.27.4&#8243; _module_preset=&#8221;default&#8221; global_colors_info=&#8221;{}&#8221;][et_pb_text _builder_version=&#8221;4.27.4&#8243; _module_preset=&#8221;default&#8221; header_font=&#8221;Barlow||||||||&#8221; header_text_align=&#8221;left&#8221; header_font_size=&#8221;20px&#8221; background_color=&#8221;RGBA(255,255,255,0)&#8221; custom_padding=&#8221;10px||5px||false|false&#8221; header_font_size_tablet=&#8221;18px&#8221; header_font_size_phone=&#8221;18px&#8221; header_font_size_last_edited=&#8221;on|tablet&#8221; border_color_all=&#8221;#000000&#8243; border_width_bottom=&#8221;1px&#8221; global_colors_info=&#8221;{}&#8221;]<\/p>\n<h1>Sonntag 7. September<\/h1>\n<p>[\/et_pb_text][\/et_pb_column][\/et_pb_row][et_pb_row column_structure=&#8221;1_3,1_3,1_3&#8243; use_custom_gutter=&#8221;on&#8221; gutter_width=&#8221;2&#8243; _builder_version=&#8221;4.27.4&#8243; _module_preset=&#8221;default&#8221; custom_padding=&#8221;0px||15px||false|false&#8221; global_colors_info=&#8221;{}&#8221;][et_pb_column type=&#8221;1_3&#8243; _builder_version=&#8221;4.27.4&#8243; _module_preset=&#8221;default&#8221; global_colors_info=&#8221;{}&#8221;][et_pb_text content_tablet=&#8221;<\/p>\n<p>F\u00fchrung<br \/>Biblioth\u00e8que humaniste<br \/>S\u00e9lestat<\/p>\n<p>&#8221; content_phone=&#8221;<\/p>\n<p>F\u00fchrung<br \/>Biblioth\u00e8que humaniste<br \/>S\u00e9lestat<\/p>\n<p>&#8221; content_last_edited=&#8221;off|desktop&#8221; admin_label=&#8221;Micro-\u00e9v\u00e8nement&#8221; _builder_version=&#8221;4.27.4&#8243; _module_preset=&#8221;default&#8221; text_font=&#8221;Poppins|600|||||||&#8221; text_text_color=&#8221;#FFFFFF&#8221; text_font_size=&#8221;16px&#8221; header_text_align=&#8221;left&#8221; header_4_font=&#8221;Barlow|600|||||||&#8221; header_4_text_color=&#8221;#FFFFFF&#8221; header_4_font_size=&#8221;16px&#8221; background_enable_color=&#8221;off&#8221; use_background_color_gradient=&#8221;on&#8221; background_color_gradient_stops=&#8221;rgba(20,75,151,0.6) 0%|rgba(20,75,151,0.6) 100%&#8221; background_color_gradient_overlays_image=&#8221;on&#8221; background_color_gradient_start=&#8221;rgba(0,0,0,0.4)&#8221; background_color_gradient_end=&#8221;rgba(0,0,0,0.4)&#8221; background_image=&#8221;https:\/\/www.voix-romane.com\/Site\/wp-content\/uploads\/2025\/05\/concert-de-poche-monstres-et-merveilles-histoires-contechantees-du-jura-1.jpg&#8221; transform_scale_linked__hover=&#8221;off&#8221; custom_margin=&#8221;||10px||false|false&#8221; custom_padding=&#8221;30px|10px|20px|10px|false|true&#8221; link_option_url=&#8221;https:\/\/www.billetweb.fr\/concert-de-poche-monstres-et-merveilles-histoires-contechantees-du-jura&#8221; link_option_url_new_window=&#8221;on&#8221; text_font_size_tablet=&#8221;16px&#8221; text_font_size_phone=&#8221;14px&#8221; text_font_size_last_edited=&#8221;on|phone&#8221; header_4_font_size_last_edited=&#8221;off|tablet&#8221; text_text_shadow_style=&#8221;preset3&#8243; border_radii=&#8221;on|10px|10px|10px|10px&#8221; box_shadow_style=&#8221;preset3&#8243; global_colors_info=&#8221;{}&#8221; background__hover_enabled=&#8221;off|hover&#8221; background_color_gradient_start__hover=&#8221;rgba(0,0,0,0.25)&#8221; use_background_color_gradient__hover=&#8221;on&#8221; transform_styles__hover_enabled=&#8221;off|desktop&#8221; transform_scale__hover_enabled=&#8221;off|desktop&#8221; transform_translate__hover_enabled=&#8221;off|desktop&#8221; transform_rotate__hover_enabled=&#8221;off|desktop&#8221; transform_skew__hover_enabled=&#8221;off|desktop&#8221; transform_origin__hover_enabled=&#8221;off|desktop&#8221; content__hover_enabled=&#8221;off|hover&#8221; content__hover=&#8221;Gehen Sie auf Entdeckungsreise zu mittelalterlichen Manuskripten \u2192&#8221; custom_margin__hover_enabled=&#8221;off|desktop&#8221; custom_margin__hover=&#8221;0px||0px||false|false&#8221; transform_origin__hover=&#8221;50%|64%&#8221; transform_scale__hover=&#8221;115%|115%&#8221; background_color_gradient_stops__hover=&#8221;rgba(0,0,0,0.25) 0%|rgba(0,0,0,0.4) 100%&#8221;]<\/p>\n<h4>14.30 Uhr<br \/>Taschenkonzert<br \/>\u00c9glise Saint-L\u00e9ger <span>|<\/span> Guebwiller<\/h4>\n<p>[\/et_pb_text][et_pb_text _builder_version=&#8221;4.27.4&#8243; _module_preset=&#8221;default&#8221; text_font=&#8221;Barlow|500|||||||&#8221; text_text_color=&#8221;#000000&#8243; text_font_size=&#8221;16px&#8221; text_line_height=&#8221;1.3em&#8221; header_2_font=&#8221;Alata||||||||&#8221; header_2_font_size=&#8221;30px&#8221; header_2_letter_spacing=&#8221;2px&#8221; header_2_line_height=&#8221;1.2em&#8221; header_3_font=&#8221;Calps Light|600|||||||&#8221; header_3_text_color=&#8221;#d06728&#8243; header_3_font_size=&#8221;40px&#8221; header_3_line_height=&#8221;1.2em&#8221; header_4_text_color=&#8221;#144b97&#8243; header_4_font_size=&#8221;20px&#8221; background_enable_color=&#8221;off&#8221; background_enable_image=&#8221;off&#8221; background_size=&#8221;custom&#8221; background_image_width=&#8221;24%&#8221; background_position=&#8221;top_right&#8221; custom_padding=&#8221;0px|5px|0px|5px|false|false&#8221; text_font_size_tablet=&#8221;14px&#8221; text_font_size_phone=&#8221;14px&#8221; text_font_size_last_edited=&#8221;on|desktop&#8221; header_2_font_size_tablet=&#8221;40px&#8221; header_2_font_size_phone=&#8221;30px&#8221; header_2_font_size_last_edited=&#8221;on|phone&#8221; header_3_font_size_tablet=&#8221;35px&#8221; header_3_font_size_phone=&#8221;30px&#8221; header_3_font_size_last_edited=&#8221;on|desktop&#8221; header_4_font_size_tablet=&#8221;18px&#8221; header_4_font_size_phone=&#8221;18px&#8221; header_4_font_size_last_edited=&#8221;on|phone&#8221; inline_fonts=&#8221;Acme&#8221; global_colors_info=&#8221;{}&#8221;]<\/p>\n<p><span>Salom\u00e9 Haller (Mezzo), Tiphaine Boulc&#8217;h (Fl\u00f6te und Gambe) und Blick (Zeichnung) erwecken die M\u00e4rchen und Legenden des Jura in einer freien und poetischen Auff\u00fchrung.<\/span><\/p>\n<p><span>&#8220;Monstres et merveilles : histoires cont\u00e9chant\u00e9es du Jura&#8221;<\/span><\/p>\n<p>[\/et_pb_text][et_pb_button button_url=&#8221;https:\/\/www.billetweb.fr\/concert-de-poche-monstres-et-merveilles-histoires-contechantees-du-jura&#8221; url_new_window=&#8221;on&#8221; button_text=&#8221;Ticketverkauf&#8221; button_alignment=&#8221;left&#8221; _builder_version=&#8221;4.27.4&#8243; _module_preset=&#8221;default&#8221; custom_button=&#8221;on&#8221; button_text_size=&#8221;16px&#8221; button_text_color=&#8221;#144b97&#8243; button_border_width=&#8221;0px&#8221; button_border_radius=&#8221;-2px&#8221; button_letter_spacing=&#8221;0px&#8221; button_font=&#8221;Barlow||||||||&#8221; button_icon=&#8221;&#xf3ff;||fa||900&#8243; button_icon_placement=&#8221;left&#8221; button_on_hover=&#8221;off&#8221; custom_margin=&#8221;-5px||0px||false|false&#8221; custom_margin_tablet=&#8221;-20px||||false|false&#8221; custom_margin_phone=&#8221;-20px||||false|false&#8221; custom_margin_last_edited=&#8221;on|phone&#8221; custom_padding=&#8221;0px||0px||false|false&#8221; button_text_size_tablet=&#8221;16px&#8221; button_text_size_phone=&#8221;14px&#8221; button_text_size_last_edited=&#8221;on|phone&#8221; global_colors_info=&#8221;{}&#8221;][\/et_pb_button][\/et_pb_column][et_pb_column type=&#8221;1_3&#8243; _builder_version=&#8221;4.27.4&#8243; _module_preset=&#8221;default&#8221; global_colors_info=&#8221;{}&#8221;][et_pb_text content_tablet=&#8221;<\/p>\n<p>F\u00fchrung<br \/>Biblioth\u00e8que humaniste<br \/>S\u00e9lestat<\/p>\n<p>&#8221; content_phone=&#8221;<\/p>\n<p>F\u00fchrung<br \/>Biblioth\u00e8que humaniste<br \/>S\u00e9lestat<\/p>\n<p>&#8221; content_last_edited=&#8221;off|desktop&#8221; admin_label=&#8221;Micro-\u00e9v\u00e8nement&#8221; _builder_version=&#8221;4.27.4&#8243; _module_preset=&#8221;default&#8221; text_font=&#8221;Poppins|600|||||||&#8221; text_text_color=&#8221;#FFFFFF&#8221; text_font_size=&#8221;16px&#8221; header_text_align=&#8221;left&#8221; header_4_font=&#8221;Barlow|600|||||||&#8221; header_4_text_color=&#8221;#FFFFFF&#8221; header_4_font_size=&#8221;16px&#8221; use_background_color_gradient=&#8221;on&#8221; background_color_gradient_stops=&#8221;rgba(124,64,90,0.78) 0%|rgba(124,64,90,0.7) 100%&#8221; background_color_gradient_overlays_image=&#8221;on&#8221; background_color_gradient_start=&#8221;rgba(0,0,0,0.4)&#8221; background_color_gradient_end=&#8221;rgba(0,0,0,0.4)&#8221; background_image=&#8221;https:\/\/www.voix-romane.com\/Site\/wp-content\/uploads\/2025\/05\/lecon-de-musique-medievale-avec-lensemble-dialogos-1.jpg&#8221; transform_scale_linked__hover=&#8221;off&#8221; custom_margin=&#8221;||10px||false|false&#8221; custom_padding=&#8221;30px|10px|20px|10px|false|true&#8221; link_option_url=&#8221;https:\/\/www.billetweb.fr\/lecon-de-musique-medievale-avec-lensemble-dialogos&#8221; link_option_url_new_window=&#8221;on&#8221; text_font_size_tablet=&#8221;16px&#8221; text_font_size_phone=&#8221;14px&#8221; text_font_size_last_edited=&#8221;on|phone&#8221; header_4_font_size_last_edited=&#8221;off|tablet&#8221; text_text_shadow_style=&#8221;preset3&#8243; border_radii=&#8221;on|10px|10px|10px|10px&#8221; box_shadow_style=&#8221;preset3&#8243; global_colors_info=&#8221;{}&#8221; background__hover_enabled=&#8221;off|hover&#8221; background_color_gradient_start__hover=&#8221;rgba(0,0,0,0.25)&#8221; use_background_color_gradient__hover=&#8221;on&#8221; transform_styles__hover_enabled=&#8221;off|desktop&#8221; transform_scale__hover_enabled=&#8221;off|desktop&#8221; transform_translate__hover_enabled=&#8221;off|desktop&#8221; transform_rotate__hover_enabled=&#8221;off|desktop&#8221; transform_skew__hover_enabled=&#8221;off|desktop&#8221; transform_origin__hover_enabled=&#8221;off|desktop&#8221; content__hover_enabled=&#8221;off|hover&#8221; content__hover=&#8221;Gehen Sie auf Entdeckungsreise zu mittelalterlichen Manuskripten \u2192&#8221; custom_margin__hover_enabled=&#8221;off|desktop&#8221; custom_margin__hover=&#8221;0px||0px||false|false&#8221; transform_origin__hover=&#8221;50%|64%&#8221; transform_scale__hover=&#8221;115%|115%&#8221; background_color_gradient_stops__hover=&#8221;rgba(0,0,0,0.25) 0%|rgba(0,0,0,0.4) 100%&#8221;]<\/p>\n<h4>15.30 Uhr<br \/>Musikstunde<br \/>\u00c9glise Saint-L\u00e9ger <span>|<\/span> Guebwiller<\/h4>\n<p>[\/et_pb_text][et_pb_text _builder_version=&#8221;4.27.4&#8243; _module_preset=&#8221;default&#8221; text_font=&#8221;Barlow|500|||||||&#8221; text_text_color=&#8221;#000000&#8243; text_font_size=&#8221;16px&#8221; text_line_height=&#8221;1.3em&#8221; header_2_font=&#8221;Alata||||||||&#8221; header_2_font_size=&#8221;30px&#8221; header_2_letter_spacing=&#8221;2px&#8221; header_2_line_height=&#8221;1.2em&#8221; header_3_font=&#8221;Calps Light|600|||||||&#8221; header_3_text_color=&#8221;#d06728&#8243; header_3_font_size=&#8221;40px&#8221; header_3_line_height=&#8221;1.2em&#8221; header_4_text_color=&#8221;#144b97&#8243; header_4_font_size=&#8221;20px&#8221; background_enable_color=&#8221;off&#8221; background_enable_image=&#8221;off&#8221; background_size=&#8221;custom&#8221; background_image_width=&#8221;24%&#8221; background_position=&#8221;top_right&#8221; custom_padding=&#8221;0px|5px|0px|5px|false|false&#8221; text_font_size_tablet=&#8221;14px&#8221; text_font_size_phone=&#8221;14px&#8221; text_font_size_last_edited=&#8221;on|desktop&#8221; header_2_font_size_tablet=&#8221;40px&#8221; header_2_font_size_phone=&#8221;30px&#8221; header_2_font_size_last_edited=&#8221;on|phone&#8221; header_3_font_size_tablet=&#8221;35px&#8221; header_3_font_size_phone=&#8221;30px&#8221; header_3_font_size_last_edited=&#8221;on|desktop&#8221; header_4_font_size_tablet=&#8221;18px&#8221; header_4_font_size_phone=&#8221;18px&#8221; header_4_font_size_last_edited=&#8221;on|phone&#8221; inline_fonts=&#8221;Acme&#8221; global_colors_info=&#8221;{}&#8221;]<\/p>\n<p><span>Privilegierte Begegnung mit dem Ensemble Dialogos und Katarina Livljani\u0107, die alles auspacken und uns eine Musikstunde ohne Chichi bieten: Erfahren Sie mehr \u00fcber den historischen Kontext des Programms, die alten Instrumente und die Hintergr\u00fcnde der musikalischen Arbeit. <\/span><\/p>\n<p>[\/et_pb_text][et_pb_button button_url=&#8221;https:\/\/www.billetweb.fr\/lecon-de-musique-medievale-avec-lensemble-dialogos&#8221; url_new_window=&#8221;on&#8221; button_text=&#8221;Reservierung&#8221; button_alignment=&#8221;left&#8221; _builder_version=&#8221;4.27.4&#8243; _module_preset=&#8221;default&#8221; custom_button=&#8221;on&#8221; button_text_size=&#8221;16px&#8221; button_text_color=&#8221;#7c405a&#8221; button_border_width=&#8221;0px&#8221; button_border_radius=&#8221;-2px&#8221; button_letter_spacing=&#8221;0px&#8221; button_font=&#8221;Barlow||||||||&#8221; button_icon=&#8221;&#xf3ff;||fa||900&#8243; button_icon_placement=&#8221;left&#8221; button_on_hover=&#8221;off&#8221; custom_margin=&#8221;-5px||0px||false|false&#8221; custom_margin_tablet=&#8221;-20px||||false|false&#8221; custom_margin_phone=&#8221;-20px||||false|false&#8221; custom_margin_last_edited=&#8221;on|phone&#8221; custom_padding=&#8221;0px||0px||false|false&#8221; button_text_size_tablet=&#8221;16px&#8221; button_text_size_phone=&#8221;14px&#8221; button_text_size_last_edited=&#8221;on|phone&#8221; global_colors_info=&#8221;{}&#8221;][\/et_pb_button][\/et_pb_column][et_pb_column type=&#8221;1_3&#8243; _builder_version=&#8221;4.27.4&#8243; _module_preset=&#8221;default&#8221; global_colors_info=&#8221;{}&#8221;][et_pb_text content_tablet=&#8221;<\/p>\n<p>F\u00fchrung<br \/>Biblioth\u00e8que humaniste<br \/>S\u00e9lestat<\/p>\n<p>&#8221; content_phone=&#8221;<\/p>\n<p>F\u00fchrung<br \/>Biblioth\u00e8que humaniste<br \/>S\u00e9lestat<\/p>\n<p>&#8221; content_last_edited=&#8221;off|desktop&#8221; admin_label=&#8221;Micro-\u00e9v\u00e8nement&#8221; _builder_version=&#8221;4.27.4&#8243; _module_preset=&#8221;default&#8221; text_font=&#8221;Poppins|600|||||||&#8221; text_text_color=&#8221;#FFFFFF&#8221; text_font_size=&#8221;16px&#8221; header_text_align=&#8221;left&#8221; header_4_font=&#8221;Barlow|600|||||||&#8221; header_4_text_color=&#8221;#FFFFFF&#8221; header_4_font_size=&#8221;16px&#8221; use_background_color_gradient=&#8221;on&#8221; background_color_gradient_stops=&#8221;rgba(171,121,112,0.68) 0%|rgba(171,121,112,0.6) 100%&#8221; background_color_gradient_overlays_image=&#8221;on&#8221; background_color_gradient_start=&#8221;rgba(0,0,0,0.4)&#8221; background_color_gradient_end=&#8221;rgba(0,0,0,0.4)&#8221; background_image=&#8221;https:\/\/www.voix-romane.com\/Site\/wp-content\/uploads\/2025\/05\/Dialogos-\u00a9MS-Goewecke-1-1-scaled.jpeg&#8221; transform_scale_linked__hover=&#8221;off&#8221; custom_margin=&#8221;||10px||false|false&#8221; custom_padding=&#8221;30px|10px|20px|10px|false|true&#8221; link_option_url=&#8221;https:\/\/www.billetweb.fr\/ariane-en-vie-ensemble-dialogos&#8221; link_option_url_new_window=&#8221;on&#8221; text_font_size_tablet=&#8221;16px&#8221; text_font_size_phone=&#8221;14px&#8221; text_font_size_last_edited=&#8221;on|phone&#8221; header_4_font_size_last_edited=&#8221;off|tablet&#8221; text_text_shadow_style=&#8221;preset3&#8243; border_radii=&#8221;on|10px|10px|10px|10px&#8221; box_shadow_style=&#8221;preset3&#8243; global_colors_info=&#8221;{}&#8221; background__hover_enabled=&#8221;off|hover&#8221; background_color_gradient_start__hover=&#8221;rgba(0,0,0,0.25)&#8221; use_background_color_gradient__hover=&#8221;on&#8221; transform_styles__hover_enabled=&#8221;off|desktop&#8221; transform_scale__hover_enabled=&#8221;off|desktop&#8221; transform_translate__hover_enabled=&#8221;off|desktop&#8221; transform_rotate__hover_enabled=&#8221;off|desktop&#8221; transform_skew__hover_enabled=&#8221;off|desktop&#8221; transform_origin__hover_enabled=&#8221;off|desktop&#8221; content__hover_enabled=&#8221;off|hover&#8221; content__hover=&#8221;Gehen Sie auf Entdeckungsreise zu mittelalterlichen Manuskripten \u2192&#8221; custom_margin__hover_enabled=&#8221;off|desktop&#8221; custom_margin__hover=&#8221;0px||0px||false|false&#8221; transform_origin__hover=&#8221;50%|64%&#8221; transform_scale__hover=&#8221;115%|115%&#8221; background_color_gradient_stops__hover=&#8221;rgba(0,0,0,0.25) 0%|rgba(0,0,0,0.4) 100%&#8221;]<\/p>\n<h4>17 Uhr<br \/>Konzert<br \/>\u00c9glise Saint-L\u00e9ger <span>|<\/span> Guebwiller<\/h4>\n<p>[\/et_pb_text][et_pb_text _builder_version=&#8221;4.27.4&#8243; _module_preset=&#8221;default&#8221; text_font=&#8221;Barlow|500|||||||&#8221; text_text_color=&#8221;#000000&#8243; text_font_size=&#8221;16px&#8221; text_line_height=&#8221;1.3em&#8221; header_2_font=&#8221;Alata||||||||&#8221; header_2_font_size=&#8221;30px&#8221; header_2_letter_spacing=&#8221;2px&#8221; header_2_line_height=&#8221;1.2em&#8221; header_3_font=&#8221;Calps Light|600|||||||&#8221; header_3_text_color=&#8221;#d06728&#8243; header_3_font_size=&#8221;40px&#8221; header_3_line_height=&#8221;1.2em&#8221; header_4_text_color=&#8221;#144b97&#8243; header_4_font_size=&#8221;20px&#8221; background_enable_color=&#8221;off&#8221; background_enable_image=&#8221;off&#8221; background_size=&#8221;custom&#8221; background_image_width=&#8221;24%&#8221; background_position=&#8221;top_right&#8221; custom_padding=&#8221;0px|5px|0px|5px|false|false&#8221; text_font_size_tablet=&#8221;14px&#8221; text_font_size_phone=&#8221;14px&#8221; text_font_size_last_edited=&#8221;on|desktop&#8221; header_2_font_size_tablet=&#8221;40px&#8221; header_2_font_size_phone=&#8221;30px&#8221; header_2_font_size_last_edited=&#8221;on|phone&#8221; header_3_font_size_tablet=&#8221;35px&#8221; header_3_font_size_phone=&#8221;30px&#8221; header_3_font_size_last_edited=&#8221;on|desktop&#8221; header_4_font_size_tablet=&#8221;18px&#8221; header_4_font_size_phone=&#8221;18px&#8221; header_4_font_size_last_edited=&#8221;on|phone&#8221; inline_fonts=&#8221;Acme&#8221; global_colors_info=&#8221;{}&#8221;]<\/p>\n<p><span>In diesem gesungenen Theaterst\u00fcck verl\u00e4sst der ovidische Text der Heroiden, die Liebesbriefe der mythologischen Heldinnen an ihre Liebhaber, die Antike und wird zu einer Geschichte unserer Seelen, die uns einl\u00e4dt, zu den intimen Labyrinthen unseres eigenen Lebens zu reisen.<\/span><\/p>\n<p><span>&#8220;Ariane en vie&#8221;<br \/>Ensemble Dialogos<\/span><\/p>\n<p>[\/et_pb_text][et_pb_button button_url=&#8221;https:\/\/www.billetweb.fr\/ariane-en-vie-ensemble-dialogos&#8221; url_new_window=&#8221;on&#8221; button_text=&#8221;Ticketverkauf&#8221; button_alignment=&#8221;left&#8221; _builder_version=&#8221;4.27.4&#8243; _module_preset=&#8221;default&#8221; custom_button=&#8221;on&#8221; button_text_size=&#8221;16px&#8221; button_text_color=&#8221;#ab7970&#8243; button_border_width=&#8221;0px&#8221; button_border_radius=&#8221;-2px&#8221; button_letter_spacing=&#8221;0px&#8221; button_font=&#8221;Barlow||||||||&#8221; button_icon=&#8221;&#xf3ff;||fa||900&#8243; button_icon_placement=&#8221;left&#8221; button_on_hover=&#8221;off&#8221; custom_margin=&#8221;-5px||0px||false|false&#8221; custom_margin_tablet=&#8221;-20px||||false|false&#8221; custom_margin_phone=&#8221;-20px||||false|false&#8221; custom_margin_last_edited=&#8221;on|phone&#8221; custom_padding=&#8221;0px||0px||false|false&#8221; button_text_size_tablet=&#8221;16px&#8221; button_text_size_phone=&#8221;14px&#8221; button_text_size_last_edited=&#8221;on|phone&#8221; global_colors_info=&#8221;{}&#8221;][\/et_pb_button][\/et_pb_column][\/et_pb_row][et_pb_row use_custom_gutter=&#8221;on&#8221; gutter_width=&#8221;2&#8243; module_id=&#8221;strasbourg&#8221; _builder_version=&#8221;4.27.4&#8243; _module_preset=&#8221;default&#8221; custom_padding=&#8221;0px||15px||false|false&#8221; global_colors_info=&#8221;{}&#8221;][et_pb_column type=&#8221;4_4&#8243; _builder_version=&#8221;4.27.4&#8243; _module_preset=&#8221;default&#8221; global_colors_info=&#8221;{}&#8221;][et_pb_text _builder_version=&#8221;4.27.4&#8243; _module_preset=&#8221;default&#8221; header_font=&#8221;Barlow||||||||&#8221; header_text_align=&#8221;left&#8221; header_font_size=&#8221;20px&#8221; background_color=&#8221;RGBA(255,255,255,0)&#8221; custom_padding=&#8221;10px||5px||false|false&#8221; header_font_size_tablet=&#8221;18px&#8221; header_font_size_phone=&#8221;18px&#8221; header_font_size_last_edited=&#8221;on|tablet&#8221; border_color_all=&#8221;#000000&#8243; border_width_bottom=&#8221;1px&#8221; global_colors_info=&#8221;{}&#8221;]<\/p>\n<h1>Freitag 12. September<\/h1>\n<p>[\/et_pb_text][\/et_pb_column][\/et_pb_row][et_pb_row column_structure=&#8221;1_3,1_3,1_3&#8243; use_custom_gutter=&#8221;on&#8221; gutter_width=&#8221;2&#8243; _builder_version=&#8221;4.27.4&#8243; _module_preset=&#8221;default&#8221; custom_padding=&#8221;0px||15px||false|false&#8221; global_colors_info=&#8221;{}&#8221;][et_pb_column type=&#8221;1_3&#8243; _builder_version=&#8221;4.27.4&#8243; _module_preset=&#8221;default&#8221; global_colors_info=&#8221;{}&#8221;][et_pb_text content_tablet=&#8221;<\/p>\n<p>F\u00fchrung<br \/>Biblioth\u00e8que humaniste<br \/>S\u00e9lestat<\/p>\n<p>&#8221; content_phone=&#8221;<\/p>\n<p>F\u00fchrung<br \/>Biblioth\u00e8que humaniste<br \/>S\u00e9lestat<\/p>\n<p>&#8221; content_last_edited=&#8221;off|desktop&#8221; admin_label=&#8221;Micro-\u00e9v\u00e8nement&#8221; _builder_version=&#8221;4.27.4&#8243; _module_preset=&#8221;default&#8221; text_font=&#8221;Poppins|600|||||||&#8221; text_text_color=&#8221;#FFFFFF&#8221; text_font_size=&#8221;16px&#8221; header_text_align=&#8221;left&#8221; header_4_font=&#8221;Barlow|600|||||||&#8221; header_4_text_color=&#8221;#FFFFFF&#8221; header_4_font_size=&#8221;16px&#8221; use_background_color_gradient=&#8221;on&#8221; background_color_gradient_stops=&#8221;rgba(0,0,0,0.5) 0%|rgba(0,0,0,0.5) 100%&#8221; background_color_gradient_overlays_image=&#8221;on&#8221; background_color_gradient_start=&#8221;rgba(0,0,0,0.4)&#8221; background_color_gradient_end=&#8221;rgba(0,0,0,0.4)&#8221; background_image=&#8221;https:\/\/www.voix-romane.com\/Site\/wp-content\/uploads\/2025\/05\/Atelier-chant-gregorien-1024&#215;768.jpg&#8221; transform_scale_linked__hover=&#8221;off&#8221; custom_margin=&#8221;||10px||false|false&#8221; custom_padding=&#8221;30px|10px|20px|10px|false|true&#8221; link_option_url=&#8221;https:\/\/www.billetweb.fr\/atelier-artistique-chant-gregorien-avec-caroline-magalhaes&#8221; link_option_url_new_window=&#8221;on&#8221; text_font_size_tablet=&#8221;16px&#8221; text_font_size_phone=&#8221;14px&#8221; text_font_size_last_edited=&#8221;on|phone&#8221; header_4_font_size_last_edited=&#8221;off|tablet&#8221; text_text_shadow_style=&#8221;preset3&#8243; border_radii=&#8221;on|10px|10px|10px|10px&#8221; box_shadow_style=&#8221;preset3&#8243; global_colors_info=&#8221;{}&#8221; background__hover_enabled=&#8221;off|hover&#8221; background_color_gradient_start__hover=&#8221;rgba(0,0,0,0.25)&#8221; use_background_color_gradient__hover=&#8221;on&#8221; transform_styles__hover_enabled=&#8221;off|desktop&#8221; transform_scale__hover_enabled=&#8221;off|desktop&#8221; transform_translate__hover_enabled=&#8221;off|desktop&#8221; transform_rotate__hover_enabled=&#8221;off|desktop&#8221; transform_skew__hover_enabled=&#8221;off|desktop&#8221; transform_origin__hover_enabled=&#8221;off|desktop&#8221; content__hover_enabled=&#8221;off|hover&#8221; content__hover=&#8221;Gehen Sie auf Entdeckungsreise zu mittelalterlichen Manuskripten \u2192&#8221; custom_margin__hover_enabled=&#8221;off|desktop&#8221; custom_margin__hover=&#8221;0px||0px||false|false&#8221; transform_origin__hover=&#8221;50%|64%&#8221; transform_scale__hover=&#8221;115%|115%&#8221; background_color_gradient_stops__hover=&#8221;rgba(0,0,0,0.25) 0%|rgba(0,0,0,0.4) 100%&#8221;]<\/p>\n<h4>17 Uhr<br \/>Workshop Gregorianischer Gesang<br \/>Ancien h\u00f4pital civil <span>|<\/span> Strasboug<\/h4>\n<p>[\/et_pb_text][et_pb_text _builder_version=&#8221;4.27.4&#8243; _module_preset=&#8221;default&#8221; text_font=&#8221;Barlow|500|||||||&#8221; text_text_color=&#8221;#000000&#8243; text_font_size=&#8221;16px&#8221; text_line_height=&#8221;1.3em&#8221; header_2_font=&#8221;Alata||||||||&#8221; header_2_font_size=&#8221;30px&#8221; header_2_letter_spacing=&#8221;2px&#8221; header_2_line_height=&#8221;1.2em&#8221; header_3_font=&#8221;Calps Light|600|||||||&#8221; header_3_text_color=&#8221;#d06728&#8243; header_3_font_size=&#8221;40px&#8221; header_3_line_height=&#8221;1.2em&#8221; header_4_text_color=&#8221;#144b97&#8243; header_4_font_size=&#8221;20px&#8221; background_enable_color=&#8221;off&#8221; background_enable_image=&#8221;off&#8221; background_size=&#8221;custom&#8221; background_image_width=&#8221;24%&#8221; background_position=&#8221;top_right&#8221; custom_padding=&#8221;0px|5px|0px|5px|false|false&#8221; text_font_size_tablet=&#8221;14px&#8221; text_font_size_phone=&#8221;14px&#8221; text_font_size_last_edited=&#8221;on|desktop&#8221; header_2_font_size_tablet=&#8221;40px&#8221; header_2_font_size_phone=&#8221;30px&#8221; header_2_font_size_last_edited=&#8221;on|phone&#8221; header_3_font_size_tablet=&#8221;35px&#8221; header_3_font_size_phone=&#8221;30px&#8221; header_3_font_size_last_edited=&#8221;on|desktop&#8221; header_4_font_size_tablet=&#8221;18px&#8221; header_4_font_size_phone=&#8221;18px&#8221; header_4_font_size_last_edited=&#8221;on|phone&#8221; inline_fonts=&#8221;Acme&#8221; global_colors_info=&#8221;{}&#8221;]<\/p>\n<p><span>Das Festival bietet auch die Gelegenheit, in die faszinierende Welt des Mittelalters einzutauchen, indem Sie an Workshops teilnehmen, in denen Sie sich k\u00fcnstlerisch bet\u00e4tigen k\u00f6nnen! Caroline Magalh\u00e3es bietet uns an diesem Wochenende zwei gregorianische Gesangsstunden in Strasbourg und Epfig an.<\/span><\/p>\n<p>[\/et_pb_text][et_pb_button button_url=&#8221;https:\/\/www.billetweb.fr\/atelier-artistique-chant-gregorien-avec-caroline-magalhaes&#8221; url_new_window=&#8221;on&#8221; button_text=&#8221;Ticketverkauf&#8221; button_alignment=&#8221;left&#8221; _builder_version=&#8221;4.27.4&#8243; _module_preset=&#8221;default&#8221; custom_button=&#8221;on&#8221; button_text_size=&#8221;16px&#8221; button_text_color=&#8221;#000000&#8243; button_border_width=&#8221;0px&#8221; button_border_radius=&#8221;-2px&#8221; button_letter_spacing=&#8221;0px&#8221; button_font=&#8221;Barlow||||||||&#8221; button_icon=&#8221;&#xf3ff;||fa||900&#8243; button_icon_placement=&#8221;left&#8221; button_on_hover=&#8221;off&#8221; custom_margin=&#8221;-5px||0px||false|false&#8221; custom_margin_tablet=&#8221;-20px||||false|false&#8221; custom_margin_phone=&#8221;-20px||||false|false&#8221; custom_margin_last_edited=&#8221;on|phone&#8221; custom_padding=&#8221;0px||0px||false|false&#8221; button_text_size_tablet=&#8221;16px&#8221; button_text_size_phone=&#8221;14px&#8221; button_text_size_last_edited=&#8221;on|phone&#8221; global_colors_info=&#8221;{}&#8221;][\/et_pb_button][\/et_pb_column][et_pb_column type=&#8221;1_3&#8243; _builder_version=&#8221;4.27.4&#8243; _module_preset=&#8221;default&#8221; global_colors_info=&#8221;{}&#8221;][et_pb_text content_tablet=&#8221;<\/p>\n<p>F\u00fchrung<br \/>Biblioth\u00e8que humaniste<br \/>S\u00e9lestat<\/p>\n<p>&#8221; content_phone=&#8221;<\/p>\n<p>F\u00fchrung<br \/>Biblioth\u00e8que humaniste<br \/>S\u00e9lestat<\/p>\n<p>&#8221; content_last_edited=&#8221;off|desktop&#8221; admin_label=&#8221;Micro-\u00e9v\u00e8nement&#8221; _builder_version=&#8221;4.27.4&#8243; _module_preset=&#8221;default&#8221; text_font=&#8221;Poppins|600|||||||&#8221; text_text_color=&#8221;#FFFFFF&#8221; text_font_size=&#8221;16px&#8221; header_text_align=&#8221;left&#8221; header_4_font=&#8221;Barlow|600|||||||&#8221; header_4_text_color=&#8221;#FFFFFF&#8221; header_4_font_size=&#8221;16px&#8221; use_background_color_gradient=&#8221;on&#8221; background_color_gradient_stops=&#8221;rgba(124,64,90,0.78) 0%|rgba(124,64,90,0.7) 100%&#8221; background_color_gradient_overlays_image=&#8221;on&#8221; background_color_gradient_start=&#8221;rgba(0,0,0,0.4)&#8221; background_color_gradient_end=&#8221;rgba(0,0,0,0.4)&#8221; background_image=&#8221;https:\/\/www.voix-romane.com\/Site\/wp-content\/uploads\/2025\/05\/lecon-de-musique-medievale-avec-le-miroir-de-musique-1024&#215;576.jpg&#8221; transform_scale_linked__hover=&#8221;off&#8221; custom_margin=&#8221;||10px||false|false&#8221; custom_padding=&#8221;30px|10px|20px|10px|false|true&#8221; link_option_url=&#8221;https:\/\/www.billetweb.fr\/lecon-de-musique-medievale-avec-le-miroir-de-musique&#8221; link_option_url_new_window=&#8221;on&#8221; text_font_size_tablet=&#8221;16px&#8221; text_font_size_phone=&#8221;14px&#8221; text_font_size_last_edited=&#8221;on|phone&#8221; header_4_font_size_last_edited=&#8221;off|tablet&#8221; text_text_shadow_style=&#8221;preset3&#8243; border_radii=&#8221;on|10px|10px|10px|10px&#8221; box_shadow_style=&#8221;preset3&#8243; global_colors_info=&#8221;{}&#8221; background__hover_enabled=&#8221;off|hover&#8221; background_color_gradient_start__hover=&#8221;rgba(0,0,0,0.25)&#8221; use_background_color_gradient__hover=&#8221;on&#8221; transform_styles__hover_enabled=&#8221;off|desktop&#8221; transform_scale__hover_enabled=&#8221;off|desktop&#8221; transform_translate__hover_enabled=&#8221;off|desktop&#8221; transform_rotate__hover_enabled=&#8221;off|desktop&#8221; transform_skew__hover_enabled=&#8221;off|desktop&#8221; transform_origin__hover_enabled=&#8221;off|desktop&#8221; content__hover_enabled=&#8221;off|hover&#8221; content__hover=&#8221;Gehen Sie auf Entdeckungsreise zu mittelalterlichen Manuskripten \u2192&#8221; custom_margin__hover_enabled=&#8221;off|desktop&#8221; custom_margin__hover=&#8221;0px||0px||false|false&#8221; transform_origin__hover=&#8221;50%|64%&#8221; transform_scale__hover=&#8221;115%|115%&#8221; background_color_gradient_stops__hover=&#8221;rgba(0,0,0,0.25) 0%|rgba(0,0,0,0.4) 100%&#8221;]<\/p>\n<h4>18.30 Uhr<br \/>Musikstunde<br \/>Chapelle Saint-\u00c9tienne <span>|<\/span> Strasbourg<\/h4>\n<p>[\/et_pb_text][et_pb_text _builder_version=&#8221;4.27.4&#8243; _module_preset=&#8221;default&#8221; text_font=&#8221;Barlow|500|||||||&#8221; text_text_color=&#8221;#000000&#8243; text_font_size=&#8221;16px&#8221; text_line_height=&#8221;1.3em&#8221; header_2_font=&#8221;Alata||||||||&#8221; header_2_font_size=&#8221;30px&#8221; header_2_letter_spacing=&#8221;2px&#8221; header_2_line_height=&#8221;1.2em&#8221; header_3_font=&#8221;Calps Light|600|||||||&#8221; header_3_text_color=&#8221;#d06728&#8243; header_3_font_size=&#8221;40px&#8221; header_3_line_height=&#8221;1.2em&#8221; header_4_text_color=&#8221;#144b97&#8243; header_4_font_size=&#8221;20px&#8221; background_enable_color=&#8221;off&#8221; background_enable_image=&#8221;off&#8221; background_size=&#8221;custom&#8221; background_image_width=&#8221;24%&#8221; background_position=&#8221;top_right&#8221; custom_padding=&#8221;0px|5px|0px|5px|false|false&#8221; text_font_size_tablet=&#8221;14px&#8221; text_font_size_phone=&#8221;14px&#8221; text_font_size_last_edited=&#8221;on|desktop&#8221; header_2_font_size_tablet=&#8221;40px&#8221; header_2_font_size_phone=&#8221;30px&#8221; header_2_font_size_last_edited=&#8221;on|phone&#8221; header_3_font_size_tablet=&#8221;35px&#8221; header_3_font_size_phone=&#8221;30px&#8221; header_3_font_size_last_edited=&#8221;on|desktop&#8221; header_4_font_size_tablet=&#8221;18px&#8221; header_4_font_size_phone=&#8221;18px&#8221; header_4_font_size_last_edited=&#8221;on|phone&#8221; inline_fonts=&#8221;Acme&#8221; global_colors_info=&#8221;{}&#8221;]<\/p>\n<p><span>Ein privilegiertes Treffen mit dem Miroir de Musique und Baptiste Romain, die alles auspacken und uns eine Musikstunde ohne Chichi bieten: Entdecken Sie den historischen Kontext des Programms, die alten Instrumente und die Hintergr\u00fcnde der musikalischen Arbeit.<\/span><\/p>\n<p>[\/et_pb_text][et_pb_button button_url=&#8221;https:\/\/www.billetweb.fr\/lecon-de-musique-medievale-avec-le-miroir-de-musique&#8221; url_new_window=&#8221;on&#8221; button_text=&#8221;Reservierung&#8221; button_alignment=&#8221;left&#8221; _builder_version=&#8221;4.27.4&#8243; _module_preset=&#8221;default&#8221; custom_button=&#8221;on&#8221; button_text_size=&#8221;16px&#8221; button_text_color=&#8221;#7c405a&#8221; button_border_width=&#8221;0px&#8221; button_border_radius=&#8221;-2px&#8221; button_letter_spacing=&#8221;0px&#8221; button_font=&#8221;Barlow||||||||&#8221; button_icon=&#8221;&#xf3ff;||fa||900&#8243; button_icon_placement=&#8221;left&#8221; button_on_hover=&#8221;off&#8221; custom_margin=&#8221;-5px||0px||false|false&#8221; custom_margin_tablet=&#8221;-20px||||false|false&#8221; custom_margin_phone=&#8221;-20px||||false|false&#8221; custom_margin_last_edited=&#8221;on|phone&#8221; custom_padding=&#8221;0px||0px||false|false&#8221; button_text_size_tablet=&#8221;16px&#8221; button_text_size_phone=&#8221;14px&#8221; button_text_size_last_edited=&#8221;on|phone&#8221; global_colors_info=&#8221;{}&#8221;][\/et_pb_button][\/et_pb_column][et_pb_column type=&#8221;1_3&#8243; _builder_version=&#8221;4.27.4&#8243; _module_preset=&#8221;default&#8221; global_colors_info=&#8221;{}&#8221;][et_pb_text content_tablet=&#8221;<\/p>\n<p>F\u00fchrung<br \/>Biblioth\u00e8que humaniste<br \/>S\u00e9lestat<\/p>\n<p>&#8221; content_phone=&#8221;<\/p>\n<p>F\u00fchrung<br \/>Biblioth\u00e8que humaniste<br \/>S\u00e9lestat<\/p>\n<p>&#8221; content_last_edited=&#8221;off|desktop&#8221; admin_label=&#8221;Micro-\u00e9v\u00e8nement&#8221; _builder_version=&#8221;4.27.4&#8243; _module_preset=&#8221;default&#8221; text_font=&#8221;Poppins|600|||||||&#8221; text_text_color=&#8221;#FFFFFF&#8221; text_font_size=&#8221;16px&#8221; header_text_align=&#8221;left&#8221; header_4_font=&#8221;Barlow|600|||||||&#8221; header_4_text_color=&#8221;#FFFFFF&#8221; header_4_font_size=&#8221;16px&#8221; use_background_color_gradient=&#8221;on&#8221; background_color_gradient_stops=&#8221;rgba(171,121,112,0.68) 0%|rgba(171,121,112,0.6) 100%&#8221; background_color_gradient_overlays_image=&#8221;on&#8221; background_color_gradient_start=&#8221;rgba(0,0,0,0.4)&#8221; background_color_gradient_end=&#8221;rgba(0,0,0,0.4)&#8221; background_image=&#8221;https:\/\/www.voix-romane.com\/Site\/wp-content\/uploads\/2025\/05\/Miroir-de-Musique-Photo-Jean-Baptiste-Millot-1-scaled.jpg&#8221; transform_scale_linked__hover=&#8221;off&#8221; custom_margin=&#8221;||10px||false|false&#8221; custom_padding=&#8221;30px|10px|20px|10px|false|true&#8221; link_option_url=&#8221;https:\/\/www.billetweb.fr\/vox-feminae-le-miroir-de-musique&#8221; link_option_url_new_window=&#8221;on&#8221; text_font_size_tablet=&#8221;16px&#8221; text_font_size_phone=&#8221;14px&#8221; text_font_size_last_edited=&#8221;on|phone&#8221; header_4_font_size_last_edited=&#8221;off|tablet&#8221; text_text_shadow_style=&#8221;preset3&#8243; border_radii=&#8221;on|10px|10px|10px|10px&#8221; box_shadow_style=&#8221;preset3&#8243; global_colors_info=&#8221;{}&#8221; background__hover_enabled=&#8221;off|hover&#8221; background_color_gradient_start__hover=&#8221;rgba(0,0,0,0.25)&#8221; use_background_color_gradient__hover=&#8221;on&#8221; transform_styles__hover_enabled=&#8221;off|desktop&#8221; transform_scale__hover_enabled=&#8221;off|desktop&#8221; transform_translate__hover_enabled=&#8221;off|desktop&#8221; transform_rotate__hover_enabled=&#8221;off|desktop&#8221; transform_skew__hover_enabled=&#8221;off|desktop&#8221; transform_origin__hover_enabled=&#8221;off|desktop&#8221; content__hover_enabled=&#8221;off|hover&#8221; content__hover=&#8221;Gehen Sie auf Entdeckungsreise zu mittelalterlichen Manuskripten \u2192&#8221; custom_margin__hover_enabled=&#8221;off|desktop&#8221; custom_margin__hover=&#8221;0px||0px||false|false&#8221; transform_origin__hover=&#8221;50%|64%&#8221; transform_scale__hover=&#8221;115%|115%&#8221; background_color_gradient_stops__hover=&#8221;rgba(0,0,0,0.25) 0%|rgba(0,0,0,0.4) 100%&#8221;]<\/p>\n<h4>20 Uhr<br \/>Konzert<br \/>Chapelle Saint-\u00c9tienne <span>|<\/span> Strasbourg<\/h4>\n<p>[\/et_pb_text][et_pb_text _builder_version=&#8221;4.27.4&#8243; _module_preset=&#8221;default&#8221; text_font=&#8221;Barlow|500|||||||&#8221; text_text_color=&#8221;#000000&#8243; text_font_size=&#8221;16px&#8221; text_line_height=&#8221;1.3em&#8221; header_2_font=&#8221;Alata||||||||&#8221; header_2_font_size=&#8221;30px&#8221; header_2_letter_spacing=&#8221;2px&#8221; header_2_line_height=&#8221;1.2em&#8221; header_3_font=&#8221;Calps Light|600|||||||&#8221; header_3_text_color=&#8221;#d06728&#8243; header_3_font_size=&#8221;40px&#8221; header_3_line_height=&#8221;1.2em&#8221; header_4_text_color=&#8221;#144b97&#8243; header_4_font_size=&#8221;20px&#8221; background_enable_color=&#8221;off&#8221; background_enable_image=&#8221;off&#8221; background_size=&#8221;custom&#8221; background_image_width=&#8221;24%&#8221; background_position=&#8221;top_right&#8221; custom_padding=&#8221;0px|5px|0px|5px|false|false&#8221; text_font_size_tablet=&#8221;14px&#8221; text_font_size_phone=&#8221;14px&#8221; text_font_size_last_edited=&#8221;on|desktop&#8221; header_2_font_size_tablet=&#8221;40px&#8221; header_2_font_size_phone=&#8221;30px&#8221; header_2_font_size_last_edited=&#8221;on|phone&#8221; header_3_font_size_tablet=&#8221;35px&#8221; header_3_font_size_phone=&#8221;30px&#8221; header_3_font_size_last_edited=&#8221;on|desktop&#8221; header_4_font_size_tablet=&#8221;18px&#8221; header_4_font_size_phone=&#8221;18px&#8221; header_4_font_size_last_edited=&#8221;on|phone&#8221; inline_fonts=&#8221;Acme&#8221; global_colors_info=&#8221;{}&#8221;]<\/p>\n<p><span>Man stellt sich die Frauen des Mittelalters als Wesen vor, die vollst\u00e4ndig der Autorit\u00e4t der M\u00e4nner, V\u00e4ter, Ehem\u00e4nner und Priester unterworfen waren. In der Geschichte gibt es jedoch erstaunliche Frauen aus allen Schichten, die sich dieser Herrschaft entziehen konnten. <\/span><\/p>\n<p><span>&#8220;Vox Feminae&#8221;<br \/>Le Miroir de Musique<\/span><\/p>\n<p>[\/et_pb_text][et_pb_button button_url=&#8221;https:\/\/www.billetweb.fr\/vox-feminae-le-miroir-de-musique&#8221; url_new_window=&#8221;on&#8221; button_text=&#8221;Ticketverkauf&#8221; button_alignment=&#8221;left&#8221; _builder_version=&#8221;4.27.4&#8243; _module_preset=&#8221;default&#8221; custom_button=&#8221;on&#8221; button_text_size=&#8221;16px&#8221; button_text_color=&#8221;#ab7970&#8243; button_border_width=&#8221;0px&#8221; button_border_radius=&#8221;-2px&#8221; button_letter_spacing=&#8221;0px&#8221; button_font=&#8221;Barlow||||||||&#8221; button_icon=&#8221;&#xf3ff;||fa||900&#8243; button_icon_placement=&#8221;left&#8221; button_on_hover=&#8221;off&#8221; custom_margin=&#8221;-5px||0px||false|false&#8221; custom_margin_tablet=&#8221;-20px||||false|false&#8221; custom_margin_phone=&#8221;-20px||||false|false&#8221; custom_margin_last_edited=&#8221;on|phone&#8221; custom_padding=&#8221;0px||0px||false|false&#8221; button_text_size_tablet=&#8221;16px&#8221; button_text_size_phone=&#8221;14px&#8221; button_text_size_last_edited=&#8221;on|phone&#8221; global_colors_info=&#8221;{}&#8221;][\/et_pb_button][\/et_pb_column][\/et_pb_row][et_pb_row use_custom_gutter=&#8221;on&#8221; gutter_width=&#8221;2&#8243; module_id=&#8221;ottmarsheim&#8221; _builder_version=&#8221;4.27.4&#8243; _module_preset=&#8221;default&#8221; custom_padding=&#8221;0px||15px||false|false&#8221; global_colors_info=&#8221;{}&#8221;][et_pb_column type=&#8221;4_4&#8243; _builder_version=&#8221;4.27.4&#8243; _module_preset=&#8221;default&#8221; global_colors_info=&#8221;{}&#8221;][et_pb_text _builder_version=&#8221;4.27.4&#8243; _module_preset=&#8221;default&#8221; header_font=&#8221;Barlow||||||||&#8221; header_text_align=&#8221;left&#8221; header_font_size=&#8221;20px&#8221; background_color=&#8221;RGBA(255,255,255,0)&#8221; custom_padding=&#8221;10px||5px||false|false&#8221; header_font_size_tablet=&#8221;18px&#8221; header_font_size_phone=&#8221;18px&#8221; header_font_size_last_edited=&#8221;on|tablet&#8221; border_color_all=&#8221;#000000&#8243; border_width_bottom=&#8221;1px&#8221; global_colors_info=&#8221;{}&#8221;]<\/p>\n<h1>Samstag 13. September<\/h1>\n<p>[\/et_pb_text][\/et_pb_column][\/et_pb_row][et_pb_row column_structure=&#8221;1_3,1_3,1_3&#8243; use_custom_gutter=&#8221;on&#8221; gutter_width=&#8221;2&#8243; _builder_version=&#8221;4.27.4&#8243; _module_preset=&#8221;default&#8221; custom_padding=&#8221;0px||15px||false|false&#8221; global_colors_info=&#8221;{}&#8221;][et_pb_column type=&#8221;1_3&#8243; _builder_version=&#8221;4.27.4&#8243; _module_preset=&#8221;default&#8221; global_colors_info=&#8221;{}&#8221;][et_pb_text content_tablet=&#8221;<\/p>\n<p>F\u00fchrung<br \/>Biblioth\u00e8que humaniste<br \/>S\u00e9lestat<\/p>\n<p>&#8221; content_phone=&#8221;<\/p>\n<p>F\u00fchrung<br \/>Biblioth\u00e8que humaniste<br \/>S\u00e9lestat<\/p>\n<p>&#8221; content_last_edited=&#8221;off|desktop&#8221; admin_label=&#8221;Micro-\u00e9v\u00e8nement&#8221; _builder_version=&#8221;4.27.4&#8243; _module_preset=&#8221;default&#8221; text_font=&#8221;Poppins|600|||||||&#8221; text_text_color=&#8221;#FFFFFF&#8221; text_font_size=&#8221;16px&#8221; header_text_align=&#8221;left&#8221; header_4_font=&#8221;Barlow|600|||||||&#8221; header_4_text_color=&#8221;#FFFFFF&#8221; header_4_font_size=&#8221;16px&#8221; use_background_color_gradient=&#8221;on&#8221; background_color_gradient_stops=&#8221;rgba(0,0,0,0.5) 0%|rgba(0,0,0,0.5) 100%&#8221; background_color_gradient_overlays_image=&#8221;on&#8221; background_color_gradient_start=&#8221;rgba(0,0,0,0.4)&#8221; background_color_gradient_end=&#8221;rgba(0,0,0,0.4)&#8221; background_image=&#8221;https:\/\/www.voix-romane.com\/Site\/wp-content\/uploads\/2025\/05\/Atelier-vitraux-1.jpg&#8221; transform_scale_linked__hover=&#8221;off&#8221; custom_margin=&#8221;||10px||false|false&#8221; custom_padding=&#8221;30px|10px|20px|10px|false|true&#8221; link_option_url=&#8221;https:\/\/www.billetweb.fr\/atelier-artistique-vitraux-avec-mylene-billand&#8221; link_option_url_new_window=&#8221;on&#8221; text_font_size_tablet=&#8221;16px&#8221; text_font_size_phone=&#8221;14px&#8221; text_font_size_last_edited=&#8221;on|phone&#8221; header_4_font_size_last_edited=&#8221;off|tablet&#8221; text_text_shadow_style=&#8221;preset3&#8243; border_radii=&#8221;on|10px|10px|10px|10px&#8221; box_shadow_style=&#8221;preset3&#8243; global_colors_info=&#8221;{}&#8221; background__hover_enabled=&#8221;off|hover&#8221; background_color_gradient_start__hover=&#8221;rgba(0,0,0,0.25)&#8221; use_background_color_gradient__hover=&#8221;on&#8221; transform_styles__hover_enabled=&#8221;off|desktop&#8221; transform_scale__hover_enabled=&#8221;off|desktop&#8221; transform_translate__hover_enabled=&#8221;off|desktop&#8221; transform_rotate__hover_enabled=&#8221;off|desktop&#8221; transform_skew__hover_enabled=&#8221;off|desktop&#8221; transform_origin__hover_enabled=&#8221;off|desktop&#8221; content__hover_enabled=&#8221;off|hover&#8221; content__hover=&#8221;Gehen Sie auf Entdeckungsreise zu mittelalterlichen Manuskripten \u2192&#8221; custom_margin__hover_enabled=&#8221;off|desktop&#8221; custom_margin__hover=&#8221;0px||0px||false|false&#8221; transform_origin__hover=&#8221;50%|64%&#8221; transform_scale__hover=&#8221;115%|115%&#8221; background_color_gradient_stops__hover=&#8221;rgba(0,0,0,0.25) 0%|rgba(0,0,0,0.4) 100%&#8221;]<\/p>\n<h4>11 Uhr<br \/>Workshop Glasmalerei<br \/>Maison du Patrimoine <span>|<\/span> Ottmarsheim<\/h4>\n<p>[\/et_pb_text][et_pb_text _builder_version=&#8221;4.27.4&#8243; _module_preset=&#8221;default&#8221; text_font=&#8221;Barlow|500|||||||&#8221; text_text_color=&#8221;#000000&#8243; text_font_size=&#8221;16px&#8221; text_line_height=&#8221;1.3em&#8221; header_2_font=&#8221;Alata||||||||&#8221; header_2_font_size=&#8221;30px&#8221; header_2_letter_spacing=&#8221;2px&#8221; header_2_line_height=&#8221;1.2em&#8221; header_3_font=&#8221;Calps Light|600|||||||&#8221; header_3_text_color=&#8221;#d06728&#8243; header_3_font_size=&#8221;40px&#8221; header_3_line_height=&#8221;1.2em&#8221; header_4_text_color=&#8221;#144b97&#8243; header_4_font_size=&#8221;20px&#8221; background_enable_color=&#8221;off&#8221; background_enable_image=&#8221;off&#8221; background_size=&#8221;custom&#8221; background_image_width=&#8221;24%&#8221; background_position=&#8221;top_right&#8221; custom_padding=&#8221;0px|5px|0px|5px|false|false&#8221; text_font_size_tablet=&#8221;14px&#8221; text_font_size_phone=&#8221;14px&#8221; text_font_size_last_edited=&#8221;on|desktop&#8221; header_2_font_size_tablet=&#8221;40px&#8221; header_2_font_size_phone=&#8221;30px&#8221; header_2_font_size_last_edited=&#8221;on|phone&#8221; header_3_font_size_tablet=&#8221;35px&#8221; header_3_font_size_phone=&#8221;30px&#8221; header_3_font_size_last_edited=&#8221;on|desktop&#8221; header_4_font_size_tablet=&#8221;18px&#8221; header_4_font_size_phone=&#8221;18px&#8221; header_4_font_size_last_edited=&#8221;on|phone&#8221; inline_fonts=&#8221;Acme&#8221; global_colors_info=&#8221;{}&#8221;]<\/p>\n<p>Myl\u00e8ne Billand bietet einen Workshop zur Einf\u00fchrung in die handwerkliche Herstellung von Buntglasfenstern an.<\/p>\n<p>[\/et_pb_text][et_pb_button button_url=&#8221;https:\/\/www.billetweb.fr\/atelier-artistique-vitraux-avec-mylene-billand&#8221; url_new_window=&#8221;on&#8221; button_text=&#8221;Ticketverkauf&#8221; button_alignment=&#8221;left&#8221; _builder_version=&#8221;4.27.4&#8243; _module_preset=&#8221;default&#8221; custom_button=&#8221;on&#8221; button_text_size=&#8221;16px&#8221; button_text_color=&#8221;#000000&#8243; button_border_width=&#8221;0px&#8221; button_border_radius=&#8221;-2px&#8221; button_letter_spacing=&#8221;0px&#8221; button_font=&#8221;Barlow||||||||&#8221; button_icon=&#8221;&#xf3ff;||fa||900&#8243; button_icon_placement=&#8221;left&#8221; button_on_hover=&#8221;off&#8221; custom_margin=&#8221;-5px||0px||false|false&#8221; custom_margin_tablet=&#8221;-20px||||false|false&#8221; custom_margin_phone=&#8221;-20px||||false|false&#8221; custom_margin_last_edited=&#8221;on|phone&#8221; custom_padding=&#8221;0px||0px||false|false&#8221; button_text_size_tablet=&#8221;16px&#8221; button_text_size_phone=&#8221;14px&#8221; button_text_size_last_edited=&#8221;on|phone&#8221; global_colors_info=&#8221;{}&#8221;][\/et_pb_button][\/et_pb_column][et_pb_column type=&#8221;1_3&#8243; _builder_version=&#8221;4.27.4&#8243; _module_preset=&#8221;default&#8221; global_colors_info=&#8221;{}&#8221;][et_pb_text content_tablet=&#8221;<\/p>\n<p>F\u00fchrung<br \/>Biblioth\u00e8que humaniste<br \/>S\u00e9lestat<\/p>\n<p>&#8221; content_phone=&#8221;<\/p>\n<p>F\u00fchrung<br \/>Biblioth\u00e8que humaniste<br \/>S\u00e9lestat<\/p>\n<p>&#8221; content_last_edited=&#8221;off|desktop&#8221; admin_label=&#8221;Micro-\u00e9v\u00e8nement&#8221; _builder_version=&#8221;4.27.4&#8243; _module_preset=&#8221;default&#8221; text_font=&#8221;Poppins|600|||||||&#8221; text_text_color=&#8221;#FFFFFF&#8221; text_font_size=&#8221;16px&#8221; header_text_align=&#8221;left&#8221; header_4_font=&#8221;Barlow|600|||||||&#8221; header_4_text_color=&#8221;#FFFFFF&#8221; header_4_font_size=&#8221;16px&#8221; background_enable_color=&#8221;off&#8221; use_background_color_gradient=&#8221;on&#8221; background_color_gradient_stops=&#8221;rgba(20,75,151,0.6) 0%|rgba(20,75,151,0.6) 100%&#8221; background_color_gradient_overlays_image=&#8221;on&#8221; background_color_gradient_start=&#8221;rgba(0,0,0,0.4)&#8221; background_color_gradient_end=&#8221;rgba(0,0,0,0.4)&#8221; background_image=&#8221;https:\/\/www.voix-romane.com\/Site\/wp-content\/uploads\/2025\/05\/concert-de-poche-les-conquetes-de-lhomme-arme-1.jpg&#8221; transform_scale_linked__hover=&#8221;off&#8221; custom_margin=&#8221;||10px||false|false&#8221; custom_padding=&#8221;30px|10px|20px|10px|false|true&#8221; link_option_url=&#8221;https:\/\/www.billetweb.fr\/concert-de-poche-les-conquetes-de-lhomme-arme&#8221; link_option_url_new_window=&#8221;on&#8221; text_font_size_tablet=&#8221;16px&#8221; text_font_size_phone=&#8221;14px&#8221; text_font_size_last_edited=&#8221;on|phone&#8221; header_4_font_size_last_edited=&#8221;off|tablet&#8221; text_text_shadow_style=&#8221;preset3&#8243; border_radii=&#8221;on|10px|10px|10px|10px&#8221; box_shadow_style=&#8221;preset3&#8243; global_colors_info=&#8221;{}&#8221; background__hover_enabled=&#8221;off|hover&#8221; background_color_gradient_start__hover=&#8221;rgba(0,0,0,0.25)&#8221; use_background_color_gradient__hover=&#8221;on&#8221; transform_styles__hover_enabled=&#8221;off|desktop&#8221; transform_scale__hover_enabled=&#8221;off|desktop&#8221; transform_translate__hover_enabled=&#8221;off|desktop&#8221; transform_rotate__hover_enabled=&#8221;off|desktop&#8221; transform_skew__hover_enabled=&#8221;off|desktop&#8221; transform_origin__hover_enabled=&#8221;off|desktop&#8221; content__hover_enabled=&#8221;off|hover&#8221; content__hover=&#8221;Gehen Sie auf Entdeckungsreise zu mittelalterlichen Manuskripten \u2192&#8221; custom_margin__hover_enabled=&#8221;off|desktop&#8221; custom_margin__hover=&#8221;0px||0px||false|false&#8221; transform_origin__hover=&#8221;50%|64%&#8221; transform_scale__hover=&#8221;115%|115%&#8221; background_color_gradient_stops__hover=&#8221;rgba(0,0,0,0.25) 0%|rgba(0,0,0,0.4) 100%&#8221;]<\/p>\n<h4>15 Uhr<br \/>Taschenkonzert<br \/>Abbatiale Sts-Pierre-et-Paul <span>|<\/span> Ottmarsheim<\/h4>\n<p>[\/et_pb_text][et_pb_text _builder_version=&#8221;4.27.4&#8243; _module_preset=&#8221;default&#8221; text_font=&#8221;Barlow|500|||||||&#8221; text_text_color=&#8221;#000000&#8243; text_font_size=&#8221;16px&#8221; text_line_height=&#8221;1.3em&#8221; header_2_font=&#8221;Alata||||||||&#8221; header_2_font_size=&#8221;30px&#8221; header_2_letter_spacing=&#8221;2px&#8221; header_2_line_height=&#8221;1.2em&#8221; header_3_font=&#8221;Calps Light|600|||||||&#8221; header_3_text_color=&#8221;#d06728&#8243; header_3_font_size=&#8221;40px&#8221; header_3_line_height=&#8221;1.2em&#8221; header_4_text_color=&#8221;#144b97&#8243; header_4_font_size=&#8221;20px&#8221; background_enable_color=&#8221;off&#8221; background_enable_image=&#8221;off&#8221; background_size=&#8221;custom&#8221; background_image_width=&#8221;24%&#8221; background_position=&#8221;top_right&#8221; custom_padding=&#8221;0px|5px|0px|5px|false|false&#8221; text_font_size_tablet=&#8221;14px&#8221; text_font_size_phone=&#8221;14px&#8221; text_font_size_last_edited=&#8221;on|desktop&#8221; header_2_font_size_tablet=&#8221;40px&#8221; header_2_font_size_phone=&#8221;30px&#8221; header_2_font_size_last_edited=&#8221;on|phone&#8221; header_3_font_size_tablet=&#8221;35px&#8221; header_3_font_size_phone=&#8221;30px&#8221; header_3_font_size_last_edited=&#8221;on|desktop&#8221; header_4_font_size_tablet=&#8221;18px&#8221; header_4_font_size_phone=&#8221;18px&#8221; header_4_font_size_last_edited=&#8221;on|phone&#8221; inline_fonts=&#8221;Acme&#8221; global_colors_info=&#8221;{}&#8221;]<\/p>\n<p>Drei strahlende Musikerinnen aus Lyon &#8211; Fl\u00f6ten, Gambe und gotische Harfe &#8211; stellen sich in den Dienst eines humorvollen musikalischen M\u00e4rchens, das zwischen Erz\u00e4hlung und mittelalterlicher Musik die Machtspiele von Liebe und Krieg entwickelt und sich allm\u00e4hlich zu einem verbl\u00fcffend aktuellen Thema \u00f6ffnet.<\/p>\n<p>\u201eLes conqu\u00eates de l&#8217;homme arm\u00e9\u201c mit Ecco la Primavera<\/p>\n<p>[\/et_pb_text][et_pb_button button_url=&#8221;https:\/\/www.billetweb.fr\/concert-de-poche-les-conquetes-de-lhomme-arme&#8221; url_new_window=&#8221;on&#8221; button_text=&#8221;Ticketverkauf&#8221; button_alignment=&#8221;left&#8221; _builder_version=&#8221;4.27.4&#8243; _module_preset=&#8221;default&#8221; custom_button=&#8221;on&#8221; button_text_size=&#8221;16px&#8221; button_text_color=&#8221;#144b97&#8243; button_border_width=&#8221;0px&#8221; button_border_radius=&#8221;-2px&#8221; button_letter_spacing=&#8221;0px&#8221; button_font=&#8221;Barlow||||||||&#8221; button_icon=&#8221;&#xf3ff;||fa||900&#8243; button_icon_placement=&#8221;left&#8221; button_on_hover=&#8221;off&#8221; custom_margin=&#8221;-5px||0px||false|false&#8221; custom_margin_tablet=&#8221;-20px||||false|false&#8221; custom_margin_phone=&#8221;-20px||||false|false&#8221; custom_margin_last_edited=&#8221;on|phone&#8221; custom_padding=&#8221;0px||0px||false|false&#8221; button_text_size_tablet=&#8221;16px&#8221; button_text_size_phone=&#8221;14px&#8221; button_text_size_last_edited=&#8221;on|phone&#8221; global_colors_info=&#8221;{}&#8221;][\/et_pb_button][\/et_pb_column][et_pb_column type=&#8221;1_3&#8243; _builder_version=&#8221;4.27.4&#8243; _module_preset=&#8221;default&#8221; global_colors_info=&#8221;{}&#8221;][et_pb_text content_tablet=&#8221;<\/p>\n<p>F\u00fchrung<br \/>Biblioth\u00e8que humaniste<br \/>S\u00e9lestat<\/p>\n<p>&#8221; content_phone=&#8221;<\/p>\n<p>F\u00fchrung<br \/>Biblioth\u00e8que humaniste<br \/>S\u00e9lestat<\/p>\n<p>&#8221; content_last_edited=&#8221;off|desktop&#8221; admin_label=&#8221;Micro-\u00e9v\u00e8nement&#8221; _builder_version=&#8221;4.27.4&#8243; _module_preset=&#8221;default&#8221; text_font=&#8221;Poppins|600|||||||&#8221; text_text_color=&#8221;#FFFFFF&#8221; text_font_size=&#8221;16px&#8221; header_text_align=&#8221;left&#8221; header_4_font=&#8221;Barlow|600|||||||&#8221; header_4_text_color=&#8221;#FFFFFF&#8221; header_4_font_size=&#8221;16px&#8221; use_background_color_gradient=&#8221;on&#8221; background_color_gradient_stops=&#8221;rgba(124,64,90,0.78) 0%|rgba(124,64,90,0.7) 100%&#8221; background_color_gradient_overlays_image=&#8221;on&#8221; background_color_gradient_start=&#8221;rgba(0,0,0,0.4)&#8221; background_color_gradient_end=&#8221;rgba(0,0,0,0.4)&#8221; background_image=&#8221;https:\/\/www.voix-romane.com\/Site\/wp-content\/uploads\/2025\/05\/Comet-Musicke-076-Grande.jpeg&#8221; transform_scale_linked__hover=&#8221;off&#8221; custom_margin=&#8221;||10px||false|false&#8221; custom_padding=&#8221;30px|10px|20px|10px|false|true&#8221; link_option_url=&#8221;https:\/\/www.billetweb.fr\/lecon-de-musique-medievale-avec-lensemble-comet-musicke&#8221; link_option_url_new_window=&#8221;on&#8221; text_font_size_tablet=&#8221;16px&#8221; text_font_size_phone=&#8221;14px&#8221; text_font_size_last_edited=&#8221;on|phone&#8221; header_4_font_size_last_edited=&#8221;off|tablet&#8221; text_text_shadow_style=&#8221;preset3&#8243; border_radii=&#8221;on|10px|10px|10px|10px&#8221; box_shadow_style=&#8221;preset3&#8243; global_colors_info=&#8221;{}&#8221; background__hover_enabled=&#8221;off|hover&#8221; background_color_gradient_start__hover=&#8221;rgba(0,0,0,0.25)&#8221; use_background_color_gradient__hover=&#8221;on&#8221; transform_styles__hover_enabled=&#8221;off|desktop&#8221; transform_scale__hover_enabled=&#8221;off|desktop&#8221; transform_translate__hover_enabled=&#8221;off|desktop&#8221; transform_rotate__hover_enabled=&#8221;off|desktop&#8221; transform_skew__hover_enabled=&#8221;off|desktop&#8221; transform_origin__hover_enabled=&#8221;off|desktop&#8221; content__hover_enabled=&#8221;off|hover&#8221; content__hover=&#8221;Gehen Sie auf Entdeckungsreise zu mittelalterlichen Manuskripten \u2192&#8221; custom_margin__hover_enabled=&#8221;off|desktop&#8221; custom_margin__hover=&#8221;0px||0px||false|false&#8221; transform_origin__hover=&#8221;50%|64%&#8221; transform_scale__hover=&#8221;115%|115%&#8221; background_color_gradient_stops__hover=&#8221;rgba(0,0,0,0.25) 0%|rgba(0,0,0,0.4) 100%&#8221;]<\/p>\n<h4>16.30 Uhr<br \/>Musikstunde<br \/>Abbatiale Sts-Pierre-et-Paul <span>|<\/span> Ottmarsheim<\/h4>\n<p>[\/et_pb_text][et_pb_text _builder_version=&#8221;4.27.4&#8243; _module_preset=&#8221;default&#8221; text_font=&#8221;Barlow|500|||||||&#8221; text_text_color=&#8221;#000000&#8243; text_font_size=&#8221;16px&#8221; text_line_height=&#8221;1.3em&#8221; header_2_font=&#8221;Alata||||||||&#8221; header_2_font_size=&#8221;30px&#8221; header_2_letter_spacing=&#8221;2px&#8221; header_2_line_height=&#8221;1.2em&#8221; header_3_font=&#8221;Calps Light|600|||||||&#8221; header_3_text_color=&#8221;#d06728&#8243; header_3_font_size=&#8221;40px&#8221; header_3_line_height=&#8221;1.2em&#8221; header_4_text_color=&#8221;#144b97&#8243; header_4_font_size=&#8221;20px&#8221; background_enable_color=&#8221;off&#8221; background_enable_image=&#8221;off&#8221; background_size=&#8221;custom&#8221; background_image_width=&#8221;24%&#8221; background_position=&#8221;top_right&#8221; custom_padding=&#8221;0px|5px|0px|5px|false|false&#8221; text_font_size_tablet=&#8221;14px&#8221; text_font_size_phone=&#8221;14px&#8221; text_font_size_last_edited=&#8221;on|desktop&#8221; header_2_font_size_tablet=&#8221;40px&#8221; header_2_font_size_phone=&#8221;30px&#8221; header_2_font_size_last_edited=&#8221;on|phone&#8221; header_3_font_size_tablet=&#8221;35px&#8221; header_3_font_size_phone=&#8221;30px&#8221; header_3_font_size_last_edited=&#8221;on|desktop&#8221; header_4_font_size_tablet=&#8221;18px&#8221; header_4_font_size_phone=&#8221;18px&#8221; header_4_font_size_last_edited=&#8221;on|phone&#8221; inline_fonts=&#8221;Acme&#8221; global_colors_info=&#8221;{}&#8221;]<\/p>\n<p><span>Privilegierte Begegnung mit dem Ensemble Comet Musicke, das alles auspackt und uns eine Musikstunde ohne Chichi bietet: Erfahren Sie mehr \u00fcber den historischen Hintergrund des Programms, die alten Instrumente und die Hintergr\u00fcnde der musikalischen Arbeit. Eine Zeit des Austauschs mit Demonstrationen und Ausschnitten, um einen besseren Einblick in die Welt des Konzerts zu erhalten.<\/span><\/p>\n<div id=\"description_block\" class=\"page_block event module not_sortable\">\n<div class=\"ckeditor_block\">\n<div id=\"description\" class=\"ckeditor_content ckeditor_editable\"><\/div>\n<\/div>\n<\/div>\n<p>[\/et_pb_text][et_pb_button button_url=&#8221;https:\/\/www.billetweb.fr\/lecon-de-musique-medievale-avec-lensemble-comet-musicke&#8221; url_new_window=&#8221;on&#8221; button_text=&#8221;Reservierung&#8221; button_alignment=&#8221;left&#8221; _builder_version=&#8221;4.27.4&#8243; _module_preset=&#8221;default&#8221; custom_button=&#8221;on&#8221; button_text_size=&#8221;16px&#8221; button_text_color=&#8221;#7c405a&#8221; button_border_width=&#8221;0px&#8221; button_border_radius=&#8221;-2px&#8221; button_letter_spacing=&#8221;0px&#8221; button_font=&#8221;Barlow||||||||&#8221; button_icon=&#8221;&#xf3ff;||fa||900&#8243; button_icon_placement=&#8221;left&#8221; button_on_hover=&#8221;off&#8221; custom_margin=&#8221;-5px||0px||false|false&#8221; custom_margin_tablet=&#8221;-20px||||false|false&#8221; custom_margin_phone=&#8221;-20px||||false|false&#8221; custom_margin_last_edited=&#8221;on|phone&#8221; custom_padding=&#8221;0px||0px||false|false&#8221; button_text_size_tablet=&#8221;16px&#8221; button_text_size_phone=&#8221;14px&#8221; button_text_size_last_edited=&#8221;on|phone&#8221; global_colors_info=&#8221;{}&#8221;][\/et_pb_button][\/et_pb_column][\/et_pb_row][et_pb_row column_structure=&#8221;1_3,1_3,1_3&#8243; use_custom_gutter=&#8221;on&#8221; gutter_width=&#8221;2&#8243; _builder_version=&#8221;4.27.4&#8243; _module_preset=&#8221;default&#8221; custom_padding=&#8221;0px||15px||false|false&#8221; global_colors_info=&#8221;{}&#8221;][et_pb_column type=&#8221;1_3&#8243; _builder_version=&#8221;4.27.4&#8243; _module_preset=&#8221;default&#8221; global_colors_info=&#8221;{}&#8221;][et_pb_text content_tablet=&#8221;<\/p>\n<p>F\u00fchrung<br \/>Biblioth\u00e8que humaniste<br \/>S\u00e9lestat<\/p>\n<p>&#8221; content_phone=&#8221;<\/p>\n<p>F\u00fchrung<br \/>Biblioth\u00e8que humaniste<br \/>S\u00e9lestat<\/p>\n<p>&#8221; content_last_edited=&#8221;off|desktop&#8221; admin_label=&#8221;Micro-\u00e9v\u00e8nement&#8221; _builder_version=&#8221;4.27.4&#8243; _module_preset=&#8221;default&#8221; text_font=&#8221;Poppins|600|||||||&#8221; text_text_color=&#8221;#FFFFFF&#8221; text_font_size=&#8221;16px&#8221; header_text_align=&#8221;left&#8221; header_4_font=&#8221;Barlow|600|||||||&#8221; header_4_text_color=&#8221;#FFFFFF&#8221; header_4_font_size=&#8221;16px&#8221; use_background_color_gradient=&#8221;on&#8221; background_color_gradient_stops=&#8221;rgba(171,121,112,0.68) 0%|rgba(171,121,112,0.6) 100%&#8221; background_color_gradient_overlays_image=&#8221;on&#8221; background_color_gradient_start=&#8221;rgba(0,0,0,0.4)&#8221; background_color_gradient_end=&#8221;rgba(0,0,0,0.4)&#8221; background_image=&#8221;https:\/\/www.voix-romane.com\/Site\/wp-content\/uploads\/2025\/05\/Comet-Musicke-Photo-Comet-Musicke-2-scaled.jpg&#8221; transform_scale_linked__hover=&#8221;off&#8221; custom_margin=&#8221;||10px||false|false&#8221; custom_padding=&#8221;30px|10px|20px|10px|false|true&#8221; link_option_url=&#8221;https:\/\/www.billetweb.fr\/consonances-imparfaites-comet-musicke&#8221; link_option_url_new_window=&#8221;on&#8221; text_font_size_tablet=&#8221;16px&#8221; text_font_size_phone=&#8221;14px&#8221; text_font_size_last_edited=&#8221;on|phone&#8221; header_4_font_size_last_edited=&#8221;off|tablet&#8221; text_text_shadow_style=&#8221;preset3&#8243; border_radii=&#8221;on|10px|10px|10px|10px&#8221; box_shadow_style=&#8221;preset3&#8243; global_colors_info=&#8221;{}&#8221; background__hover_enabled=&#8221;off|hover&#8221; background_color_gradient_start__hover=&#8221;rgba(0,0,0,0.25)&#8221; use_background_color_gradient__hover=&#8221;on&#8221; transform_styles__hover_enabled=&#8221;off|desktop&#8221; transform_scale__hover_enabled=&#8221;off|desktop&#8221; transform_translate__hover_enabled=&#8221;off|desktop&#8221; transform_rotate__hover_enabled=&#8221;off|desktop&#8221; transform_skew__hover_enabled=&#8221;off|desktop&#8221; transform_origin__hover_enabled=&#8221;off|desktop&#8221; content__hover_enabled=&#8221;off|hover&#8221; content__hover=&#8221;Gehen Sie auf Entdeckungsreise zu mittelalterlichen Manuskripten \u2192&#8221; custom_margin__hover_enabled=&#8221;off|desktop&#8221; custom_margin__hover=&#8221;0px||0px||false|false&#8221; transform_origin__hover=&#8221;50%|64%&#8221; transform_scale__hover=&#8221;115%|115%&#8221; background_color_gradient_stops__hover=&#8221;rgba(0,0,0,0.25) 0%|rgba(0,0,0,0.4) 100%&#8221;]<\/p>\n<h4>18 Uhr<br \/>Konzert<br \/>Abbatiale Sts-Pierre-et-Paul <span>|<\/span> Ottmarsheim<\/h4>\n<p>[\/et_pb_text][et_pb_text _builder_version=&#8221;4.27.4&#8243; _module_preset=&#8221;default&#8221; text_font=&#8221;Barlow|500|||||||&#8221; text_text_color=&#8221;#000000&#8243; text_font_size=&#8221;16px&#8221; text_line_height=&#8221;1.3em&#8221; header_2_font=&#8221;Alata||||||||&#8221; header_2_font_size=&#8221;30px&#8221; header_2_letter_spacing=&#8221;2px&#8221; header_2_line_height=&#8221;1.2em&#8221; header_3_font=&#8221;Calps Light|600|||||||&#8221; header_3_text_color=&#8221;#d06728&#8243; header_3_font_size=&#8221;40px&#8221; header_3_line_height=&#8221;1.2em&#8221; header_4_text_color=&#8221;#144b97&#8243; header_4_font_size=&#8221;20px&#8221; background_enable_color=&#8221;off&#8221; background_enable_image=&#8221;off&#8221; background_size=&#8221;custom&#8221; background_image_width=&#8221;24%&#8221; background_position=&#8221;top_right&#8221; custom_padding=&#8221;0px|5px|0px|5px|false|false&#8221; text_font_size_tablet=&#8221;14px&#8221; text_font_size_phone=&#8221;14px&#8221; text_font_size_last_edited=&#8221;on|desktop&#8221; header_2_font_size_tablet=&#8221;40px&#8221; header_2_font_size_phone=&#8221;30px&#8221; header_2_font_size_last_edited=&#8221;on|phone&#8221; header_3_font_size_tablet=&#8221;35px&#8221; header_3_font_size_phone=&#8221;30px&#8221; header_3_font_size_last_edited=&#8221;on|desktop&#8221; header_4_font_size_tablet=&#8221;18px&#8221; header_4_font_size_phone=&#8221;18px&#8221; header_4_font_size_last_edited=&#8221;on|phone&#8221; inline_fonts=&#8221;Acme&#8221; global_colors_info=&#8221;{}&#8221;]<\/p>\n<p data-start=\"0\" data-end=\"230\">Lange vor dem Rest Europas sangen britische Musiker mehrstimmig und erfanden einen weichen Klang, der die Musikgeschichte umkrempeln sollte &#8211; Comet Musicke l\u00e4sst Sie dieses einzigartige polyphone Abenteuer wieder aufleben.<\/p>\n<p data-start=\"0\" data-end=\"230\">&#8220;Consonances imparfaites&#8221;<br \/>Ensemble Comet Musicke<\/p>\n<p>[\/et_pb_text][et_pb_button button_url=&#8221;https:\/\/www.billetweb.fr\/consonances-imparfaites-comet-musicke&#8221; url_new_window=&#8221;on&#8221; button_text=&#8221;Ticketverkauf&#8221; button_alignment=&#8221;left&#8221; _builder_version=&#8221;4.27.4&#8243; _module_preset=&#8221;default&#8221; custom_button=&#8221;on&#8221; button_text_size=&#8221;16px&#8221; button_text_color=&#8221;#ab7970&#8243; button_border_width=&#8221;0px&#8221; button_border_radius=&#8221;-2px&#8221; button_letter_spacing=&#8221;0px&#8221; button_font=&#8221;Barlow||||||||&#8221; button_icon=&#8221;&#xf3ff;||fa||900&#8243; button_icon_placement=&#8221;left&#8221; button_on_hover=&#8221;off&#8221; custom_margin=&#8221;-5px||0px||false|false&#8221; custom_margin_tablet=&#8221;-20px||||false|false&#8221; custom_margin_phone=&#8221;-20px||||false|false&#8221; custom_margin_last_edited=&#8221;on|phone&#8221; custom_padding=&#8221;0px||0px||false|false&#8221; button_text_size_tablet=&#8221;16px&#8221; button_text_size_phone=&#8221;14px&#8221; button_text_size_last_edited=&#8221;on|phone&#8221; global_colors_info=&#8221;{}&#8221;][\/et_pb_button][\/et_pb_column][et_pb_column type=&#8221;1_3&#8243; _builder_version=&#8221;4.27.4&#8243; _module_preset=&#8221;default&#8221; global_colors_info=&#8221;{}&#8221;][\/et_pb_column][et_pb_column type=&#8221;1_3&#8243; _builder_version=&#8221;4.27.4&#8243; _module_preset=&#8221;default&#8221; global_colors_info=&#8221;{}&#8221;][\/et_pb_column][\/et_pb_row][et_pb_row use_custom_gutter=&#8221;on&#8221; gutter_width=&#8221;2&#8243; module_id=&#8221;andlau&#8221; _builder_version=&#8221;4.27.4&#8243; _module_preset=&#8221;default&#8221; custom_padding=&#8221;0px||15px||false|false&#8221; global_colors_info=&#8221;{}&#8221;][et_pb_column type=&#8221;4_4&#8243; _builder_version=&#8221;4.27.4&#8243; _module_preset=&#8221;default&#8221; global_colors_info=&#8221;{}&#8221;][et_pb_text _builder_version=&#8221;4.27.4&#8243; _module_preset=&#8221;default&#8221; header_font=&#8221;Barlow||||||||&#8221; header_text_align=&#8221;left&#8221; header_font_size=&#8221;20px&#8221; background_color=&#8221;RGBA(255,255,255,0)&#8221; custom_padding=&#8221;10px||5px||false|false&#8221; header_font_size_tablet=&#8221;18px&#8221; header_font_size_phone=&#8221;18px&#8221; header_font_size_last_edited=&#8221;on|tablet&#8221; border_color_all=&#8221;#000000&#8243; border_width_bottom=&#8221;1px&#8221; global_colors_info=&#8221;{}&#8221;]<\/p>\n<h1>Sonntag 14. September<\/h1>\n<p>[\/et_pb_text][\/et_pb_column][\/et_pb_row][et_pb_row column_structure=&#8221;1_3,1_3,1_3&#8243; use_custom_gutter=&#8221;on&#8221; gutter_width=&#8221;2&#8243; _builder_version=&#8221;4.27.4&#8243; _module_preset=&#8221;default&#8221; custom_padding=&#8221;0px||15px||false|false&#8221; global_colors_info=&#8221;{}&#8221;][et_pb_column type=&#8221;1_3&#8243; _builder_version=&#8221;4.27.4&#8243; _module_preset=&#8221;default&#8221; global_colors_info=&#8221;{}&#8221;][et_pb_text content_tablet=&#8221;<\/p>\n<p>F\u00fchrung<br \/>Biblioth\u00e8que humaniste<br \/>S\u00e9lestat<\/p>\n<p>&#8221; content_phone=&#8221;<\/p>\n<p>F\u00fchrung<br \/>Biblioth\u00e8que humaniste<br \/>S\u00e9lestat<\/p>\n<p>&#8221; content_last_edited=&#8221;off|desktop&#8221; admin_label=&#8221;Micro-\u00e9v\u00e8nement&#8221; _builder_version=&#8221;4.27.4&#8243; _module_preset=&#8221;default&#8221; text_font=&#8221;Poppins|600|||||||&#8221; text_text_color=&#8221;#FFFFFF&#8221; text_font_size=&#8221;16px&#8221; header_text_align=&#8221;left&#8221; header_4_font=&#8221;Barlow|600|||||||&#8221; header_4_text_color=&#8221;#FFFFFF&#8221; header_4_font_size=&#8221;16px&#8221; use_background_color_gradient=&#8221;on&#8221; background_color_gradient_stops=&#8221;rgba(0,0,0,0.5) 0%|rgba(0,0,0,0.5) 100%&#8221; background_color_gradient_overlays_image=&#8221;on&#8221; background_color_gradient_start=&#8221;rgba(0,0,0,0.4)&#8221; background_color_gradient_end=&#8221;rgba(0,0,0,0.4)&#8221; background_image=&#8221;https:\/\/www.voix-romane.com\/Site\/wp-content\/uploads\/2025\/05\/Atelier-chant-gregorien-1024&#215;768.jpg&#8221; transform_scale_linked__hover=&#8221;off&#8221; custom_margin=&#8221;||10px||false|false&#8221; custom_padding=&#8221;30px|10px|20px|10px|false|true&#8221; link_option_url=&#8221;https:\/\/www.billetweb.fr\/atelier-artistique-chant-gregorien-avec-caroline-magalh-es&#8221; link_option_url_new_window=&#8221;on&#8221; text_font_size_tablet=&#8221;16px&#8221; text_font_size_phone=&#8221;14px&#8221; text_font_size_last_edited=&#8221;on|phone&#8221; header_4_font_size_last_edited=&#8221;off|tablet&#8221; text_text_shadow_style=&#8221;preset3&#8243; border_radii=&#8221;on|10px|10px|10px|10px&#8221; box_shadow_style=&#8221;preset3&#8243; global_colors_info=&#8221;{}&#8221; background__hover_enabled=&#8221;off|hover&#8221; background_color_gradient_start__hover=&#8221;rgba(0,0,0,0.25)&#8221; use_background_color_gradient__hover=&#8221;on&#8221; transform_styles__hover_enabled=&#8221;off|desktop&#8221; transform_scale__hover_enabled=&#8221;off|desktop&#8221; transform_translate__hover_enabled=&#8221;off|desktop&#8221; transform_rotate__hover_enabled=&#8221;off|desktop&#8221; transform_skew__hover_enabled=&#8221;off|desktop&#8221; transform_origin__hover_enabled=&#8221;off|desktop&#8221; content__hover_enabled=&#8221;off|hover&#8221; content__hover=&#8221;Gehen Sie auf Entdeckungsreise zu mittelalterlichen Manuskripten \u2192&#8221; custom_margin__hover_enabled=&#8221;off|desktop&#8221; custom_margin__hover=&#8221;0px||0px||false|false&#8221; transform_origin__hover=&#8221;50%|64%&#8221; transform_scale__hover=&#8221;115%|115%&#8221; background_color_gradient_stops__hover=&#8221;rgba(0,0,0,0.25) 0%|rgba(0,0,0,0.4) 100%&#8221;]<\/p>\n<h4>10.30 Uhr<br \/>Workshop Gregorianischer Gesang<br \/>Chapelle Sainte-Marguerite <span>|<\/span> Epfig<\/h4>\n<p>[\/et_pb_text][et_pb_text _builder_version=&#8221;4.27.4&#8243; _module_preset=&#8221;default&#8221; text_font=&#8221;Barlow|500|||||||&#8221; text_text_color=&#8221;#000000&#8243; text_font_size=&#8221;16px&#8221; text_line_height=&#8221;1.3em&#8221; header_2_font=&#8221;Alata||||||||&#8221; header_2_font_size=&#8221;30px&#8221; header_2_letter_spacing=&#8221;2px&#8221; header_2_line_height=&#8221;1.2em&#8221; header_3_font=&#8221;Calps Light|600|||||||&#8221; header_3_text_color=&#8221;#d06728&#8243; header_3_font_size=&#8221;40px&#8221; header_3_line_height=&#8221;1.2em&#8221; header_4_text_color=&#8221;#144b97&#8243; header_4_font_size=&#8221;20px&#8221; background_enable_color=&#8221;off&#8221; background_enable_image=&#8221;off&#8221; background_size=&#8221;custom&#8221; background_image_width=&#8221;24%&#8221; background_position=&#8221;top_right&#8221; custom_padding=&#8221;0px|5px|0px|5px|false|false&#8221; text_font_size_tablet=&#8221;14px&#8221; text_font_size_phone=&#8221;14px&#8221; text_font_size_last_edited=&#8221;on|desktop&#8221; header_2_font_size_tablet=&#8221;40px&#8221; header_2_font_size_phone=&#8221;30px&#8221; header_2_font_size_last_edited=&#8221;on|phone&#8221; header_3_font_size_tablet=&#8221;35px&#8221; header_3_font_size_phone=&#8221;30px&#8221; header_3_font_size_last_edited=&#8221;on|desktop&#8221; header_4_font_size_tablet=&#8221;18px&#8221; header_4_font_size_phone=&#8221;18px&#8221; header_4_font_size_last_edited=&#8221;on|phone&#8221; inline_fonts=&#8221;Acme&#8221; global_colors_info=&#8221;{}&#8221;]<\/p>\n<p><span>Das Festival bietet auch die Gelegenheit, in die faszinierende Welt des Mittelalters einzutauchen, indem Sie an Workshops teilnehmen, in denen Sie sich k\u00fcnstlerisch bet\u00e4tigen k\u00f6nnen! Caroline Magalh\u00e3es bietet uns an diesem Wochenende zwei gregorianische Gesangsstunden in Strasbourg und Epfig an.<\/span><\/p>\n<p>[\/et_pb_text][et_pb_button button_url=&#8221;https:\/\/www.billetweb.fr\/atelier-artistique-chant-gregorien-avec-caroline-magalh-es&#8221; url_new_window=&#8221;on&#8221; button_text=&#8221;Ticketverkauf&#8221; button_alignment=&#8221;left&#8221; _builder_version=&#8221;4.27.4&#8243; _module_preset=&#8221;default&#8221; custom_button=&#8221;on&#8221; button_text_size=&#8221;16px&#8221; button_text_color=&#8221;#000000&#8243; button_border_width=&#8221;0px&#8221; button_border_radius=&#8221;-2px&#8221; button_letter_spacing=&#8221;0px&#8221; button_font=&#8221;Barlow||||||||&#8221; button_icon=&#8221;&#xf3ff;||fa||900&#8243; button_icon_placement=&#8221;left&#8221; button_on_hover=&#8221;off&#8221; custom_margin=&#8221;-5px||0px||false|false&#8221; custom_margin_tablet=&#8221;-20px||||false|false&#8221; custom_margin_phone=&#8221;-20px||||false|false&#8221; custom_margin_last_edited=&#8221;on|phone&#8221; custom_padding=&#8221;0px||0px||false|false&#8221; button_text_size_tablet=&#8221;16px&#8221; button_text_size_phone=&#8221;14px&#8221; button_text_size_last_edited=&#8221;on|phone&#8221; global_colors_info=&#8221;{}&#8221;][\/et_pb_button][\/et_pb_column][et_pb_column type=&#8221;1_3&#8243; _builder_version=&#8221;4.27.4&#8243; _module_preset=&#8221;default&#8221; global_colors_info=&#8221;{}&#8221;][et_pb_text content_tablet=&#8221;<\/p>\n<p>F\u00fchrung<br \/>Biblioth\u00e8que humaniste<br \/>S\u00e9lestat<\/p>\n<p>&#8221; content_phone=&#8221;<\/p>\n<p>F\u00fchrung<br \/>Biblioth\u00e8que humaniste<br \/>S\u00e9lestat<\/p>\n<p>&#8221; content_last_edited=&#8221;off|desktop&#8221; admin_label=&#8221;Micro-\u00e9v\u00e8nement&#8221; _builder_version=&#8221;4.27.4&#8243; _module_preset=&#8221;default&#8221; text_font=&#8221;Poppins|600|||||||&#8221; text_text_color=&#8221;#FFFFFF&#8221; text_font_size=&#8221;16px&#8221; header_text_align=&#8221;left&#8221; header_4_font=&#8221;Barlow|600|||||||&#8221; header_4_text_color=&#8221;#FFFFFF&#8221; header_4_font_size=&#8221;16px&#8221; background_enable_color=&#8221;off&#8221; use_background_color_gradient=&#8221;on&#8221; background_color_gradient_stops=&#8221;rgba(20,75,151,0.6) 0%|rgba(20,75,151,0.6) 100%&#8221; background_color_gradient_overlays_image=&#8221;on&#8221; background_color_gradient_start=&#8221;rgba(0,0,0,0.4)&#8221; background_color_gradient_end=&#8221;rgba(0,0,0,0.4)&#8221; background_image=&#8221;https:\/\/www.voix-romane.com\/Site\/wp-content\/uploads\/2025\/05\/Francisco-Manalich.jpeg&#8221; transform_scale_linked__hover=&#8221;off&#8221; custom_margin=&#8221;||10px||false|false&#8221; custom_padding=&#8221;30px|10px|20px|10px|false|true&#8221; link_option_url=&#8221;https:\/\/www.billetweb.fr\/concert-de-poche-francisco-ma-alich-hypnose&#8221; link_option_url_new_window=&#8221;on&#8221; text_font_size_tablet=&#8221;16px&#8221; text_font_size_phone=&#8221;14px&#8221; text_font_size_last_edited=&#8221;on|phone&#8221; header_4_font_size_last_edited=&#8221;off|tablet&#8221; text_text_shadow_style=&#8221;preset3&#8243; border_radii=&#8221;on|10px|10px|10px|10px&#8221; box_shadow_style=&#8221;preset3&#8243; global_colors_info=&#8221;{}&#8221; background__hover_enabled=&#8221;off|hover&#8221; background_color_gradient_start__hover=&#8221;rgba(0,0,0,0.25)&#8221; use_background_color_gradient__hover=&#8221;on&#8221; transform_styles__hover_enabled=&#8221;off|desktop&#8221; transform_scale__hover_enabled=&#8221;off|desktop&#8221; transform_translate__hover_enabled=&#8221;off|desktop&#8221; transform_rotate__hover_enabled=&#8221;off|desktop&#8221; transform_skew__hover_enabled=&#8221;off|desktop&#8221; transform_origin__hover_enabled=&#8221;off|desktop&#8221; content__hover_enabled=&#8221;off|hover&#8221; content__hover=&#8221;Gehen Sie auf Entdeckungsreise zu mittelalterlichen Manuskripten \u2192&#8221; custom_margin__hover_enabled=&#8221;off|desktop&#8221; custom_margin__hover=&#8221;0px||0px||false|false&#8221; transform_origin__hover=&#8221;50%|64%&#8221; transform_scale__hover=&#8221;115%|115%&#8221; background_color_gradient_stops__hover=&#8221;rgba(0,0,0,0.25) 0%|rgba(0,0,0,0.4) 100%&#8221;]<\/p>\n<h4>11.30 Uhr<br \/>Taschenkonzert<br \/>Chapelle Sainte-Marguerite <span>|<\/span> Epfig<\/h4>\n<p>[\/et_pb_text][et_pb_text _builder_version=&#8221;4.27.4&#8243; _module_preset=&#8221;default&#8221; text_font=&#8221;Barlow|500|||||||&#8221; text_text_color=&#8221;#000000&#8243; text_font_size=&#8221;16px&#8221; text_line_height=&#8221;1.3em&#8221; header_2_font=&#8221;Alata||||||||&#8221; header_2_font_size=&#8221;30px&#8221; header_2_letter_spacing=&#8221;2px&#8221; header_2_line_height=&#8221;1.2em&#8221; header_3_font=&#8221;Calps Light|600|||||||&#8221; header_3_text_color=&#8221;#d06728&#8243; header_3_font_size=&#8221;40px&#8221; header_3_line_height=&#8221;1.2em&#8221; header_4_text_color=&#8221;#144b97&#8243; header_4_font_size=&#8221;20px&#8221; background_enable_color=&#8221;off&#8221; background_enable_image=&#8221;off&#8221; background_size=&#8221;custom&#8221; background_image_width=&#8221;24%&#8221; background_position=&#8221;top_right&#8221; custom_padding=&#8221;0px|5px|0px|5px|false|false&#8221; text_font_size_tablet=&#8221;14px&#8221; text_font_size_phone=&#8221;14px&#8221; text_font_size_last_edited=&#8221;on|desktop&#8221; header_2_font_size_tablet=&#8221;40px&#8221; header_2_font_size_phone=&#8221;30px&#8221; header_2_font_size_last_edited=&#8221;on|phone&#8221; header_3_font_size_tablet=&#8221;35px&#8221; header_3_font_size_phone=&#8221;30px&#8221; header_3_font_size_last_edited=&#8221;on|desktop&#8221; header_4_font_size_tablet=&#8221;18px&#8221; header_4_font_size_phone=&#8221;18px&#8221; header_4_font_size_last_edited=&#8221;on|phone&#8221; inline_fonts=&#8221;Acme&#8221; global_colors_info=&#8221;{}&#8221;]<\/p>\n<p data-start=\"0\" data-end=\"194\">Wie Binchois sch\u00f6pft Francisco Ma\u00f1alich bei Charles d&#8217;Orl\u00e9ans und Christine de Pisan, um das Rondeau wiederzuentdecken: neue Lieder zwischen Mittelalter und Moderne.<\/p>\n<p data-start=\"0\" data-end=\"194\">\u201eHypnose: Gilles Binchois und pers\u00f6nliche Kompositionen\u201c mit Francisco Ma\u00f1alich, Tenor und Gambe<\/p>\n<p>[\/et_pb_text][et_pb_button button_url=&#8221;https:\/\/www.billetweb.fr\/concert-de-poche-francisco-ma-alich-hypnose&#8221; url_new_window=&#8221;on&#8221; button_text=&#8221;Ticketverkauf&#8221; button_alignment=&#8221;left&#8221; _builder_version=&#8221;4.27.4&#8243; _module_preset=&#8221;default&#8221; custom_button=&#8221;on&#8221; button_text_size=&#8221;16px&#8221; button_text_color=&#8221;#144b97&#8243; button_border_width=&#8221;0px&#8221; button_border_radius=&#8221;-2px&#8221; button_letter_spacing=&#8221;0px&#8221; button_font=&#8221;Barlow||||||||&#8221; button_icon=&#8221;&#xf3ff;||fa||900&#8243; button_icon_placement=&#8221;left&#8221; button_on_hover=&#8221;off&#8221; custom_margin=&#8221;-5px||0px||false|false&#8221; custom_margin_tablet=&#8221;-20px||||false|false&#8221; custom_margin_phone=&#8221;-20px||||false|false&#8221; custom_margin_last_edited=&#8221;on|phone&#8221; custom_padding=&#8221;0px||0px||false|false&#8221; button_text_size_tablet=&#8221;16px&#8221; button_text_size_phone=&#8221;14px&#8221; button_text_size_last_edited=&#8221;on|phone&#8221; global_colors_info=&#8221;{}&#8221;][\/et_pb_button][\/et_pb_column][et_pb_column type=&#8221;1_3&#8243; _builder_version=&#8221;4.27.4&#8243; _module_preset=&#8221;default&#8221; global_colors_info=&#8221;{}&#8221;][et_pb_text content_tablet=&#8221;<\/p>\n<p>F\u00fchrung<br \/>Biblioth\u00e8que humaniste<br \/>S\u00e9lestat<\/p>\n<p>&#8221; content_phone=&#8221;<\/p>\n<p>F\u00fchrung<br \/>Biblioth\u00e8que humaniste<br \/>S\u00e9lestat<\/p>\n<p>&#8221; content_last_edited=&#8221;off|desktop&#8221; admin_label=&#8221;Micro-\u00e9v\u00e8nement&#8221; _builder_version=&#8221;4.27.4&#8243; _module_preset=&#8221;default&#8221; text_font=&#8221;Poppins|600|||||||&#8221; text_text_color=&#8221;#FFFFFF&#8221; text_font_size=&#8221;16px&#8221; header_text_align=&#8221;left&#8221; header_4_font=&#8221;Barlow|600|||||||&#8221; header_4_text_color=&#8221;#FFFFFF&#8221; header_4_font_size=&#8221;16px&#8221; use_background_color_gradient=&#8221;on&#8221; background_color_gradient_stops=&#8221;rgba(92,173,224,0.6) 0%|rgba(92,173,224,0.6) 100%&#8221; background_color_gradient_overlays_image=&#8221;on&#8221; background_color_gradient_start=&#8221;rgba(0,0,0,0.4)&#8221; background_color_gradient_end=&#8221;rgba(0,0,0,0.4)&#8221; background_image=&#8221;https:\/\/www.voix-romane.com\/Site\/wp-content\/uploads\/2025\/05\/Visite-andlau.jpg&#8221; transform_scale_linked__hover=&#8221;off&#8221; custom_margin=&#8221;||10px||false|false&#8221; custom_padding=&#8221;30px|10px|20px|10px|false|true&#8221; link_option_url=&#8221;https:\/\/www.billetweb.fr\/visite-guidee-du-patrimoine-roman-andlau&#8221; link_option_url_new_window=&#8221;on&#8221; text_font_size_tablet=&#8221;16px&#8221; text_font_size_phone=&#8221;14px&#8221; text_font_size_last_edited=&#8221;on|phone&#8221; header_4_font_size_last_edited=&#8221;off|tablet&#8221; text_text_shadow_style=&#8221;preset3&#8243; border_radii=&#8221;on|10px|10px|10px|10px&#8221; box_shadow_style=&#8221;preset3&#8243; global_colors_info=&#8221;{}&#8221; background__hover_enabled=&#8221;off|hover&#8221; background_color_gradient_start__hover=&#8221;rgba(0,0,0,0.25)&#8221; use_background_color_gradient__hover=&#8221;on&#8221; transform_styles__hover_enabled=&#8221;off|desktop&#8221; transform_scale__hover_enabled=&#8221;off|desktop&#8221; transform_translate__hover_enabled=&#8221;off|desktop&#8221; transform_rotate__hover_enabled=&#8221;off|desktop&#8221; transform_skew__hover_enabled=&#8221;off|desktop&#8221; transform_origin__hover_enabled=&#8221;off|desktop&#8221; content__hover_enabled=&#8221;off|hover&#8221; content__hover=&#8221;Gehen Sie auf Entdeckungsreise zu mittelalterlichen Manuskripten \u2192&#8221; custom_margin__hover_enabled=&#8221;off|desktop&#8221; custom_margin__hover=&#8221;0px||0px||false|false&#8221; transform_origin__hover=&#8221;50%|64%&#8221; transform_scale__hover=&#8221;115%|115%&#8221; background_color_gradient_stops__hover=&#8221;rgba(0,0,0,0.25) 0%|rgba(0,0,0,0.4) 100%&#8221;]<\/p>\n<h4>13.30 und 15 Uhr<br \/>F\u00fchrung<br \/>Andlau<\/h4>\n<p>[\/et_pb_text][et_pb_text _builder_version=&#8221;4.27.4&#8243; _module_preset=&#8221;default&#8221; text_font=&#8221;Barlow|500|||||||&#8221; text_text_color=&#8221;#000000&#8243; text_font_size=&#8221;16px&#8221; text_line_height=&#8221;1.3em&#8221; header_2_font=&#8221;Alata||||||||&#8221; header_2_font_size=&#8221;30px&#8221; header_2_letter_spacing=&#8221;2px&#8221; header_2_line_height=&#8221;1.2em&#8221; header_3_font=&#8221;Calps Light|600|||||||&#8221; header_3_text_color=&#8221;#d06728&#8243; header_3_font_size=&#8221;40px&#8221; header_3_line_height=&#8221;1.2em&#8221; header_4_text_color=&#8221;#144b97&#8243; header_4_font_size=&#8221;20px&#8221; background_enable_color=&#8221;off&#8221; background_enable_image=&#8221;off&#8221; background_size=&#8221;custom&#8221; background_image_width=&#8221;24%&#8221; background_position=&#8221;top_right&#8221; custom_padding=&#8221;0px|5px|0px|5px|false|false&#8221; text_font_size_tablet=&#8221;14px&#8221; text_font_size_phone=&#8221;14px&#8221; text_font_size_last_edited=&#8221;on|desktop&#8221; header_2_font_size_tablet=&#8221;40px&#8221; header_2_font_size_phone=&#8221;30px&#8221; header_2_font_size_last_edited=&#8221;on|phone&#8221; header_3_font_size_tablet=&#8221;35px&#8221; header_3_font_size_phone=&#8221;30px&#8221; header_3_font_size_last_edited=&#8221;on|desktop&#8221; header_4_font_size_tablet=&#8221;18px&#8221; header_4_font_size_phone=&#8221;18px&#8221; header_4_font_size_last_edited=&#8221;on|phone&#8221; inline_fonts=&#8221;Acme&#8221; global_colors_info=&#8221;{}&#8221;]<\/p>\n<p><span>Eine einzigartige sensorische F\u00fchrung durch die Stadt Andlau an der Seite von B\u00e9n\u00e9dicte Gonnet, Fremdenf\u00fchrerin und Kunsthistorikerin. Mit einem Rucksack voller \u00dcberraschungen l\u00e4dt B\u00e9n\u00e9dicte Sie ein, das Kulturerbe von Andlau auf andere Weise zu entdecken: indem Sie Ihre 5 Sinne ansprechen!<\/span><\/p>\n<p>[\/et_pb_text][et_pb_button button_url=&#8221;https:\/\/www.billetweb.fr\/visite-guidee-du-patrimoine-roman-andlau&#8221; url_new_window=&#8221;on&#8221; button_text=&#8221;Ticketverkauf&#8221; button_alignment=&#8221;left&#8221; _builder_version=&#8221;4.27.4&#8243; _module_preset=&#8221;default&#8221; custom_button=&#8221;on&#8221; button_text_size=&#8221;16px&#8221; button_text_color=&#8221;#5cade0&#8243; button_border_width=&#8221;0px&#8221; button_border_radius=&#8221;-2px&#8221; button_letter_spacing=&#8221;0px&#8221; button_font=&#8221;Barlow||||||||&#8221; button_icon=&#8221;&#xf3ff;||fa||900&#8243; button_icon_placement=&#8221;left&#8221; button_on_hover=&#8221;off&#8221; custom_margin=&#8221;-5px||0px||false|false&#8221; custom_margin_tablet=&#8221;-20px||||false|false&#8221; custom_margin_phone=&#8221;-20px||||false|false&#8221; custom_margin_last_edited=&#8221;on|phone&#8221; custom_padding=&#8221;0px||0px||false|false&#8221; button_text_size_tablet=&#8221;16px&#8221; button_text_size_phone=&#8221;14px&#8221; button_text_size_last_edited=&#8221;on|phone&#8221; global_colors_info=&#8221;{}&#8221;][\/et_pb_button][\/et_pb_column][\/et_pb_row][et_pb_row column_structure=&#8221;1_3,1_3,1_3&#8243; use_custom_gutter=&#8221;on&#8221; gutter_width=&#8221;2&#8243; _builder_version=&#8221;4.27.4&#8243; _module_preset=&#8221;default&#8221; custom_padding=&#8221;0px||15px||false|false&#8221; global_colors_info=&#8221;{}&#8221;][et_pb_column type=&#8221;1_3&#8243; _builder_version=&#8221;4.27.4&#8243; _module_preset=&#8221;default&#8221; global_colors_info=&#8221;{}&#8221;][et_pb_text content_tablet=&#8221;<\/p>\n<p>F\u00fchrung<br \/>Biblioth\u00e8que humaniste<br \/>S\u00e9lestat<\/p>\n<p>&#8221; content_phone=&#8221;<\/p>\n<p>F\u00fchrung<br \/>Biblioth\u00e8que humaniste<br \/>S\u00e9lestat<\/p>\n<p>&#8221; content_last_edited=&#8221;off|desktop&#8221; admin_label=&#8221;Micro-\u00e9v\u00e8nement&#8221; _builder_version=&#8221;4.27.4&#8243; _module_preset=&#8221;default&#8221; text_font=&#8221;Poppins|600|||||||&#8221; text_text_color=&#8221;#FFFFFF&#8221; text_font_size=&#8221;16px&#8221; header_text_align=&#8221;left&#8221; header_4_font=&#8221;Barlow|600|||||||&#8221; header_4_text_color=&#8221;#FFFFFF&#8221; header_4_font_size=&#8221;16px&#8221; background_enable_color=&#8221;off&#8221; use_background_color_gradient=&#8221;on&#8221; background_color_gradient_stops=&#8221;rgba(20,75,151,0.6) 0%|rgba(20,75,151,0.6) 100%&#8221; background_color_gradient_overlays_image=&#8221;on&#8221; background_color_gradient_start=&#8221;rgba(0,0,0,0.4)&#8221; background_color_gradient_end=&#8221;rgba(0,0,0,0.4)&#8221; background_image=&#8221;https:\/\/www.voix-romane.com\/Site\/wp-content\/uploads\/2025\/05\/concert-de-poche-mylene-billand-la-veuve-et-le-chevalier-2.jpg&#8221; transform_scale_linked__hover=&#8221;off&#8221; custom_margin=&#8221;||10px||false|false&#8221; custom_padding=&#8221;30px|10px|20px|10px|false|true&#8221; link_option_url=&#8221;https:\/\/www.billetweb.fr\/concert-de-poche-mylene-billand-la-veuve-et-le-chevalier&#8221; link_option_url_new_window=&#8221;on&#8221; text_font_size_tablet=&#8221;16px&#8221; text_font_size_phone=&#8221;14px&#8221; text_font_size_last_edited=&#8221;on|phone&#8221; header_4_font_size_last_edited=&#8221;off|tablet&#8221; text_text_shadow_style=&#8221;preset3&#8243; border_radii=&#8221;on|10px|10px|10px|10px&#8221; box_shadow_style=&#8221;preset3&#8243; global_colors_info=&#8221;{}&#8221; background__hover_enabled=&#8221;off|hover&#8221; background_color_gradient_start__hover=&#8221;rgba(0,0,0,0.25)&#8221; use_background_color_gradient__hover=&#8221;on&#8221; transform_styles__hover_enabled=&#8221;off|desktop&#8221; transform_scale__hover_enabled=&#8221;off|desktop&#8221; transform_translate__hover_enabled=&#8221;off|desktop&#8221; transform_rotate__hover_enabled=&#8221;off|desktop&#8221; transform_skew__hover_enabled=&#8221;off|desktop&#8221; transform_origin__hover_enabled=&#8221;off|desktop&#8221; content__hover_enabled=&#8221;off|hover&#8221; content__hover=&#8221;Gehen Sie auf Entdeckungsreise zu mittelalterlichen Manuskripten \u2192&#8221; custom_margin__hover_enabled=&#8221;off|desktop&#8221; custom_margin__hover=&#8221;0px||0px||false|false&#8221; transform_origin__hover=&#8221;50%|64%&#8221; transform_scale__hover=&#8221;115%|115%&#8221; background_color_gradient_stops__hover=&#8221;rgba(0,0,0,0.25) 0%|rgba(0,0,0,0.4) 100%&#8221;]<\/p>\n<h4>13.30, 14.30 und 15.30 Uhr<br \/>Taschenkonzert<br \/>Abbatiale Sainte-Richarde <span>|<\/span> Andlau<\/h4>\n<p>[\/et_pb_text][et_pb_text _builder_version=&#8221;4.27.4&#8243; _module_preset=&#8221;default&#8221; text_font=&#8221;Barlow|500|||||||&#8221; text_text_color=&#8221;#000000&#8243; text_font_size=&#8221;16px&#8221; text_line_height=&#8221;1.3em&#8221; header_2_font=&#8221;Alata||||||||&#8221; header_2_font_size=&#8221;30px&#8221; header_2_letter_spacing=&#8221;2px&#8221; header_2_line_height=&#8221;1.2em&#8221; header_3_font=&#8221;Calps Light|600|||||||&#8221; header_3_text_color=&#8221;#d06728&#8243; header_3_font_size=&#8221;40px&#8221; header_3_line_height=&#8221;1.2em&#8221; header_4_text_color=&#8221;#144b97&#8243; header_4_font_size=&#8221;20px&#8221; background_enable_color=&#8221;off&#8221; background_enable_image=&#8221;off&#8221; background_size=&#8221;custom&#8221; background_image_width=&#8221;24%&#8221; background_position=&#8221;top_right&#8221; custom_padding=&#8221;0px|5px|0px|5px|false|false&#8221; text_font_size_tablet=&#8221;14px&#8221; text_font_size_phone=&#8221;14px&#8221; text_font_size_last_edited=&#8221;on|desktop&#8221; header_2_font_size_tablet=&#8221;40px&#8221; header_2_font_size_phone=&#8221;30px&#8221; header_2_font_size_last_edited=&#8221;on|phone&#8221; header_3_font_size_tablet=&#8221;35px&#8221; header_3_font_size_phone=&#8221;30px&#8221; header_3_font_size_last_edited=&#8221;on|desktop&#8221; header_4_font_size_tablet=&#8221;18px&#8221; header_4_font_size_phone=&#8221;18px&#8221; header_4_font_size_last_edited=&#8221;on|phone&#8221; inline_fonts=&#8221;Acme&#8221; global_colors_info=&#8221;{}&#8221;]<\/p>\n<p><span>Auf einem Text aus dem 12.Jahrhundert und in einem mittelalterlichen Dekor kehrt die Kunst der Glasmalerei zu ihrer urspr\u00fcnglichen Funktion zur\u00fcck: dem Erz\u00e4hlen von Geschichten. Das Kasettentheater enth\u00e4lt alle Elemente, die f\u00fcr die Auff\u00fchrung erforderlich sind, und \u00f6ffnet sich in drei Teile und eine zentrale B\u00fchne. Myl\u00e8ne Billand ist die alleinige Regisseurin der Auff\u00fchrung: Animation, Licht und Gesang.<\/span><\/p>\n<p>[\/et_pb_text][et_pb_button button_url=&#8221;https:\/\/www.billetweb.fr\/concert-de-poche-mylene-billand-la-veuve-et-le-chevalier&#8221; url_new_window=&#8221;on&#8221; button_text=&#8221;Ticketverkauf&#8221; button_alignment=&#8221;left&#8221; _builder_version=&#8221;4.27.4&#8243; _module_preset=&#8221;default&#8221; custom_button=&#8221;on&#8221; button_text_size=&#8221;16px&#8221; button_text_color=&#8221;#144b97&#8243; button_border_width=&#8221;0px&#8221; button_border_radius=&#8221;-2px&#8221; button_letter_spacing=&#8221;0px&#8221; button_font=&#8221;Barlow||||||||&#8221; button_icon=&#8221;&#xf3ff;||fa||900&#8243; button_icon_placement=&#8221;left&#8221; button_on_hover=&#8221;off&#8221; custom_margin=&#8221;-5px||0px||false|false&#8221; custom_margin_tablet=&#8221;-20px||||false|false&#8221; custom_margin_phone=&#8221;-20px||||false|false&#8221; custom_margin_last_edited=&#8221;on|phone&#8221; custom_padding=&#8221;0px||0px||false|false&#8221; button_text_size_tablet=&#8221;16px&#8221; button_text_size_phone=&#8221;14px&#8221; button_text_size_last_edited=&#8221;on|phone&#8221; global_colors_info=&#8221;{}&#8221;][\/et_pb_button][\/et_pb_column][et_pb_column type=&#8221;1_3&#8243; _builder_version=&#8221;4.27.4&#8243; _module_preset=&#8221;default&#8221; global_colors_info=&#8221;{}&#8221;][et_pb_text content_tablet=&#8221;<\/p>\n<p>F\u00fchrung<br \/>Biblioth\u00e8que humaniste<br \/>S\u00e9lestat<\/p>\n<p>&#8221; content_phone=&#8221;<\/p>\n<p>F\u00fchrung<br \/>Biblioth\u00e8que humaniste<br \/>S\u00e9lestat<\/p>\n<p>&#8221; content_last_edited=&#8221;off|desktop&#8221; admin_label=&#8221;Micro-\u00e9v\u00e8nement&#8221; _builder_version=&#8221;4.27.4&#8243; _module_preset=&#8221;default&#8221; text_font=&#8221;Poppins|600|||||||&#8221; text_text_color=&#8221;#FFFFFF&#8221; text_font_size=&#8221;16px&#8221; header_text_align=&#8221;left&#8221; header_4_font=&#8221;Barlow|600|||||||&#8221; header_4_text_color=&#8221;#FFFFFF&#8221; header_4_font_size=&#8221;16px&#8221; use_background_color_gradient=&#8221;on&#8221; background_color_gradient_stops=&#8221;rgba(124,64,90,0.78) 0%|rgba(124,64,90,0.7) 100%&#8221; background_color_gradient_overlays_image=&#8221;on&#8221; background_color_gradient_start=&#8221;rgba(0,0,0,0.4)&#8221; background_color_gradient_end=&#8221;rgba(0,0,0,0.4)&#8221; background_image=&#8221;https:\/\/www.voix-romane.com\/Site\/wp-content\/uploads\/2025\/05\/lecon-de-musique-medievale-avec-lensemble-gilles-binchois-1.jpg&#8221; transform_scale_linked__hover=&#8221;off&#8221; custom_margin=&#8221;||10px||false|false&#8221; custom_padding=&#8221;30px|10px|20px|10px|false|true&#8221; link_option_url=&#8221;https:\/\/www.billetweb.fr\/lecon-de-musique-medievale-avec-lensemble-gilles-binchois&#8221; link_option_url_new_window=&#8221;on&#8221; text_font_size_tablet=&#8221;16px&#8221; text_font_size_phone=&#8221;14px&#8221; text_font_size_last_edited=&#8221;on|phone&#8221; header_4_font_size_last_edited=&#8221;off|tablet&#8221; text_text_shadow_style=&#8221;preset3&#8243; border_radii=&#8221;on|10px|10px|10px|10px&#8221; box_shadow_style=&#8221;preset3&#8243; global_colors_info=&#8221;{}&#8221; background__hover_enabled=&#8221;off|hover&#8221; background_color_gradient_start__hover=&#8221;rgba(0,0,0,0.25)&#8221; use_background_color_gradient__hover=&#8221;on&#8221; transform_styles__hover_enabled=&#8221;off|desktop&#8221; transform_scale__hover_enabled=&#8221;off|desktop&#8221; transform_translate__hover_enabled=&#8221;off|desktop&#8221; transform_rotate__hover_enabled=&#8221;off|desktop&#8221; transform_skew__hover_enabled=&#8221;off|desktop&#8221; transform_origin__hover_enabled=&#8221;off|desktop&#8221; content__hover_enabled=&#8221;off|hover&#8221; content__hover=&#8221;Gehen Sie auf Entdeckungsreise zu mittelalterlichen Manuskripten \u2192&#8221; custom_margin__hover_enabled=&#8221;off|desktop&#8221; custom_margin__hover=&#8221;0px||0px||false|false&#8221; transform_origin__hover=&#8221;50%|64%&#8221; transform_scale__hover=&#8221;115%|115%&#8221; background_color_gradient_stops__hover=&#8221;rgba(0,0,0,0.25) 0%|rgba(0,0,0,0.4) 100%&#8221;]<\/p>\n<h4>16.30 Uhr<br \/>Musikstunde<br \/>Abbatiale Sainte-Richarde <span>|<\/span> Andlau<\/h4>\n<p>[\/et_pb_text][et_pb_text _builder_version=&#8221;4.27.4&#8243; _module_preset=&#8221;default&#8221; text_font=&#8221;Barlow|500|||||||&#8221; text_text_color=&#8221;#000000&#8243; text_font_size=&#8221;16px&#8221; text_line_height=&#8221;1.3em&#8221; header_2_font=&#8221;Alata||||||||&#8221; header_2_font_size=&#8221;30px&#8221; header_2_letter_spacing=&#8221;2px&#8221; header_2_line_height=&#8221;1.2em&#8221; header_3_font=&#8221;Calps Light|600|||||||&#8221; header_3_text_color=&#8221;#d06728&#8243; header_3_font_size=&#8221;40px&#8221; header_3_line_height=&#8221;1.2em&#8221; header_4_text_color=&#8221;#144b97&#8243; header_4_font_size=&#8221;20px&#8221; background_enable_color=&#8221;off&#8221; background_enable_image=&#8221;off&#8221; background_size=&#8221;custom&#8221; background_image_width=&#8221;24%&#8221; background_position=&#8221;top_right&#8221; custom_padding=&#8221;0px|5px|0px|5px|false|false&#8221; text_font_size_tablet=&#8221;14px&#8221; text_font_size_phone=&#8221;14px&#8221; text_font_size_last_edited=&#8221;on|desktop&#8221; header_2_font_size_tablet=&#8221;40px&#8221; header_2_font_size_phone=&#8221;30px&#8221; header_2_font_size_last_edited=&#8221;on|phone&#8221; header_3_font_size_tablet=&#8221;35px&#8221; header_3_font_size_phone=&#8221;30px&#8221; header_3_font_size_last_edited=&#8221;on|desktop&#8221; header_4_font_size_tablet=&#8221;18px&#8221; header_4_font_size_phone=&#8221;18px&#8221; header_4_font_size_last_edited=&#8221;on|phone&#8221; inline_fonts=&#8221;Acme&#8221; global_colors_info=&#8221;{}&#8221;]<\/p>\n<div id=\"description_block\" class=\"page_block event module not_sortable\">\n<div class=\"ckeditor_block\">\n<div id=\"description\" class=\"ckeditor_content ckeditor_editable\">\n<p>Ein privilegiertes Treffen mit dem Ensemble Gilles Binchois und Dominique Vellard, die alles auspacken und uns eine Musikstunde ohne Chichi bieten: Entdecken Sie den historischen Kontext des Programms, die alten Instrumente und die Hintergr\u00fcnde der musikalischen Arbeit. Eine Zeit des Austauschs mit Demonstrationen und Ausschnitten, um einen besseren Einblick in die Welt des Konzerts zu erhalten.<\/p>\n<\/div>\n<\/div>\n<\/div>\n<p>[\/et_pb_text][et_pb_button button_url=&#8221;https:\/\/www.billetweb.fr\/lecon-de-musique-medievale-avec-lensemble-gilles-binchois&#8221; url_new_window=&#8221;on&#8221; button_text=&#8221;Reservierung&#8221; button_alignment=&#8221;left&#8221; _builder_version=&#8221;4.27.4&#8243; _module_preset=&#8221;default&#8221; custom_button=&#8221;on&#8221; button_text_size=&#8221;16px&#8221; button_text_color=&#8221;#7c405a&#8221; button_border_width=&#8221;0px&#8221; button_border_radius=&#8221;-2px&#8221; button_letter_spacing=&#8221;0px&#8221; button_font=&#8221;Barlow||||||||&#8221; button_icon=&#8221;&#xf3ff;||fa||900&#8243; button_icon_placement=&#8221;left&#8221; button_on_hover=&#8221;off&#8221; custom_margin=&#8221;-5px||0px||false|false&#8221; custom_margin_tablet=&#8221;-20px||||false|false&#8221; custom_margin_phone=&#8221;-20px||||false|false&#8221; custom_margin_last_edited=&#8221;on|phone&#8221; custom_padding=&#8221;0px||0px||false|false&#8221; button_text_size_tablet=&#8221;16px&#8221; button_text_size_phone=&#8221;14px&#8221; button_text_size_last_edited=&#8221;on|phone&#8221; global_colors_info=&#8221;{}&#8221;][\/et_pb_button][\/et_pb_column][et_pb_column type=&#8221;1_3&#8243; _builder_version=&#8221;4.27.4&#8243; _module_preset=&#8221;default&#8221; global_colors_info=&#8221;{}&#8221;][et_pb_text content_tablet=&#8221;<\/p>\n<p>F\u00fchrung<br \/>Biblioth\u00e8que humaniste<br \/>S\u00e9lestat<\/p>\n<p>&#8221; content_phone=&#8221;<\/p>\n<p>F\u00fchrung<br \/>Biblioth\u00e8que humaniste<br \/>S\u00e9lestat<\/p>\n<p>&#8221; content_last_edited=&#8221;off|desktop&#8221; admin_label=&#8221;Micro-\u00e9v\u00e8nement&#8221; _builder_version=&#8221;4.27.4&#8243; _module_preset=&#8221;default&#8221; text_font=&#8221;Poppins|600|||||||&#8221; text_text_color=&#8221;#FFFFFF&#8221; text_font_size=&#8221;16px&#8221; header_text_align=&#8221;left&#8221; header_4_font=&#8221;Barlow|600|||||||&#8221; header_4_text_color=&#8221;#FFFFFF&#8221; header_4_font_size=&#8221;16px&#8221; use_background_color_gradient=&#8221;on&#8221; background_color_gradient_stops=&#8221;rgba(171,121,112,0.68) 0%|rgba(171,121,112,0.6) 100%&#8221; background_color_gradient_overlays_image=&#8221;on&#8221; background_color_gradient_start=&#8221;rgba(0,0,0,0.4)&#8221; background_color_gradient_end=&#8221;rgba(0,0,0,0.4)&#8221; background_image=&#8221;https:\/\/www.voix-romane.com\/Site\/wp-content\/uploads\/2025\/05\/Ensembles-Gilles-Binchois-S.-Hammarstrand.png&#8221; transform_scale_linked__hover=&#8221;off&#8221; custom_margin=&#8221;||10px||false|false&#8221; custom_padding=&#8221;30px|10px|20px|10px|false|true&#8221; link_option_url=&#8221;https:\/\/www.billetweb.fr\/lart-du-chantre-medieval-ensemble-gilles-binchois&#8221; link_option_url_new_window=&#8221;on&#8221; text_font_size_tablet=&#8221;16px&#8221; text_font_size_phone=&#8221;14px&#8221; text_font_size_last_edited=&#8221;on|phone&#8221; header_4_font_size_last_edited=&#8221;off|tablet&#8221; text_text_shadow_style=&#8221;preset3&#8243; border_radii=&#8221;on|10px|10px|10px|10px&#8221; box_shadow_style=&#8221;preset3&#8243; global_colors_info=&#8221;{}&#8221; background__hover_enabled=&#8221;off|hover&#8221; background_color_gradient_start__hover=&#8221;rgba(0,0,0,0.25)&#8221; use_background_color_gradient__hover=&#8221;on&#8221; transform_styles__hover_enabled=&#8221;off|desktop&#8221; transform_scale__hover_enabled=&#8221;off|desktop&#8221; transform_translate__hover_enabled=&#8221;off|desktop&#8221; transform_rotate__hover_enabled=&#8221;off|desktop&#8221; transform_skew__hover_enabled=&#8221;off|desktop&#8221; transform_origin__hover_enabled=&#8221;off|desktop&#8221; content__hover_enabled=&#8221;off|hover&#8221; content__hover=&#8221;Gehen Sie auf Entdeckungsreise zu mittelalterlichen Manuskripten \u2192&#8221; custom_margin__hover_enabled=&#8221;off|desktop&#8221; custom_margin__hover=&#8221;0px||0px||false|false&#8221; transform_origin__hover=&#8221;50%|64%&#8221; transform_scale__hover=&#8221;115%|115%&#8221; background_color_gradient_stops__hover=&#8221;rgba(0,0,0,0.25) 0%|rgba(0,0,0,0.4) 100%&#8221;]<\/p>\n<h4>18 Uhr<br \/>Konzert<br \/>Abbatiale Sainte-Richarde <span>|<\/span> Andlau<\/h4>\n<p>[\/et_pb_text][et_pb_text _builder_version=&#8221;4.27.4&#8243; _module_preset=&#8221;default&#8221; text_font=&#8221;Barlow|500|||||||&#8221; text_text_color=&#8221;#000000&#8243; text_font_size=&#8221;16px&#8221; text_line_height=&#8221;1.3em&#8221; header_2_font=&#8221;Alata||||||||&#8221; header_2_font_size=&#8221;30px&#8221; header_2_letter_spacing=&#8221;2px&#8221; header_2_line_height=&#8221;1.2em&#8221; header_3_font=&#8221;Calps Light|600|||||||&#8221; header_3_text_color=&#8221;#d06728&#8243; header_3_font_size=&#8221;40px&#8221; header_3_line_height=&#8221;1.2em&#8221; header_4_text_color=&#8221;#144b97&#8243; header_4_font_size=&#8221;20px&#8221; background_enable_color=&#8221;off&#8221; background_enable_image=&#8221;off&#8221; background_size=&#8221;custom&#8221; background_image_width=&#8221;24%&#8221; background_position=&#8221;top_right&#8221; custom_padding=&#8221;0px|5px|0px|5px|false|false&#8221; text_font_size_tablet=&#8221;14px&#8221; text_font_size_phone=&#8221;14px&#8221; text_font_size_last_edited=&#8221;on|desktop&#8221; header_2_font_size_tablet=&#8221;40px&#8221; header_2_font_size_phone=&#8221;30px&#8221; header_2_font_size_last_edited=&#8221;on|phone&#8221; header_3_font_size_tablet=&#8221;35px&#8221; header_3_font_size_phone=&#8221;30px&#8221; header_3_font_size_last_edited=&#8221;on|desktop&#8221; header_4_font_size_tablet=&#8221;18px&#8221; header_4_font_size_phone=&#8221;18px&#8221; header_4_font_size_last_edited=&#8221;on|phone&#8221; inline_fonts=&#8221;Acme&#8221; global_colors_info=&#8221;{}&#8221;]<\/p>\n<p data-start=\"0\" data-end=\"177\">Von der Schlichtheit des gregorianischen Gesangs bis zu den flammenden Polyphonien des 13. Jahrhunderts l\u00e4sst dieses Konzert tausend Jahre geistlicher Musik zwischen Gebet, Atem und poetischer Sch\u00f6pfung wieder aufleben.<\/p>\n<p data-start=\"0\" data-end=\"177\">&#8220;L&#8217;art du chantre m\u00e9di\u00e9val&#8221;<br \/>Ensemble Gilles Binchois<\/p>\n<p>[\/et_pb_text][et_pb_button button_url=&#8221;https:\/\/www.billetweb.fr\/lart-du-chantre-medieval-ensemble-gilles-binchois&#8221; url_new_window=&#8221;on&#8221; button_text=&#8221;Ticketverkauf&#8221; button_alignment=&#8221;left&#8221; _builder_version=&#8221;4.27.4&#8243; _module_preset=&#8221;default&#8221; custom_button=&#8221;on&#8221; button_text_size=&#8221;16px&#8221; button_text_color=&#8221;#ab7970&#8243; button_border_width=&#8221;0px&#8221; button_border_radius=&#8221;-2px&#8221; button_letter_spacing=&#8221;0px&#8221; button_font=&#8221;Barlow||||||||&#8221; button_icon=&#8221;&#xf3ff;||fa||900&#8243; button_icon_placement=&#8221;left&#8221; button_on_hover=&#8221;off&#8221; custom_margin=&#8221;-5px||0px||false|false&#8221; custom_margin_tablet=&#8221;-20px||||false|false&#8221; custom_margin_phone=&#8221;-20px||||false|false&#8221; custom_margin_last_edited=&#8221;on|phone&#8221; custom_padding=&#8221;0px||0px||false|false&#8221; button_text_size_tablet=&#8221;16px&#8221; button_text_size_phone=&#8221;14px&#8221; button_text_size_last_edited=&#8221;on|phone&#8221; global_colors_info=&#8221;{}&#8221;][\/et_pb_button][\/et_pb_column][\/et_pb_row][\/et_pb_section]<\/p>\n","protected":false},"excerpt":{"rendered":"<p>Das gesamte Programm 2025Mittwoch 2. Juli20 UhrEr\u00f6ffnungszeremonieM\u00fcnsterhof | StrasbourgDas Festivalteam stellt uns die 33. Ausgabe von Voix et Route Romane vor. Ein geselliger und festlicher Moment! mitFran\u00e7ois Geissler, Pr\u00e4sident des FestivalsBeno\u00eet Haller, Leiter des FestivalsV\u00e9ronique Thi\u00e9ry-Grenier, bildende K\u00fcnstlerinChristian Peuckert, LichtdesignerH\u00e9l\u00e8ne Kah, GrafikerinDienstag 26. August20 UhrVortragStiftskirche | LahrDie \u201eEpidemie\u201c des Veitstanzes, die Strasbourg im Sommer 1518 [&hellip;]<\/p>\n","protected":false},"author":3,"featured_media":0,"parent":0,"menu_order":0,"comment_status":"closed","ping_status":"closed","template":"","meta":{"_et_pb_use_builder":"on","_et_pb_old_content":"","_et_gb_content_width":"","footnotes":""},"class_list":["post-5870","page","type-page","status-publish","hentry"],"_links":{"self":[{"href":"https:\/\/www.voix-romane.com\/de\/wp-json\/wp\/v2\/pages\/5870","targetHints":{"allow":["GET"]}}],"collection":[{"href":"https:\/\/www.voix-romane.com\/de\/wp-json\/wp\/v2\/pages"}],"about":[{"href":"https:\/\/www.voix-romane.com\/de\/wp-json\/wp\/v2\/types\/page"}],"author":[{"embeddable":true,"href":"https:\/\/www.voix-romane.com\/de\/wp-json\/wp\/v2\/users\/3"}],"replies":[{"embeddable":true,"href":"https:\/\/www.voix-romane.com\/de\/wp-json\/wp\/v2\/comments?post=5870"}],"version-history":[{"count":11,"href":"https:\/\/www.voix-romane.com\/de\/wp-json\/wp\/v2\/pages\/5870\/revisions"}],"predecessor-version":[{"id":5917,"href":"https:\/\/www.voix-romane.com\/de\/wp-json\/wp\/v2\/pages\/5870\/revisions\/5917"}],"wp:attachment":[{"href":"https:\/\/www.voix-romane.com\/de\/wp-json\/wp\/v2\/media?parent=5870"}],"curies":[{"name":"wp","href":"https:\/\/api.w.org\/{rel}","templated":true}]}}