{"id":5698,"date":"2022-03-16T14:22:06","date_gmt":"2022-03-16T13:22:06","guid":{"rendered":"https:\/\/www.voix-romane.com\/praktische-informationen\/"},"modified":"2025-05-27T15:44:25","modified_gmt":"2025-05-27T13:44:25","slug":"praktische-informationen","status":"publish","type":"page","link":"https:\/\/www.voix-romane.com\/de\/praktische-informationen\/","title":{"rendered":"Praktische Informationen"},"content":{"rendered":"<p>[et_pb_section fb_built=&#8221;1&#8243; _builder_version=&#8221;4.21.0&#8243; _module_preset=&#8221;default&#8221; background_color=&#8221;RGBA(255,255,255,0)&#8221; custom_padding=&#8221;37px||0px||false|false&#8221; locked=&#8221;off&#8221; global_colors_info=&#8221;{}&#8221;][et_pb_row column_structure=&#8221;3_5,2_5&#8243; _builder_version=&#8221;4.21.0&#8243; _module_preset=&#8221;default&#8221; custom_margin=&#8221;|auto||auto|false|false&#8221; custom_padding=&#8221;||0px||false|false&#8221; locked=&#8221;off&#8221; global_colors_info=&#8221;{}&#8221;][et_pb_column type=&#8221;3_5&#8243; _builder_version=&#8221;4.16&#8243; _module_preset=&#8221;default&#8221; global_colors_info=&#8221;{}&#8221;][et_pb_text _builder_version=&#8221;4.27.4&#8243; text_font=&#8221;||||||||&#8221; text_text_color=&#8221;#000000&#8243; text_font_size=&#8221;20px&#8221; text_line_height=&#8221;2em&#8221; header_font=&#8221;|600|||||||&#8221; header_text_color=&#8221;#b61733&#8243; header_font_size=&#8221;72px&#8221; header_letter_spacing=&#8221;2px&#8221; header_line_height=&#8221;0.9em&#8221; header_2_font=&#8221;DM Sans|700||on|||||&#8221; header_2_text_color=&#8221;#FFFFFF&#8221; header_2_font_size=&#8221;14px&#8221; header_2_letter_spacing=&#8221;6px&#8221; header_2_line_height=&#8221;1.4em&#8221; header_4_font=&#8221;Calps Medium|600|||||||&#8221; header_4_text_color=&#8221;#d06728&#8243; header_4_font_size=&#8221;22px&#8221; max_width=&#8221;800px&#8221; max_width_phone=&#8221;300px&#8221; max_width_last_edited=&#8221;off|desktop&#8221; custom_padding=&#8221;||||false|false&#8221; text_font_size_tablet=&#8221;20px&#8221; text_font_size_phone=&#8221;20px&#8221; text_font_size_last_edited=&#8221;on|phone&#8221; text_line_height_tablet=&#8221;2em&#8221; text_line_height_phone=&#8221;1.3em&#8221; text_line_height_last_edited=&#8221;on|phone&#8221; header_font_size_tablet=&#8221;60px&#8221; header_font_size_phone=&#8221;50px&#8221; header_font_size_last_edited=&#8221;on|phone&#8221; header_line_height_tablet=&#8221;0.4em&#8221; header_line_height_phone=&#8221;0.8em&#8221; header_line_height_last_edited=&#8221;on|phone&#8221; header_2_font_size_tablet=&#8221;14px&#8221; header_2_font_size_phone=&#8221;10px&#8221; header_2_font_size_last_edited=&#8221;on|desktop&#8221; header_4_font_size_tablet=&#8221;20px&#8221; header_4_font_size_phone=&#8221;20px&#8221; header_4_font_size_last_edited=&#8221;on|phone&#8221; locked=&#8221;off&#8221; inline_fonts=&#8221;ABeeZee&#8221; global_colors_info=&#8221;{}&#8221;]<\/p>\n<h1><span style=\"font-family: inherit; font-weight: normal;\">Praktische Informationen<\/span><span style=\"font-family: inherit; font-weight: normal;\"><\/span><\/h1>\n<p>[\/et_pb_text][\/et_pb_column][et_pb_column type=&#8221;2_5&#8243; _builder_version=&#8221;4.16&#8243; _module_preset=&#8221;default&#8221; global_colors_info=&#8221;{}&#8221;][\/et_pb_column][\/et_pb_row][\/et_pb_section][et_pb_section fb_built=&#8221;1&#8243; module_id=&#8221;Verein&#8221; _builder_version=&#8221;4.21.0&#8243; _module_preset=&#8221;default&#8221; min_height=&#8221;437px&#8221; custom_margin=&#8221;-1px|||||&#8221; custom_padding=&#8221;20px||38px||false|false&#8221; global_colors_info=&#8221;{}&#8221;][et_pb_row column_structure=&#8221;1_4,3_4&#8243; _builder_version=&#8221;4.16&#8243; _module_preset=&#8221;default&#8221; custom_padding=&#8221;6px||4px|||&#8221; global_colors_info=&#8221;{}&#8221;][et_pb_column type=&#8221;1_4&#8243; _builder_version=&#8221;4.16&#8243; _module_preset=&#8221;default&#8221; global_colors_info=&#8221;{}&#8221;][et_pb_text _builder_version=&#8221;4.21.0&#8243; _module_preset=&#8221;default&#8221; text_font=&#8221;Barlow|300|||||||&#8221; text_text_color=&#8221;#000000&#8243; text_font_size=&#8221;16px&#8221; text_line_height=&#8221;1.5em&#8221; header_font=&#8221;Alata||||||||&#8221; header_font_size=&#8221;17px&#8221; header_2_font=&#8221;Calps Light|600|||||||&#8221; header_2_text_color=&#8221;#b45d49&#8243; header_2_font_size=&#8221;40px&#8221; header_2_letter_spacing=&#8221;2px&#8221; header_2_line_height=&#8221;1.2em&#8221; header_3_font=&#8221;Calps Light|600|||||||&#8221; header_3_text_color=&#8221;#000000&#8243; header_3_font_size=&#8221;30px&#8221; header_3_line_height=&#8221;1.2em&#8221; header_4_font=&#8221;Calps Light||||||||&#8221; header_4_text_color=&#8221;#d06728&#8243; header_4_font_size=&#8221;22px&#8221; background_enable_image=&#8221;off&#8221; background_size=&#8221;custom&#8221; background_image_width=&#8221;31%&#8221; background_image_height=&#8221;0%&#8221; background_position=&#8221;top_right&#8221; background_vertical_offset=&#8221;-7%&#8221; width=&#8221;100%&#8221; text_font_size_tablet=&#8221;14px&#8221; text_font_size_phone=&#8221;14px&#8221; text_font_size_last_edited=&#8221;on|phone&#8221; header_2_font_size_tablet=&#8221;35px&#8221; header_2_font_size_phone=&#8221;30px&#8221; header_2_font_size_last_edited=&#8221;on|desktop&#8221; header_3_font_size_tablet=&#8221;25px&#8221; header_3_font_size_phone=&#8221;20px&#8221; header_3_font_size_last_edited=&#8221;on|phone&#8221; header_4_font_size_tablet=&#8221;&#8221; header_4_font_size_phone=&#8221;14px&#8221; header_4_font_size_last_edited=&#8221;on|tablet&#8221; header_4_line_height_tablet=&#8221;&#8221; header_4_line_height_phone=&#8221;1.5em&#8221; header_4_line_height_last_edited=&#8221;on|phone&#8221; inline_fonts=&#8221;Acme,Calps Light,Calps Slim Light&#8221; global_colors_info=&#8221;{}&#8221;]<\/p>\n<h3><\/h3>\n<div class=\"page\" title=\"Seite 1\">\n<div class=\"layoutArea\">\n<h3>Preise f\u00fcr Konzerte<\/h3>\n<p><span style=\"font-size: 16px; font-weight: 400; font-family: Barlow, Helvetica, Arial, Lucida, sans-serif;\">Vollpreis: 20 \u20ac<br \/>Erm\u00e4\u00dfigter Preis 1: 16 \u20ac<br \/>Erm\u00e4\u00dfigter Preis 2: 6 \u20ac<br \/>Freier Eintritt (unter 12 Jahren)<\/span><strong><\/strong><\/p>\n<\/div>\n<\/div>\n<p>[\/et_pb_text][\/et_pb_column][et_pb_column type=&#8221;3_4&#8243; _builder_version=&#8221;4.16&#8243; _module_preset=&#8221;default&#8221; global_colors_info=&#8221;{}&#8221;][et_pb_text _builder_version=&#8221;4.25.1&#8243; _module_preset=&#8221;default&#8221; text_font=&#8221;Barlow|300|||||||&#8221; text_text_color=&#8221;#000000&#8243; text_font_size=&#8221;16px&#8221; text_line_height=&#8221;1.5em&#8221; header_font=&#8221;Alata||||||||&#8221; header_font_size=&#8221;17px&#8221; header_2_font=&#8221;Calps Light|600|||||||&#8221; header_2_text_color=&#8221;#b45d49&#8243; header_2_font_size=&#8221;40px&#8221; header_2_letter_spacing=&#8221;2px&#8221; header_2_line_height=&#8221;1.2em&#8221; header_3_font=&#8221;Calps Light|600|||||||&#8221; header_3_text_color=&#8221;#000000&#8243; header_3_font_size=&#8221;30px&#8221; header_3_line_height=&#8221;1.2em&#8221; header_4_font=&#8221;Calps Light||||||||&#8221; header_4_text_color=&#8221;#d06728&#8243; header_4_font_size=&#8221;22px&#8221; background_enable_image=&#8221;off&#8221; background_size=&#8221;custom&#8221; background_image_width=&#8221;31%&#8221; background_image_height=&#8221;0%&#8221; background_position=&#8221;top_right&#8221; background_vertical_offset=&#8221;-7%&#8221; text_font_size_tablet=&#8221;14px&#8221; text_font_size_phone=&#8221;14px&#8221; text_font_size_last_edited=&#8221;on|phone&#8221; header_2_font_size_tablet=&#8221;35px&#8221; header_2_font_size_phone=&#8221;30px&#8221; header_2_font_size_last_edited=&#8221;on|desktop&#8221; header_3_font_size_tablet=&#8221;25px&#8221; header_3_font_size_phone=&#8221;20px&#8221; header_3_font_size_last_edited=&#8221;on|phone&#8221; header_4_font_size_tablet=&#8221;&#8221; header_4_font_size_phone=&#8221;14px&#8221; header_4_font_size_last_edited=&#8221;on|tablet&#8221; header_4_line_height_tablet=&#8221;&#8221; header_4_line_height_phone=&#8221;1.5em&#8221; header_4_line_height_last_edited=&#8221;on|phone&#8221; inline_fonts=&#8221;Acme,Calps Light,Calps Slim Light&#8221; global_colors_info=&#8221;{}&#8221;]<\/p>\n<h3><\/h3>\n<div class=\"page\" title=\"Seite 1\">\n<div class=\"layoutArea\">\n<h3>Abonnements (<strong>Konzerte zur freien Auswahl)<\/strong><\/h3>\n<p><strong>Beim Online-Ticketverkauf wird die Erm\u00e4\u00dfigung automatisch angewendet, wenn Sie Konzerte hinzuf\u00fcgen.<\/strong><\/p>\n<p style=\"font-weight: 400;\">Atlantis: 3 Konzerte f\u00fcr 45 \u20ac \u00a0\u2022 \u00a05 \u20ac Erm\u00e4\u00dfigung pro Konzert<br \/>Babylon: 5 Konzerte f\u00fcr 70 \u20ac \u00a0\u2022 \u00a06 \u20ac Erm\u00e4\u00dfigung pro Konzert<br \/>Karthago: 7 Konzerte f\u00fcr 91 \u20ac \u00a0\u2022 \u00a07 \u20ac Erm\u00e4\u00dfigung pro Konzert<br \/>Stonehenge: 9 Konzerte f\u00fcr 108 \u20ac \u00a0\u2022 \u00a08 \u20ac Erm\u00e4\u00dfigung pro Konzert<strong><\/strong><\/p>\n<\/div>\n<\/div>\n<p>[\/et_pb_text][\/et_pb_column][\/et_pb_row][et_pb_row _builder_version=&#8221;4.16&#8243; _module_preset=&#8221;default&#8221; min_height=&#8221;220px&#8221; custom_padding=&#8221;||1px|||&#8221; global_colors_info=&#8221;{}&#8221;][et_pb_column type=&#8221;4_4&#8243; _builder_version=&#8221;4.16&#8243; _module_preset=&#8221;default&#8221; global_colors_info=&#8221;{}&#8221;][et_pb_text _builder_version=&#8221;4.16&#8243; _module_preset=&#8221;default&#8221; text_font=&#8221;Barlow|300|||||||&#8221; text_text_color=&#8221;#000000&#8243; text_font_size=&#8221;16px&#8221; text_line_height=&#8221;1.5em&#8221; header_font=&#8221;Alata||||||||&#8221; header_font_size=&#8221;17px&#8221; header_2_font=&#8221;Calps Light|600|||||||&#8221; header_2_text_color=&#8221;#b45d49&#8243; header_2_font_size=&#8221;40px&#8221; header_2_letter_spacing=&#8221;2px&#8221; header_2_line_height=&#8221;1.2em&#8221; header_3_font=&#8221;Calps Light|600|||||||&#8221; header_3_text_color=&#8221;#000000&#8243; header_3_font_size=&#8221;30px&#8221; header_3_line_height=&#8221;1.2em&#8221; header_4_font=&#8221;Calps Light||||||||&#8221; header_4_text_color=&#8221;#d06728&#8243; header_4_font_size=&#8221;22px&#8221; background_enable_image=&#8221;off&#8221; background_size=&#8221;custom&#8221; background_image_width=&#8221;31%&#8221; background_image_height=&#8221;0%&#8221; background_position=&#8221;top_right&#8221; background_vertical_offset=&#8221;-7%&#8221; text_font_size_tablet=&#8221;14px&#8221; text_font_size_phone=&#8221;14px&#8221; text_font_size_last_edited=&#8221;on|phone&#8221; header_2_font_size_tablet=&#8221;35px&#8221; header_2_font_size_phone=&#8221;30px&#8221; header_2_font_size_last_edited=&#8221;on|desktop&#8221; header_3_font_size_tablet=&#8221;25px&#8221; header_3_font_size_phone=&#8221;20px&#8221; header_3_font_size_last_edited=&#8221;on|phone&#8221; header_4_font_size_tablet=&#8221;22px&#8221; header_4_font_size_phone=&#8221;14px&#8221; header_4_font_size_last_edited=&#8221;on|tablet&#8221; header_4_line_height_tablet=&#8221;&#8221; header_4_line_height_phone=&#8221;1.5em&#8221; header_4_line_height_last_edited=&#8221;on|phone&#8221; global_colors_info=&#8221;{}&#8221;]<\/p>\n<div class=\"et_pb_column et_pb_column_4_4 et_pb_column_6 et_pb_css_mix_blend_mode_passthrough et-last-child\">\n<div class=\"et_pb_module et_pb_text et_pb_text_3 et_pb_text_align_left et_pb_bg_layout_light\">\n<div class=\"et_pb_text_inner\">\n<p><strong>Erm\u00e4\u00dfigter Tarif 1<\/strong> <span style=\"color: #000000;\">:<\/span> F\u00fcr Personen zwischen 26 und 32 Jahren, Gruppen ab 5 Personen, Arbeitssuchende mit einem Nachweis, der nicht \u00e4lter als 3 Monate ist, mit der Accent 4-Karte, mit der Cezam Ircos-Karte und f\u00fcr Menschen mit Behinderung.<\/p>\n<p><strong>Erm\u00e4\u00dfigter Tarif<\/strong> <span style=\"color: #000000;\"><strong>2<\/strong>: F\u00fcr alle Personen im Alter von 12 bis 25 Jahren, Studenten und RSA-Empf\u00e4nger.<\/span> <em><\/em><\/p>\n<p><em>Ein Nachweis f\u00fcr Ihre Erm\u00e4\u00dfigung kann am Eingang zu den Veranstaltungen verlangt werden.<\/em><\/p>\n<p><span style=\"color: #000000;\"><\/span><\/p>\n<\/div>\n<\/div>\n<\/div>\n<p>[\/et_pb_text][\/et_pb_column][\/et_pb_row][\/et_pb_section][et_pb_section fb_built=&#8221;1&#8243; module_id=&#8221;Geschichte&#8221; _builder_version=&#8221;4.21.0&#8243; _module_preset=&#8221;default&#8221; min_height=&#8221;222.5px&#8221; custom_margin=&#8221;-30px|||||&#8221; custom_padding=&#8221;2px||76px|||&#8221; global_colors_info=&#8221;{}&#8221;][et_pb_row _builder_version=&#8221;4.21.0&#8243; _module_preset=&#8221;default&#8221; min_height=&#8221;158.5px&#8221; custom_padding=&#8221;6px||3px|||&#8221; global_colors_info=&#8221;{}&#8221;][et_pb_column type=&#8221;4_4&#8243; _builder_version=&#8221;4.16&#8243; _module_preset=&#8221;default&#8221; global_colors_info=&#8221;{}&#8221;][et_pb_text _builder_version=&#8221;4.25.1&#8243; _module_preset=&#8221;default&#8221; text_font=&#8221;Barlow|300|||||||&#8221; text_text_color=&#8221;#000000&#8243; text_font_size=&#8221;16px&#8221; text_line_height=&#8221;1.5em&#8221; header_font=&#8221;Alata||||||||&#8221; header_font_size=&#8221;17px&#8221; header_2_font=&#8221;Calps Light|600|||||||&#8221; header_2_text_color=&#8221;#b61733&#8243; header_2_font_size=&#8221;40px&#8221; header_2_letter_spacing=&#8221;2px&#8221; header_2_line_height=&#8221;1.2em&#8221; header_3_font=&#8221;Calps Light|600|||||||&#8221; header_3_text_color=&#8221;#000000&#8243; header_3_font_size=&#8221;30px&#8221; header_3_line_height=&#8221;1.2em&#8221; header_4_font=&#8221;Calps Light||||||||&#8221; header_4_text_color=&#8221;#d06728&#8243; header_4_font_size=&#8221;22px&#8221; background_enable_image=&#8221;off&#8221; background_size=&#8221;custom&#8221; background_image_width=&#8221;31%&#8221; background_image_height=&#8221;0%&#8221; background_position=&#8221;top_right&#8221; background_vertical_offset=&#8221;-7%&#8221; text_font_size_tablet=&#8221;14px&#8221; text_font_size_phone=&#8221;14px&#8221; text_font_size_last_edited=&#8221;on|phone&#8221; header_2_font_size_tablet=&#8221;35px&#8221; header_2_font_size_phone=&#8221;30px&#8221; header_2_font_size_last_edited=&#8221;on|desktop&#8221; header_3_font_size_tablet=&#8221;25px&#8221; header_3_font_size_phone=&#8221;20px&#8221; header_3_font_size_last_edited=&#8221;on|phone&#8221; header_4_font_size_tablet=&#8221;22px&#8221; header_4_font_size_phone=&#8221;14px&#8221; header_4_font_size_last_edited=&#8221;on|tablet&#8221; header_4_line_height_tablet=&#8221;&#8221; header_4_line_height_phone=&#8221;1.5em&#8221; header_4_line_height_last_edited=&#8221;on|phone&#8221; inline_fonts=&#8221;Acme&#8221; global_colors_info=&#8221;{}&#8221;]<\/p>\n<h2>Wo kann ich meine Tickets kaufen?<\/h2>\n<ul>\n<li><span style=\"color: #000000;\"><strong>\u00fcber unseren <a href=\"https:\/\/www.voix-romane.com\/billetterie\" target=\"_blank\" rel=\"noopener\">Online-Ticketverkauf<\/a><\/strong><\/span><\/li>\n<li><span style=\"color: #000000;\"><strong>per Post <\/strong>mithilfe des Reservierungsformulars zum Ausschneiden in der Brosch\u00fcre oder als Download in der Fu\u00dfzeile<\/span><\/li>\n<li><span style=\"color: #000000;\"><b>per Telefon <\/b>unter 00 33 9 50 60 13 93<\/span><\/li>\n<li><strong><span style=\"color: #000000;\">in unseren R\u00e4umlichkeiten<\/span><span style=\"color: #000000;\"> in den R\u00e4umlichkeiten <\/span><\/strong><span style=\"color: #000000;\">23 boulevard de Lyon, 67000 Strasbourg: 3. Stock ohne Aufzug<\/span><\/li>\n<li><strong><span style=\"color: #000000;\">an der Abendkasse<\/span><\/strong><span style=\"color: #000000;\"> Verkaufsbeginn eine Stunde vor Beginn des Konzerts<\/span><\/li>\n<\/ul>\n<p><span style=\"color: #000000;\">Bei Bestellungen per Post oder Telefon warten Ihre Karten bis 15 Minuten vor Beginn des Konzerts an der Abendkasse auf Sie.<\/span><\/p>\n<p><span style=\"color: #000000;\"><\/span><\/p>\n<p>[\/et_pb_text][et_pb_text _builder_version=&#8221;4.25.1&#8243; _module_preset=&#8221;default&#8221; text_font=&#8221;Barlow|300|||||||&#8221; text_text_color=&#8221;#000000&#8243; text_font_size=&#8221;16px&#8221; text_line_height=&#8221;1.5em&#8221; header_font=&#8221;Alata||||||||&#8221; header_font_size=&#8221;17px&#8221; header_2_font=&#8221;Calps Light|600|||||||&#8221; header_2_text_color=&#8221;#b61733&#8243; header_2_font_size=&#8221;40px&#8221; header_2_letter_spacing=&#8221;2px&#8221; header_2_line_height=&#8221;1.2em&#8221; header_3_font=&#8221;Calps Light|600|||||||&#8221; header_3_text_color=&#8221;#000000&#8243; header_3_font_size=&#8221;30px&#8221; header_3_line_height=&#8221;1.2em&#8221; header_4_font=&#8221;Calps Light||||||||&#8221; header_4_text_color=&#8221;#d06728&#8243; header_4_font_size=&#8221;22px&#8221; background_enable_image=&#8221;off&#8221; background_size=&#8221;custom&#8221; background_image_width=&#8221;31%&#8221; background_image_height=&#8221;0%&#8221; background_position=&#8221;top_right&#8221; background_vertical_offset=&#8221;-7%&#8221; text_font_size_tablet=&#8221;14px&#8221; text_font_size_phone=&#8221;14px&#8221; text_font_size_last_edited=&#8221;on|phone&#8221; header_2_font_size_tablet=&#8221;35px&#8221; header_2_font_size_phone=&#8221;30px&#8221; header_2_font_size_last_edited=&#8221;on|desktop&#8221; header_3_font_size_tablet=&#8221;25px&#8221; header_3_font_size_phone=&#8221;20px&#8221; header_3_font_size_last_edited=&#8221;on|phone&#8221; header_4_font_size_tablet=&#8221;22px&#8221; header_4_font_size_phone=&#8221;14px&#8221; header_4_font_size_last_edited=&#8221;on|tablet&#8221; header_4_line_height_tablet=&#8221;&#8221; header_4_line_height_phone=&#8221;1.5em&#8221; header_4_line_height_last_edited=&#8221;on|phone&#8221; inline_fonts=&#8221;Acme&#8221; global_colors_info=&#8221;{}&#8221;]<\/p>\n<h2>Bezahlung<\/h2>\n<ul>\n<li><span style=\"color: #000000;\">per Bank- oder Postscheck, ausgestellt auf den Orden von <\/span><span style=\"color: #000000;\">Association Arts et Lumi\u00e8res en Alsace<\/span><\/li>\n<li><span style=\"color: #000000;\">per Kreditkarte \u00fcber unseren Online-Ticketshop an der Abendkasse, <\/span><span style=\"color: #000000;\">per Telefon und in unseren R\u00e4umlichkeiten<\/span><\/li>\n<li><span style=\"color: #000000;\">in bar an der Abendkasse und in unseren R\u00e4umlichkeiten<\/span><\/li>\n<li><span style=\"color: #000000;\"><span style=\"color: #000000;\">per Bank\u00fcberweisung auf das Konto IBAN :<\/span><\/span><span style=\"font-size: 16px;\"> FR76 1027 8010 8300 0216 1340 148 &#8211; BIC: CMCIFR2A<\/span><\/li>\n<\/ul>\n<p>[\/et_pb_text][\/et_pb_column][\/et_pb_row][\/et_pb_section]<\/p>\n","protected":false},"excerpt":{"rendered":"<p>Praktische Informationen Preise f\u00fcr Konzerte Vollpreis: 20 \u20acErm\u00e4\u00dfigter Preis 1: 16 \u20acErm\u00e4\u00dfigter Preis 2: 6 \u20acFreier Eintritt (unter 12 Jahren) Abonnements (Konzerte zur freien Auswahl) Beim Online-Ticketverkauf wird die Erm\u00e4\u00dfigung automatisch angewendet, wenn Sie Konzerte hinzuf\u00fcgen. Atlantis: 3 Konzerte f\u00fcr 45 \u20ac \u00a0\u2022 \u00a05 \u20ac Erm\u00e4\u00dfigung pro KonzertBabylon: 5 Konzerte f\u00fcr 70 \u20ac \u00a0\u2022 \u00a06 [&hellip;]<\/p>\n","protected":false},"author":3,"featured_media":0,"parent":0,"menu_order":0,"comment_status":"closed","ping_status":"closed","template":"","meta":{"_et_pb_use_builder":"on","_et_pb_old_content":"","_et_gb_content_width":"","footnotes":""},"class_list":["post-5698","page","type-page","status-publish","hentry"],"_links":{"self":[{"href":"https:\/\/www.voix-romane.com\/de\/wp-json\/wp\/v2\/pages\/5698","targetHints":{"allow":["GET"]}}],"collection":[{"href":"https:\/\/www.voix-romane.com\/de\/wp-json\/wp\/v2\/pages"}],"about":[{"href":"https:\/\/www.voix-romane.com\/de\/wp-json\/wp\/v2\/types\/page"}],"author":[{"embeddable":true,"href":"https:\/\/www.voix-romane.com\/de\/wp-json\/wp\/v2\/users\/3"}],"replies":[{"embeddable":true,"href":"https:\/\/www.voix-romane.com\/de\/wp-json\/wp\/v2\/comments?post=5698"}],"version-history":[{"count":7,"href":"https:\/\/www.voix-romane.com\/de\/wp-json\/wp\/v2\/pages\/5698\/revisions"}],"predecessor-version":[{"id":5964,"href":"https:\/\/www.voix-romane.com\/de\/wp-json\/wp\/v2\/pages\/5698\/revisions\/5964"}],"wp:attachment":[{"href":"https:\/\/www.voix-romane.com\/de\/wp-json\/wp\/v2\/media?parent=5698"}],"curies":[{"name":"wp","href":"https:\/\/api.w.org\/{rel}","templated":true}]}}