{"id":5663,"date":"2024-05-31T16:16:37","date_gmt":"2024-05-31T14:16:37","guid":{"rendered":"https:\/\/www.voix-romane.com\/zur-ausgabe-2025\/"},"modified":"2025-05-27T12:25:12","modified_gmt":"2025-05-27T10:25:12","slug":"zur-ausgabe-2025","status":"publish","type":"page","link":"https:\/\/www.voix-romane.com\/de\/zur-ausgabe-2025\/","title":{"rendered":"Zur Ausgabe 2025"},"content":{"rendered":"\n[et_pb_section fb_built=&#8221;1&#8243; module_id=&#8221;Programm&#8221; _builder_version=&#8221;4.27.4&#8243; _module_preset=&#8221;default&#8221; background_image=&#8221;https:\/\/www.voix-romane.com\/Site\/wp-content\/uploads\/2025\/05\/Carte-Tresor-Fusain-scaled.png&#8221; background_size=&#8221;custom&#8221; background_image_width=&#8221;43%&#8221; background_position=&#8221;top_right&#8221; custom_margin=&#8221;||||false|false&#8221; custom_padding=&#8221;||4px||false|false&#8221; hover_enabled=&#8221;0&#8243; global_colors_info=&#8221;{}&#8221; title_text=&#8221;Carte-Tr\u00e9sor-Fusain&#8221; sticky_enabled=&#8221;0&#8243;][et_pb_row _builder_version=&#8221;4.21.0&#8243; _module_preset=&#8221;default&#8221; custom_margin=&#8221;|auto||auto|false|false&#8221; custom_padding=&#8221;||||false|false&#8221; locked=&#8221;off&#8221; global_colors_info=&#8221;{}&#8221;][et_pb_column type=&#8221;4_4&#8243; _builder_version=&#8221;4.16&#8243; _module_preset=&#8221;default&#8221; global_colors_info=&#8221;{}&#8221;][et_pb_text _builder_version=&#8221;4.25.1&#8243; text_font=&#8221;Calps Light||||||||&#8221; text_text_color=&#8221;#000000&#8243; text_font_size=&#8221;22px&#8221; text_line_height=&#8221;2em&#8221; header_font=&#8221;Calps Slim Light|600|||||||&#8221; header_text_color=&#8221;#FFFFFF&#8221; header_font_size=&#8221;70px&#8221; header_letter_spacing=&#8221;2px&#8221; header_line_height=&#8221;0.4em&#8221; header_2_font=&#8221;DM Sans|700||on|||||&#8221; header_2_text_color=&#8221;#FFFFFF&#8221; header_2_font_size=&#8221;14px&#8221; header_2_letter_spacing=&#8221;6px&#8221; header_2_line_height=&#8221;1.4em&#8221; header_4_font=&#8221;Calps Medium|600|||||||&#8221; header_4_text_color=&#8221;#d06728&#8243; header_4_font_size=&#8221;22px&#8221; max_width=&#8221;800px&#8221; max_width_phone=&#8221;300px&#8221; max_width_last_edited=&#8221;off|desktop&#8221; custom_padding=&#8221;||||false|false&#8221; text_font_size_tablet=&#8221;20px&#8221; text_font_size_phone=&#8221;20px&#8221; text_font_size_last_edited=&#8221;on|phone&#8221; text_line_height_tablet=&#8221;2em&#8221; text_line_height_phone=&#8221;1.3em&#8221; text_line_height_last_edited=&#8221;on|phone&#8221; header_font_size_tablet=&#8221;60px&#8221; header_font_size_phone=&#8221;50px&#8221; header_font_size_last_edited=&#8221;on|phone&#8221; header_line_height_tablet=&#8221;0.4em&#8221; header_line_height_phone=&#8221;0.8em&#8221; header_line_height_last_edited=&#8221;on|phone&#8221; header_2_font_size_tablet=&#8221;14px&#8221; header_2_font_size_phone=&#8221;10px&#8221; header_2_font_size_last_edited=&#8221;on|desktop&#8221; header_4_font_size_tablet=&#8221;20px&#8221; header_4_font_size_phone=&#8221;20px&#8221; header_4_font_size_last_edited=&#8221;on|phone&#8221; locked=&#8221;off&#8221; inline_fonts=&#8221;ABeeZee&#8221; global_colors_info=&#8221;{}&#8221;]<h1><span style=\"font-family: inherit; font-weight: normal; color: #000000;\">\u00c9ditorial<\/span><span style=\"font-family: inherit; font-weight: normal;\"><\/span><span style=\"font-family: inherit; font-weight: normal;\"><\/span><\/h1>[\/et_pb_text][\/et_pb_column][\/et_pb_row][et_pb_row column_structure=&#8221;2_3,1_3&#8243; use_custom_gutter=&#8221;on&#8221; _builder_version=&#8221;4.21.0&#8243; _module_preset=&#8221;default&#8221; custom_padding=&#8221;||2px|||&#8221; locked=&#8221;off&#8221; global_colors_info=&#8221;{}&#8221;][et_pb_column type=&#8221;2_3&#8243; _builder_version=&#8221;4.16&#8243; _module_preset=&#8221;default&#8221; global_colors_info=&#8221;{}&#8221;][et_pb_text _builder_version=&#8221;4.27.4&#8243; _module_preset=&#8221;default&#8221; text_font=&#8221;Barlow|500|||||||&#8221; text_text_color=&#8221;#FFFFFF&#8221; text_font_size=&#8221;16px&#8221; text_line_height=&#8221;1.5em&#8221; header_font=&#8221;Alata||||||||&#8221; header_font_size=&#8221;17px&#8221; header_2_font=&#8221;Calps Light|600|||||||&#8221; header_2_text_color=&#8221;#b45d49&#8243; header_2_font_size=&#8221;40px&#8221; header_2_letter_spacing=&#8221;2px&#8221; header_2_line_height=&#8221;1.2em&#8221; header_3_font=&#8221;Calps Light|600|||||||&#8221; header_3_text_color=&#8221;#FFFFFF&#8221; header_3_font_size=&#8221;30px&#8221; header_3_line_height=&#8221;1.2em&#8221; header_4_font=&#8221;Calps Light||||||||&#8221; header_4_text_color=&#8221;#d06728&#8243; header_4_font_size=&#8221;22px&#8221; background_color=&#8221;#ab7970&#8243; background_enable_image=&#8221;off&#8221; background_size=&#8221;custom&#8221; background_image_width=&#8221;31%&#8221; background_image_height=&#8221;0%&#8221; background_position=&#8221;top_right&#8221; background_vertical_offset=&#8221;-7%&#8221; custom_padding=&#8221;20px|30px|20px|30px|true|true&#8221; hover_enabled=&#8221;0&#8243; text_font_size_tablet=&#8221;14px&#8221; text_font_size_phone=&#8221;14px&#8221; text_font_size_last_edited=&#8221;on|phone&#8221; header_2_font_size_tablet=&#8221;35px&#8221; header_2_font_size_phone=&#8221;30px&#8221; header_2_font_size_last_edited=&#8221;on|desktop&#8221; header_3_font_size_tablet=&#8221;25px&#8221; header_3_font_size_phone=&#8221;20px&#8221; header_3_font_size_last_edited=&#8221;on|phone&#8221; header_4_font_size_tablet=&#8221;&#8221; header_4_font_size_phone=&#8221;14px&#8221; header_4_font_size_last_edited=&#8221;on|tablet&#8221; header_4_line_height_tablet=&#8221;&#8221; header_4_line_height_phone=&#8221;1.5em&#8221; header_4_line_height_last_edited=&#8221;on|phone&#8221; inline_fonts=&#8221;Acme,Calps Light,Calps Slim Light&#8221; global_colors_info=&#8221;{}&#8221; sticky_enabled=&#8221;0&#8243;]<h3><\/h3>\n<div class=\"page\" title=\"Seite 1\">\n<div class=\"layoutArea\">\n<h3>Und die Musik wird zu einem Werkzeug im Dienste aller<\/h3>\n<div class=\"page\" title=\"Seite 4\">\n<div class=\"layoutArea\">\n<div class=\"column\">\n<p style=\"font-weight: 400;\">Es gibt nur wenige kulturelle Veranstaltungen, die die Zeit \u00fcberdauern, ohne sich st\u00e4ndig zu ver\u00e4ndern. Das Festival \u201eVoix et Route Romane\u201c ist da keine Ausnahme: Wenn es seit 33 Jahren im Dienste der mittelalterlichen Musik steht &#8211; immerhin 800 Jahre seit seiner Gr\u00fcndung! &#8211; ist es vor allem zum Vorteil eines zahlreichen, treuen und vielf\u00e4ltigen Publikums. In dieser neuen Ausgabe bekr\u00e4ftigt das Festival mit Nachdruck die untrennbare Verbindung zwischen darstellenden K\u00fcnsten und dem bemerkenswerten romanischen Kulturerbe des Elsass.<\/p>\n<p style=\"font-weight: 400;\">Indem \u201eVoix et Route Romane\u201c immer wieder die funkelnde Klarheit und die intensive Spiritualit\u00e4t der mittelalterlichen Musik hervorhebt, tr\u00e4gt es zur Erneuerung der Wahrnehmung bei, die wir von dieser Periode unserer Geschichte haben, die man allzu oft auf ihren Obskurantismus und ihre Gewalt zu reduzieren pflegt, zwei Realit\u00e4ten, die sich leider auch heute noch viel zu oft materialisieren.<\/p>\n<p style=\"font-weight: 400;\">Rund um die Konzerte, die den besten Spezialensembles aus ganz Europa anvertraut werden, ist jeder von uns, ob Anf\u00e4nger, Musikliebhaber oder einfach nur neugierig, zu einer immersiven, vielf\u00e4ltigen und sensiblen Erfahrung eingeladen: Workshops zur k\u00fcnstlerischen Praxis, F\u00fchrungen, Musikunterricht, Vortr\u00e4ge, Taschenkonzerte&#8230; All diese Veranstaltungen zeichnen Routen vor, <br>die sich jeder aneignen kann, indem er auf seiner eigenen Vorstellungswelt reitet.<\/p>\n<p><span style=\"font-weight: 400;\">M\u00f6gen alle Beteiligten dieses gro\u00dfen Festivals &#8211; Publikum, K\u00fcnstler, Organisatoren &#8211; die wesentliche Erfahrung des gegenseitigen Respekts, einer echten N\u00e4he und bereichernder Begegnungen machen!<\/span><\/p>\n<p><span style=\"font-weight: 400;\"><\/span><\/p>\n<\/div>\n<\/div>\n<\/div>\n<p><em>Franck Leroy, Pr\u00e4sident der Region Grand Est<\/em><\/p>\n<p><strong><\/strong><\/p>\n<\/div>\n<\/div>[\/et_pb_text][\/et_pb_column][et_pb_column type=&#8221;1_3&#8243; _builder_version=&#8221;4.16&#8243; _module_preset=&#8221;default&#8221; global_colors_info=&#8221;{}&#8221;][\/et_pb_column][\/et_pb_row][et_pb_row column_structure=&#8221;1_3,2_3&#8243; _builder_version=&#8221;4.21.0&#8243; _module_preset=&#8221;default&#8221; global_colors_info=&#8221;{}&#8221;][et_pb_column type=&#8221;1_3&#8243; _builder_version=&#8221;4.21.0&#8243; _module_preset=&#8221;default&#8221; global_colors_info=&#8221;{}&#8221;][\/et_pb_column][et_pb_column type=&#8221;2_3&#8243; _builder_version=&#8221;4.21.0&#8243; _module_preset=&#8221;default&#8221; global_colors_info=&#8221;{}&#8221;][et_pb_text _builder_version=&#8221;4.27.4&#8243; _module_preset=&#8221;default&#8221; text_font=&#8221;Barlow|500|||||||&#8221; text_text_color=&#8221;#FFFFFF&#8221; text_font_size=&#8221;16px&#8221; text_line_height=&#8221;1.5em&#8221; header_font=&#8221;Alata||||||||&#8221; header_font_size=&#8221;17px&#8221; header_2_font=&#8221;Calps Light|600|||||||&#8221; header_2_text_color=&#8221;#b45d49&#8243; header_2_font_size=&#8221;40px&#8221; header_2_letter_spacing=&#8221;2px&#8221; header_2_line_height=&#8221;1.2em&#8221; header_3_font=&#8221;Calps Light|600|||||||&#8221; header_3_text_color=&#8221;#FFFFFF&#8221; header_3_font_size=&#8221;30px&#8221; header_3_line_height=&#8221;1.2em&#8221; header_4_font=&#8221;Calps Light||||||||&#8221; header_4_text_color=&#8221;#d06728&#8243; header_4_font_size=&#8221;22px&#8221; custom_padding=&#8221;20px|30px|20px|30px|true|true&#8221; hover_enabled=&#8221;0&#8243; text_font_size_tablet=&#8221;14px&#8221; text_font_size_phone=&#8221;14px&#8221; text_font_size_last_edited=&#8221;on|phone&#8221; header_2_font_size_tablet=&#8221;35px&#8221; header_2_font_size_phone=&#8221;30px&#8221; header_2_font_size_last_edited=&#8221;on|desktop&#8221; header_3_font_size_tablet=&#8221;25px&#8221; header_3_font_size_phone=&#8221;20px&#8221; header_3_font_size_last_edited=&#8221;on|phone&#8221; header_4_font_size_tablet=&#8221;&#8221; header_4_font_size_phone=&#8221;14px&#8221; header_4_font_size_last_edited=&#8221;on|tablet&#8221; header_4_line_height_tablet=&#8221;&#8221; header_4_line_height_phone=&#8221;1.5em&#8221; header_4_line_height_last_edited=&#8221;on|phone&#8221; inline_fonts=&#8221;Acme,Calps Light,Calps Slim Light&#8221; global_colors_info=&#8221;{}&#8221; sticky_enabled=&#8221;0&#8243; background_color=&#8221;#9e6d7e&#8221;]<h3><\/h3>\n<div class=\"page\" title=\"Seite 1\">\n<div class=\"layoutArea\">\n<h3>Reise, Reisen, reisen&#8230;<\/h3>\n<div class=\"page\" title=\"Seite 5\">\n<div class=\"layoutArea\">\n<div class=\"column\">\n<p style=\"font-weight: 400;\">Seit jeher war das Reisen ein au\u00dfergew\u00f6hnlicher Anreiz f\u00fcr den Menschen. Zun\u00e4chst war es ein Traum. Dann eine mehr oder weniger gr\u00fcndliche Vorbereitung. Und schlie\u00dflich die Verwirklichung, die nicht frei von \u00dcberraschungen, unerwarteten, gl\u00fccklichen oder ungl\u00fccklichen Ereignissen, manchmal fruchtbaren Begegnungen und sogar von Wegen mit endg\u00fcltigen Konsequenzen ist.<\/p>\n<p style=\"font-weight: 400;\">Reisen k\u00f6nnen sich in relativer N\u00e4he abspielen oder in unbekannte Gefilde f\u00fchren. Aber was f\u00fcr ein Abenteuer ist es, zu reisen, neue Horizonte, neue Kulturen, neue Herausforderungen und au\u00dfergew\u00f6hnliche \u201eCharaktere\u201c zu entdecken.<\/p>\n<p style=\"font-weight: 400;\">Das Festival 2025 tr\u00e4gt den Titel \u201eItin\u00e9raire Imaginaire\u201c (Imagin\u00e4re Route). Das ist ein eigenartiger Titel f\u00fcr die zahlreichen Etappen einer Reise ins Herz der \u201eMusik und Kultur des Mittelalters\u201c. Aber es geht darum, \u00e4hnlich wie im ber\u00fchmten <em>Mus\u00e9e Imaginaire<\/em> von Andr\u00e9 Malraux, \u00fcberraschende Realit\u00e4ten wie <em>die tanzende Pest<\/em> oder <em>die Kunst des mittelalterlichen S\u00e4ngers<\/em>, <em>Chim\u00e4ren<\/em>, faszinierende mythische Figuren oder das Seltsame <em>vom Trobar bis zum Tarab<\/em>&#8230; zu vereinen.<\/p>\n<p style=\"font-weight: 400;\">Nicht zu vergessen die K\u00fcnstler vom Huelgas Ensemble \u00fcber Zweigulden und C\u00e9ladon oder Apotropa\u00efk bis hin zu Gilles Binchois&#8230;<\/p>\n<p style=\"font-weight: 400;\">Schlie\u00dflich gibt es noch die Geographie, mit <em>Paris 1200<\/em> oder <em>En terras despanya<\/em>, ohne unsere els\u00e4ssische Geographie zu vergessen, von Feldbach bis Marmoutier mit einem kleinen Abstecher ins Badische! Unsere imagin\u00e4re Route wird uns auch wirklich in die Kirchen der wundersch\u00f6nen Route Romane d&#8217;Alsace und sogar ein wenig dar\u00fcber hinaus f\u00fchren!<\/p>\n<p><span style=\"font-weight: 400;\">Ich w\u00fcnsche Ihnen und uns ein wunderbares Festival 2025!<\/span><\/p>\n<p><em><span style=\"font-size: 16px;\">Fran\u00e7ois Geissler, <\/span><span style=\"font-size: 16px;\">Vizepr\u00e4sident von Arts &amp; Lumi\u00e8res en Alsace<\/span><\/em><\/p>\n<\/div>\n<\/div>\n<\/div>\n<\/div>\n<\/div>[\/et_pb_text][\/et_pb_column][\/et_pb_row][\/et_pb_section]\n","protected":false},"excerpt":{"rendered":"<p>\u00c9ditorial Und die Musik wird zu einem Werkzeug im Dienste aller Es gibt nur wenige kulturelle Veranstaltungen, die die Zeit \u00fcberdauern, ohne sich st\u00e4ndig zu ver\u00e4ndern. Das Festival \u201eVoix et Route Romane\u201c ist da keine Ausnahme: Wenn es seit 33 Jahren im Dienste der mittelalterlichen Musik steht &#8211; immerhin 800 Jahre seit seiner Gr\u00fcndung! &#8211; [&hellip;]<\/p>\n","protected":false},"author":3,"featured_media":0,"parent":0,"menu_order":0,"comment_status":"closed","ping_status":"closed","template":"","meta":{"_et_pb_use_builder":"on","_et_pb_old_content":"","_et_gb_content_width":"","footnotes":""},"class_list":["post-5663","page","type-page","status-publish","hentry"],"_links":{"self":[{"href":"https:\/\/www.voix-romane.com\/de\/wp-json\/wp\/v2\/pages\/5663","targetHints":{"allow":["GET"]}}],"collection":[{"href":"https:\/\/www.voix-romane.com\/de\/wp-json\/wp\/v2\/pages"}],"about":[{"href":"https:\/\/www.voix-romane.com\/de\/wp-json\/wp\/v2\/types\/page"}],"author":[{"embeddable":true,"href":"https:\/\/www.voix-romane.com\/de\/wp-json\/wp\/v2\/users\/3"}],"replies":[{"embeddable":true,"href":"https:\/\/www.voix-romane.com\/de\/wp-json\/wp\/v2\/comments?post=5663"}],"version-history":[{"count":3,"href":"https:\/\/www.voix-romane.com\/de\/wp-json\/wp\/v2\/pages\/5663\/revisions"}],"predecessor-version":[{"id":5908,"href":"https:\/\/www.voix-romane.com\/de\/wp-json\/wp\/v2\/pages\/5663\/revisions\/5908"}],"wp:attachment":[{"href":"https:\/\/www.voix-romane.com\/de\/wp-json\/wp\/v2\/media?parent=5663"}],"curies":[{"name":"wp","href":"https:\/\/api.w.org\/{rel}","templated":true}]}}