{"id":5647,"date":"2025-05-21T15:11:24","date_gmt":"2025-05-21T13:11:24","guid":{"rendered":"https:\/\/www.voix-romane.com\/fuehrungen\/"},"modified":"2025-05-23T15:33:17","modified_gmt":"2025-05-23T13:33:17","slug":"fuehrungen","status":"publish","type":"page","link":"https:\/\/www.voix-romane.com\/de\/fuehrungen\/","title":{"rendered":"F\u00fchrungen"},"content":{"rendered":"<p>[et_pb_section fb_built=&#8221;1&#8243; module_id=&#8221;Programm&#8221; _builder_version=&#8221;4.27.4&#8243; _module_preset=&#8221;default&#8221; background_enable_image=&#8221;off&#8221; parallax=&#8221;on&#8221; custom_margin=&#8221;||||false|false&#8221; custom_padding=&#8221;||4px||false|false&#8221; global_colors_info=&#8221;{}&#8221;][et_pb_row _builder_version=&#8221;4.21.0&#8243; _module_preset=&#8221;default&#8221; custom_margin=&#8221;|auto||auto|false|false&#8221; custom_padding=&#8221;||||false|false&#8221; locked=&#8221;off&#8221; global_colors_info=&#8221;{}&#8221;][et_pb_column type=&#8221;4_4&#8243; _builder_version=&#8221;4.16&#8243; _module_preset=&#8221;default&#8221; global_colors_info=&#8221;{}&#8221;][et_pb_text _builder_version=&#8221;4.27.4&#8243; text_font=&#8221;Calps Light||||||||&#8221; text_text_color=&#8221;#000000&#8243; text_font_size=&#8221;22px&#8221; text_line_height=&#8221;2em&#8221; header_font=&#8221;|600|||||||&#8221; header_text_color=&#8221;#FFFFFF&#8221; header_font_size=&#8221;70px&#8221; header_letter_spacing=&#8221;2px&#8221; header_2_font=&#8221;DM Sans|700||on|||||&#8221; header_2_text_color=&#8221;#FFFFFF&#8221; header_2_font_size=&#8221;14px&#8221; header_2_letter_spacing=&#8221;6px&#8221; header_2_line_height=&#8221;1.4em&#8221; header_4_font=&#8221;|600|||||||&#8221; header_4_text_color=&#8221;#d06728&#8243; header_4_font_size=&#8221;22px&#8221; max_width_phone=&#8221;300px&#8221; max_width_last_edited=&#8221;off|desktop&#8221; custom_padding=&#8221;||||false|false&#8221; text_font_size_tablet=&#8221;20px&#8221; text_font_size_phone=&#8221;20px&#8221; text_font_size_last_edited=&#8221;on|phone&#8221; text_line_height_tablet=&#8221;2em&#8221; text_line_height_phone=&#8221;1.3em&#8221; text_line_height_last_edited=&#8221;on|phone&#8221; header_font_size_tablet=&#8221;60px&#8221; header_font_size_phone=&#8221;50px&#8221; header_font_size_last_edited=&#8221;on|desktop&#8221; header_line_height_tablet=&#8221;0.4em&#8221; header_line_height_phone=&#8221;0.8em&#8221; header_line_height_last_edited=&#8221;off|tablet&#8221; header_2_font_size_tablet=&#8221;14px&#8221; header_2_font_size_phone=&#8221;10px&#8221; header_2_font_size_last_edited=&#8221;on|desktop&#8221; header_4_font_size_tablet=&#8221;20px&#8221; header_4_font_size_phone=&#8221;20px&#8221; header_4_font_size_last_edited=&#8221;on|phone&#8221; locked=&#8221;off&#8221; inline_fonts=&#8221;ABeeZee&#8221; global_colors_info=&#8221;{}&#8221;]<\/p>\n<h1><span style=\"font-family: inherit; font-weight: normal; color: #000000;\">F\u00fchrungen<\/span><span style=\"font-family: inherit; font-weight: normal;\"><\/span><\/h1>\n<p>[\/et_pb_text][\/et_pb_column][\/et_pb_row][et_pb_row use_custom_gutter=&#8221;on&#8221; _builder_version=&#8221;4.27.4&#8243; _module_preset=&#8221;default&#8221; custom_padding=&#8221;||2px|||&#8221; locked=&#8221;off&#8221; global_colors_info=&#8221;{}&#8221;][et_pb_column type=&#8221;4_4&#8243; _builder_version=&#8221;4.16&#8243; _module_preset=&#8221;default&#8221; global_colors_info=&#8221;{}&#8221;][et_pb_text _builder_version=&#8221;4.27.4&#8243; _module_preset=&#8221;default&#8221; text_font=&#8221;Barlow||on||||||&#8221; text_text_color=&#8221;#000000&#8243; text_font_size=&#8221;16px&#8221; header_font=&#8221;Alata||||||||&#8221; header_font_size=&#8221;17px&#8221; header_2_font=&#8221;Calps Light|600|||||||&#8221; header_2_text_color=&#8221;#b45d49&#8243; header_2_font_size=&#8221;40px&#8221; header_2_letter_spacing=&#8221;2px&#8221; header_2_line_height=&#8221;1.2em&#8221; header_3_font=&#8221;|600|||||||&#8221; header_3_text_color=&#8221;#000000&#8243; header_3_font_size=&#8221;30px&#8221; header_3_line_height=&#8221;1.2em&#8221; header_4_font=&#8221;Calps Light||||||||&#8221; header_4_text_color=&#8221;#d06728&#8243; header_4_font_size=&#8221;22px&#8221; background_color=&#8221;RGBA(255,255,255,0)&#8221; background_enable_image=&#8221;off&#8221; background_size=&#8221;custom&#8221; background_image_width=&#8221;31%&#8221; background_image_height=&#8221;0%&#8221; background_position=&#8221;top_right&#8221; background_vertical_offset=&#8221;-7%&#8221; custom_padding=&#8221;||||true|true&#8221; text_font_size_tablet=&#8221;14px&#8221; text_font_size_phone=&#8221;14px&#8221; text_font_size_last_edited=&#8221;on|tablet&#8221; header_2_font_size_tablet=&#8221;35px&#8221; header_2_font_size_phone=&#8221;30px&#8221; header_2_font_size_last_edited=&#8221;on|desktop&#8221; header_3_font_size_tablet=&#8221;25px&#8221; header_3_font_size_phone=&#8221;20px&#8221; header_3_font_size_last_edited=&#8221;on|phone&#8221; header_4_font_size_tablet=&#8221;&#8221; header_4_font_size_phone=&#8221;14px&#8221; header_4_font_size_last_edited=&#8221;on|tablet&#8221; header_4_line_height_tablet=&#8221;&#8221; header_4_line_height_phone=&#8221;1.5em&#8221; header_4_line_height_last_edited=&#8221;on|phone&#8221; inline_fonts=&#8221;Acme,Calps Light,Calps Slim Light&#8221; global_colors_info=&#8221;{}&#8221;]<\/p>\n<p>In diesem Jahr wird das Festival neue romanische St\u00e4tten erobern, um dort Veranstaltungen zu organisieren, die den Reichtum unseres els\u00e4ssischen Kulturerbes hervorheben, darunter auch gef\u00fchrte Besichtigungen! Eine neue sensorische F\u00fchrung durch die Stadt Andlau an der Seite von B\u00e9n\u00e9dicte Gonnet wird angeboten. Mit einem Rucksack voller \u00dcberraschungen l\u00e4dt B\u00e9n\u00e9dicte Sie ein, das Kulturerbe von Andlau auf andere Weise zu entdecken: indem Sie Ihre 5 Sinne ansprechen!  <span style=\"text-decoration: underline;\">Reservierung erforderlich.<\/span><\/p>\n<p>[\/et_pb_text][\/et_pb_column][\/et_pb_row][et_pb_row column_structure=&#8221;1_2,1_2&#8243; use_custom_gutter=&#8221;on&#8221; gutter_width=&#8221;1&#8243; _builder_version=&#8221;4.27.4&#8243; _module_preset=&#8221;default&#8221; custom_padding=&#8221;||||false|false&#8221; global_colors_info=&#8221;{}&#8221;][et_pb_column type=&#8221;1_2&#8243; _builder_version=&#8221;4.27.4&#8243; _module_preset=&#8221;default&#8221; background_color=&#8221;RGBA(255,255,255,0)&#8221; custom_padding=&#8221;||||false|false&#8221; global_colors_info=&#8221;{}&#8221;][et_pb_text _builder_version=&#8221;4.27.4&#8243; _module_preset=&#8221;default&#8221; text_font=&#8221;Barlow||||||||&#8221; text_text_color=&#8221;#000000&#8243; text_font_size=&#8221;16px&#8221; text_line_height=&#8221;1.5em&#8221; header_font=&#8221;Alata||||||||&#8221; header_font_size=&#8221;17px&#8221; header_2_font=&#8221;Calps Light|600|||||||&#8221; header_2_text_color=&#8221;#b45d49&#8243; header_2_font_size=&#8221;40px&#8221; header_2_letter_spacing=&#8221;2px&#8221; header_2_line_height=&#8221;1.2em&#8221; header_3_font=&#8221;|600|||||||&#8221; header_3_text_color=&#8221;#144b97&#8243; header_3_font_size=&#8221;25px&#8221; header_3_line_height=&#8221;1.2em&#8221; header_4_font=&#8221;Calps Light||||||||&#8221; header_4_text_color=&#8221;#d06728&#8243; header_4_font_size=&#8221;22px&#8221; background_color=&#8221;RGBA(255,255,255,0)&#8221; custom_padding=&#8221;20px|15px|0px|15px|false|true&#8221; text_font_size_tablet=&#8221;14px&#8221; text_font_size_phone=&#8221;14px&#8221; text_font_size_last_edited=&#8221;on|desktop&#8221; header_2_font_size_tablet=&#8221;35px&#8221; header_2_font_size_phone=&#8221;30px&#8221; header_2_font_size_last_edited=&#8221;on|desktop&#8221; header_3_font_size_tablet=&#8221;20px&#8221; header_3_font_size_phone=&#8221;20px&#8221; header_3_font_size_last_edited=&#8221;on|desktop&#8221; header_4_font_size_tablet=&#8221;&#8221; header_4_font_size_phone=&#8221;14px&#8221; header_4_font_size_last_edited=&#8221;on|tablet&#8221; header_4_line_height_tablet=&#8221;&#8221; header_4_line_height_phone=&#8221;1.5em&#8221; header_4_line_height_last_edited=&#8221;on|phone&#8221; inline_fonts=&#8221;Acme,Calps Light,Calps Slim Light&#8221; global_colors_info=&#8221;{}&#8221;]<\/p>\n<h3><img loading=\"lazy\" decoding=\"async\" src=\"https:\/\/www.voix-romane.com\/Site\/wp-content\/uploads\/2025\/05\/visite-guidee-de-leglise-romane-du-burgheim.jpg\" width=\"831\" height=\"554\" alt=\"\" class=\"wp-image-4820 alignnone size-full\" srcset=\"https:\/\/www.voix-romane.com\/Site\/wp-content\/uploads\/2025\/05\/visite-guidee-de-leglise-romane-du-burgheim.jpg 831w, https:\/\/www.voix-romane.com\/Site\/wp-content\/uploads\/2025\/05\/visite-guidee-de-leglise-romane-du-burgheim-480x320.jpg 480w\" sizes=\"(min-width: 0px) and (max-width: 480px) 480px, (min-width: 481px) 831px, 100vw\" \/><\/h3>\n<div class=\"page\" title=\"Seite 1\">\n<div class=\"layoutArea\">\n<h3>Romanische Kirche von Burgheim, Lahr<\/h3>\n<div class=\"page\" title=\"Seite 5\">\n<div class=\"layoutArea\">\n<div class=\"column\">\n<p><span>Die evangelische Kirche in Burgheim, einem Stadtteil von Lahr im Schwarzwald, ist eine der \u00e4ltesten Kirchen auf der rechten Seite des Rheins. Die heutige Kirche mit ihrem Chorturm stammt gr\u00f6\u00dftenteils aus dem 12. Jahrhundert, geht aber auf die Gr\u00fcndung einer Kirche im fr\u00fchen 7. Bis zum Ende des 15. Jahrhunderts war die Kirche von Burgheim die Kirche der Stadt Lahr, obwohl sie sich weit au\u00dferhalb der Stadtmauern befand. Sp\u00e4ter verlor sie diese Position an die Stiftskirche, die n\u00e4her an der Stadt lag.<\/span><\/p>\n<p>Freitag 29. August, 18 Uhr<br \/>Treffpunkt vor der Kirche<strong><\/strong><\/p>\n<\/div>\n<\/div>\n<\/div>\n<\/div>\n<\/div>\n<p>[\/et_pb_text][et_pb_button button_url=&#8221;https:\/\/www.billetweb.fr\/visite-guidee-de-leglise-romane-de-burgheim&#8221; url_new_window=&#8221;on&#8221; button_text=&#8221;Ticketverkauf&#8221; _builder_version=&#8221;4.27.4&#8243; _module_preset=&#8221;default&#8221; custom_button=&#8221;on&#8221; button_text_size=&#8221;16px&#8221; button_text_color=&#8221;#000000&#8243; button_border_width=&#8221;0px&#8221; button_border_radius=&#8221;-2px&#8221; button_letter_spacing=&#8221;0px&#8221; button_font=&#8221;Barlow|500|||||||&#8221; button_icon=&#8221;&#xf3ff;||fa||900&#8243; button_icon_placement=&#8221;left&#8221; button_on_hover=&#8221;off&#8221; custom_margin=&#8221;0px||5px|5px|false|false&#8221; custom_margin_tablet=&#8221;-28px||||false|false&#8221; custom_margin_phone=&#8221;-28px||||false|false&#8221; custom_margin_last_edited=&#8221;off|desktop&#8221; custom_padding=&#8221;0px||||false|false&#8221; button_text_size_tablet=&#8221;14px&#8221; button_text_size_phone=&#8221;14px&#8221; button_text_size_last_edited=&#8221;on|phone&#8221; global_colors_info=&#8221;{}&#8221;][\/et_pb_button][\/et_pb_column][et_pb_column type=&#8221;1_2&#8243; _builder_version=&#8221;4.27.4&#8243; _module_preset=&#8221;default&#8221; global_colors_info=&#8221;{}&#8221;][et_pb_text _builder_version=&#8221;4.27.4&#8243; _module_preset=&#8221;default&#8221; text_font=&#8221;Barlow||||||||&#8221; text_text_color=&#8221;#000000&#8243; text_font_size=&#8221;16px&#8221; text_line_height=&#8221;1.5em&#8221; header_font=&#8221;Alata||||||||&#8221; header_font_size=&#8221;17px&#8221; header_2_font=&#8221;Calps Light|600|||||||&#8221; header_2_text_color=&#8221;#b45d49&#8243; header_2_font_size=&#8221;40px&#8221; header_2_letter_spacing=&#8221;2px&#8221; header_2_line_height=&#8221;1.2em&#8221; header_3_font=&#8221;|600|||||||&#8221; header_3_text_color=&#8221;#144b97&#8243; header_3_font_size=&#8221;25px&#8221; header_3_line_height=&#8221;1.2em&#8221; header_4_font=&#8221;Calps Light||||||||&#8221; header_4_text_color=&#8221;#d06728&#8243; header_4_font_size=&#8221;22px&#8221; background_color=&#8221;RGBA(255,255,255,0)&#8221; custom_padding=&#8221;20px|15px|0px|15px|false|true&#8221; text_font_size_tablet=&#8221;14px&#8221; text_font_size_phone=&#8221;14px&#8221; text_font_size_last_edited=&#8221;on|desktop&#8221; header_2_font_size_tablet=&#8221;35px&#8221; header_2_font_size_phone=&#8221;30px&#8221; header_2_font_size_last_edited=&#8221;on|desktop&#8221; header_3_font_size_tablet=&#8221;20px&#8221; header_3_font_size_phone=&#8221;20px&#8221; header_3_font_size_last_edited=&#8221;on|desktop&#8221; header_4_font_size_tablet=&#8221;&#8221; header_4_font_size_phone=&#8221;14px&#8221; header_4_font_size_last_edited=&#8221;on|tablet&#8221; header_4_line_height_tablet=&#8221;&#8221; header_4_line_height_phone=&#8221;1.5em&#8221; header_4_line_height_last_edited=&#8221;on|phone&#8221; inline_fonts=&#8221;Acme,Calps Light,Calps Slim Light&#8221; global_colors_info=&#8221;{}&#8221;]<\/p>\n<h3><img loading=\"lazy\" decoding=\"async\" src=\"https:\/\/www.voix-romane.com\/Site\/wp-content\/uploads\/2025\/05\/le-dompeter-agr.jpg\" width=\"912\" height=\"608\" alt=\"\" class=\"wp-image-4818 alignnone size-full\" srcset=\"https:\/\/www.voix-romane.com\/Site\/wp-content\/uploads\/2025\/05\/le-dompeter-agr.jpg 912w, https:\/\/www.voix-romane.com\/Site\/wp-content\/uploads\/2025\/05\/le-dompeter-agr-480x320.jpg 480w\" sizes=\"(min-width: 0px) and (max-width: 480px) 480px, (min-width: 481px) 912px, 100vw\" \/><\/h3>\n<div class=\"page\" title=\"Seite 1\">\n<div class=\"layoutArea\">\n<h3>\u00c9glise du Dompeter, Avolsheim<\/h3>\n<div class=\"page\" title=\"Seite 5\">\n<div class=\"layoutArea\">\n<div class=\"column\">\n<p><span>Dieses Heiligtum stammt aus dem zweiten Drittel des 11. Jahrhunderts. Diese Kapelle mit zentriertem Grundriss wurde aufgrund ihrer geringen Gr\u00f6\u00dfe lange Zeit als Baptisterium bezeichnet und wird als \u201etetrakonisch\u201c bezeichnet, da sie die Form eines vierbl\u00e4ttrigen Kleeblatts hat. Die vier Arme endeten urspr\u00fcnglich in halbkreisf\u00f6rmigen Apsisblenden, die jetzt abgeschnitten sind. <\/span><\/p>\n<p>Freitag 5. September, 16.30 Uhr<br \/>Treffpunkt vor der Kirche<strong><\/strong><\/p>\n<\/div>\n<\/div>\n<\/div>\n<\/div>\n<\/div>\n<p>[\/et_pb_text][et_pb_button button_url=&#8221;https:\/\/www.billetweb.fr\/visite-guidee-de-leglise-du-dompter-avolsheim&#8221; url_new_window=&#8221;on&#8221; button_text=&#8221;Ticketverkauf&#8221; _builder_version=&#8221;4.27.4&#8243; _module_preset=&#8221;default&#8221; custom_button=&#8221;on&#8221; button_text_size=&#8221;16px&#8221; button_text_color=&#8221;#000000&#8243; button_border_width=&#8221;0px&#8221; button_border_radius=&#8221;-2px&#8221; button_letter_spacing=&#8221;0px&#8221; button_font=&#8221;Barlow|500|||||||&#8221; button_icon=&#8221;&#xf3ff;||fa||900&#8243; button_icon_placement=&#8221;left&#8221; button_on_hover=&#8221;off&#8221; custom_margin=&#8221;0px||5px|5px|false|false&#8221; custom_margin_tablet=&#8221;-28px||||false|false&#8221; custom_margin_phone=&#8221;-28px||||false|false&#8221; custom_margin_last_edited=&#8221;off|desktop&#8221; custom_padding=&#8221;0px||||false|false&#8221; button_text_size_tablet=&#8221;14px&#8221; button_text_size_phone=&#8221;14px&#8221; button_text_size_last_edited=&#8221;on|phone&#8221; global_colors_info=&#8221;{}&#8221;][\/et_pb_button][\/et_pb_column][\/et_pb_row][et_pb_row column_structure=&#8221;1_2,1_2&#8243; use_custom_gutter=&#8221;on&#8221; gutter_width=&#8221;1&#8243; _builder_version=&#8221;4.27.4&#8243; _module_preset=&#8221;default&#8221; custom_padding=&#8221;0px||||false|false&#8221; global_colors_info=&#8221;{}&#8221;][et_pb_column type=&#8221;1_2&#8243; _builder_version=&#8221;4.27.4&#8243; _module_preset=&#8221;default&#8221; background_color=&#8221;RGBA(255,255,255,0)&#8221; custom_padding=&#8221;||||false|false&#8221; global_colors_info=&#8221;{}&#8221;][et_pb_text _builder_version=&#8221;4.27.4&#8243; _module_preset=&#8221;default&#8221; text_font=&#8221;Barlow||||||||&#8221; text_text_color=&#8221;#000000&#8243; text_font_size=&#8221;16px&#8221; text_line_height=&#8221;1.5em&#8221; header_font=&#8221;Alata||||||||&#8221; header_font_size=&#8221;17px&#8221; header_2_font=&#8221;Calps Light|600|||||||&#8221; header_2_text_color=&#8221;#b45d49&#8243; header_2_font_size=&#8221;40px&#8221; header_2_letter_spacing=&#8221;2px&#8221; header_2_line_height=&#8221;1.2em&#8221; header_3_font=&#8221;|600|||||||&#8221; header_3_text_color=&#8221;#144b97&#8243; header_3_font_size=&#8221;25px&#8221; header_3_line_height=&#8221;1.2em&#8221; header_4_font=&#8221;Calps Light||||||||&#8221; header_4_text_color=&#8221;#d06728&#8243; header_4_font_size=&#8221;22px&#8221; background_color=&#8221;RGBA(255,255,255,0)&#8221; custom_padding=&#8221;20px|15px|0px|15px|false|true&#8221; text_font_size_tablet=&#8221;14px&#8221; text_font_size_phone=&#8221;14px&#8221; text_font_size_last_edited=&#8221;on|desktop&#8221; header_2_font_size_tablet=&#8221;35px&#8221; header_2_font_size_phone=&#8221;30px&#8221; header_2_font_size_last_edited=&#8221;on|desktop&#8221; header_3_font_size_tablet=&#8221;20px&#8221; header_3_font_size_phone=&#8221;20px&#8221; header_3_font_size_last_edited=&#8221;on|desktop&#8221; header_4_font_size_tablet=&#8221;&#8221; header_4_font_size_phone=&#8221;14px&#8221; header_4_font_size_last_edited=&#8221;on|tablet&#8221; header_4_line_height_tablet=&#8221;&#8221; header_4_line_height_phone=&#8221;1.5em&#8221; header_4_line_height_last_edited=&#8221;on|phone&#8221; inline_fonts=&#8221;Acme,Calps Light,Calps Slim Light&#8221; global_colors_info=&#8221;{}&#8221;]<\/p>\n<h3><img loading=\"lazy\" decoding=\"async\" src=\"https:\/\/www.voix-romane.com\/Site\/wp-content\/uploads\/2025\/05\/visite-guidee-du-patrimoine-roman-selestat.jpg\" width=\"1417\" height=\"945\" alt=\"\" class=\"wp-image-4821 alignnone size-full\" srcset=\"https:\/\/www.voix-romane.com\/Site\/wp-content\/uploads\/2025\/05\/visite-guidee-du-patrimoine-roman-selestat.jpg 1417w, https:\/\/www.voix-romane.com\/Site\/wp-content\/uploads\/2025\/05\/visite-guidee-du-patrimoine-roman-selestat-1280x854.jpg 1280w, https:\/\/www.voix-romane.com\/Site\/wp-content\/uploads\/2025\/05\/visite-guidee-du-patrimoine-roman-selestat-980x654.jpg 980w, https:\/\/www.voix-romane.com\/Site\/wp-content\/uploads\/2025\/05\/visite-guidee-du-patrimoine-roman-selestat-480x320.jpg 480w\" sizes=\"(min-width: 0px) and (max-width: 480px) 480px, (min-width: 481px) and (max-width: 980px) 980px, (min-width: 981px) and (max-width: 1280px) 1280px, (min-width: 1281px) 1417px, 100vw\" \/><\/h3>\n<div class=\"page\" title=\"Seite 1\">\n<div class=\"layoutArea\">\n<h3>Romanisches Kulturerbe in S\u00e9lestat<\/h3>\n<div class=\"page\" title=\"Seite 5\">\n<div class=\"layoutArea\">\n<div class=\"column\">\n<p>Jahrhundert zur Kaiserstadt erhoben wurde, erlebte S\u00e9lestat eine ereignisreiche Vergangenheit. Jahrhundert vom Kaiser geschenkten D\u00f6rfer Burnert, Kinsheim und K\u00fcmigsheim, sowie 1534 die Abtei von Andlau.<\/p>\n<p><span style=\"font-size: 16px;\">Samstag 6. September, 16.30 Uhr<br \/><\/span>Treffpunkt vor dem Maison du Pain<strong><\/strong><\/p>\n<\/div>\n<\/div>\n<\/div>\n<\/div>\n<\/div>\n<p>[\/et_pb_text][et_pb_button button_url=&#8221;https:\/\/www.billetweb.fr\/visite-guidee-du-patrimoine-roman-selestat&#8221; url_new_window=&#8221;on&#8221; button_text=&#8221;Ticketverkauf&#8221; _builder_version=&#8221;4.27.4&#8243; _module_preset=&#8221;default&#8221; custom_button=&#8221;on&#8221; button_text_size=&#8221;16px&#8221; button_text_color=&#8221;#000000&#8243; button_border_width=&#8221;0px&#8221; button_border_radius=&#8221;-2px&#8221; button_letter_spacing=&#8221;0px&#8221; button_font=&#8221;Barlow|500|||||||&#8221; button_icon=&#8221;&#xf3ff;||fa||900&#8243; button_icon_placement=&#8221;left&#8221; button_on_hover=&#8221;off&#8221; custom_margin=&#8221;0px||5px|5px|false|false&#8221; custom_margin_tablet=&#8221;-28px||||false|false&#8221; custom_margin_phone=&#8221;-28px||||false|false&#8221; custom_margin_last_edited=&#8221;off|desktop&#8221; custom_padding=&#8221;0px||||false|false&#8221; button_text_size_tablet=&#8221;14px&#8221; button_text_size_phone=&#8221;14px&#8221; button_text_size_last_edited=&#8221;on|phone&#8221; global_colors_info=&#8221;{}&#8221;][\/et_pb_button][\/et_pb_column][et_pb_column type=&#8221;1_2&#8243; _builder_version=&#8221;4.27.4&#8243; _module_preset=&#8221;default&#8221; background_color=&#8221;RGBA(255,255,255,0)&#8221; custom_padding=&#8221;||||false|false&#8221; global_colors_info=&#8221;{}&#8221;][et_pb_text _builder_version=&#8221;4.27.4&#8243; _module_preset=&#8221;default&#8221; text_font=&#8221;Barlow||||||||&#8221; text_text_color=&#8221;#000000&#8243; text_font_size=&#8221;16px&#8221; text_line_height=&#8221;1.5em&#8221; header_font=&#8221;Alata||||||||&#8221; header_font_size=&#8221;17px&#8221; header_2_font=&#8221;|600|||||||&#8221; header_2_text_color=&#8221;#b45d49&#8243; header_2_font_size=&#8221;40px&#8221; header_2_letter_spacing=&#8221;2px&#8221; header_2_line_height=&#8221;1.2em&#8221; header_3_font=&#8221;|600|||||||&#8221; header_3_text_color=&#8221;#144b97&#8243; header_3_font_size=&#8221;25px&#8221; header_3_line_height=&#8221;1.2em&#8221; header_4_font=&#8221;Calps Light||||||||&#8221; header_4_text_color=&#8221;#d06728&#8243; header_4_font_size=&#8221;22px&#8221; background_color=&#8221;RGBA(255,255,255,0)&#8221; custom_padding=&#8221;20px|15px|0px|15px|false|true&#8221; text_font_size_tablet=&#8221;14px&#8221; text_font_size_phone=&#8221;14px&#8221; text_font_size_last_edited=&#8221;on|desktop&#8221; header_2_font_size_tablet=&#8221;35px&#8221; header_2_font_size_phone=&#8221;30px&#8221; header_2_font_size_last_edited=&#8221;on|desktop&#8221; header_3_font_size_tablet=&#8221;20px&#8221; header_3_font_size_phone=&#8221;20px&#8221; header_3_font_size_last_edited=&#8221;on|desktop&#8221; header_4_font_size_tablet=&#8221;&#8221; header_4_font_size_phone=&#8221;14px&#8221; header_4_font_size_last_edited=&#8221;on|tablet&#8221; header_4_line_height_tablet=&#8221;&#8221; header_4_line_height_phone=&#8221;1.5em&#8221; header_4_line_height_last_edited=&#8221;on|phone&#8221; inline_fonts=&#8221;Acme,Calps Light,Calps Slim Light&#8221; global_colors_info=&#8221;{}&#8221;]<\/p>\n<h3><img loading=\"lazy\" decoding=\"async\" src=\"https:\/\/www.voix-romane.com\/Site\/wp-content\/uploads\/2025\/05\/Visite-andlau.jpg\" width=\"1350\" height=\"900\" alt=\"\" class=\"wp-image-4819 alignnone size-full\" srcset=\"https:\/\/www.voix-romane.com\/Site\/wp-content\/uploads\/2025\/05\/Visite-andlau.jpg 1350w, https:\/\/www.voix-romane.com\/Site\/wp-content\/uploads\/2025\/05\/Visite-andlau-1280x853.jpg 1280w, https:\/\/www.voix-romane.com\/Site\/wp-content\/uploads\/2025\/05\/Visite-andlau-980x653.jpg 980w, https:\/\/www.voix-romane.com\/Site\/wp-content\/uploads\/2025\/05\/Visite-andlau-480x320.jpg 480w\" sizes=\"(min-width: 0px) and (max-width: 480px) 480px, (min-width: 481px) and (max-width: 980px) 980px, (min-width: 981px) and (max-width: 1280px) 1280px, (min-width: 1281px) 1350px, 100vw\" \/><\/h3>\n<div class=\"page\" title=\"Seite 1\">\n<div class=\"layoutArea\">\n<h3>Romanisches Kulturerbe in Andlau<\/h3>\n<div class=\"page\" title=\"Seite 5\">\n<div class=\"layoutArea\">\n<div class=\"column\">\n<p><span>Eine einzigartige sensorische F\u00fchrung durch die Stadt Andlau an der Seite von B\u00e9n\u00e9dicte Gonnet, Fremdenf\u00fchrerin und Kunsthistorikerin. Mit einem Rucksack voller \u00dcberraschungen l\u00e4dt B\u00e9n\u00e9dicte Sie ein, das Kulturerbe von Andlau auf andere Weise zu entdecken: indem Sie Ihre 5 Sinne ansprechen!<\/span><\/p>\n<p>Sonntag 14. September, 13.30 Uhr und 15 Uhr<br \/>Treffpunkt vor der Abbatiale Sainte-Richarde<strong><\/strong><\/p>\n<\/div>\n<\/div>\n<\/div>\n<\/div>\n<\/div>\n<p>[\/et_pb_text][et_pb_button button_url=&#8221;https:\/\/www.billetweb.fr\/visite-guidee-du-patrimoine-roman-andlau&#8221; url_new_window=&#8221;on&#8221; button_text=&#8221;Ticketverkauf&#8221; _builder_version=&#8221;4.27.4&#8243; _module_preset=&#8221;default&#8221; custom_button=&#8221;on&#8221; button_text_size=&#8221;16px&#8221; button_text_color=&#8221;#000000&#8243; button_border_width=&#8221;0px&#8221; button_border_radius=&#8221;-2px&#8221; button_letter_spacing=&#8221;0px&#8221; button_font=&#8221;Barlow|500|||||||&#8221; button_icon=&#8221;&#xf3ff;||fa||900&#8243; button_icon_placement=&#8221;left&#8221; button_on_hover=&#8221;off&#8221; custom_margin=&#8221;0px||5px|5px|false|false&#8221; custom_margin_tablet=&#8221;-28px||||false|false&#8221; custom_margin_phone=&#8221;-28px||||false|false&#8221; custom_margin_last_edited=&#8221;off|desktop&#8221; custom_padding=&#8221;0px||||false|false&#8221; button_text_size_tablet=&#8221;14px&#8221; button_text_size_phone=&#8221;14px&#8221; button_text_size_last_edited=&#8221;on|phone&#8221; global_colors_info=&#8221;{}&#8221;][\/et_pb_button][\/et_pb_column][\/et_pb_row][\/et_pb_section]<\/p>\n","protected":false},"excerpt":{"rendered":"<p>F\u00fchrungenIn diesem Jahr wird das Festival neue romanische St\u00e4tten erobern, um dort Veranstaltungen zu organisieren, die den Reichtum unseres els\u00e4ssischen Kulturerbes hervorheben, darunter auch gef\u00fchrte Besichtigungen! Eine neue sensorische F\u00fchrung durch die Stadt Andlau an der Seite von B\u00e9n\u00e9dicte Gonnet wird angeboten. Mit einem Rucksack voller \u00dcberraschungen l\u00e4dt B\u00e9n\u00e9dicte Sie ein, das Kulturerbe von Andlau [&hellip;]<\/p>\n","protected":false},"author":3,"featured_media":0,"parent":0,"menu_order":0,"comment_status":"closed","ping_status":"closed","template":"","meta":{"_et_pb_use_builder":"on","_et_pb_old_content":"","_et_gb_content_width":"","footnotes":""},"class_list":["post-5647","page","type-page","status-publish","hentry"],"_links":{"self":[{"href":"https:\/\/www.voix-romane.com\/de\/wp-json\/wp\/v2\/pages\/5647","targetHints":{"allow":["GET"]}}],"collection":[{"href":"https:\/\/www.voix-romane.com\/de\/wp-json\/wp\/v2\/pages"}],"about":[{"href":"https:\/\/www.voix-romane.com\/de\/wp-json\/wp\/v2\/types\/page"}],"author":[{"embeddable":true,"href":"https:\/\/www.voix-romane.com\/de\/wp-json\/wp\/v2\/users\/3"}],"replies":[{"embeddable":true,"href":"https:\/\/www.voix-romane.com\/de\/wp-json\/wp\/v2\/comments?post=5647"}],"version-history":[{"count":3,"href":"https:\/\/www.voix-romane.com\/de\/wp-json\/wp\/v2\/pages\/5647\/revisions"}],"predecessor-version":[{"id":5695,"href":"https:\/\/www.voix-romane.com\/de\/wp-json\/wp\/v2\/pages\/5647\/revisions\/5695"}],"wp:attachment":[{"href":"https:\/\/www.voix-romane.com\/de\/wp-json\/wp\/v2\/media?parent=5647"}],"curies":[{"name":"wp","href":"https:\/\/api.w.org\/{rel}","templated":true}]}}