{"id":5641,"date":"2025-05-21T15:13:17","date_gmt":"2025-05-21T13:13:17","guid":{"rendered":"https:\/\/www.voix-romane.com\/taschenkonzerte\/"},"modified":"2025-05-23T15:20:31","modified_gmt":"2025-05-23T13:20:31","slug":"taschenkonzerte","status":"publish","type":"page","link":"https:\/\/www.voix-romane.com\/de\/taschenkonzerte\/","title":{"rendered":"Taschenkonzerte"},"content":{"rendered":"<p>[et_pb_section fb_built=&#8221;1&#8243; module_id=&#8221;Programm&#8221; _builder_version=&#8221;4.27.4&#8243; _module_preset=&#8221;default&#8221; background_enable_image=&#8221;off&#8221; background_size=&#8221;custom&#8221; background_image_width=&#8221;43%&#8221; background_position=&#8221;top_right&#8221; custom_margin=&#8221;||||false|false&#8221; custom_padding=&#8221;||4px||false|false&#8221; global_colors_info=&#8221;{}&#8221;][et_pb_row _builder_version=&#8221;4.21.0&#8243; _module_preset=&#8221;default&#8221; custom_margin=&#8221;|auto||auto|false|false&#8221; custom_padding=&#8221;||||false|false&#8221; locked=&#8221;off&#8221; global_colors_info=&#8221;{}&#8221;][et_pb_column type=&#8221;4_4&#8243; _builder_version=&#8221;4.16&#8243; _module_preset=&#8221;default&#8221; global_colors_info=&#8221;{}&#8221;][et_pb_text _builder_version=&#8221;4.27.4&#8243; text_font=&#8221;Calps Light||||||||&#8221; text_text_color=&#8221;#000000&#8243; text_font_size=&#8221;22px&#8221; text_line_height=&#8221;2em&#8221; header_font=&#8221;|600|||||||&#8221; header_text_color=&#8221;#FFFFFF&#8221; header_font_size=&#8221;70px&#8221; header_letter_spacing=&#8221;2px&#8221; header_line_height=&#8221;0.4em&#8221; header_2_font=&#8221;DM Sans|700||on|||||&#8221; header_2_text_color=&#8221;#FFFFFF&#8221; header_2_font_size=&#8221;14px&#8221; header_2_letter_spacing=&#8221;6px&#8221; header_2_line_height=&#8221;1.4em&#8221; header_4_font=&#8221;|600|||||||&#8221; header_4_text_color=&#8221;#d06728&#8243; header_4_font_size=&#8221;22px&#8221; max_width=&#8221;800px&#8221; max_width_phone=&#8221;300px&#8221; max_width_last_edited=&#8221;off|desktop&#8221; custom_padding=&#8221;||||false|false&#8221; text_font_size_tablet=&#8221;20px&#8221; text_font_size_phone=&#8221;20px&#8221; text_font_size_last_edited=&#8221;on|phone&#8221; text_line_height_tablet=&#8221;2em&#8221; text_line_height_phone=&#8221;1.3em&#8221; text_line_height_last_edited=&#8221;on|phone&#8221; header_font_size_tablet=&#8221;60px&#8221; header_font_size_phone=&#8221;50px&#8221; header_font_size_last_edited=&#8221;on|phone&#8221; header_line_height_tablet=&#8221;0.4em&#8221; header_line_height_phone=&#8221;0.8em&#8221; header_line_height_last_edited=&#8221;on|phone&#8221; header_2_font_size_tablet=&#8221;14px&#8221; header_2_font_size_phone=&#8221;10px&#8221; header_2_font_size_last_edited=&#8221;on|desktop&#8221; header_4_font_size_tablet=&#8221;20px&#8221; header_4_font_size_phone=&#8221;20px&#8221; header_4_font_size_last_edited=&#8221;on|phone&#8221; locked=&#8221;off&#8221; inline_fonts=&#8221;ABeeZee&#8221; global_colors_info=&#8221;{}&#8221;]<\/p>\n<h1><span style=\"font-family: inherit; font-weight: normal; color: #000000;\">Taschenkonzerte<\/span><span style=\"font-family: inherit; font-weight: normal;\"><\/span><\/h1>\n<p>[\/et_pb_text][\/et_pb_column][\/et_pb_row][et_pb_row use_custom_gutter=&#8221;on&#8221; _builder_version=&#8221;4.27.4&#8243; _module_preset=&#8221;default&#8221; custom_padding=&#8221;||2px|||&#8221; locked=&#8221;off&#8221; global_colors_info=&#8221;{}&#8221;][et_pb_column type=&#8221;4_4&#8243; _builder_version=&#8221;4.16&#8243; _module_preset=&#8221;default&#8221; global_colors_info=&#8221;{}&#8221;][et_pb_text _builder_version=&#8221;4.27.4&#8243; _module_preset=&#8221;default&#8221; text_font=&#8221;Barlow||on||||||&#8221; text_text_color=&#8221;#000000&#8243; text_font_size=&#8221;16px&#8221; header_font=&#8221;Alata||||||||&#8221; header_font_size=&#8221;17px&#8221; header_2_font=&#8221;Calps Light|600|||||||&#8221; header_2_text_color=&#8221;#b45d49&#8243; header_2_font_size=&#8221;40px&#8221; header_2_letter_spacing=&#8221;2px&#8221; header_2_line_height=&#8221;1.2em&#8221; header_3_font=&#8221;|600|||||||&#8221; header_3_text_color=&#8221;#000000&#8243; header_3_font_size=&#8221;30px&#8221; header_3_line_height=&#8221;1.2em&#8221; header_4_font=&#8221;Calps Light||||||||&#8221; header_4_text_color=&#8221;#d06728&#8243; header_4_font_size=&#8221;22px&#8221; background_color=&#8221;RGBA(255,255,255,0)&#8221; background_enable_image=&#8221;off&#8221; background_size=&#8221;custom&#8221; background_image_width=&#8221;31%&#8221; background_image_height=&#8221;0%&#8221; background_position=&#8221;top_right&#8221; background_vertical_offset=&#8221;-7%&#8221; custom_padding=&#8221;||||true|true&#8221; text_font_size_tablet=&#8221;14px&#8221; text_font_size_phone=&#8221;14px&#8221; text_font_size_last_edited=&#8221;on|tablet&#8221; header_2_font_size_tablet=&#8221;35px&#8221; header_2_font_size_phone=&#8221;30px&#8221; header_2_font_size_last_edited=&#8221;on|desktop&#8221; header_3_font_size_tablet=&#8221;25px&#8221; header_3_font_size_phone=&#8221;20px&#8221; header_3_font_size_last_edited=&#8221;on|phone&#8221; header_4_font_size_tablet=&#8221;&#8221; header_4_font_size_phone=&#8221;14px&#8221; header_4_font_size_last_edited=&#8221;on|tablet&#8221; header_4_line_height_tablet=&#8221;&#8221; header_4_line_height_phone=&#8221;1.5em&#8221; header_4_line_height_last_edited=&#8221;on|phone&#8221; inline_fonts=&#8221;Acme,Calps Light,Calps Slim Light&#8221; global_colors_info=&#8221;{}&#8221;]<\/p>\n<p>Im Jahr 2025 f\u00fchrt Voix et Route Romane eine neue Formel ein: Taschenkonzerte. Diese intimen Momente sind meist echte Musiktheaterst\u00fccke und laden Sie ein, den Reichtum des romanischen Erbes im Elsass wiederzuentdecken, an manchmal neuen und immer inspirierenden Orten. Diese Termine finden in der N\u00e4he der Hauptb\u00fchnen des Festivals statt und stellen einen neuen Zugang zur Welt des Festivals dar, bei dem jeder Schritt zu einer Entdeckung wird. <span style=\"text-decoration: underline;\">Einheitlicher Tarif von 10 \u20ac und 6 \u20ac bis 25 Jahre. Denken Sie an eine Reservierung!<\/span><\/p>\n<p>[\/et_pb_text][\/et_pb_column][\/et_pb_row][et_pb_row column_structure=&#8221;1_3,1_3,1_3&#8243; use_custom_gutter=&#8221;on&#8221; gutter_width=&#8221;2&#8243; make_equal=&#8221;on&#8221; _builder_version=&#8221;4.27.4&#8243; _module_preset=&#8221;default&#8221; custom_padding=&#8221;||||false|false&#8221; global_colors_info=&#8221;{}&#8221;][et_pb_column type=&#8221;1_3&#8243; _builder_version=&#8221;4.27.4&#8243; _module_preset=&#8221;default&#8221; background_color=&#8221;#9e6d7e&#8221; custom_padding=&#8221;||||false|false&#8221; global_colors_info=&#8221;{}&#8221;][et_pb_text _builder_version=&#8221;4.27.4&#8243; _module_preset=&#8221;default&#8221; text_font=&#8221;Barlow|500|||||||&#8221; text_text_color=&#8221;#FFFFFF&#8221; text_font_size=&#8221;16px&#8221; text_line_height=&#8221;1.5em&#8221; header_font=&#8221;Alata||||||||&#8221; header_font_size=&#8221;17px&#8221; header_2_font=&#8221;Calps Light|600|||||||&#8221; header_2_text_color=&#8221;#b45d49&#8243; header_2_font_size=&#8221;40px&#8221; header_2_letter_spacing=&#8221;2px&#8221; header_2_line_height=&#8221;1.2em&#8221; header_3_font=&#8221;|600|||||||&#8221; header_3_text_color=&#8221;#FFFFFF&#8221; header_3_font_size=&#8221;25px&#8221; header_3_line_height=&#8221;1.2em&#8221; header_4_font=&#8221;Calps Light||||||||&#8221; header_4_text_color=&#8221;#d06728&#8243; header_4_font_size=&#8221;22px&#8221; background_color=&#8221;RGBA(255,255,255,0)&#8221; custom_padding=&#8221;20px|15px|0px|15px|false|true&#8221; text_font_size_tablet=&#8221;14px&#8221; text_font_size_phone=&#8221;14px&#8221; text_font_size_last_edited=&#8221;on|desktop&#8221; header_2_font_size_tablet=&#8221;35px&#8221; header_2_font_size_phone=&#8221;30px&#8221; header_2_font_size_last_edited=&#8221;on|desktop&#8221; header_3_font_size_tablet=&#8221;20px&#8221; header_3_font_size_phone=&#8221;20px&#8221; header_3_font_size_last_edited=&#8221;on|desktop&#8221; header_4_font_size_tablet=&#8221;&#8221; header_4_font_size_phone=&#8221;14px&#8221; header_4_font_size_last_edited=&#8221;on|tablet&#8221; header_4_line_height_tablet=&#8221;&#8221; header_4_line_height_phone=&#8221;1.5em&#8221; header_4_line_height_last_edited=&#8221;on|phone&#8221; inline_fonts=&#8221;Acme,Calps Light,Calps Slim Light&#8221; global_colors_info=&#8221;{}&#8221;]<\/p>\n<h3><img loading=\"lazy\" decoding=\"async\" src=\"https:\/\/www.voix-romane.com\/Site\/wp-content\/uploads\/2025\/05\/Kalamus.jpeg\" width=\"885\" height=\"498\" alt=\"\" class=\"wp-image-4758 alignnone size-full\" srcset=\"https:\/\/www.voix-romane.com\/Site\/wp-content\/uploads\/2025\/05\/Kalamus.jpeg 885w, https:\/\/www.voix-romane.com\/Site\/wp-content\/uploads\/2025\/05\/Kalamus-480x270.jpeg 480w\" sizes=\"(min-width: 0px) and (max-width: 480px) 480px, (min-width: 481px) 885px, 100vw\" \/><\/h3>\n<div class=\"page\" title=\"Seite 1\">\n<div class=\"layoutArea\">\n<h3>Ensemble Kalamus: les Estampies du chansonnier du Roy<\/h3>\n<div class=\"page\" title=\"Seite 5\">\n<div class=\"layoutArea\">\n<div class=\"column\">\n<p>Unter der Leitung von Christophe Tellart erforscht das Kalamus Ensemble die Estampies Royales des Pariser Manuskripts, die als eine der \u00e4ltesten Instrumentalmusiken des Mittelalters gelten. Die Instrumente erwecken eine wertvolle Sammlung von Liedern zum Leben, die Mitte des 13<span>. Jahrundert entstanden.<\/span><span style=\"font-size: 16px;\"> <\/span><\/p>\n<p>&nbsp;<\/p>\n<p><strong>Samstag 30. August um 15 Uhr<\/strong><br \/><strong>Haegen, \u00c9glise Saint-Matthieu<\/strong><strong><\/strong><strong><\/strong><\/p>\n<\/div>\n<\/div>\n<\/div>\n<\/div>\n<\/div>\n<p>[\/et_pb_text][et_pb_button button_url=&#8221;https:\/\/www.billetweb.fr\/concert-de-poche-kalamus-les-estampies-du-chansonnier-du-roy&#8221; url_new_window=&#8221;on&#8221; button_text=&#8221;Ticketverkauf&#8221; _builder_version=&#8221;4.27.4&#8243; _module_preset=&#8221;default&#8221; custom_button=&#8221;on&#8221; button_text_size=&#8221;16px&#8221; button_text_color=&#8221;#FFFFFF&#8221; button_border_width=&#8221;0px&#8221; button_border_radius=&#8221;-2px&#8221; button_letter_spacing=&#8221;0px&#8221; button_font=&#8221;Barlow|700|||||||&#8221; button_icon=&#8221;&#xf3ff;||fa||900&#8243; button_icon_placement=&#8221;left&#8221; button_on_hover=&#8221;off&#8221; custom_margin=&#8221;-15px||5px|5px|false|false&#8221; custom_margin_tablet=&#8221;-28px||||false|false&#8221; custom_margin_phone=&#8221;-28px||||false|false&#8221; custom_margin_last_edited=&#8221;on|desktop&#8221; custom_padding=&#8221;0px||||false|false&#8221; button_text_size_tablet=&#8221;14px&#8221; button_text_size_phone=&#8221;14px&#8221; button_text_size_last_edited=&#8221;on|phone&#8221; global_colors_info=&#8221;{}&#8221;][\/et_pb_button][\/et_pb_column][et_pb_column type=&#8221;1_3&#8243; _builder_version=&#8221;4.27.4&#8243; _module_preset=&#8221;default&#8221; background_color=&#8221;#c5b8aa&#8221; global_colors_info=&#8221;{}&#8221;][et_pb_text _builder_version=&#8221;4.27.4&#8243; _module_preset=&#8221;default&#8221; text_font=&#8221;Barlow|500|||||||&#8221; text_text_color=&#8221;#000000&#8243; text_font_size=&#8221;16px&#8221; text_line_height=&#8221;1.5em&#8221; header_font=&#8221;Alata||||||||&#8221; header_font_size=&#8221;17px&#8221; header_2_font=&#8221;Calps Light|600|||||||&#8221; header_2_text_color=&#8221;#b45d49&#8243; header_2_font_size=&#8221;40px&#8221; header_2_letter_spacing=&#8221;2px&#8221; header_2_line_height=&#8221;1.2em&#8221; header_3_font=&#8221;|600|||||||&#8221; header_3_text_color=&#8221;#000000&#8243; header_3_font_size=&#8221;23px&#8221; header_3_line_height=&#8221;1.2em&#8221; header_4_font=&#8221;Calps Light||||||||&#8221; header_4_text_color=&#8221;#d06728&#8243; header_4_font_size=&#8221;22px&#8221; background_color=&#8221;RGBA(255,255,255,0)&#8221; custom_padding=&#8221;15px|15px|0px|15px|false|true&#8221; text_font_size_tablet=&#8221;14px&#8221; text_font_size_phone=&#8221;14px&#8221; text_font_size_last_edited=&#8221;on|phone&#8221; header_2_font_size_tablet=&#8221;35px&#8221; header_2_font_size_phone=&#8221;30px&#8221; header_2_font_size_last_edited=&#8221;on|desktop&#8221; header_3_font_size_tablet=&#8221;20px&#8221; header_3_font_size_phone=&#8221;20px&#8221; header_3_font_size_last_edited=&#8221;on|desktop&#8221; header_4_font_size_tablet=&#8221;&#8221; header_4_font_size_phone=&#8221;14px&#8221; header_4_font_size_last_edited=&#8221;on|tablet&#8221; header_4_line_height_tablet=&#8221;&#8221; header_4_line_height_phone=&#8221;1.5em&#8221; header_4_line_height_last_edited=&#8221;on|phone&#8221; inline_fonts=&#8221;Acme,Calps Light,Calps Slim Light&#8221; global_colors_info=&#8221;{}&#8221;]<\/p>\n<h3><img loading=\"lazy\" decoding=\"async\" src=\"https:\/\/www.voix-romane.com\/Site\/wp-content\/uploads\/2025\/05\/concert-de-poche-monstres-et-merveilles-histoires-contechantees-du-jura.jpg\" width=\"885\" height=\"498\" alt=\"\" class=\"wp-image-4757 alignnone size-full\" srcset=\"https:\/\/www.voix-romane.com\/Site\/wp-content\/uploads\/2025\/05\/concert-de-poche-monstres-et-merveilles-histoires-contechantees-du-jura.jpg 885w, https:\/\/www.voix-romane.com\/Site\/wp-content\/uploads\/2025\/05\/concert-de-poche-monstres-et-merveilles-histoires-contechantees-du-jura-480x270.jpg 480w\" sizes=\"(min-width: 0px) and (max-width: 480px) 480px, (min-width: 481px) 885px, 100vw\" \/><\/h3>\n<div class=\"page\" title=\"Seite 1\">\n<div class=\"layoutArea\">\n<h3>Monstres et Merveilles: M\u00e4rchenhafte Geschichten aus dem Jura<\/h3>\n<div class=\"page\" title=\"Seite 5\">\n<div class=\"layoutArea\">\n<div class=\"column\">\n<p>Salom\u00e9 Haller (Mezzo), Tiphaine Boulc&#8217;h (Fl\u00f6te und Gambe) und Blick (Zeichnung) erwecken die M\u00e4rchen und Legenden des Jura in einer freien und poetischen Auff\u00fchrung. So erwachen die Vampirin, die wei\u00dfe Dame und der B\u00e4renf\u00fcrst durch Blicks visuelle, grafische oder pantomimische Kreationen zum Leben, w\u00e4hrend Salome und Tiphaine diese mysteri\u00f6sen Geschichten musikalisch widerspiegeln.<span style=\"font-size: 16px;\"> <\/span><\/p>\n<p><strong>Sonntag 7. September um 14.30 Uhr<\/strong><br \/><strong>Guebwiller, \u00c9glise Saint-L\u00e9ger<\/strong><\/p>\n<\/div>\n<\/div>\n<\/div>\n<\/div>\n<\/div>\n<p>[\/et_pb_text][et_pb_button button_url=&#8221;https:\/\/www.billetweb.fr\/concert-de-poche-monstres-et-merveilles-histoires-contechantees-du-jura&#8221; url_new_window=&#8221;on&#8221; button_text=&#8221;Ticketverkauf&#8221; _builder_version=&#8221;4.27.4&#8243; _module_preset=&#8221;default&#8221; custom_button=&#8221;on&#8221; button_text_size=&#8221;16px&#8221; button_text_color=&#8221;#000000&#8243; button_border_width=&#8221;0px&#8221; button_border_radius=&#8221;-2px&#8221; button_letter_spacing=&#8221;0px&#8221; button_font=&#8221;Barlow|700|||||||&#8221; button_icon=&#8221;&#xf3ff;||fa||900&#8243; button_icon_placement=&#8221;left&#8221; button_on_hover=&#8221;off&#8221; custom_margin=&#8221;-15px||5px|5px|false|false&#8221; custom_margin_tablet=&#8221;-28px||||false|false&#8221; custom_margin_phone=&#8221;-28px||||false|false&#8221; custom_margin_last_edited=&#8221;on|desktop&#8221; custom_padding=&#8221;0px||||false|false&#8221; button_text_size_tablet=&#8221;14px&#8221; button_text_size_phone=&#8221;14px&#8221; button_text_size_last_edited=&#8221;on|phone&#8221; global_colors_info=&#8221;{}&#8221;][\/et_pb_button][\/et_pb_column][et_pb_column type=&#8221;1_3&#8243; _builder_version=&#8221;4.27.4&#8243; _module_preset=&#8221;default&#8221; background_color=&#8221;#9e6d7e&#8221; global_colors_info=&#8221;{}&#8221;][et_pb_text _builder_version=&#8221;4.27.4&#8243; _module_preset=&#8221;default&#8221; text_font=&#8221;Barlow|500|||||||&#8221; text_text_color=&#8221;#FFFFFF&#8221; text_font_size=&#8221;16px&#8221; text_line_height=&#8221;1.5em&#8221; header_font=&#8221;Alata||||||||&#8221; header_font_size=&#8221;17px&#8221; header_2_font=&#8221;Calps Light|600|||||||&#8221; header_2_text_color=&#8221;#b45d49&#8243; header_2_font_size=&#8221;40px&#8221; header_2_letter_spacing=&#8221;2px&#8221; header_2_line_height=&#8221;1.2em&#8221; header_3_font=&#8221;|600|||||||&#8221; header_3_text_color=&#8221;#FFFFFF&#8221; header_3_font_size=&#8221;25px&#8221; header_3_line_height=&#8221;1.2em&#8221; header_4_font=&#8221;Calps Light||||||||&#8221; header_4_text_color=&#8221;#d06728&#8243; header_4_font_size=&#8221;22px&#8221; background_color=&#8221;RGBA(255,255,255,0)&#8221; custom_padding=&#8221;15px|15px|0px|15px|false|true&#8221; text_font_size_tablet=&#8221;14px&#8221; text_font_size_phone=&#8221;14px&#8221; text_font_size_last_edited=&#8221;on|phone&#8221; header_2_font_size_tablet=&#8221;35px&#8221; header_2_font_size_phone=&#8221;30px&#8221; header_2_font_size_last_edited=&#8221;on|desktop&#8221; header_3_font_size_tablet=&#8221;20px&#8221; header_3_font_size_phone=&#8221;20px&#8221; header_3_font_size_last_edited=&#8221;on|desktop&#8221; header_4_font_size_tablet=&#8221;&#8221; header_4_font_size_phone=&#8221;14px&#8221; header_4_font_size_last_edited=&#8221;on|tablet&#8221; header_4_line_height_tablet=&#8221;&#8221; header_4_line_height_phone=&#8221;1.5em&#8221; header_4_line_height_last_edited=&#8221;on|phone&#8221; inline_fonts=&#8221;Acme,Calps Light,Calps Slim Light&#8221; global_colors_info=&#8221;{}&#8221;]<\/p>\n<h3><img loading=\"lazy\" decoding=\"async\" src=\"https:\/\/www.voix-romane.com\/Site\/wp-content\/uploads\/2025\/05\/concert-de-poche-les-conquetes-de-lhomme-arme.jpg\" width=\"885\" height=\"498\" alt=\"\" class=\"wp-image-4759 alignnone size-full\" srcset=\"https:\/\/www.voix-romane.com\/Site\/wp-content\/uploads\/2025\/05\/concert-de-poche-les-conquetes-de-lhomme-arme.jpg 885w, https:\/\/www.voix-romane.com\/Site\/wp-content\/uploads\/2025\/05\/concert-de-poche-les-conquetes-de-lhomme-arme-480x270.jpg 480w\" sizes=\"(min-width: 0px) and (max-width: 480px) 480px, (min-width: 481px) 885px, 100vw\" \/><\/h3>\n<div class=\"page\" title=\"Seite 1\">\n<div class=\"layoutArea\">\n<h3>Ecco la Primavera: Les conqu\u00eates de l&#8217;homme arm\u00e9<\/h3>\n<div class=\"page\" title=\"Seite 5\">\n<div class=\"layoutArea\">\n<div class=\"column\">\n<p>Drei strahlende Musikerinnen aus Lyon &#8211; Fl\u00f6ten, Gambe und gotische Harfe &#8211; stellen sich in den Dienst eines humorvollen musikalischen M\u00e4rchens, das zwischen Erz\u00e4hlung und mittelalterlicher Musik die Machtspiele von Liebe und Krieg entwickelt und sich allm\u00e4hlich zu einem verbl\u00fcffend aktuellen Thema \u00f6ffnet.<\/p>\n<p><span style=\"font-size: 16px;\"> <\/span><\/p>\n<p><strong>Samstag 13. September um 15 Uhr<\/strong><br \/><strong>Ottmarsheim, Abbatiale Sts-Pierre-et-Paul<\/strong><\/p>\n<\/div>\n<\/div>\n<\/div>\n<\/div>\n<\/div>\n<p>[\/et_pb_text][et_pb_button button_url=&#8221;https:\/\/www.billetweb.fr\/concert-de-poche-les-conquetes-de-lhomme-arme&#8221; url_new_window=&#8221;on&#8221; button_text=&#8221;Ticketverkauf&#8221; _builder_version=&#8221;4.27.4&#8243; _module_preset=&#8221;default&#8221; custom_button=&#8221;on&#8221; button_text_size=&#8221;16px&#8221; button_text_color=&#8221;#FFFFFF&#8221; button_border_width=&#8221;0px&#8221; button_border_radius=&#8221;-2px&#8221; button_letter_spacing=&#8221;0px&#8221; button_font=&#8221;Barlow|700|||||||&#8221; button_icon=&#8221;&#xf3ff;||fa||900&#8243; button_icon_placement=&#8221;left&#8221; button_on_hover=&#8221;off&#8221; custom_margin=&#8221;-15px||5px|5px|false|false&#8221; custom_margin_tablet=&#8221;-28px||||false|false&#8221; custom_margin_phone=&#8221;-28px||||false|false&#8221; custom_margin_last_edited=&#8221;on|desktop&#8221; custom_padding=&#8221;0px||||false|false&#8221; button_text_size_tablet=&#8221;14px&#8221; button_text_size_phone=&#8221;14px&#8221; button_text_size_last_edited=&#8221;on|phone&#8221; global_colors_info=&#8221;{}&#8221;][\/et_pb_button][\/et_pb_column][\/et_pb_row][et_pb_row column_structure=&#8221;1_3,1_3,1_3&#8243; use_custom_gutter=&#8221;on&#8221; gutter_width=&#8221;2&#8243; make_equal=&#8221;on&#8221; _builder_version=&#8221;4.27.4&#8243; _module_preset=&#8221;default&#8221; global_colors_info=&#8221;{}&#8221;][et_pb_column type=&#8221;1_3&#8243; _builder_version=&#8221;4.27.4&#8243; _module_preset=&#8221;default&#8221; background_color=&#8221;#c5b8aa&#8221; global_colors_info=&#8221;{}&#8221;][et_pb_text _builder_version=&#8221;4.27.4&#8243; _module_preset=&#8221;default&#8221; text_font=&#8221;Barlow|500|||||||&#8221; text_text_color=&#8221;#000000&#8243; text_font_size=&#8221;16px&#8221; text_line_height=&#8221;1.5em&#8221; header_font=&#8221;Alata||||||||&#8221; header_font_size=&#8221;17px&#8221; header_2_font=&#8221;Calps Light|600|||||||&#8221; header_2_text_color=&#8221;#b45d49&#8243; header_2_font_size=&#8221;40px&#8221; header_2_letter_spacing=&#8221;2px&#8221; header_2_line_height=&#8221;1.2em&#8221; header_3_font=&#8221;|600|||||||&#8221; header_3_text_color=&#8221;#000000&#8243; header_3_font_size=&#8221;23px&#8221; header_3_line_height=&#8221;1.2em&#8221; header_4_font=&#8221;Calps Light||||||||&#8221; header_4_text_color=&#8221;#d06728&#8243; header_4_font_size=&#8221;22px&#8221; background_color=&#8221;#c5b8aa&#8221; custom_padding=&#8221;15px|15px|0px|15px|false|true&#8221; text_font_size_tablet=&#8221;14px&#8221; text_font_size_phone=&#8221;14px&#8221; text_font_size_last_edited=&#8221;on|phone&#8221; header_2_font_size_tablet=&#8221;35px&#8221; header_2_font_size_phone=&#8221;30px&#8221; header_2_font_size_last_edited=&#8221;on|desktop&#8221; header_3_font_size_tablet=&#8221;20px&#8221; header_3_font_size_phone=&#8221;20px&#8221; header_3_font_size_last_edited=&#8221;on|desktop&#8221; header_4_font_size_tablet=&#8221;&#8221; header_4_font_size_phone=&#8221;14px&#8221; header_4_font_size_last_edited=&#8221;on|tablet&#8221; header_4_line_height_tablet=&#8221;&#8221; header_4_line_height_phone=&#8221;1.5em&#8221; header_4_line_height_last_edited=&#8221;on|phone&#8221; inline_fonts=&#8221;Acme,Calps Light,Calps Slim Light&#8221; global_colors_info=&#8221;{}&#8221;]<\/p>\n<h3><img loading=\"lazy\" decoding=\"async\" src=\"https:\/\/www.voix-romane.com\/Site\/wp-content\/uploads\/2025\/05\/Francisco-Manalich.jpeg\" width=\"1124\" height=\"632\" alt=\"\" class=\"wp-image-4755 alignnone size-full\" srcset=\"https:\/\/www.voix-romane.com\/Site\/wp-content\/uploads\/2025\/05\/Francisco-Manalich.jpeg 1124w, https:\/\/www.voix-romane.com\/Site\/wp-content\/uploads\/2025\/05\/Francisco-Manalich-980x551.jpeg 980w, https:\/\/www.voix-romane.com\/Site\/wp-content\/uploads\/2025\/05\/Francisco-Manalich-480x270.jpeg 480w\" sizes=\"(min-width: 0px) and (max-width: 480px) 480px, (min-width: 481px) and (max-width: 980px) 980px, (min-width: 981px) 1124px, 100vw\" \/><\/h3>\n<div class=\"page\" title=\"Seite 1\">\n<div class=\"layoutArea\">\n<h3>Francisco Ma\u00f1alich: Hypnose, Gilles Binchois und Originalkompositionen<\/h3>\n<div class=\"page\" title=\"Seite 5\">\n<div class=\"layoutArea\">\n<div class=\"column\">\n<p>Der chilenische S\u00e4nger, Violinist und Komponist lie\u00df sich wie Binchois von der Poesie von Charles d&#8217;Orl\u00e9ans und Christine de Pisan inspirieren, um die Rondeau-Form wiederzuentdecken. Er schuf neue Lieder, in denen er alte Kl\u00e4nge mit einer modernen Sprache vermischte, die den hypnotischen Charakter dieser musikalischen Schrift, die sich endlos dreht und wendet, noch mehr betonen wird.<\/p>\n<p>&nbsp;<\/p>\n<p>&nbsp;<\/p>\n<p><strong style=\"font-size: 16px;\">Sonntag. 14. September um 11 Uhr<br \/><\/strong><strong>Epfig, Chapelle Sainte-Marguerite<\/strong><\/p>\n<\/div>\n<\/div>\n<\/div>\n<\/div>\n<\/div>\n<p>[\/et_pb_text][et_pb_button button_url=&#8221;https:\/\/www.billetweb.fr\/concert-de-poche-francisco-ma-alich-hypnose&#8221; url_new_window=&#8221;on&#8221; button_text=&#8221;Ticketverkauf&#8221; _builder_version=&#8221;4.27.4&#8243; _module_preset=&#8221;default&#8221; custom_button=&#8221;on&#8221; button_text_size=&#8221;16px&#8221; button_text_color=&#8221;#000000&#8243; button_border_width=&#8221;0px&#8221; button_border_radius=&#8221;-2px&#8221; button_letter_spacing=&#8221;0px&#8221; button_font=&#8221;Barlow|700|||||||&#8221; button_icon=&#8221;&#xf3ff;||fa||900&#8243; button_icon_placement=&#8221;left&#8221; button_on_hover=&#8221;off&#8221; custom_margin=&#8221;-15px||5px|5px|false|false&#8221; custom_margin_tablet=&#8221;-28px||||false|false&#8221; custom_margin_phone=&#8221;-28px||||false|false&#8221; custom_margin_last_edited=&#8221;on|desktop&#8221; custom_padding=&#8221;0px||||false|false&#8221; button_text_size_tablet=&#8221;14px&#8221; button_text_size_phone=&#8221;14px&#8221; button_text_size_last_edited=&#8221;on|phone&#8221; global_colors_info=&#8221;{}&#8221;][\/et_pb_button][\/et_pb_column][et_pb_column type=&#8221;1_3&#8243; _builder_version=&#8221;4.27.4&#8243; _module_preset=&#8221;default&#8221; background_color=&#8221;#9e6d7e&#8221; global_colors_info=&#8221;{}&#8221;][et_pb_text _builder_version=&#8221;4.27.4&#8243; _module_preset=&#8221;default&#8221; text_font=&#8221;Barlow|500|||||||&#8221; text_text_color=&#8221;#FFFFFF&#8221; text_font_size=&#8221;16px&#8221; text_line_height=&#8221;1.5em&#8221; header_font=&#8221;Alata||||||||&#8221; header_font_size=&#8221;17px&#8221; header_2_font=&#8221;Calps Light|600|||||||&#8221; header_2_text_color=&#8221;#b45d49&#8243; header_2_font_size=&#8221;40px&#8221; header_2_letter_spacing=&#8221;2px&#8221; header_2_line_height=&#8221;1.2em&#8221; header_3_font=&#8221;|600|||||||&#8221; header_3_text_color=&#8221;#FFFFFF&#8221; header_3_font_size=&#8221;25px&#8221; header_3_line_height=&#8221;1.2em&#8221; header_4_font=&#8221;Calps Light||||||||&#8221; header_4_text_color=&#8221;#d06728&#8243; header_4_font_size=&#8221;22px&#8221; background_color=&#8221;RGBA(255,255,255,0)&#8221; custom_padding=&#8221;15px|15px|0px|15px|false|true&#8221; text_font_size_tablet=&#8221;14px&#8221; text_font_size_phone=&#8221;14px&#8221; text_font_size_last_edited=&#8221;on|phone&#8221; header_2_font_size_tablet=&#8221;35px&#8221; header_2_font_size_phone=&#8221;30px&#8221; header_2_font_size_last_edited=&#8221;on|desktop&#8221; header_3_font_size_tablet=&#8221;20px&#8221; header_3_font_size_phone=&#8221;20px&#8221; header_3_font_size_last_edited=&#8221;on|desktop&#8221; header_4_font_size_tablet=&#8221;&#8221; header_4_font_size_phone=&#8221;14px&#8221; header_4_font_size_last_edited=&#8221;on|tablet&#8221; header_4_line_height_tablet=&#8221;&#8221; header_4_line_height_phone=&#8221;1.5em&#8221; header_4_line_height_last_edited=&#8221;on|phone&#8221; inline_fonts=&#8221;Acme,Calps Light,Calps Slim Light&#8221; global_colors_info=&#8221;{}&#8221;]<\/p>\n<h3><img loading=\"lazy\" decoding=\"async\" src=\"https:\/\/www.voix-romane.com\/Site\/wp-content\/uploads\/2025\/05\/concert-de-poche-mylene-billand-la-veuve-et-le-chevalier.jpg\" width=\"1040\" height=\"585\" alt=\"\" class=\"wp-image-4756 alignnone size-full\" srcset=\"https:\/\/www.voix-romane.com\/Site\/wp-content\/uploads\/2025\/05\/concert-de-poche-mylene-billand-la-veuve-et-le-chevalier.jpg 1040w, https:\/\/www.voix-romane.com\/Site\/wp-content\/uploads\/2025\/05\/concert-de-poche-mylene-billand-la-veuve-et-le-chevalier-980x551.jpg 980w, https:\/\/www.voix-romane.com\/Site\/wp-content\/uploads\/2025\/05\/concert-de-poche-mylene-billand-la-veuve-et-le-chevalier-480x270.jpg 480w\" sizes=\"(min-width: 0px) and (max-width: 480px) 480px, (min-width: 481px) and (max-width: 980px) 980px, (min-width: 981px) 1040px, 100vw\" \/><\/h3>\n<div class=\"page\" title=\"Seite 1\">\n<div class=\"layoutArea\">\n<h3>Myl\u00e8ne Billand: Die Witwe und der Ritter<\/h3>\n<div class=\"page\" title=\"Seite 5\">\n<div class=\"layoutArea\">\n<div class=\"column\">\n<p>Auf einem Text aus dem 12.<span>Jahrhundert <\/span>und in einem mittelalterlichen Dekor kehrt die Kunst der Glasmalerei zu ihrer urspr\u00fcnglichen Funktion zur\u00fcck: dem Erz\u00e4hlen von Geschichten. Das Kasettentheater enth\u00e4lt alle Elemente, die f\u00fcr die Auff\u00fchrung erforderlich sind, und \u00f6ffnet sich in drei Teile und eine zentrale B\u00fchne. Die Glasdekorationen werden je nach den Ereignissen der Erz\u00e4hlung ein- oder ausgeschaltet. Die Glaspuppen, die von Schattenpuppen inspiriert sind, h\u00e4ngen in der Luft und werden mit Hilfe von Dr\u00e4hten bewegt. Myl\u00e8ne Billand ist die alleinige Regisseurin der Auff\u00fchrung: Animation, Licht und Gesang.<\/p>\n<p><strong>Sonntag 14. September<br \/>13.30, 14.30 und 15.30 Uhr<\/strong><br \/><strong>Andlau, Abbatiale Sainte-Richarde<\/strong><\/p>\n<\/div>\n<\/div>\n<\/div>\n<\/div>\n<\/div>\n<p>[\/et_pb_text][et_pb_button button_url=&#8221;https:\/\/www.billetweb.fr\/concert-de-poche-mylene-billand-la-veuve-et-le-chevalier&#8221; url_new_window=&#8221;on&#8221; button_text=&#8221;Ticketverkauf&#8221; _builder_version=&#8221;4.27.4&#8243; _module_preset=&#8221;default&#8221; custom_button=&#8221;on&#8221; button_text_size=&#8221;16px&#8221; button_text_color=&#8221;#FFFFFF&#8221; button_border_width=&#8221;0px&#8221; button_border_radius=&#8221;-2px&#8221; button_letter_spacing=&#8221;0px&#8221; button_font=&#8221;Barlow|700|||||||&#8221; button_icon=&#8221;&#xf3ff;||fa||900&#8243; button_icon_placement=&#8221;left&#8221; button_on_hover=&#8221;off&#8221; custom_margin=&#8221;-15px||5px|5px|false|false&#8221; custom_margin_tablet=&#8221;-28px||||false|false&#8221; custom_margin_phone=&#8221;-28px||||false|false&#8221; custom_margin_last_edited=&#8221;on|desktop&#8221; custom_padding=&#8221;0px||||false|false&#8221; button_text_size_tablet=&#8221;14px&#8221; button_text_size_phone=&#8221;14px&#8221; button_text_size_last_edited=&#8221;on|phone&#8221; global_colors_info=&#8221;{}&#8221;][\/et_pb_button][\/et_pb_column][et_pb_column type=&#8221;1_3&#8243; _builder_version=&#8221;4.21.0&#8243; _module_preset=&#8221;default&#8221; global_colors_info=&#8221;{}&#8221;][\/et_pb_column][\/et_pb_row][\/et_pb_section]<\/p>\n","protected":false},"excerpt":{"rendered":"<p>TaschenkonzerteIm Jahr 2025 f\u00fchrt Voix et Route Romane eine neue Formel ein: Taschenkonzerte. Diese intimen Momente sind meist echte Musiktheaterst\u00fccke und laden Sie ein, den Reichtum des romanischen Erbes im Elsass wiederzuentdecken, an manchmal neuen und immer inspirierenden Orten. Diese Termine finden in der N\u00e4he der Hauptb\u00fchnen des Festivals statt und stellen einen neuen Zugang [&hellip;]<\/p>\n","protected":false},"author":3,"featured_media":0,"parent":0,"menu_order":0,"comment_status":"closed","ping_status":"closed","template":"","meta":{"_et_pb_use_builder":"on","_et_pb_old_content":"","_et_gb_content_width":"","footnotes":""},"class_list":["post-5641","page","type-page","status-publish","hentry"],"_links":{"self":[{"href":"https:\/\/www.voix-romane.com\/de\/wp-json\/wp\/v2\/pages\/5641","targetHints":{"allow":["GET"]}}],"collection":[{"href":"https:\/\/www.voix-romane.com\/de\/wp-json\/wp\/v2\/pages"}],"about":[{"href":"https:\/\/www.voix-romane.com\/de\/wp-json\/wp\/v2\/types\/page"}],"author":[{"embeddable":true,"href":"https:\/\/www.voix-romane.com\/de\/wp-json\/wp\/v2\/users\/3"}],"replies":[{"embeddable":true,"href":"https:\/\/www.voix-romane.com\/de\/wp-json\/wp\/v2\/comments?post=5641"}],"version-history":[{"count":3,"href":"https:\/\/www.voix-romane.com\/de\/wp-json\/wp\/v2\/pages\/5641\/revisions"}],"predecessor-version":[{"id":5685,"href":"https:\/\/www.voix-romane.com\/de\/wp-json\/wp\/v2\/pages\/5641\/revisions\/5685"}],"wp:attachment":[{"href":"https:\/\/www.voix-romane.com\/de\/wp-json\/wp\/v2\/media?parent=5641"}],"curies":[{"name":"wp","href":"https:\/\/api.w.org\/{rel}","templated":true}]}}